{"id":483,"date":"2022-02-01T09:46:51","date_gmt":"2022-02-01T09:46:51","guid":{"rendered":"http:\/\/vtc-limousine-2022.pymac.loc\/?page_id=483"},"modified":"2024-01-13T10:22:56","modified_gmt":"2024-01-13T10:22:56","slug":"classe-edriver-limousine","status":"publish","type":"page","link":"https:\/\/www.vtc-limousine.fr\/pt\/classe-edriver-limousine\/","title":{"rendered":"Classe eDriver Limousine | Proven\u00e7a e Riviera Francesa"},"content":{"rendered":"<div data-elementor-type=\"wp-page\" data-elementor-id=\"483\" class=\"elementor elementor-483\" data-elementor-post-type=\"page\">\n\t\t\t\t\t\t<section class=\"elementor-section elementor-top-section elementor-element elementor-element-a292690 elementor-section-full_width elementor-section-height-min-height elementor-section-height-default elementor-section-items-middle\" data-id=\"a292690\" data-element_type=\"section\" data-e-type=\"section\" data-settings=\"{&quot;background_background&quot;:&quot;classic&quot;}\">\n\t\t\t\t\t\t\t<div class=\"elementor-background-overlay\"><\/div>\n\t\t\t\t\t\t\t<div class=\"elementor-container elementor-column-gap-default\">\n\t\t\t\t\t<div class=\"elementor-column elementor-col-100 elementor-top-column elementor-element elementor-element-d8d2961\" data-id=\"d8d2961\" data-element_type=\"column\" data-e-type=\"column\">\n\t\t\t<div class=\"elementor-widget-wrap\">\n\t\t\t\t\t\t\t<\/div>\n\t\t<\/div>\n\t\t\t\t\t<\/div>\n\t\t<\/section>\n\t\t\t\t<section class=\"elementor-section elementor-top-section elementor-element elementor-element-ca9cee0 elementor-section-boxed elementor-section-height-default elementor-section-height-default\" data-id=\"ca9cee0\" data-element_type=\"section\" data-e-type=\"section\">\n\t\t\t\t\t\t<div class=\"elementor-container elementor-column-gap-default\">\n\t\t\t\t\t<div class=\"elementor-column elementor-col-100 elementor-top-column elementor-element elementor-element-7b30266\" data-id=\"7b30266\" data-element_type=\"column\" data-e-type=\"column\">\n\t\t\t<div class=\"elementor-widget-wrap elementor-element-populated\">\n\t\t\t\t\t\t<div class=\"elementor-element elementor-element-c4f1174 elementor-widget elementor-widget-shortcode\" data-id=\"c4f1174\" data-element_type=\"widget\" data-e-type=\"widget\" data-widget_type=\"shortcode.default\">\n\t\t\t\t<div class=\"elementor-widget-container\">\n\t\t\t\t\t\t\t<div class=\"elementor-shortcode\"><nav aria-label=\"p\u00e3o ralado\">\n            <div class=\"breadcrumb-container theme1\">\n                <ol>\n                                    <\/ol>\n            <\/div>\n        <\/nav>    <script type=\"application\/ld+json\">\n        {\n            \"@context\": \"http:\/\/schema.org\",\n            \"@type\": \"BreadcrumbList\",\n            \"itemListElement\": [\n                            ]\n        }\n    <\/script>\n   \n    <script>\n            <\/script>\n<\/div>\n\t\t\t\t\t\t<\/div>\n\t\t\t\t<\/div>\n\t\t\t\t<div class=\"elementor-element elementor-element-2f47a9a elementor-widget elementor-widget-heading\" data-id=\"2f47a9a\" data-element_type=\"widget\" data-e-type=\"widget\" data-widget_type=\"heading.default\">\n\t\t\t\t<div class=\"elementor-widget-container\">\n\t\t\t\t\t<h1 class=\"elementor-heading-title elementor-size-default\">Classe eDriver Limousine | Proven\u00e7a e Riviera Francesa<\/h1>\t\t\t\t<\/div>\n\t\t\t\t<\/div>\n\t\t\t\t<div class=\"elementor-element elementor-element-c0bccfb elementor-widget elementor-widget-heading\" data-id=\"c0bccfb\" data-element_type=\"widget\" data-e-type=\"widget\" data-widget_type=\"heading.default\">\n\t\t\t\t<div class=\"elementor-widget-container\">\n\t\t\t\t\t<h2 class=\"elementor-heading-title elementor-size-default\">Carro com motorista privado - Classe eDriver Limousine Marselha, Aix en Provence e C\u00f4te d'Azur<\/h2>\t\t\t\t<\/div>\n\t\t\t\t<\/div>\n\t\t\t\t\t<\/div>\n\t\t<\/div>\n\t\t\t\t\t<\/div>\n\t\t<\/section>\n\t\t\t\t<section class=\"elementor-section elementor-top-section elementor-element elementor-element-c6d3291 elementor-section-full_width elementor-section-content-middle elementor-section-height-default elementor-section-height-default\" data-id=\"c6d3291\" data-element_type=\"section\" data-e-type=\"section\">\n\t\t\t\t\t\t<div class=\"elementor-container elementor-column-gap-no\">\n\t\t\t\t\t<div class=\"elementor-column elementor-col-50 elementor-top-column elementor-element elementor-element-2ecbf35e\" data-id=\"2ecbf35e\" data-element_type=\"column\" data-e-type=\"column\" data-settings=\"{&quot;background_background&quot;:&quot;classic&quot;}\">\n\t\t\t<div class=\"elementor-widget-wrap\">\n\t\t\t\t\t<div class=\"elementor-background-overlay\"><\/div>\n\t\t\t\t\t\t\t<\/div>\n\t\t<\/div>\n\t\t\t\t<div class=\"elementor-column elementor-col-50 elementor-top-column elementor-element elementor-element-44d0b015\" data-id=\"44d0b015\" data-element_type=\"column\" data-e-type=\"column\">\n\t\t\t<div class=\"elementor-widget-wrap elementor-element-populated\">\n\t\t\t\t\t\t<div class=\"elementor-element elementor-element-20e63d9e elementor-widget elementor-widget-text-editor\" data-id=\"20e63d9e\" data-element_type=\"widget\" data-e-type=\"widget\" data-widget_type=\"text-editor.default\">\n\t\t\t\t<div class=\"elementor-widget-container\">\n\t\t\t\t\t\t\t\t\t<p class=\"p1\"><b>Class eDriver Limousine \u00e9 um servi\u00e7o de aluguer de autom\u00f3veis com motorista de primeira qualidade,\u00a0<\/b>situado no cora\u00e7\u00e3o da Proven\u00e7a e da Riviera Francesa.<\/p><p>Os nossos servi\u00e7os est\u00e3o dispon\u00edveis nos seguintes sectores:<\/p><p><a href=\"https:\/\/www.vtc-limousine.fr\/pt\/motorista-particular\/motorista-privado-paca\/motorista-privado-aix-en-provence\/\">Aix en Provence<\/a><br \/><a href=\"https:\/\/www.vtc-limousine.fr\/pt\/motorista-particular\/motorista-privado-paca\/motorista-privado-avignon\/\">Avinh\u00e3o<\/a><br \/><a href=\"https:\/\/www.vtc-limousine.fr\/pt\/motorista-particular\/motorista-privado-paca\/motorista-privado-marselha\/\">Marselha<\/a><br \/><a href=\"https:\/\/www.vtc-limousine.fr\/pt\/motorista-particular\/motorista-privado-paca\/circuito-motorista-privado-paul-ricard\/\">Circuito Paul Ricard<\/a><br \/><a href=\"https:\/\/www.vtc-limousine.fr\/pt\/motorista-particular\/location-chauffeur-prive-region-paca\/aluguer-de-automoveis-com-condutor-saint-tropez\/\">S\u00e3o Tropez<\/a><br \/><a href=\"https:\/\/www.vtc-limousine.fr\/pt\/motorista-particular\/motorista-privado-paca\/motorista-privado-cannes\/\">Cannes<\/a><br \/><a href=\"https:\/\/www.vtc-limousine.fr\/pt\/vtc-private-transfer\/motorista-privado-no-monaco\/\">M\u00f3naco<\/a><br \/><a href=\"https:\/\/www.vtc-limousine.fr\/pt\/motorista-particular\/motorista-privado-paca\/motorista-particular-lyon\/\" target=\"_blank\" rel=\"noopener\">Lyon<\/a><br \/><a href=\"https:\/\/www.vtc-limousine.fr\/pt\/motorista-particular\/motorista-privado-paca\/motorista-privado-paris\/\" target=\"_blank\" rel=\"noopener\">Paris\u00a0<\/a><\/p><p class=\"p1\">Os nossos motoristas privados bilingues acompanham-no em todas as suas desloca\u00e7\u00f5es profissionais, eventos ou privadas.<\/p><p>Podemos colocar \u00e0 sua disposi\u00e7\u00e3o ve\u00edculos privados com motorista dos seguintes tipos <a href=\"https:\/\/www.vtc-limousine.fr\/pt\/os-nossos-veiculos\/\" target=\"_blank\" rel=\"noopener\">Berlina, Mini-Van e Mini-Car de 1 a 29 pessoas.<\/a> Tesla Model S \ud83c\udf43 Mercedes Classe E, S, V e o nov\u00edssimo Mercedes EQS \ud83c\udf43 Limusina el\u00e9ctrica 100%<\/p><p>Respondemos aos seus pedidos com compet\u00eancia, capacidade de resposta, fiabilidade e discri\u00e7\u00e3o. <br \/>Oferecemos apenas servi\u00e7os personalizados para clientes exigentes.<\/p><p>Quer se trate de um evento com v\u00e1rios ve\u00edculos ou de um simples transfer, beneficia de um servi\u00e7o premium desde o pedido de or\u00e7amento at\u00e9 \u00e0 execu\u00e7\u00e3o do(s) servi\u00e7o(s) encomendado(s).<br \/>A Class eDriver limousine \u00e9 uma empresa de aluguer de autom\u00f3veis com motorista aprovada pelo Estado.<br \/>Estamos ansiosos por o conduzir\u00a0<\/p><p>Valerie &amp; <a href=\"https:\/\/fr.linkedin.com\/in\/christiansaal\/en\" target=\"_blank\" rel=\"noopener\">Christian Saal\u00a0<\/a><\/p>\t\t\t\t\t\t\t\t<\/div>\n\t\t\t\t<\/div>\n\t\t\t\t\t<\/div>\n\t\t<\/div>\n\t\t\t\t\t<\/div>\n\t\t<\/section>\n\t\t\t\t<section class=\"elementor-section elementor-top-section elementor-element elementor-element-e6656ee elementor-section-height-min-height elementor-section-boxed elementor-section-height-default elementor-section-items-middle\" data-id=\"e6656ee\" data-element_type=\"section\" data-e-type=\"section\" data-settings=\"{&quot;background_background&quot;:&quot;classic&quot;}\">\n\t\t\t\t\t\t<div class=\"elementor-container elementor-column-gap-default\">\n\t\t\t\t\t<div class=\"elementor-column elementor-col-100 elementor-top-column elementor-element elementor-element-0ea36d3\" data-id=\"0ea36d3\" data-element_type=\"column\" data-e-type=\"column\">\n\t\t\t<div class=\"elementor-widget-wrap\">\n\t\t\t\t\t\t\t<\/div>\n\t\t<\/div>\n\t\t\t\t\t<\/div>\n\t\t<\/section>\n\t\t\t\t<\/div>","protected":false},"excerpt":{"rendered":"<p>Carro com motorista privado - Class eDriver Limousine Marselha, Aix en Provence e C\u00f4te d'Azur Class eDriver Limousine \u00e9 um servi\u00e7o de aluguer de carros com motorista privado de primeira qualidade situado no cora\u00e7\u00e3o da Proven\u00e7a e da Riviera Francesa. Os nossos servi\u00e7os est\u00e3o dispon\u00edveis nas seguintes zonas: Aix en ProvenceAvignonMarseilleCircuito Paul RicardSt [...]<\/p>","protected":false},"author":1,"featured_media":20497,"parent":0,"menu_order":0,"comment_status":"closed","ping_status":"closed","template":"","meta":{"footnotes":""},"class_list":["post-483","page","type-page","status-publish","has-post-thumbnail","hentry"],"_links":{"self":[{"href":"https:\/\/www.vtc-limousine.fr\/pt\/wp-json\/wp\/v2\/pages\/483","targetHints":{"allow":["GET"]}}],"collection":[{"href":"https:\/\/www.vtc-limousine.fr\/pt\/wp-json\/wp\/v2\/pages"}],"about":[{"href":"https:\/\/www.vtc-limousine.fr\/pt\/wp-json\/wp\/v2\/types\/page"}],"author":[{"embeddable":true,"href":"https:\/\/www.vtc-limousine.fr\/pt\/wp-json\/wp\/v2\/users\/1"}],"replies":[{"embeddable":true,"href":"https:\/\/www.vtc-limousine.fr\/pt\/wp-json\/wp\/v2\/comments?post=483"}],"version-history":[{"count":118,"href":"https:\/\/www.vtc-limousine.fr\/pt\/wp-json\/wp\/v2\/pages\/483\/revisions"}],"predecessor-version":[{"id":20687,"href":"https:\/\/www.vtc-limousine.fr\/pt\/wp-json\/wp\/v2\/pages\/483\/revisions\/20687"}],"wp:featuredmedia":[{"embeddable":true,"href":"https:\/\/www.vtc-limousine.fr\/pt\/wp-json\/wp\/v2\/media\/20497"}],"wp:attachment":[{"href":"https:\/\/www.vtc-limousine.fr\/pt\/wp-json\/wp\/v2\/media?parent=483"}],"curies":[{"name":"wp","href":"https:\/\/api.w.org\/{rel}","templated":true}]}}