{"id":22128,"date":"2025-03-16T15:36:28","date_gmt":"2025-03-16T15:36:28","guid":{"rendered":"https:\/\/www.vtc-limousine.fr\/?page_id=22128"},"modified":"2026-03-17T15:35:54","modified_gmt":"2026-03-17T15:35:54","slug":"motorista-hotel-les-lodges-sainte-victoire","status":"publish","type":"page","link":"https:\/\/www.vtc-limousine.fr\/pt\/motorista-particular\/motorista-privado-paca\/motorista-hotel-les-lodges-sainte-victoire\/","title":{"rendered":"Motorista privado H\u00f4tel Les Lodges Sainte-Victoire - Aix-en-Provence"},"content":{"rendered":"<div data-elementor-type=\"wp-page\" data-elementor-id=\"22128\" class=\"elementor elementor-22128\" data-elementor-post-type=\"page\">\n\t\t\t\t\t\t<section class=\"elementor-section elementor-top-section elementor-element elementor-element-5e739282 elementor-section-full_width elementor-section-height-min-height elementor-section-height-default elementor-section-items-middle\" data-id=\"5e739282\" data-element_type=\"section\" data-e-type=\"section\" data-settings=\"{&quot;background_background&quot;:&quot;classic&quot;}\">\n\t\t\t\t\t\t\t<div class=\"elementor-background-overlay\"><\/div>\n\t\t\t\t\t\t\t<div class=\"elementor-container elementor-column-gap-default\">\n\t\t\t\t\t<div class=\"elementor-column elementor-col-100 elementor-top-column elementor-element elementor-element-1faf7528\" data-id=\"1faf7528\" data-element_type=\"column\" data-e-type=\"column\">\n\t\t\t<div class=\"elementor-widget-wrap\">\n\t\t\t\t\t\t\t<\/div>\n\t\t<\/div>\n\t\t\t\t\t<\/div>\n\t\t<\/section>\n\t\t\t\t<section class=\"elementor-section elementor-top-section elementor-element elementor-element-65088e05 elementor-section-boxed elementor-section-height-default elementor-section-height-default\" data-id=\"65088e05\" data-element_type=\"section\" data-e-type=\"section\">\n\t\t\t\t\t\t<div class=\"elementor-container elementor-column-gap-default\">\n\t\t\t\t\t<div class=\"elementor-column elementor-col-100 elementor-top-column elementor-element elementor-element-344a6702\" data-id=\"344a6702\" data-element_type=\"column\" data-e-type=\"column\">\n\t\t\t<div class=\"elementor-widget-wrap elementor-element-populated\">\n\t\t\t\t\t\t<div class=\"elementor-element elementor-element-18f76e2 elementor-widget elementor-widget-shortcode\" data-id=\"18f76e2\" data-element_type=\"widget\" data-e-type=\"widget\" data-widget_type=\"shortcode.default\">\n\t\t\t\t<div class=\"elementor-widget-container\">\n\t\t\t\t\t\t\t<div class=\"elementor-shortcode\"><nav aria-label=\"p\u00e3o ralado\">\n            <div class=\"breadcrumb-container theme1\">\n                <ol>\n                                    <\/ol>\n            <\/div>\n        <\/nav>    <script type=\"application\/ld+json\">\n        {\n            \"@context\": \"http:\/\/schema.org\",\n            \"@type\": \"BreadcrumbList\",\n            \"itemListElement\": [\n                            ]\n        }\n    <\/script>\n   \n    <script>\n            <\/script>\n<\/div>\n\t\t\t\t\t\t<\/div>\n\t\t\t\t<\/div>\n\t\t\t\t<div class=\"elementor-element elementor-element-6d44219e elementor-widget elementor-widget-heading\" data-id=\"6d44219e\" data-element_type=\"widget\" data-e-type=\"widget\" data-widget_type=\"heading.default\">\n\t\t\t\t<div class=\"elementor-widget-container\">\n\t\t\t\t\t<h1 class=\"elementor-heading-title elementor-size-default\">Motorista privado H\u00f4tel Les Lodges Sainte-Victoire - Aix-en-Provence<\/h1>\t\t\t\t<\/div>\n\t\t\t\t<\/div>\n\t\t\t\t<div class=\"elementor-element elementor-element-2cda9272 elementor-widget elementor-widget-heading\" data-id=\"2cda9272\" data-element_type=\"widget\" data-e-type=\"widget\" data-widget_type=\"heading.default\">\n\t\t\t\t<div class=\"elementor-widget-container\">\n\t\t\t\t\t<span class=\"elementor-heading-title elementor-size-default\">Seguran\u00e7a-Profissionalismo-Discri\u00e7\u00e3o<\/span>\t\t\t\t<\/div>\n\t\t\t\t<\/div>\n\t\t\t\t\t<\/div>\n\t\t<\/div>\n\t\t\t\t\t<\/div>\n\t\t<\/section>\n\t\t\t\t<section class=\"elementor-section elementor-top-section elementor-element elementor-element-c8573c3 elementor-section-boxed elementor-section-height-default elementor-section-height-default\" data-id=\"c8573c3\" data-element_type=\"section\" data-e-type=\"section\">\n\t\t\t\t\t\t<div class=\"elementor-container elementor-column-gap-default\">\n\t\t\t\t\t<div class=\"elementor-column elementor-col-100 elementor-top-column elementor-element elementor-element-3ae0696\" data-id=\"3ae0696\" data-element_type=\"column\" data-e-type=\"column\">\n\t\t\t<div class=\"elementor-widget-wrap elementor-element-populated\">\n\t\t\t\t\t\t<div class=\"elementor-element elementor-element-e3cfce5 elementor-widget elementor-widget-text-editor\" data-id=\"e3cfce5\" data-element_type=\"widget\" data-e-type=\"widget\" data-widget_type=\"text-editor.default\">\n\t\t\t\t<div class=\"elementor-widget-container\">\n\t\t\t\t\t\t\t\t\t<p style=\"text-align: center;\"><strong>Aluguer de autom\u00f3veis com motorista privado Hotel les Lodges Saint Victoire<\/strong>Semin\u00e1rio do Congresso <a href=\"https:\/\/www.vtc-limousine.fr\/pt\/fr\/os-nossos-veiculos\/\" target=\"_blank\" rel=\"noopener\">Ve\u00edculos Tesla e Mercedes<\/a>\u00a024\/7<br \/><strong>Grandes condutores de remessas<\/strong> Servi\u00e7o Premium. 1 a 52 passageiros<\/p>\t\t\t\t\t\t\t\t<\/div>\n\t\t\t\t<\/div>\n\t\t\t\t\t<\/div>\n\t\t<\/div>\n\t\t\t\t\t<\/div>\n\t\t<\/section>\n\t\t\t\t<section class=\"elementor-section elementor-top-section elementor-element elementor-element-94725a7 elementor-section-boxed elementor-section-height-default elementor-section-height-default\" data-id=\"94725a7\" data-element_type=\"section\" data-e-type=\"section\">\n\t\t\t\t\t\t<div class=\"elementor-container elementor-column-gap-default\">\n\t\t\t\t\t<div class=\"elementor-column elementor-col-100 elementor-top-column elementor-element elementor-element-89c2d86\" data-id=\"89c2d86\" data-element_type=\"column\" data-e-type=\"column\">\n\t\t\t<div class=\"elementor-widget-wrap elementor-element-populated\">\n\t\t\t\t\t\t<div class=\"elementor-element elementor-element-71a8c2e elementor-widget elementor-widget-heading\" data-id=\"71a8c2e\" data-element_type=\"widget\" data-e-type=\"widget\" data-widget_type=\"heading.default\">\n\t\t\t\t<div class=\"elementor-widget-container\">\n\t\t\t\t\t<h3 class=\"elementor-heading-title elementor-size-default\">Descubra os nossos servi\u00e7os de transporte com motorista topo de gama<\/h3>\t\t\t\t<\/div>\n\t\t\t\t<\/div>\n\t\t\t\t\t<\/div>\n\t\t<\/div>\n\t\t\t\t\t<\/div>\n\t\t<\/section>\n\t\t\t\t<section class=\"elementor-section elementor-top-section elementor-element elementor-element-a42f13a elementor-section-boxed elementor-section-height-default elementor-section-height-default\" data-id=\"a42f13a\" data-element_type=\"section\" data-e-type=\"section\">\n\t\t\t\t\t\t<div class=\"elementor-container elementor-column-gap-default\">\n\t\t\t\t\t<div class=\"elementor-column elementor-col-50 elementor-top-column elementor-element elementor-element-87bfaa6\" data-id=\"87bfaa6\" data-element_type=\"column\" data-e-type=\"column\">\n\t\t\t<div class=\"elementor-widget-wrap elementor-element-populated\">\n\t\t\t\t\t\t<div class=\"elementor-element elementor-element-da50871 elementor-widget elementor-widget-text-editor\" data-id=\"da50871\" data-element_type=\"widget\" data-e-type=\"widget\" data-widget_type=\"text-editor.default\">\n\t\t\t\t<div class=\"elementor-widget-container\">\n\t\t\t\t\t\t\t\t\t<!DOCTYPE html>\n<html lang=\"fr\">\n<head>\n<meta charset=\"UTF-8\">\n<title>Motorista Privado &amp; Transfer de Luxo : H\u00f4tel Les Lodges Sainte-Victoire<\/title>\n<meta name=\"description\" content=\"Reserve o seu motorista privado de prest\u00edgio para o Hotel Les Lodges Sainte-Victoire. Servi\u00e7o de transporte topo de gama, transferes dos aeroportos de Marselha e Aix TGV.\">\n<\/head>\n<body>\n\n<section>\n    <h1>Servi\u00e7o de motorista e transporte privado : H\u00f4tel Les Lodges Sainte-Victoire<\/h1>\n    <p>Escolheu a excel\u00eancia ao ficar alojado no sop\u00e9 da montanha amada de C\u00e9zanne. Para completar esta experi\u00eancia excecional, propomos-lhe uma <strong>servi\u00e7o de transporte privado de luxo<\/strong>. Quer chegue ao aeroporto de Marselha-Provence ou \u00e0 esta\u00e7\u00e3o de TGV de Aix-en-Provence, a nossa empresa encarregar-se-\u00e1 da sua desloca\u00e7\u00e3o exclusiva at\u00e9 ao prestigiado estabelecimento. <a href=\"https:\/\/www.leslodgessaintevictoire.com\/\" target=\"_blank\" rel=\"noopener\">Les Lodges Sainte-Victoire<\/a>.<\/p>\n<\/section>\n\n<hr>\n\n<section>\n    <h2>Porqu\u00ea escolher o nosso servi\u00e7o de autom\u00f3veis com motorista para Le Tholonet?<\/h2>\n    <p>Chegar ao Hotel Les Lodges Sainte-Victoire, situado na hist\u00f3rica estrada Le Tholonet, requer um conhecimento profundo da regi\u00e3o de Aix. Apelando a um <strong>motorista profissional dedicado<\/strong> oferece muitas vantagens em rela\u00e7\u00e3o ao transporte convencional.<\/p>\n    \n    <ul>\n        <li><strong>Pontualidade e serenidade:<\/strong> Monitorizamos o estado do seu voo ou comboio em tempo real para garantir uma assist\u00eancia imediata.<\/li>\n        <li><strong>Conforto Premium :<\/strong> Viajar em ve\u00edculos de prest\u00edgio (berlinas de luxo ou carrinhas executivas para grupos) perfeitamente conservados.<\/li>\n        <li><strong>Boas-vindas personalizadas :<\/strong> O seu motorista estar\u00e1 \u00e0 sua espera com uma placa com o seu nome assim que chegar ao terminal.<\/li>\n        <li><strong>Especializa\u00e7\u00e3o local :<\/strong> Os nossos motoristas privados conhecem os melhores itiner\u00e1rios para evitar o tr\u00e2nsito em Aix-en-Provence.<\/li>\n    <\/ul>\n<\/section>\n\n<section>\n    <h2>Os nossos servi\u00e7os de transfer de topo de gama para H\u00f4tel Les Lodges<\/h2>\n    \n    <h3>Traslado do aeroporto de Marselha-Provence (MRS)<\/h3>\n    <p>A viagem entre o aeroporto de Marselha e o Le Tholonet dura cerca de 35 minutos. Transformamos este transfer t\u00e9cnico num momento de relaxamento total. Beneficie de Wi-Fi a bordo, de bebidas e de uma condu\u00e7\u00e3o suave para come\u00e7ar a sua estadia da melhor forma poss\u00edvel.<\/p>\n\n    <h3>Transfer para a esta\u00e7\u00e3o de TGV de Aix-en-Provence<\/h3>\n    <p>A esta\u00e7\u00e3o de TGV fica a cerca de 20 quil\u00f3metros do hotel. Evite o inc\u00f3modo dos transportes p\u00fablicos. O seu <strong>motorista de grande porte<\/strong> ir\u00e1 busc\u00e1-lo diretamente \u00e0 plataforma ou ao ponto de encontro designado para um transfer direto para Les Lodges.<\/p>\n\n    <h3>Motorista para eventos e casamentos<\/h3>\n    <p>O Hotel Les Lodges Sainte-Victoire \u00e9 um local popular para casamentos e semin\u00e1rios executivos. Oferecemos solu\u00e7\u00f5es log\u00edsticas de transporte para os seus convidados especiais. Para um evento t\u00e3o especial como um casamento, a empresa <strong>Classe eDriver Limousine<\/strong> podem ser integrados para garantir uma frota coerente de ve\u00edculos de prest\u00edgio e um servi\u00e7o impec\u00e1vel.<\/p>\n<\/section>\n\n<section>\n    <h2>Explore a Proven\u00e7a num carro de luxo com motorista<\/h2>\n    <p>Uma estadia nos Lodges Sainte-Victoire \u00e9 a oportunidade ideal para explorar as j\u00f3ias da Proven\u00e7a. Para al\u00e9m dos simples transferes, propomos-lhe um servi\u00e7o de motorista de hora a hora ou di\u00e1rio para as suas visitas tur\u00edsticas.<\/p>\n    \n    <table>\n        <tr>\n            <th>Destino<\/th>\n            <th>Tempo estimado<\/th>\n            <th>Tipo de excurs\u00e3o<\/th>\n        <\/tr>\n        <tr>\n            <td>Centro da cidade de Aix-en-Provence<\/td>\n            <td>10 min<\/td>\n            <td>Compras e cultura<\/td>\n        <\/tr>\n        <tr>\n            <td>Vignobles de Palette<\/td>\n            <td>5 min<\/td>\n            <td>Degusta\u00e7\u00e3o de produtos classificados<\/td>\n        <\/tr>\n        <tr>\n            <td>Cassis e as Calanques<\/td>\n            <td>45 minutos<\/td>\n            <td>Mar e Costa<\/td>\n        <\/tr>\n        <tr>\n            <td>Luberon (Gordes, Bonnieux)<\/td>\n            <td>1h 00<\/td>\n            <td>Aldeias aut\u00eanticas<\/td>\n        <\/tr>\n    <\/table>\n<\/section>\n\n<section>\n    <h2>Um servi\u00e7o de concierge de transporte personalizado<\/h2>\n    <p>Cada pedido \u00e9 tratado com uma aten\u00e7\u00e3o especial. Adaptamo-nos \u00e0s suas necessidades espec\u00edficas: cadeiras para crian\u00e7as, transporte de bagagens volumosas (equipamento de golfe, bicicletas) ou discri\u00e7\u00e3o absoluta. Os nossos motoristas s\u00e3o bilingues, assegurando uma comunica\u00e7\u00e3o perfeita para a nossa clientela internacional habituada ao luxo dos Lodges.<\/p>\n    \n    <blockquote>\n        \"O percurso de C\u00e9zanne \u00e9 uma obra de arte. Admire a paisagem, n\u00f3s domin\u00e1mos o percurso\".\n    <\/blockquote>\n<\/section>\n\n<section>\n    <h2>Reserve o seu motorista de prest\u00edgio para Les Lodges<\/h2>\n    <p>Reservar o seu <strong>motorista particular<\/strong> \u00e9 simples e seguro. Pode contactar-nos por telefone ou atrav\u00e9s do nosso m\u00f3dulo de reservas online. Confirmamos todas as viagens para sua total tranquilidade. Os nossos pre\u00e7os s\u00e3o transparentes e fixados antecipadamente, garantindo um servi\u00e7o sem surpresas.<\/p>\n    \n    <p>Confie nos especialistas em transporte de luxo para um dos mais belos cen\u00e1rios da regi\u00e3o PACA. Quer seja para um almo\u00e7o gourmet, um dia relaxante no spa ou uma estadia prolongada, a sua viagem merece a mesma excel\u00eancia que o seu destino final.<\/p>\n<\/section>\n\n<\/body>\n<\/html>\t\t\t\t\t\t\t\t<\/div>\n\t\t\t\t<\/div>\n\t\t\t\t\t<\/div>\n\t\t<\/div>\n\t\t\t\t<div class=\"elementor-column elementor-col-50 elementor-top-column elementor-element elementor-element-2edc9c1\" data-id=\"2edc9c1\" data-element_type=\"column\" data-e-type=\"column\">\n\t\t\t<div class=\"elementor-widget-wrap elementor-element-populated\">\n\t\t\t\t\t\t<div class=\"elementor-element elementor-element-9e89686 elementor--h-position-center elementor--v-position-middle elementor-arrows-position-inside elementor-pagination-position-inside elementor-widget elementor-widget-slides\" data-id=\"9e89686\" data-element_type=\"widget\" data-e-type=\"widget\" data-settings=\"{&quot;navigation&quot;:&quot;both&quot;,&quot;autoplay&quot;:&quot;yes&quot;,&quot;pause_on_hover&quot;:&quot;yes&quot;,&quot;pause_on_interaction&quot;:&quot;yes&quot;,&quot;autoplay_speed&quot;:5000,&quot;infinite&quot;:&quot;yes&quot;,&quot;transition&quot;:&quot;slide&quot;,&quot;transition_speed&quot;:500}\" data-widget_type=\"slides.default\">\n\t\t\t\t<div class=\"elementor-widget-container\">\n\t\t\t\t\t\t\t\t\t<div class=\"elementor-swiper\">\n\t\t\t\t\t<div class=\"elementor-slides-wrapper elementor-main-swiper swiper\" role=\"region\" aria-roledescription=\"carousel\" aria-label=\"Deslizamentos\" dir=\"ltr\" data-animation=\"fadeInUp\">\n\t\t\t\t<div class=\"swiper-wrapper elementor-slides\">\n\t\t\t\t\t\t\t\t\t\t<div class=\"elementor-repeater-item-4f88203 swiper-slide\" role=\"group\" aria-roledescription=\"slide\"><div class=\"swiper-slide-bg\" role=\"img\" aria-label=\"Limousine Mercedes EQS com motorista\"><\/div><div class=\"swiper-slide-inner\" ><div class=\"swiper-slide-contents\"><\/div><\/div><\/div><div class=\"elementor-repeater-item-68f94aa swiper-slide\" role=\"group\" aria-roledescription=\"slide\"><div class=\"swiper-slide-bg\" role=\"img\" aria-label=\"Limousine Mercedes EQS com motorista\"><\/div><div class=\"swiper-slide-inner\" ><div class=\"swiper-slide-contents\"><\/div><\/div><\/div><div class=\"elementor-repeater-item-a4a8e66 swiper-slide\" role=\"group\" aria-roledescription=\"slide\"><div class=\"swiper-slide-bg\" role=\"img\" aria-label=\"Tesla Model S com condutor\"><\/div><div class=\"swiper-slide-inner\" ><div class=\"swiper-slide-contents\"><\/div><\/div><\/div><div class=\"elementor-repeater-item-9c0db94 swiper-slide\" role=\"group\" aria-roledescription=\"slide\"><div class=\"swiper-slide-bg\" role=\"img\" aria-label=\"Mercedes V com condutor\"><\/div><div class=\"swiper-slide-inner\" ><div class=\"swiper-slide-contents\"><\/div><\/div><\/div>\t\t\t\t<\/div>\n\t\t\t\t\t\t\t\t\t\t\t\t\t\t\t<div class=\"elementor-swiper-button elementor-swiper-button-prev\" role=\"button\" tabindex=\"0\" aria-label=\"Previous slide\" data-no-translation-aria-label=\"\">\n\t\t\t\t\t\t\t<i aria-hidden=\"true\" class=\"eicon-chevron-left\"><\/i>\t\t\t\t\t\t<\/div>\n\t\t\t\t\t\t<div class=\"elementor-swiper-button elementor-swiper-button-next\" role=\"button\" tabindex=\"0\" aria-label=\"Next slide\" data-no-translation-aria-label=\"\">\n\t\t\t\t\t\t\t<i aria-hidden=\"true\" class=\"eicon-chevron-right\"><\/i>\t\t\t\t\t\t<\/div>\n\t\t\t\t\t\t\t\t\t\t\t\t\t\t\t\t<div class=\"swiper-pagination\"><\/div>\n\t\t\t\t\t\t\t\t\t\t\t\t<\/div>\n\t\t\t\t<\/div>\n\t\t\t\t\t\t\t\t<\/div>\n\t\t\t\t<\/div>\n\t\t\t\t<div class=\"elementor-element elementor-element-832db68 elementor-widget elementor-widget-image\" data-id=\"832db68\" data-element_type=\"widget\" data-e-type=\"widget\" data-widget_type=\"image.default\">\n\t\t\t\t<div class=\"elementor-widget-container\">\n\t\t\t\t\t\t\t\t\t\t\t\t\t\t\t<img fetchpriority=\"high\" decoding=\"async\" width=\"768\" height=\"1024\" src=\"https:\/\/www.vtc-limousine.fr\/wp-content\/uploads\/2026\/03\/IMG_3076-768x1024.jpeg\" class=\"attachment-large size-large wp-image-23823\" alt=\"Van de luxo com motorista privado Hotel Les Lodges Sainte-Victoire em Le Tholonet para transfer do aeroporto Marselha e Aix TGV\" srcset=\"https:\/\/www.vtc-limousine.fr\/wp-content\/uploads\/2026\/03\/IMG_3076-768x1024.jpeg 768w, https:\/\/www.vtc-limousine.fr\/wp-content\/uploads\/2026\/03\/IMG_3076-225x300.jpeg 225w, https:\/\/www.vtc-limousine.fr\/wp-content\/uploads\/2026\/03\/IMG_3076-1152x1536.jpeg 1152w, https:\/\/www.vtc-limousine.fr\/wp-content\/uploads\/2026\/03\/IMG_3076-scaled.jpeg 1536w, https:\/\/www.vtc-limousine.fr\/wp-content\/uploads\/2026\/03\/IMG_3076-9x12.jpeg 9w, https:\/\/www.vtc-limousine.fr\/wp-content\/uploads\/2026\/03\/IMG_3076-230x306.jpeg 230w, https:\/\/www.vtc-limousine.fr\/wp-content\/uploads\/2026\/03\/IMG_3076-400x533.jpeg 400w\" sizes=\"(max-width: 768px) 100vw, 768px\" \/>\t\t\t\t\t\t\t\t\t\t\t\t\t\t\t<\/div>\n\t\t\t\t<\/div>\n\t\t\t\t\t<\/div>\n\t\t<\/div>\n\t\t\t\t\t<\/div>\n\t\t<\/section>\n\t\t\t\t<section class=\"elementor-section elementor-top-section elementor-element elementor-element-deb5b69 elementor-section-boxed elementor-section-height-default elementor-section-height-default\" data-id=\"deb5b69\" data-element_type=\"section\" data-e-type=\"section\">\n\t\t\t\t\t\t<div class=\"elementor-container elementor-column-gap-default\">\n\t\t\t\t\t<div class=\"elementor-column elementor-col-100 elementor-top-column elementor-element elementor-element-09e35fb\" data-id=\"09e35fb\" data-element_type=\"column\" data-e-type=\"column\">\n\t\t\t<div class=\"elementor-widget-wrap elementor-element-populated\">\n\t\t\t\t\t\t<div class=\"elementor-element elementor-element-9cffc40 elementor-widget elementor-widget-spacer\" data-id=\"9cffc40\" data-element_type=\"widget\" data-e-type=\"widget\" data-widget_type=\"spacer.default\">\n\t\t\t\t<div class=\"elementor-widget-container\">\n\t\t\t\t\t\t\t<div class=\"elementor-spacer\">\n\t\t\t<div class=\"elementor-spacer-inner\"><\/div>\n\t\t<\/div>\n\t\t\t\t\t\t<\/div>\n\t\t\t\t<\/div>\n\t\t\t\t\t<\/div>\n\t\t<\/div>\n\t\t\t\t\t<\/div>\n\t\t<\/section>\n\t\t\t\t<section class=\"elementor-section elementor-top-section elementor-element elementor-element-f674983 elementor-section-boxed elementor-section-height-default elementor-section-height-default\" data-id=\"f674983\" data-element_type=\"section\" data-e-type=\"section\" data-settings=\"{&quot;background_background&quot;:&quot;classic&quot;}\">\n\t\t\t\t\t\t<div class=\"elementor-container elementor-column-gap-default\">\n\t\t\t\t\t<div class=\"elementor-column elementor-col-50 elementor-top-column elementor-element elementor-element-acce9fc\" data-id=\"acce9fc\" data-element_type=\"column\" data-e-type=\"column\">\n\t\t\t<div class=\"elementor-widget-wrap elementor-element-populated\">\n\t\t\t\t\t\t<div class=\"elementor-element elementor-element-cd68c0f elementor-widget elementor-widget-heading\" data-id=\"cd68c0f\" data-element_type=\"widget\" data-e-type=\"widget\" data-widget_type=\"heading.default\">\n\t\t\t\t<div class=\"elementor-widget-container\">\n\t\t\t\t\t<h4 class=\"elementor-heading-title elementor-size-medium\">Motorista particular Aix en Provence : A nossa frota de ve\u00edculos<\/h4>\t\t\t\t<\/div>\n\t\t\t\t<\/div>\n\t\t\t\t<div class=\"elementor-element elementor-element-e7d138d elementor-widget elementor-widget-text-editor\" data-id=\"e7d138d\" data-element_type=\"widget\" data-e-type=\"widget\" data-widget_type=\"text-editor.default\">\n\t\t\t\t<div class=\"elementor-widget-container\">\n\t\t\t\t\t\t\t\t\t<p style=\"text-align: left;\">Aluguer de<strong> Carro com motorista Aix en Provence<\/strong>Confer\u00eancia do Semin\u00e1rio sobre Ve\u00edculos 24\/7 da Tesla e da Mercedes<br \/>Est\u00e3o dispon\u00edveis v\u00e1rias categorias de ve\u00edculos: berlina premium, monovolume, etc.<\/p><p>- As suas bagagens ser\u00e3o tratadas.<strong><br \/><\/strong>- Se o seu avi\u00e3o ou comboio se atrasar, ser\u00e1 informado e esperar\u00e1 por si.<\/p><p>Aproveite o nosso sistema de localiza\u00e7\u00e3o de voos para todas as recolhas no aeroporto.<br \/>Os nossos motoristas acompanham a sua chegada em tempo real e adaptam-se a qualquer atraso do seu voo.<br \/>Os nossos motoristas est\u00e3o empenhados em manter os mais elevados n\u00edveis de profissionalismo e discri\u00e7\u00e3o.<\/p><p>Class-eDriver Limousine acompanha-o em todas as suas desloca\u00e7\u00f5es, quer sejam pessoais ou profissionais.<\/p>\t\t\t\t\t\t\t\t<\/div>\n\t\t\t\t<\/div>\n\t\t\t\t\t<\/div>\n\t\t<\/div>\n\t\t\t\t<div class=\"elementor-column elementor-col-50 elementor-top-column elementor-element elementor-element-15d0129\" data-id=\"15d0129\" data-element_type=\"column\" data-e-type=\"column\">\n\t\t\t<div class=\"elementor-widget-wrap elementor-element-populated\">\n\t\t\t\t\t\t<div class=\"elementor-element elementor-element-1cafc58 elementor-widget elementor-widget-global elementor-global-17301 elementor-widget-template\" data-id=\"1cafc58\" data-element_type=\"widget\" data-e-type=\"widget\" data-widget_type=\"template.default\">\n\t\t\t\t<div class=\"elementor-widget-container\">\n\t\t\t\t\t\t\t<div class=\"elementor-template\">\n\t\t\t\t\t<div data-elementor-type=\"section\" data-elementor-id=\"17288\" class=\"elementor elementor-17288\" data-elementor-post-type=\"elementor_library\">\n\t\t\t\t\t<section class=\"elementor-section elementor-top-section elementor-element elementor-element-7ea6a935 elementor-section-boxed elementor-section-height-default elementor-section-height-default\" data-id=\"7ea6a935\" data-element_type=\"section\" data-e-type=\"section\">\n\t\t\t\t\t\t<div class=\"elementor-container elementor-column-gap-default\">\n\t\t\t\t\t<div class=\"elementor-column elementor-col-100 elementor-top-column elementor-element elementor-element-306e7f1f\" data-id=\"306e7f1f\" data-element_type=\"column\" data-e-type=\"column\">\n\t\t\t<div class=\"elementor-widget-wrap elementor-element-populated\">\n\t\t\t\t\t\t<div class=\"elementor-element elementor-element-1b84b567 elementor-widget elementor-widget-heading\" data-id=\"1b84b567\" data-element_type=\"widget\" data-e-type=\"widget\" data-widget_type=\"heading.default\">\n\t\t\t\t<div class=\"elementor-widget-container\">\n\t\t\t\t\t<h4 class=\"elementor-heading-title elementor-size-medium\">Os nossos ve\u00edculos topo de gama s\u00e3o selecionados para garantir o seu conforto e seguran\u00e7a<\/h4>\t\t\t\t<\/div>\n\t\t\t\t<\/div>\n\t\t\t\t<section class=\"elementor-section elementor-inner-section elementor-element elementor-element-9aeaedc elementor-section-boxed elementor-section-height-default elementor-section-height-default\" data-id=\"9aeaedc\" data-element_type=\"section\" data-e-type=\"section\">\n\t\t\t\t\t\t<div class=\"elementor-container elementor-column-gap-custom\">\n\t\t\t\t\t<div class=\"elementor-column elementor-col-33 elementor-inner-column elementor-element elementor-element-77a143b0 blocText\" data-id=\"77a143b0\" data-element_type=\"column\" data-e-type=\"column\" data-settings=\"{&quot;background_background&quot;:&quot;classic&quot;}\">\n\t\t\t<div class=\"elementor-widget-wrap elementor-element-populated\">\n\t\t\t\t\t<div class=\"elementor-background-overlay\"><\/div>\n\t\t\t\t\t\t<div class=\"elementor-element elementor-element-3a21ee73 elementor-widget elementor-widget-heading\" data-id=\"3a21ee73\" data-element_type=\"widget\" data-e-type=\"widget\" data-widget_type=\"heading.default\">\n\t\t\t\t<div class=\"elementor-widget-container\">\n\t\t\t\t\t<p class=\"elementor-heading-title elementor-size-default\"><a href=\"https:\/\/www.vtc-limousine.fr\/pt\/classe-edriver-limousine\/os-nossos-veiculos\/tesla-model-s-sedan-de-luxo-com-condutor\/\">Tesla Model S Sedan de luxo\ud83c\udf43<\/a><\/p>\t\t\t\t<\/div>\n\t\t\t\t<\/div>\n\t\t\t\t\t<\/div>\n\t\t<\/div>\n\t\t\t\t<div class=\"elementor-column elementor-col-33 elementor-inner-column elementor-element elementor-element-50a94a8e blocText\" data-id=\"50a94a8e\" data-element_type=\"column\" data-e-type=\"column\" data-settings=\"{&quot;background_background&quot;:&quot;classic&quot;}\">\n\t\t\t<div class=\"elementor-widget-wrap elementor-element-populated\">\n\t\t\t\t\t<div class=\"elementor-background-overlay\"><\/div>\n\t\t\t\t\t\t<div class=\"elementor-element elementor-element-770c71b9 elementor-widget elementor-widget-heading\" data-id=\"770c71b9\" data-element_type=\"widget\" data-e-type=\"widget\" data-widget_type=\"heading.default\">\n\t\t\t\t<div class=\"elementor-widget-container\">\n\t\t\t\t\t<p class=\"elementor-heading-title elementor-size-default\"><a href=\"https:\/\/www.vtc-limousine.fr\/pt\/classe-edriver-limousine\/os-nossos-veiculos\/mercedes-eqs-eletrico\/\">Mercedes EQS Limousine \ud83c\udf43<\/a><\/p>\t\t\t\t<\/div>\n\t\t\t\t<\/div>\n\t\t\t\t\t<\/div>\n\t\t<\/div>\n\t\t\t\t<div class=\"elementor-column elementor-col-33 elementor-inner-column elementor-element elementor-element-382f45a9 blocText\" data-id=\"382f45a9\" data-element_type=\"column\" data-e-type=\"column\" data-settings=\"{&quot;background_background&quot;:&quot;classic&quot;}\">\n\t\t\t<div class=\"elementor-widget-wrap elementor-element-populated\">\n\t\t\t\t\t<div class=\"elementor-background-overlay\"><\/div>\n\t\t\t\t\t\t<div class=\"elementor-element elementor-element-473f5be elementor-widget elementor-widget-heading\" data-id=\"473f5be\" data-element_type=\"widget\" data-e-type=\"widget\" data-widget_type=\"heading.default\">\n\t\t\t\t<div class=\"elementor-widget-container\">\n\t\t\t\t\t<p class=\"elementor-heading-title elementor-size-default\"><a href=\"https:\/\/www.vtc-limousine.fr\/pt\/classe-edriver-limousine\/os-nossos-veiculos\/mercedes-e-class\/\">Mercedes Classe E<\/a><\/p>\t\t\t\t<\/div>\n\t\t\t\t<\/div>\n\t\t\t\t\t<\/div>\n\t\t<\/div>\n\t\t\t\t\t<\/div>\n\t\t<\/section>\n\t\t\t\t<section class=\"elementor-section elementor-inner-section elementor-element elementor-element-7f5ead77 elementor-section-boxed elementor-section-height-default elementor-section-height-default\" data-id=\"7f5ead77\" data-element_type=\"section\" data-e-type=\"section\">\n\t\t\t\t\t\t<div class=\"elementor-container elementor-column-gap-custom\">\n\t\t\t\t\t<div class=\"elementor-column elementor-col-33 elementor-inner-column elementor-element elementor-element-3d8e8f13 blocText\" data-id=\"3d8e8f13\" data-element_type=\"column\" data-e-type=\"column\" data-settings=\"{&quot;background_background&quot;:&quot;classic&quot;}\">\n\t\t\t<div class=\"elementor-widget-wrap elementor-element-populated\">\n\t\t\t\t\t<div class=\"elementor-background-overlay\"><\/div>\n\t\t\t\t\t\t<div class=\"elementor-element elementor-element-13e4de98 elementor-widget elementor-widget-heading\" data-id=\"13e4de98\" data-element_type=\"widget\" data-e-type=\"widget\" data-widget_type=\"heading.default\">\n\t\t\t\t<div class=\"elementor-widget-container\">\n\t\t\t\t\t<p class=\"elementor-heading-title elementor-size-default\"><a href=\"https:\/\/www.vtc-limousine.fr\/pt\/classe-edriver-limousine\/os-nossos-veiculos\/mercedes-s-class-limousine\/\">Limousine Mercedes Classe S<\/a><\/p>\t\t\t\t<\/div>\n\t\t\t\t<\/div>\n\t\t\t\t\t<\/div>\n\t\t<\/div>\n\t\t\t\t<div class=\"elementor-column elementor-col-33 elementor-inner-column elementor-element elementor-element-d2d0544 blocText\" data-id=\"d2d0544\" data-element_type=\"column\" data-e-type=\"column\" data-settings=\"{&quot;background_background&quot;:&quot;classic&quot;}\">\n\t\t\t<div class=\"elementor-widget-wrap elementor-element-populated\">\n\t\t\t\t\t<div class=\"elementor-background-overlay\"><\/div>\n\t\t\t\t\t\t<div class=\"elementor-element elementor-element-603d6c02 elementor-widget elementor-widget-heading\" data-id=\"603d6c02\" data-element_type=\"widget\" data-e-type=\"widget\" data-widget_type=\"heading.default\">\n\t\t\t\t<div class=\"elementor-widget-container\">\n\t\t\t\t\t<p class=\"elementor-heading-title elementor-size-default\"><a href=\"https:\/\/www.vtc-limousine.fr\/pt\/classe-edriver-limousine\/os-nossos-veiculos\/mercedes-sprinter-xxl-minibus-de-luxo\/\">Miniautocarro de luxo Mercedes SprinterXXL<\/a><\/p>\t\t\t\t<\/div>\n\t\t\t\t<\/div>\n\t\t\t\t\t<\/div>\n\t\t<\/div>\n\t\t\t\t<div class=\"elementor-column elementor-col-33 elementor-inner-column elementor-element elementor-element-1edcaedf blocText\" data-id=\"1edcaedf\" data-element_type=\"column\" data-e-type=\"column\" data-settings=\"{&quot;background_background&quot;:&quot;classic&quot;}\">\n\t\t\t<div class=\"elementor-widget-wrap elementor-element-populated\">\n\t\t\t\t\t<div class=\"elementor-background-overlay\"><\/div>\n\t\t\t\t\t\t<div class=\"elementor-element elementor-element-2f0c5426 elementor-widget elementor-widget-heading\" data-id=\"2f0c5426\" data-element_type=\"widget\" data-e-type=\"widget\" data-widget_type=\"heading.default\">\n\t\t\t\t<div class=\"elementor-widget-container\">\n\t\t\t\t\t<p class=\"elementor-heading-title elementor-size-default\"><a href=\"https:\/\/www.vtc-limousine.fr\/pt\/classe-edriver-limousine\/os-nossos-veiculos\/mercedes-v-class-luxury\/\">Mercedes Classe V de luxo<\/a><\/p>\t\t\t\t<\/div>\n\t\t\t\t<\/div>\n\t\t\t\t\t<\/div>\n\t\t<\/div>\n\t\t\t\t\t<\/div>\n\t\t<\/section>\n\t\t\t\t\t<\/div>\n\t\t<\/div>\n\t\t\t\t\t<\/div>\n\t\t<\/section>\n\t\t\t\t<\/div>\n\t\t\t\t<\/div>\n\t\t\t\t\t\t<\/div>\n\t\t\t\t<\/div>\n\t\t\t\t\t<\/div>\n\t\t<\/div>\n\t\t\t\t\t<\/div>\n\t\t<\/section>\n\t\t\t\t<section class=\"elementor-section elementor-top-section elementor-element elementor-element-6b14c1a elementor-section-full_width elementor-section-height-default elementor-section-height-default\" data-id=\"6b14c1a\" data-element_type=\"section\" data-e-type=\"section\">\n\t\t\t\t\t\t<div class=\"elementor-container elementor-column-gap-default\">\n\t\t\t\t\t<div class=\"elementor-column elementor-col-100 elementor-top-column elementor-element elementor-element-9d6fa62\" data-id=\"9d6fa62\" data-element_type=\"column\" data-e-type=\"column\">\n\t\t\t<div class=\"elementor-widget-wrap elementor-element-populated\">\n\t\t\t\t\t\t<div class=\"elementor-element elementor-element-e4990dc elementor-widget-divider--view-line elementor-widget elementor-widget-divider\" data-id=\"e4990dc\" data-element_type=\"widget\" data-e-type=\"widget\" data-widget_type=\"divider.default\">\n\t\t\t\t<div class=\"elementor-widget-container\">\n\t\t\t\t\t\t\t<div class=\"elementor-divider\">\n\t\t\t<span class=\"elementor-divider-separator\">\n\t\t\t\t\t\t<\/span>\n\t\t<\/div>\n\t\t\t\t\t\t<\/div>\n\t\t\t\t<\/div>\n\t\t\t\t\t<\/div>\n\t\t<\/div>\n\t\t\t\t\t<\/div>\n\t\t<\/section>\n\t\t\t\t<section class=\"elementor-section elementor-top-section elementor-element elementor-element-003926e elementor-section-boxed elementor-section-height-default elementor-section-height-default\" data-id=\"003926e\" data-element_type=\"section\" data-e-type=\"section\">\n\t\t\t\t\t\t<div class=\"elementor-container elementor-column-gap-default\">\n\t\t\t\t\t<div class=\"elementor-column elementor-col-33 elementor-top-column elementor-element elementor-element-e2e4a03\" data-id=\"e2e4a03\" data-element_type=\"column\" data-e-type=\"column\">\n\t\t\t<div class=\"elementor-widget-wrap elementor-element-populated\">\n\t\t\t\t\t\t<div class=\"elementor-element elementor-element-dbd1447 elementor-widget elementor-widget-heading\" data-id=\"dbd1447\" data-element_type=\"widget\" data-e-type=\"widget\" data-widget_type=\"heading.default\">\n\t\t\t\t<div class=\"elementor-widget-container\">\n\t\t\t\t\t<h3 class=\"elementor-heading-title elementor-size-small\">ALUGUER DE AUTOM\u00d3VEIS COM CONDUTOR AVIGNON<\/h3>\t\t\t\t<\/div>\n\t\t\t\t<\/div>\n\t\t\t\t\t<\/div>\n\t\t<\/div>\n\t\t\t\t<div class=\"elementor-column elementor-col-33 elementor-top-column elementor-element elementor-element-2866f00\" data-id=\"2866f00\" data-element_type=\"column\" data-e-type=\"column\">\n\t\t\t<div class=\"elementor-widget-wrap elementor-element-populated\">\n\t\t\t\t\t\t<div class=\"elementor-element elementor-element-483a8d8 elementor-widget elementor-widget-heading\" data-id=\"483a8d8\" data-element_type=\"widget\" data-e-type=\"widget\" data-widget_type=\"heading.default\">\n\t\t\t\t<div class=\"elementor-widget-container\">\n\t\t\t\t\t<h3 class=\"elementor-heading-title elementor-size-small\">ALUGUER DE AUTOM\u00d3VEIS COM CONDUTOR AVIGNON TGV<\/h3>\t\t\t\t<\/div>\n\t\t\t\t<\/div>\n\t\t\t\t\t<\/div>\n\t\t<\/div>\n\t\t\t\t<div class=\"elementor-column elementor-col-33 elementor-top-column elementor-element elementor-element-fd8fb88\" data-id=\"fd8fb88\" data-element_type=\"column\" data-e-type=\"column\">\n\t\t\t<div class=\"elementor-widget-wrap elementor-element-populated\">\n\t\t\t\t\t\t<div class=\"elementor-element elementor-element-b56f08c elementor-widget elementor-widget-heading\" data-id=\"b56f08c\" data-element_type=\"widget\" data-e-type=\"widget\" data-widget_type=\"heading.default\">\n\t\t\t\t<div class=\"elementor-widget-container\">\n\t\t\t\t\t<h3 class=\"elementor-heading-title elementor-size-small\">TRANSFER\u00caNCIA DE IATES<\/h3>\t\t\t\t<\/div>\n\t\t\t\t<\/div>\n\t\t\t\t\t<\/div>\n\t\t<\/div>\n\t\t\t\t\t<\/div>\n\t\t<\/section>\n\t\t\t\t<section class=\"elementor-section elementor-top-section elementor-element elementor-element-eef5c33 elementor-section-boxed elementor-section-height-default elementor-section-height-default\" data-id=\"eef5c33\" data-element_type=\"section\" data-e-type=\"section\">\n\t\t\t\t\t\t<div class=\"elementor-container elementor-column-gap-default\">\n\t\t\t\t\t<div class=\"elementor-column elementor-col-100 elementor-top-column elementor-element elementor-element-a41ad86\" data-id=\"a41ad86\" data-element_type=\"column\" data-e-type=\"column\">\n\t\t\t<div class=\"elementor-widget-wrap elementor-element-populated\">\n\t\t\t\t\t\t<div class=\"elementor-element elementor-element-61da209 elementor-widget elementor-widget-global elementor-global-16809 elementor-widget-template\" data-id=\"61da209\" data-element_type=\"widget\" data-e-type=\"widget\" data-widget_type=\"template.default\">\n\t\t\t\t<div class=\"elementor-widget-container\">\n\t\t\t\t\t\t\t<div class=\"elementor-template\">\n\t\t\t\t\t<div data-elementor-type=\"section\" data-elementor-id=\"16800\" class=\"elementor elementor-16800\" data-elementor-post-type=\"elementor_library\">\n\t\t\t\t\t<section class=\"elementor-section elementor-top-section elementor-element elementor-element-5ecc7df elementor-section-boxed elementor-section-height-default elementor-section-height-default\" data-id=\"5ecc7df\" data-element_type=\"section\" data-e-type=\"section\">\n\t\t\t\t\t\t<div class=\"elementor-container elementor-column-gap-default\">\n\t\t\t\t\t<div class=\"elementor-column elementor-col-33 elementor-top-column elementor-element elementor-element-50a92ca2\" data-id=\"50a92ca2\" data-element_type=\"column\" data-e-type=\"column\">\n\t\t\t<div class=\"elementor-widget-wrap elementor-element-populated\">\n\t\t\t\t\t\t<div class=\"elementor-element elementor-element-e63460a elementor-widget elementor-widget-image\" data-id=\"e63460a\" data-element_type=\"widget\" data-e-type=\"widget\" data-widget_type=\"image.default\">\n\t\t\t\t<div class=\"elementor-widget-container\">\n\t\t\t\t\t\t\t\t\t\t\t\t\t\t\t<img decoding=\"async\" src=\"https:\/\/www.vtc-limousine.fr\/wp-content\/uploads\/elementor\/thumbs\/WORK1015-trip-e1461841777748-1-qfq8fzc13hup8k9o2ksn15qh69mku450vmv2027j2c.jpg\" title=\"WORK1015-trip\" alt=\"Mulher de neg\u00f3cios com mala de viagem no aeroporto\" loading=\"lazy\" \/>\t\t\t\t\t\t\t\t\t\t\t\t\t\t\t<\/div>\n\t\t\t\t<\/div>\n\t\t\t\t<div class=\"elementor-element elementor-element-4ec7f1f1 elementor-widget elementor-widget-text-editor\" data-id=\"4ec7f1f1\" data-element_type=\"widget\" data-e-type=\"widget\" data-widget_type=\"text-editor.default\">\n\t\t\t\t<div class=\"elementor-widget-container\">\n\t\t\t\t\t\t\t\t\t<div class=\"four columns\"><div class=\"limoking-ux column-service-ux\"><div class=\"limoking-item limoking-column-service-item limoking-medium\"><div class=\"column-service-content-wrapper\"><div class=\"column-service-content limoking-skin-content\"><p>O seu carro com motorista\u00a0<a href=\"https:\/\/www.vtc-limousine.fr\/pt\/os-nossos-veiculos\/\">(VTC)<\/a>\u00a0levamo-lo do seu aeroporto ou para o aeroporto da sua escolha. Servimos os seguintes aeroportos:\u00a0<br \/>\u00a0<a href=\"https:\/\/www.vtc-limousine.fr\/pt\/vtc-private-transfer\/vtc-transfer-aeroporto-de-marselha-provenca\/\">Chauffeur privado Marselha Provence Aeroporto<\/a>\u00a0<br \/><a href=\"https:\/\/www.vtc-limousine.fr\/pt\/vtc-private-transfer\/vtc-transfer-nice-cote-dazur-nce-aeroporto\/\">Transfer VTC com motorista privado Aeroporto de Nice C\u00f4te d'Azur (NCE)<\/a><br \/><a href=\"https:\/\/www.vtc-limousine.fr\/pt\/vtc-private-transfer\/reservar-um-vtc-com-motorista-privado-do-aeroporto-de-marselha-para-o-monaco\/\">Heliporto M\u00f3naco com motorista privado<\/a><br \/><a href=\"https:\/\/www.vtc-limousine.fr\/pt\/vtc-private-transfer\/vtc-castellet-aeroporto-internacional-lfmq\/\">Chauffeur privado Aeroporto de Castellet<\/a><br \/><a href=\"https:\/\/www.vtc-limousine.fr\/pt\/vtc-private-transfer\/motorista-privado-saint-tropez\/\">Chauffeur privado St Tropez Golf Aeroporto\u00a0<\/a><br \/><a href=\"https:\/\/www.vtc-limousine.fr\/pt\/vtc-private-transfer\/motorista-de-transporte-vtc-aeroporto-de-avignon-avn\/\">Motorista privado Avignon Provence Aeroporto\u00a0<\/a><br \/><a href=\"https:\/\/www.vtc-limousine.fr\/pt\/vtc-private-transfer\/vtc-transfer-toulon-hyeres-aeroporto-tln\/\">Motorista privado Aeroporto de Toulon Hy\u00e8res<\/a><br \/><a href=\"https:\/\/www.vtc-limousine.fr\/pt\/motorista-particular\/location-chauffeur-prive-region-paca\/aluguer-de-automoveis-com-motorista-em-montpellier\/\">Chauffeur privado Aeroporto de Montpellier M\u00e9diterran\u00e9e<\/a><\/p><\/div><\/div><\/div><\/div><\/div>\t\t\t\t\t\t\t\t<\/div>\n\t\t\t\t<\/div>\n\t\t\t\t\t<\/div>\n\t\t<\/div>\n\t\t\t\t<div class=\"elementor-column elementor-col-33 elementor-top-column elementor-element elementor-element-31c921a3\" data-id=\"31c921a3\" data-element_type=\"column\" data-e-type=\"column\">\n\t\t\t<div class=\"elementor-widget-wrap elementor-element-populated\">\n\t\t\t\t\t\t<div class=\"elementor-element elementor-element-637d2c84 elementor-widget elementor-widget-image\" data-id=\"637d2c84\" data-element_type=\"widget\" data-e-type=\"widget\" data-widget_type=\"image.default\">\n\t\t\t\t<div class=\"elementor-widget-container\">\n\t\t\t\t\t\t\t\t\t\t\t\t\t\t\t<img decoding=\"async\" src=\"https:\/\/www.vtc-limousine.fr\/wp-content\/uploads\/elementor\/thumbs\/aixtgv-e1462955693358-1-qfq89fejg2vqafsdc8ta5b9s2jxg634eb746jlxcg4.jpg\" title=\"4 T\" alt=\"Transfer VTC esta\u00e7\u00e3o de TGV de Aix en Provence\" loading=\"lazy\" \/>\t\t\t\t\t\t\t\t\t\t\t\t\t\t\t<\/div>\n\t\t\t\t<\/div>\n\t\t\t\t<div class=\"elementor-element elementor-element-76f33913 elementor-widget elementor-widget-text-editor\" data-id=\"76f33913\" data-element_type=\"widget\" data-e-type=\"widget\" data-widget_type=\"text-editor.default\">\n\t\t\t\t<div class=\"elementor-widget-container\">\n\t\t\t\t\t\t\t\t\t<p>O seu ve\u00edculo com motorista (VTC) leva-o da sua esta\u00e7\u00e3o ou at\u00e9 \u00e0 esta\u00e7\u00e3o da sua escolha. Servimos as seguintes esta\u00e7\u00f5es:<br \/><a href=\"https:\/\/www.vtc-limousine.fr\/pt\/motorista-particular\/location-chauffeur-prive-region-paca\/aluguer-de-automoveis-com-condutor-marselha\/\">Chauffeur Privado Esta\u00e7\u00e3o de Marselha St Charles<\/a><br \/><a href=\"https:\/\/www.vtc-limousine.fr\/pt\/vtc-private-transfer\/vtc-transfer-estacao-de-tgv-de-aix-en-provence\/\">Chauffeur privado Esta\u00e7\u00e3o TGV de Aix en Provence<\/a><br \/><a href=\"https:\/\/www.vtc-limousine.fr\/pt\/motorista-particular\/location-chauffeur-prive-region-paca\/location-de-voiture-avec-chauffeur-avignon\/\">Chauffeur privado Esta\u00e7\u00e3o TGV de Avignon<\/a><br \/>Chauffeur privado Esta\u00e7\u00e3o SNCF de Toulon\u00a0<br \/>Chauffeur Privado Esta\u00e7\u00e3o de Montpellier Saint-Roch<\/p>\t\t\t\t\t\t\t\t<\/div>\n\t\t\t\t<\/div>\n\t\t\t\t\t<\/div>\n\t\t<\/div>\n\t\t\t\t<div class=\"elementor-column elementor-col-33 elementor-top-column elementor-element elementor-element-289b91c4\" data-id=\"289b91c4\" data-element_type=\"column\" data-e-type=\"column\">\n\t\t\t<div class=\"elementor-widget-wrap elementor-element-populated\">\n\t\t\t\t\t\t<div class=\"elementor-element elementor-element-675f4d91 elementor-widget elementor-widget-image\" data-id=\"675f4d91\" data-element_type=\"widget\" data-e-type=\"widget\" data-widget_type=\"image.default\">\n\t\t\t\t<div class=\"elementor-widget-container\">\n\t\t\t\t\t\t\t\t\t\t\t\t\t\t\t<img decoding=\"async\" src=\"https:\/\/www.vtc-limousine.fr\/wp-content\/uploads\/elementor\/thumbs\/12314661_1181324875230561_2549917994845135698_o-e1461913792875-1-qfq8eip2grun6ee4ly1j5j0nwou0v2c20ebv4kdkqs.jpg\" title=\"12314661_1181324875230561_2549917994845135698_o\" alt=\"12314661_1181324875230561_2549917994845135698_o\" loading=\"lazy\" \/>\t\t\t\t\t\t\t\t\t\t\t\t\t\t\t<\/div>\n\t\t\t\t<\/div>\n\t\t\t\t<div class=\"elementor-element elementor-element-4c0d46ee elementor-widget elementor-widget-text-editor\" data-id=\"4c0d46ee\" data-element_type=\"widget\" data-e-type=\"widget\" data-widget_type=\"text-editor.default\">\n\t\t\t\t<div class=\"elementor-widget-container\">\n\t\t\t\t\t\t\t\t\t<p>O seu condutor\u00a0<a href=\"\/pt\/os-nossos-veiculos\/\">(VTC)<\/a>\u00a0lev\u00e1-lo-\u00e1 do seu porto ou ao terminal de ferry da sua escolha. \u00a0<br \/>Servimos as cidades de :\u00a0<br \/><a href=\"https:\/\/www.vtc-limousine.fr\/pt\/vtc-private-transfer\/vtc-transfer-porto-de-cruzeiro-marselha\/\">Chauffeur privado Terminal de ferries de Marselha e terminais de cruzeiros<\/a><br \/><a href=\"https:\/\/www.vtc-limousine.fr\/pt\/motorista-particular\/location-chauffeur-prive-region-paca\/location-de-voiture-avec-chauffeur-avignon\/\">Cruzeiros fluviais em Avignon com motorista privado<\/a>\u00a0<br \/>Chauffeur privado Porto de St-Tropez<br \/>Chauffeur privado Cannes porto Canto\u00a0<br \/>Chauffeur privado Porto do M\u00f3naco\u00a0<br \/>Chauffeur privado Porto de Nice\u00a0<br \/>Chauffeur privado Terminal de ferries de Toulon e terminais de cruzeiros\u00a0<\/p>\t\t\t\t\t\t\t\t<\/div>\n\t\t\t\t<\/div>\n\t\t\t\t\t<\/div>\n\t\t<\/div>\n\t\t\t\t\t<\/div>\n\t\t<\/section>\n\t\t\t\t<\/div>\n\t\t\t\t<\/div>\n\t\t\t\t\t\t<\/div>\n\t\t\t\t<\/div>\n\t\t\t\t\t<\/div>\n\t\t<\/div>\n\t\t\t\t\t<\/div>\n\t\t<\/section>\n\t\t\t\t<\/div>","protected":false},"excerpt":{"rendered":"<p>Reserve o seu servi\u00e7o de motorista para uma viagem topo de gama a partir do hotel Les Lodges Sainte-Victoire. Desfrute de um servi\u00e7o de transporte de qualidade.<\/p>","protected":false},"author":2,"featured_media":22137,"parent":13161,"menu_order":0,"comment_status":"closed","ping_status":"closed","template":"","meta":{"footnotes":""},"class_list":["post-22128","page","type-page","status-publish","has-post-thumbnail","hentry"],"_links":{"self":[{"href":"https:\/\/www.vtc-limousine.fr\/pt\/wp-json\/wp\/v2\/pages\/22128","targetHints":{"allow":["GET"]}}],"collection":[{"href":"https:\/\/www.vtc-limousine.fr\/pt\/wp-json\/wp\/v2\/pages"}],"about":[{"href":"https:\/\/www.vtc-limousine.fr\/pt\/wp-json\/wp\/v2\/types\/page"}],"author":[{"embeddable":true,"href":"https:\/\/www.vtc-limousine.fr\/pt\/wp-json\/wp\/v2\/users\/2"}],"replies":[{"embeddable":true,"href":"https:\/\/www.vtc-limousine.fr\/pt\/wp-json\/wp\/v2\/comments?post=22128"}],"version-history":[{"count":12,"href":"https:\/\/www.vtc-limousine.fr\/pt\/wp-json\/wp\/v2\/pages\/22128\/revisions"}],"predecessor-version":[{"id":23826,"href":"https:\/\/www.vtc-limousine.fr\/pt\/wp-json\/wp\/v2\/pages\/22128\/revisions\/23826"}],"up":[{"embeddable":true,"href":"https:\/\/www.vtc-limousine.fr\/pt\/wp-json\/wp\/v2\/pages\/13161"}],"wp:featuredmedia":[{"embeddable":true,"href":"https:\/\/www.vtc-limousine.fr\/pt\/wp-json\/wp\/v2\/media\/22137"}],"wp:attachment":[{"href":"https:\/\/www.vtc-limousine.fr\/pt\/wp-json\/wp\/v2\/media?parent=22128"}],"curies":[{"name":"wp","href":"https:\/\/api.w.org\/{rel}","templated":true}]}}