{"id":14078,"date":"2022-03-22T10:06:29","date_gmt":"2022-03-22T10:06:29","guid":{"rendered":"https:\/\/www.vtc-limousine.fr\/?page_id=14078"},"modified":"2026-03-28T18:32:35","modified_gmt":"2026-03-28T18:32:35","slug":"motorista-privado-no-aeroporto-de-montpellier","status":"publish","type":"page","link":"https:\/\/www.vtc-limousine.fr\/pt\/motorista-particular\/motorista-privado-no-aeroporto-de-montpellier\/","title":{"rendered":"Chauffeur privado Montpellier"},"content":{"rendered":"<div data-elementor-type=\"wp-page\" data-elementor-id=\"14078\" class=\"elementor elementor-14078\" data-elementor-post-type=\"page\">\n\t\t\t\t\t\t<section class=\"elementor-section elementor-top-section elementor-element elementor-element-5e739282 elementor-section-full_width elementor-section-height-min-height elementor-section-height-default elementor-section-items-middle\" data-id=\"5e739282\" data-element_type=\"section\" data-e-type=\"section\" data-settings=\"{&quot;background_background&quot;:&quot;classic&quot;}\">\n\t\t\t\t\t\t\t<div class=\"elementor-background-overlay\"><\/div>\n\t\t\t\t\t\t\t<div class=\"elementor-container elementor-column-gap-default\">\n\t\t\t\t\t<div class=\"elementor-column elementor-col-100 elementor-top-column elementor-element elementor-element-1faf7528\" data-id=\"1faf7528\" data-element_type=\"column\" data-e-type=\"column\">\n\t\t\t<div class=\"elementor-widget-wrap\">\n\t\t\t\t\t\t\t<\/div>\n\t\t<\/div>\n\t\t\t\t\t<\/div>\n\t\t<\/section>\n\t\t\t\t<section class=\"elementor-section elementor-top-section elementor-element elementor-element-65088e05 elementor-section-boxed elementor-section-height-default elementor-section-height-default\" data-id=\"65088e05\" data-element_type=\"section\" data-e-type=\"section\">\n\t\t\t\t\t\t<div class=\"elementor-container elementor-column-gap-default\">\n\t\t\t\t\t<div class=\"elementor-column elementor-col-100 elementor-top-column elementor-element elementor-element-344a6702\" data-id=\"344a6702\" data-element_type=\"column\" data-e-type=\"column\">\n\t\t\t<div class=\"elementor-widget-wrap elementor-element-populated\">\n\t\t\t\t\t\t<div class=\"elementor-element elementor-element-18f76e2 elementor-widget elementor-widget-shortcode\" data-id=\"18f76e2\" data-element_type=\"widget\" data-e-type=\"widget\" data-widget_type=\"shortcode.default\">\n\t\t\t\t<div class=\"elementor-widget-container\">\n\t\t\t\t\t\t\t<div class=\"elementor-shortcode\"><nav aria-label=\"p\u00e3o ralado\">\n            <div class=\"breadcrumb-container theme1\">\n                <ol>\n                                    <\/ol>\n            <\/div>\n        <\/nav>    <script type=\"application\/ld+json\">\n        {\n            \"@context\": \"http:\/\/schema.org\",\n            \"@type\": \"BreadcrumbList\",\n            \"itemListElement\": [\n                            ]\n        }\n    <\/script>\n   \n    <script>\n            <\/script>\n<\/div>\n\t\t\t\t\t\t<\/div>\n\t\t\t\t<\/div>\n\t\t\t\t<div class=\"elementor-element elementor-element-6d44219e elementor-widget elementor-widget-heading\" data-id=\"6d44219e\" data-element_type=\"widget\" data-e-type=\"widget\" data-widget_type=\"heading.default\">\n\t\t\t\t<div class=\"elementor-widget-container\">\n\t\t\t\t\t<h1 class=\"elementor-heading-title elementor-size-default\">Chauffeur privado Montpellier<\/h1>\t\t\t\t<\/div>\n\t\t\t\t<\/div>\n\t\t\t\t<div class=\"elementor-element elementor-element-b4886bc elementor-widget elementor-widget-heading\" data-id=\"b4886bc\" data-element_type=\"widget\" data-e-type=\"widget\" data-widget_type=\"heading.default\">\n\t\t\t\t<div class=\"elementor-widget-container\">\n\t\t\t\t\t<h2 class=\"elementor-heading-title elementor-size-default\">Berlim-MiniVan-MiniBus<\/h2>\t\t\t\t<\/div>\n\t\t\t\t<\/div>\n\t\t\t\t\t<\/div>\n\t\t<\/div>\n\t\t\t\t\t<\/div>\n\t\t<\/section>\n\t\t\t\t<section class=\"elementor-section elementor-top-section elementor-element elementor-element-c8573c3 elementor-section-boxed elementor-section-height-default elementor-section-height-default\" data-id=\"c8573c3\" data-element_type=\"section\" data-e-type=\"section\">\n\t\t\t\t\t\t<div class=\"elementor-container elementor-column-gap-default\">\n\t\t\t\t\t<div class=\"elementor-column elementor-col-100 elementor-top-column elementor-element elementor-element-3ae0696\" data-id=\"3ae0696\" data-element_type=\"column\" data-e-type=\"column\">\n\t\t\t<div class=\"elementor-widget-wrap\">\n\t\t\t\t\t\t\t<\/div>\n\t\t<\/div>\n\t\t\t\t\t<\/div>\n\t\t<\/section>\n\t\t\t\t<section class=\"elementor-section elementor-top-section elementor-element elementor-element-e0f973c elementor-section-boxed elementor-section-height-default elementor-section-height-default\" data-id=\"e0f973c\" data-element_type=\"section\" data-e-type=\"section\">\n\t\t\t\t\t\t<div class=\"elementor-container elementor-column-gap-default\">\n\t\t\t\t\t<div class=\"elementor-column elementor-col-50 elementor-top-column elementor-element elementor-element-0ea50db\" data-id=\"0ea50db\" data-element_type=\"column\" data-e-type=\"column\">\n\t\t\t<div class=\"elementor-widget-wrap elementor-element-populated\">\n\t\t\t\t\t\t<div class=\"elementor-element elementor-element-bc413df elementor-widget elementor-widget-text-editor\" data-id=\"bc413df\" data-element_type=\"widget\" data-e-type=\"widget\" data-widget_type=\"text-editor.default\">\n\t\t\t\t<div class=\"elementor-widget-container\">\n\t\t\t\t\t\t\t\t\t<h1 title=\"Motorista privado Aeroporto de Montpellier - Class-eDriver Limousine\">Motorista privado no aeroporto de Montpellier: o seu servi\u00e7o de excel\u00eancia<\/h1>\n\n<p>Necessita de um <strong>motorista particular no aeroporto de Montpellier-M\u00e9diterran\u00e9e (MPL)<\/strong> para um transfer VIP ou uma viagem de neg\u00f3cios? <strong>Classe-eDriver Limousine<\/strong> oferece-lhe um servi\u00e7o de transporte excecional, combinando luxo, pontualidade e um conhecimento perfeito da regi\u00e3o da Occit\u00e2nia.<\/p>\n\n<p>Esque\u00e7a os constrangimentos dos transportes cl\u00e1ssicos. Os nossos motoristas bilingues recebem-no \u00e0 chegada com uma placa personalizada para o conduzir a Montpellier, \u00e0s zonas de neg\u00f3cios ou aos prestigiados destinos do litoral.<\/p>\n\n<h2>Chauffeur de Grande Remise e Transporte Executivo na Occit\u00e2nia<\/h2>\n\n<p>Em <strong>Classe-eDriver Limousine<\/strong>Orgulhamo-nos de oferecer uma experi\u00eancia de viagem topo de gama. Os nossos <a href=\"https:\/\/www.vtc-limousine.fr\/pt\/classe-edriver-limousine\/os-nossos-veiculos\/\">frota de ve\u00edculos de prest\u00edgio<\/a>A nossa frota de Mercedes Classe S e de carrinhas Classe V \u00e9 perfeitamente mantida para garantir o seu conforto e seguran\u00e7a.<\/p>\n\n<p>O nosso <strong>motoristas particulares em Montpellier<\/strong> s\u00e3o treinados de acordo com os padr\u00f5es dos hot\u00e9is de luxo. Quer se dirija para o centro hist\u00f3rico (\u00c9cusson), para a zona de neg\u00f3cios de Port Marianne ou para o <a href=\"https:\/\/www.montpellier-tourisme.fr\/\" target=\"_blank\" rel=\"noopener\">Os principais s\u00edtios tur\u00edsticos do H\u00e9rault<\/a>Certificar-nos-emos de que a sua viagem decorre da melhor forma poss\u00edvel, com um servi\u00e7o de concierge a bordo.<\/p>\n\n<h2>Porqu\u00ea escolher Class-eDriver Limousine para os seus transferes em Montpellier?<\/h2>\n\n<h3>1. Rece\u00e7\u00e3o no aeroporto<\/h3>\n<p>Assim que deixar as suas bagagens no aeroporto de Montpellier-M\u00e9diterran\u00e9e, o seu motorista privado estar\u00e1 \u00e0 sua espera. Acompanhamos o estado do seu voo em tempo real para garantir o seu levantamento imediato, mesmo em caso de atraso.<\/p>\n\n<h3>2. Frota de luxo para as suas viagens de neg\u00f3cios<\/h3>\n<p>Para as suas reuni\u00f5es de neg\u00f3cios ou semin\u00e1rios, aproveite as nossas <a href=\"https:\/\/www.vtc-limousine.fr\/pt\/motorista-particular\/motorista-privado-paris\/\">sedans executivos ou as nossas carrinhas premium<\/a>. Os nossos ve\u00edculos est\u00e3o equipados com Wi-Fi e bebidas para otimizar o tempo de viagem.<\/p>\n\n<h3>3. Motoristas bilingues e discretos<\/h3>\n<p>Ideal para os clientes internacionais, os nossos motoristas dominam perfeitamente o ingl\u00eas (motoristas angl\u00f3fonos). Garantem total discri\u00e7\u00e3o para as suas trocas confidenciais durante o transporte.<\/p>\n\n<h3>4. Disponibilidade e eventos<\/h3>\n<p>Necessita de um motorista dedicado durante v\u00e1rias horas (conforme indicado) para uma confer\u00eancia no Corum ou um casamento num castelo da regi\u00e3o? Criamos um hor\u00e1rio adaptado \u00e0s suas necessidades log\u00edsticas.<\/p>\n\n<h2>Transferes para destinos Prestige e Wine<\/h2>\n<p>Montpellier est\u00e1 rodeada de lugares excepcionais. Oferecemos transfers topo de gama para <strong>La Grande-Motte, S\u00e8te, Saint-Guilhem-le-D\u00e9sert<\/strong>ou para as prestigiadas quintas vin\u00edcolas da <strong>Pic Saint-Loup<\/strong>. Aproveite uma excurs\u00e3o privada com motorista para descobrir o patrim\u00f3nio da regi\u00e3o de H\u00e9rault em grande estilo.<\/p>\n\n<h2>Os nossos servi\u00e7os de transporte VIP em Montpellier<\/h2>\n<ul>\n    <li><strong>Transferes do aeroporto e da esta\u00e7\u00e3o :<\/strong> Liga\u00e7\u00e3o r\u00e1pida entre o aeroporto MPL, a esta\u00e7\u00e3o Montpellier Saint-Roch e a esta\u00e7\u00e3o Sud de France.<\/li>\n    <li><strong>Servi\u00e7o por hora :<\/strong> Um ve\u00edculo com motorista \u00e0 sua disposi\u00e7\u00e3o para os seus sucessivos compromissos.<\/li>\n    <li><strong>Transporte do grupo executivo :<\/strong> Log\u00edstica simplificada para o seu pessoal em carrinhas Mercedes de luxo.<\/li>\n    <li><strong>Eventos e galas :<\/strong> Chegue com estilo \u00e0s suas festas privadas ou eventos empresariais na costa.<\/li>\n<\/ul>\n\n<h2>Reservar o seu motorista de turismo em Montpellier<\/h2>\n\n<p>Reservar o seu <strong>motorista particular em Montpellier<\/strong> \u00e9 simples, r\u00e1pido e transparente. Obtenha um or\u00e7amento personalizado atrav\u00e9s do nosso s\u00edtio Web ou contacte-nos por telefone. A nossa equipa est\u00e1 \u00e0 sua disposi\u00e7\u00e3o 24 horas por dia para organizar a sua mobilidade de luxo.<\/p>\n\n<p><strong>Classe-eDriver Limousine<\/strong> O seu parceiro de confian\u00e7a para o servi\u00e7o executivo em Montpellier, Paris, Lyon e em toda a Proven\u00e7a.<\/p>\n\n<hr \/>\n\n<p><strong>Exija excel\u00eancia para os seus transferes em Occit\u00e2nia. Confie em Class-eDriver, o especialista em servi\u00e7os de motorista de primeira classe no aeroporto de Montpellier.<\/strong><\/p>\t\t\t\t\t\t\t\t<\/div>\n\t\t\t\t<\/div>\n\t\t\t\t\t<\/div>\n\t\t<\/div>\n\t\t\t\t<div class=\"elementor-column elementor-col-50 elementor-top-column elementor-element elementor-element-5a2a091\" data-id=\"5a2a091\" data-element_type=\"column\" data-e-type=\"column\">\n\t\t\t<div class=\"elementor-widget-wrap elementor-element-populated\">\n\t\t\t\t\t\t<div class=\"elementor-element elementor-element-a33fa49 elementor-widget elementor-widget-image\" data-id=\"a33fa49\" data-element_type=\"widget\" data-e-type=\"widget\" data-widget_type=\"image.default\">\n\t\t\t\t<div class=\"elementor-widget-container\">\n\t\t\t\t\t\t\t\t\t\t\t\t\t\t\t<img fetchpriority=\"high\" decoding=\"async\" width=\"768\" height=\"512\" src=\"https:\/\/www.vtc-limousine.fr\/wp-content\/uploads\/2025\/04\/Classe-E-Driver-Au-chateau-Lr-02-copie-768x512.jpg\" class=\"attachment-medium_large size-medium_large wp-image-22811\" alt=\"Chauffeur privado Montpellier\" srcset=\"https:\/\/www.vtc-limousine.fr\/wp-content\/uploads\/2025\/04\/Classe-E-Driver-Au-chateau-Lr-02-copie-768x512.jpg 768w, https:\/\/www.vtc-limousine.fr\/wp-content\/uploads\/2025\/04\/Classe-E-Driver-Au-chateau-Lr-02-copie-300x200.jpg 300w, https:\/\/www.vtc-limousine.fr\/wp-content\/uploads\/2025\/04\/Classe-E-Driver-Au-chateau-Lr-02-copie-1024x683.jpg 1024w, https:\/\/www.vtc-limousine.fr\/wp-content\/uploads\/2025\/04\/Classe-E-Driver-Au-chateau-Lr-02-copie-1536x1024.jpg 1536w, https:\/\/www.vtc-limousine.fr\/wp-content\/uploads\/2025\/04\/Classe-E-Driver-Au-chateau-Lr-02-copie-scaled.jpg 2048w, https:\/\/www.vtc-limousine.fr\/wp-content\/uploads\/2025\/04\/Classe-E-Driver-Au-chateau-Lr-02-copie-18x12.jpg 18w, https:\/\/www.vtc-limousine.fr\/wp-content\/uploads\/2025\/04\/Classe-E-Driver-Au-chateau-Lr-02-copie-460x306.jpg 460w, https:\/\/www.vtc-limousine.fr\/wp-content\/uploads\/2025\/04\/Classe-E-Driver-Au-chateau-Lr-02-copie-800x533.jpg 800w\" sizes=\"(max-width: 768px) 100vw, 768px\" \/>\t\t\t\t\t\t\t\t\t\t\t\t\t\t\t<\/div>\n\t\t\t\t<\/div>\n\t\t\t\t<div class=\"elementor-element elementor-element-b77875a elementor-widget elementor-widget-image\" data-id=\"b77875a\" data-element_type=\"widget\" data-e-type=\"widget\" data-widget_type=\"image.default\">\n\t\t\t\t<div class=\"elementor-widget-container\">\n\t\t\t\t\t\t\t\t\t\t\t\t\t\t\t<img decoding=\"async\" width=\"768\" height=\"512\" src=\"https:\/\/www.vtc-limousine.fr\/wp-content\/uploads\/2025\/04\/Classe-E-Driver-Gammes-de-voitures-PS-155-copie-768x512.jpg\" class=\"attachment-medium_large size-medium_large wp-image-22810\" alt=\"Chauffeur privado Montpellier\" srcset=\"https:\/\/www.vtc-limousine.fr\/wp-content\/uploads\/2025\/04\/Classe-E-Driver-Gammes-de-voitures-PS-155-copie-768x512.jpg 768w, https:\/\/www.vtc-limousine.fr\/wp-content\/uploads\/2025\/04\/Classe-E-Driver-Gammes-de-voitures-PS-155-copie-300x200.jpg 300w, https:\/\/www.vtc-limousine.fr\/wp-content\/uploads\/2025\/04\/Classe-E-Driver-Gammes-de-voitures-PS-155-copie-1024x683.jpg 1024w, https:\/\/www.vtc-limousine.fr\/wp-content\/uploads\/2025\/04\/Classe-E-Driver-Gammes-de-voitures-PS-155-copie-1536x1024.jpg 1536w, https:\/\/www.vtc-limousine.fr\/wp-content\/uploads\/2025\/04\/Classe-E-Driver-Gammes-de-voitures-PS-155-copie-scaled.jpg 2048w, https:\/\/www.vtc-limousine.fr\/wp-content\/uploads\/2025\/04\/Classe-E-Driver-Gammes-de-voitures-PS-155-copie-18x12.jpg 18w, https:\/\/www.vtc-limousine.fr\/wp-content\/uploads\/2025\/04\/Classe-E-Driver-Gammes-de-voitures-PS-155-copie-460x306.jpg 460w, https:\/\/www.vtc-limousine.fr\/wp-content\/uploads\/2025\/04\/Classe-E-Driver-Gammes-de-voitures-PS-155-copie-800x533.jpg 800w\" sizes=\"(max-width: 768px) 100vw, 768px\" \/>\t\t\t\t\t\t\t\t\t\t\t\t\t\t\t<\/div>\n\t\t\t\t<\/div>\n\t\t\t\t<div class=\"elementor-element elementor-element-0720bfd elementor-widget elementor-widget-image\" data-id=\"0720bfd\" data-element_type=\"widget\" data-e-type=\"widget\" data-widget_type=\"image.default\">\n\t\t\t\t<div class=\"elementor-widget-container\">\n\t\t\t\t\t\t\t\t\t\t\t\t\t\t\t<img decoding=\"async\" width=\"768\" height=\"512\" src=\"https:\/\/www.vtc-limousine.fr\/wp-content\/uploads\/2025\/04\/Classe-E-Driver-Gammes-de-voitures-Lr-082-copie-768x512.jpg\" class=\"attachment-medium_large size-medium_large wp-image-22808\" alt=\"Chauffeur privado Montpellier\" srcset=\"https:\/\/www.vtc-limousine.fr\/wp-content\/uploads\/2025\/04\/Classe-E-Driver-Gammes-de-voitures-Lr-082-copie-768x512.jpg 768w, https:\/\/www.vtc-limousine.fr\/wp-content\/uploads\/2025\/04\/Classe-E-Driver-Gammes-de-voitures-Lr-082-copie-300x200.jpg 300w, https:\/\/www.vtc-limousine.fr\/wp-content\/uploads\/2025\/04\/Classe-E-Driver-Gammes-de-voitures-Lr-082-copie-1024x683.jpg 1024w, https:\/\/www.vtc-limousine.fr\/wp-content\/uploads\/2025\/04\/Classe-E-Driver-Gammes-de-voitures-Lr-082-copie-1536x1024.jpg 1536w, https:\/\/www.vtc-limousine.fr\/wp-content\/uploads\/2025\/04\/Classe-E-Driver-Gammes-de-voitures-Lr-082-copie-scaled.jpg 2048w, https:\/\/www.vtc-limousine.fr\/wp-content\/uploads\/2025\/04\/Classe-E-Driver-Gammes-de-voitures-Lr-082-copie-18x12.jpg 18w, https:\/\/www.vtc-limousine.fr\/wp-content\/uploads\/2025\/04\/Classe-E-Driver-Gammes-de-voitures-Lr-082-copie-460x306.jpg 460w, https:\/\/www.vtc-limousine.fr\/wp-content\/uploads\/2025\/04\/Classe-E-Driver-Gammes-de-voitures-Lr-082-copie-800x533.jpg 800w\" sizes=\"(max-width: 768px) 100vw, 768px\" \/>\t\t\t\t\t\t\t\t\t\t\t\t\t\t\t<\/div>\n\t\t\t\t<\/div>\n\t\t\t\t\t<\/div>\n\t\t<\/div>\n\t\t\t\t\t<\/div>\n\t\t<\/section>\n\t\t\t\t<section class=\"elementor-section elementor-top-section elementor-element elementor-element-872576b elementor-section-boxed elementor-section-height-default elementor-section-height-default\" data-id=\"872576b\" data-element_type=\"section\" data-e-type=\"section\">\n\t\t\t\t\t\t<div class=\"elementor-container elementor-column-gap-default\">\n\t\t\t\t\t<div class=\"elementor-column elementor-col-100 elementor-top-column elementor-element elementor-element-0c770c6\" data-id=\"0c770c6\" data-element_type=\"column\" data-e-type=\"column\">\n\t\t\t<div class=\"elementor-widget-wrap elementor-element-populated\">\n\t\t\t\t\t\t<div class=\"elementor-element elementor-element-b2643a0 elementor-widget elementor-widget-spacer\" data-id=\"b2643a0\" data-element_type=\"widget\" data-e-type=\"widget\" data-widget_type=\"spacer.default\">\n\t\t\t\t<div class=\"elementor-widget-container\">\n\t\t\t\t\t\t\t<div class=\"elementor-spacer\">\n\t\t\t<div class=\"elementor-spacer-inner\"><\/div>\n\t\t<\/div>\n\t\t\t\t\t\t<\/div>\n\t\t\t\t<\/div>\n\t\t\t\t\t<\/div>\n\t\t<\/div>\n\t\t\t\t\t<\/div>\n\t\t<\/section>\n\t\t\t\t<section class=\"elementor-section elementor-top-section elementor-element elementor-element-f8cd7d4 elementor-section-full_width elementor-section-height-default elementor-section-height-default\" data-id=\"f8cd7d4\" data-element_type=\"section\" data-e-type=\"section\">\n\t\t\t\t\t\t<div class=\"elementor-container elementor-column-gap-default\">\n\t\t\t\t\t<div class=\"elementor-column elementor-col-100 elementor-top-column elementor-element elementor-element-8e92e7d\" data-id=\"8e92e7d\" data-element_type=\"column\" data-e-type=\"column\">\n\t\t\t<div class=\"elementor-widget-wrap elementor-element-populated\">\n\t\t\t\t\t\t<div class=\"elementor-element elementor-element-d25f4b4 elementor-widget-divider--view-line elementor-widget elementor-widget-divider\" data-id=\"d25f4b4\" data-element_type=\"widget\" data-e-type=\"widget\" data-widget_type=\"divider.default\">\n\t\t\t\t<div class=\"elementor-widget-container\">\n\t\t\t\t\t\t\t<div class=\"elementor-divider\">\n\t\t\t<span class=\"elementor-divider-separator\">\n\t\t\t\t\t\t<\/span>\n\t\t<\/div>\n\t\t\t\t\t\t<\/div>\n\t\t\t\t<\/div>\n\t\t\t\t\t<\/div>\n\t\t<\/div>\n\t\t\t\t\t<\/div>\n\t\t<\/section>\n\t\t\t\t<section class=\"elementor-section elementor-top-section elementor-element elementor-element-d887e1b elementor-section-boxed elementor-section-height-default elementor-section-height-default\" data-id=\"d887e1b\" data-element_type=\"section\" data-e-type=\"section\">\n\t\t\t\t\t\t<div class=\"elementor-container elementor-column-gap-default\">\n\t\t\t\t\t<div class=\"elementor-column elementor-col-33 elementor-top-column elementor-element elementor-element-969f2bf\" data-id=\"969f2bf\" data-element_type=\"column\" data-e-type=\"column\">\n\t\t\t<div class=\"elementor-widget-wrap elementor-element-populated\">\n\t\t\t\t\t\t<div class=\"elementor-element elementor-element-6e91165 elementor-widget elementor-widget-heading\" data-id=\"6e91165\" data-element_type=\"widget\" data-e-type=\"widget\" data-widget_type=\"heading.default\">\n\t\t\t\t<div class=\"elementor-widget-container\">\n\t\t\t\t\t<h3 class=\"elementor-heading-title elementor-size-small\">VTC TRANSFER AEROPORTO DE MARSEILLE PROVENCE (MRS)<\/h3>\t\t\t\t<\/div>\n\t\t\t\t<\/div>\n\t\t\t\t<div class=\"elementor-element elementor-element-357b72a elementor-widget elementor-widget-image\" data-id=\"357b72a\" data-element_type=\"widget\" data-e-type=\"widget\" data-widget_type=\"image.default\">\n\t\t\t\t<div class=\"elementor-widget-container\">\n\t\t\t\t\t\t\t\t\t\t\t\t\t\t\t<img decoding=\"async\" src=\"https:\/\/www.vtc-limousine.fr\/wp-content\/uploads\/elementor\/thumbs\/WORK1015-trip-e1461841777748-1-qfq8fzc13hup8k9o2ksn15qh69mku450vmv2027j2c.jpg\" title=\"WORK1015-trip\" alt=\"Mulher de neg\u00f3cios com mala de viagem no aeroporto\" loading=\"lazy\" \/>\t\t\t\t\t\t\t\t\t\t\t\t\t\t\t<\/div>\n\t\t\t\t<\/div>\n\t\t\t\t<div class=\"elementor-element elementor-element-895c50a elementor-widget elementor-widget-text-editor\" data-id=\"895c50a\" data-element_type=\"widget\" data-e-type=\"widget\" data-widget_type=\"text-editor.default\">\n\t\t\t\t<div class=\"elementor-widget-container\">\n\t\t\t\t\t\t\t\t\t<div class=\"four columns\"><div class=\"limoking-ux column-service-ux\"><div class=\"limoking-item limoking-column-service-item limoking-medium\"><div class=\"column-service-content-wrapper\"><div class=\"column-service-content limoking-skin-content\"><p>O seu carro com motorista\u00a0<a href=\"https:\/\/www.vtc-limousine.fr\/pt\/os-nossos-veiculos\/\">(VTC)<\/a>\u00a0levamo-lo do seu aeroporto ou para o aeroporto da sua escolha. Servimos os seguintes aeroportos:\u00a0<br \/>Transfer\u00eancia VTC\u00a0<a href=\"https:\/\/www.vtc-limousine.fr\/pt\/vtc-private-transfer\/motorista-privado-marselha-provence-aeroporto-mrs\/\" target=\"_blank\" rel=\"noopener\">Aeroporto de Marselha-Provence\u00a0<\/a><br \/>Transfer\u00eancia VTC<a href=\"\/pt\/motorista-particular\/motorista-privado-paca\/motorista-privado-cannes\/\" target=\"_blank\" rel=\"noopener\">\u00a0Aeroporto de Nice C\u00f4te-d'Azur<\/a><br \/>Transfer\u00eancia VTC\u00a0<a href=\"\/pt\/vtc-private-transfer\/motorista-privado-no-monaco\/\" target=\"_blank\" rel=\"noopener\">Heliporto do M\u00f3naco<\/a><br \/>Transfer\u00eancia VTC\u00a0<a href=\"https:\/\/www.vtc-limousine.fr\/pt\/vtc-private-transfer\/motorista-privado-fbo-aeroport-le-castellet-lfmq\/\" target=\"_blank\" rel=\"noopener\">Le Castellet aeroporto<\/a><br \/>Transfer\u00eancia VTC\u00a0<a href=\"https:\/\/www.vtc-limousine.fr\/pt\/motorista-particular\/motorista-privado-paca\/aluguer-de-automoveis-com-condutor-saint-tropez\/\" target=\"_blank\" rel=\"noopener\">Aeroporto de St Tropez Golf\u00a0<\/a><br \/>Transfer\u00eancia VTC\u00a0<a href=\"\/pt\/motorista-particular\/motorista-privado-paca\/motorista-privado-avignon\/\" target=\"_blank\" rel=\"noopener\">Aeroporto de Avignon Provence\u00a0<\/a><br \/>Transfer\u00eancia VTC\u00a0<a href=\"https:\/\/www.vtc-limousine.fr\/pt\/fr\/motorista-privado-para-paris-hotel-saint-tropez-83990\/\" target=\"_blank\" rel=\"noopener\">Toulon Hy\u00e8res aeroporto<\/a><br \/>Transfer\u00eancia VTC\u00a0<a href=\"https:\/\/www.vtc-limousine.fr\/pt\/vtc-private-transfer\/motorista-privado-no-aeroporto-de-montpellier\/\" target=\"_blank\" rel=\"noopener\">Aeroporto de Montpellier M\u00e9diterran\u00e9e<\/a><\/p><\/div><\/div><\/div><\/div><\/div>\t\t\t\t\t\t\t\t<\/div>\n\t\t\t\t<\/div>\n\t\t\t\t\t<\/div>\n\t\t<\/div>\n\t\t\t\t<div class=\"elementor-column elementor-col-33 elementor-top-column elementor-element elementor-element-0ea0348\" data-id=\"0ea0348\" data-element_type=\"column\" data-e-type=\"column\">\n\t\t\t<div class=\"elementor-widget-wrap elementor-element-populated\">\n\t\t\t\t\t\t<div class=\"elementor-element elementor-element-35e8cff elementor-widget elementor-widget-heading\" data-id=\"35e8cff\" data-element_type=\"widget\" data-e-type=\"widget\" data-widget_type=\"heading.default\">\n\t\t\t\t<div class=\"elementor-widget-container\">\n\t\t\t\t\t<h3 class=\"elementor-heading-title elementor-size-small\">VTC TRANSFER ESTA\u00c7\u00c3O DE TGV DE AIX EN PROVENCE<\/h3>\t\t\t\t<\/div>\n\t\t\t\t<\/div>\n\t\t\t\t<div class=\"elementor-element elementor-element-9e542a7 elementor-widget elementor-widget-image\" data-id=\"9e542a7\" data-element_type=\"widget\" data-e-type=\"widget\" data-widget_type=\"image.default\">\n\t\t\t\t<div class=\"elementor-widget-container\">\n\t\t\t\t\t\t\t\t\t\t\t\t\t\t\t<img decoding=\"async\" src=\"https:\/\/www.vtc-limousine.fr\/wp-content\/uploads\/elementor\/thumbs\/aixtgv-e1462955693358-1-qfq89fejg2vqafsdc8ta5b9s2jxg634eb746jlxcg4.jpg\" title=\"4 T\" alt=\"Transfer VTC esta\u00e7\u00e3o de TGV de Aix en Provence\" loading=\"lazy\" \/>\t\t\t\t\t\t\t\t\t\t\t\t\t\t\t<\/div>\n\t\t\t\t<\/div>\n\t\t\t\t<div class=\"elementor-element elementor-element-2164af0 elementor-widget elementor-widget-text-editor\" data-id=\"2164af0\" data-element_type=\"widget\" data-e-type=\"widget\" data-widget_type=\"text-editor.default\">\n\t\t\t\t<div class=\"elementor-widget-container\">\n\t\t\t\t\t\t\t\t\t<p>O seu carro com motorista\u00a0<a href=\"https:\/\/www.vtc-limousine.fr\/pt\/os-nossos-veiculos\/\">(VTC)<\/a>\u00a0levamo-lo da sua esta\u00e7\u00e3o ou para a esta\u00e7\u00e3o da sua escolha. Servimos as seguintes esta\u00e7\u00f5es:<br \/>Transfer\u00eancia VTC<a href=\"https:\/\/www.vtc-limousine.fr\/pt\/vtc-private-transfer\/motorista-privado-marselha-provence-aeroporto-mrs\/\" target=\"_blank\" rel=\"noopener\">\u00a0Esta\u00e7\u00e3o de Marselha St Charles<\/a><br \/>Transfer\u00eancia VTC\u00a0<a href=\"https:\/\/www.vtc-limousine.fr\/pt\/fr\/reservation-transfert-vtc-gare-aix-en-provence-tgv\/\" target=\"_blank\" rel=\"noopener\">Esta\u00e7\u00e3o de TGV de Aix en Provence<\/a><br \/>Transfer\u00eancia VTC<a href=\"\/pt\/motorista-particular\/motorista-privado-paca\/motorista-privado-avignon\/\" target=\"_blank\" rel=\"noopener\">\u00a0Esta\u00e7\u00e3o de TGV de Avignon<\/a><br \/>Transfer VTC esta\u00e7\u00e3o Toulon SNCF\u00a0<br \/>Transfer VTC esta\u00e7\u00e3o Montpellier Saint-Roch<\/p>\t\t\t\t\t\t\t\t<\/div>\n\t\t\t\t<\/div>\n\t\t\t\t\t<\/div>\n\t\t<\/div>\n\t\t\t\t<div class=\"elementor-column elementor-col-33 elementor-top-column elementor-element elementor-element-4cf8eda\" data-id=\"4cf8eda\" data-element_type=\"column\" data-e-type=\"column\">\n\t\t\t<div class=\"elementor-widget-wrap elementor-element-populated\">\n\t\t\t\t\t\t<div class=\"elementor-element elementor-element-1d97f03 elementor-widget elementor-widget-heading\" data-id=\"1d97f03\" data-element_type=\"widget\" data-e-type=\"widget\" data-widget_type=\"heading.default\">\n\t\t\t\t<div class=\"elementor-widget-container\">\n\t\t\t\t\t<h3 class=\"elementor-heading-title elementor-size-small\">TRANSFER\u00caNCIA DE IATES<\/h3>\t\t\t\t<\/div>\n\t\t\t\t<\/div>\n\t\t\t\t<div class=\"elementor-element elementor-element-9113452 elementor-widget elementor-widget-image\" data-id=\"9113452\" data-element_type=\"widget\" data-e-type=\"widget\" data-widget_type=\"image.default\">\n\t\t\t\t<div class=\"elementor-widget-container\">\n\t\t\t\t\t\t\t\t\t\t\t\t\t\t\t<img decoding=\"async\" src=\"https:\/\/www.vtc-limousine.fr\/wp-content\/uploads\/elementor\/thumbs\/12314661_1181324875230561_2549917994845135698_o-e1461913792875-1-qfq8eip2grun6ee4ly1j5j0nwou0v2c20ebv4kdkqs.jpg\" title=\"12314661_1181324875230561_2549917994845135698_o\" alt=\"12314661_1181324875230561_2549917994845135698_o\" loading=\"lazy\" \/>\t\t\t\t\t\t\t\t\t\t\t\t\t\t\t<\/div>\n\t\t\t\t<\/div>\n\t\t\t\t<div class=\"elementor-element elementor-element-b923b06 elementor-widget elementor-widget-text-editor\" data-id=\"b923b06\" data-element_type=\"widget\" data-e-type=\"widget\" data-widget_type=\"text-editor.default\">\n\t\t\t\t<div class=\"elementor-widget-container\">\n\t\t\t\t\t\t\t\t\t<p>O seu condutor\u00a0<a href=\"\/pt\/os-nossos-veiculos\/\">(VTC)<\/a>\u00a0lev\u00e1-lo-\u00e1 do seu porto ou ao terminal de ferry da sua escolha. \u00a0<br \/>Servimos as cidades de :\u00a0<br \/>Motorista privado\u00a0<a href=\"http:\/\/www.marseille-port.fr\/fr\/page\/croisieres\/13021\" target=\"_blank\" rel=\"noopener\">Terminal de ferries de Marselha e terminais de cruzeiros\u00a0<\/a><br \/>Cruzeiros fluviais em Avignon com motorista privado\u00a0<br \/>Chauffeur privado Porto de St-Tropez<br \/>Chauffeur privado Cannes porto Canto\u00a0<br \/>Chauffeur privado Porto do M\u00f3naco\u00a0<br \/>Chauffeur privado Porto de Nice\u00a0<br \/>Motorista privado\u00a0<a href=\"http:\/\/toulontourisme.com\/toulon-pratique\/partir-en-croisiere-depuis-toulon\/\" target=\"_blank\" rel=\"noopener\">Terminal de ferry de Toulon e terminais de cruzeiros\u00a0<\/a><\/p>\t\t\t\t\t\t\t\t<\/div>\n\t\t\t\t<\/div>\n\t\t\t\t\t<\/div>\n\t\t<\/div>\n\t\t\t\t\t<\/div>\n\t\t<\/section>\n\t\t\t\t<\/div>","protected":false},"excerpt":{"rendered":"<p>Berline-MiniVan-MiniBus Chauffeur Priv\u00e9 \u00e0 l&rsquo;A\u00e9roport de Montpellier : Votre Service Premium Besoin d&rsquo;un chauffeur priv\u00e9 \u00e0 l&rsquo;A\u00e9roport de Montpellier-M\u00e9diterran\u00e9e (MPL) pour un transfert VIP ou un d\u00e9placement professionnel ? Class-eDriver Limousine vous propose un service de transport d&rsquo;exception, alliant luxe, ponctualit\u00e9 et une parfaite connaissance de la r\u00e9gion Occitanie. Oubliez les contraintes des transports classiques. [&hellip;]<\/p>","protected":false},"author":1,"featured_media":22802,"parent":13612,"menu_order":0,"comment_status":"closed","ping_status":"closed","template":"","meta":{"footnotes":""},"class_list":["post-14078","page","type-page","status-publish","has-post-thumbnail","hentry"],"_links":{"self":[{"href":"https:\/\/www.vtc-limousine.fr\/pt\/wp-json\/wp\/v2\/pages\/14078","targetHints":{"allow":["GET"]}}],"collection":[{"href":"https:\/\/www.vtc-limousine.fr\/pt\/wp-json\/wp\/v2\/pages"}],"about":[{"href":"https:\/\/www.vtc-limousine.fr\/pt\/wp-json\/wp\/v2\/types\/page"}],"author":[{"embeddable":true,"href":"https:\/\/www.vtc-limousine.fr\/pt\/wp-json\/wp\/v2\/users\/1"}],"replies":[{"embeddable":true,"href":"https:\/\/www.vtc-limousine.fr\/pt\/wp-json\/wp\/v2\/comments?post=14078"}],"version-history":[{"count":31,"href":"https:\/\/www.vtc-limousine.fr\/pt\/wp-json\/wp\/v2\/pages\/14078\/revisions"}],"predecessor-version":[{"id":23943,"href":"https:\/\/www.vtc-limousine.fr\/pt\/wp-json\/wp\/v2\/pages\/14078\/revisions\/23943"}],"up":[{"embeddable":true,"href":"https:\/\/www.vtc-limousine.fr\/pt\/wp-json\/wp\/v2\/pages\/13612"}],"wp:featuredmedia":[{"embeddable":true,"href":"https:\/\/www.vtc-limousine.fr\/pt\/wp-json\/wp\/v2\/media\/22802"}],"wp:attachment":[{"href":"https:\/\/www.vtc-limousine.fr\/pt\/wp-json\/wp\/v2\/media?parent=14078"}],"curies":[{"name":"wp","href":"https:\/\/api.w.org\/{rel}","templated":true}]}}