{"id":13591,"date":"2022-03-02T15:17:21","date_gmt":"2022-03-02T15:17:21","guid":{"rendered":"https:\/\/www.vtc-limousine.fr\/?page_id=13591"},"modified":"2023-12-15T08:54:21","modified_gmt":"2023-12-15T08:54:21","slug":"os-nossos-motoristas-privados","status":"publish","type":"page","link":"https:\/\/www.vtc-limousine.fr\/pt\/classe-edriver-limousine\/os-nossos-motoristas-privados\/","title":{"rendered":"Os nossos motoristas privados"},"content":{"rendered":"<div data-elementor-type=\"wp-page\" data-elementor-id=\"13591\" class=\"elementor elementor-13591\" data-elementor-post-type=\"page\">\n\t\t\t\t\t\t<section class=\"elementor-section elementor-top-section elementor-element elementor-element-a292690 elementor-section-full_width elementor-section-height-min-height elementor-section-height-default elementor-section-items-middle\" data-id=\"a292690\" data-element_type=\"section\" data-e-type=\"section\" data-settings=\"{&quot;background_background&quot;:&quot;classic&quot;}\">\n\t\t\t\t\t\t\t<div class=\"elementor-background-overlay\"><\/div>\n\t\t\t\t\t\t\t<div class=\"elementor-container elementor-column-gap-default\">\n\t\t\t\t\t<div class=\"elementor-column elementor-col-100 elementor-top-column elementor-element elementor-element-d8d2961\" data-id=\"d8d2961\" data-element_type=\"column\" data-e-type=\"column\">\n\t\t\t<div class=\"elementor-widget-wrap\">\n\t\t\t\t\t\t\t<\/div>\n\t\t<\/div>\n\t\t\t\t\t<\/div>\n\t\t<\/section>\n\t\t\t\t<section class=\"elementor-section elementor-top-section elementor-element elementor-element-ca9cee0 elementor-section-boxed elementor-section-height-default elementor-section-height-default\" data-id=\"ca9cee0\" data-element_type=\"section\" data-e-type=\"section\">\n\t\t\t\t\t\t<div class=\"elementor-container elementor-column-gap-default\">\n\t\t\t\t\t<div class=\"elementor-column elementor-col-100 elementor-top-column elementor-element elementor-element-7b30266\" data-id=\"7b30266\" data-element_type=\"column\" data-e-type=\"column\">\n\t\t\t<div class=\"elementor-widget-wrap elementor-element-populated\">\n\t\t\t\t\t\t<div class=\"elementor-element elementor-element-c4f1174 elementor-widget elementor-widget-shortcode\" data-id=\"c4f1174\" data-element_type=\"widget\" data-e-type=\"widget\" data-widget_type=\"shortcode.default\">\n\t\t\t\t<div class=\"elementor-widget-container\">\n\t\t\t\t\t\t\t<div class=\"elementor-shortcode\"><nav aria-label=\"p\u00e3o ralado\">\n            <div class=\"breadcrumb-container theme1\">\n                <ol>\n                                    <\/ol>\n            <\/div>\n        <\/nav>    <script type=\"application\/ld+json\">\n        {\n            \"@context\": \"http:\/\/schema.org\",\n            \"@type\": \"BreadcrumbList\",\n            \"itemListElement\": [\n                            ]\n        }\n    <\/script>\n   \n    <script>\n            <\/script>\n<\/div>\n\t\t\t\t\t\t<\/div>\n\t\t\t\t<\/div>\n\t\t\t\t<div class=\"elementor-element elementor-element-2f47a9a elementor-widget elementor-widget-heading\" data-id=\"2f47a9a\" data-element_type=\"widget\" data-e-type=\"widget\" data-widget_type=\"heading.default\">\n\t\t\t\t<div class=\"elementor-widget-container\">\n\t\t\t\t\t<h1 class=\"elementor-heading-title elementor-size-default\">Os nossos motoristas privados<\/h1>\t\t\t\t<\/div>\n\t\t\t\t<\/div>\n\t\t\t\t<div class=\"elementor-element elementor-element-c0bccfb elementor-widget elementor-widget-heading\" data-id=\"c0bccfb\" data-element_type=\"widget\" data-e-type=\"widget\" data-widget_type=\"heading.default\">\n\t\t\t\t<div class=\"elementor-widget-container\">\n\t\t\t\t\t<h2 class=\"elementor-heading-title elementor-size-default\">Seguran\u00e7a-Profissionalismo-Discri\u00e7\u00e3o<\/h2>\t\t\t\t<\/div>\n\t\t\t\t<\/div>\n\t\t\t\t\t<\/div>\n\t\t<\/div>\n\t\t\t\t\t<\/div>\n\t\t<\/section>\n\t\t\t\t<section class=\"elementor-section elementor-top-section elementor-element elementor-element-c6d3291 elementor-section-full_width elementor-section-content-middle elementor-section-height-default elementor-section-height-default\" data-id=\"c6d3291\" data-element_type=\"section\" data-e-type=\"section\">\n\t\t\t\t\t\t<div class=\"elementor-container elementor-column-gap-no\">\n\t\t\t\t\t<div class=\"elementor-column elementor-col-100 elementor-top-column elementor-element elementor-element-44d0b015\" data-id=\"44d0b015\" data-element_type=\"column\" data-e-type=\"column\">\n\t\t\t<div class=\"elementor-widget-wrap elementor-element-populated\">\n\t\t\t\t\t\t<div class=\"elementor-element elementor-element-4804038 elementor-widget elementor-widget-image\" data-id=\"4804038\" data-element_type=\"widget\" data-e-type=\"widget\" data-widget_type=\"image.default\">\n\t\t\t\t<div class=\"elementor-widget-container\">\n\t\t\t\t\t\t\t\t\t\t\t\t\t\t\t<img fetchpriority=\"high\" decoding=\"async\" width=\"768\" height=\"512\" src=\"https:\/\/www.vtc-limousine.fr\/wp-content\/uploads\/2023\/12\/Classe-E-Driver-Au-chateau-Lr-25-768x512.jpg\" class=\"attachment-medium_large size-medium_large wp-image-20495\" alt=\"Classe eDriver Motorista Privado\" srcset=\"https:\/\/www.vtc-limousine.fr\/wp-content\/uploads\/2023\/12\/Classe-E-Driver-Au-chateau-Lr-25-768x512.jpg 768w, https:\/\/www.vtc-limousine.fr\/wp-content\/uploads\/2023\/12\/Classe-E-Driver-Au-chateau-Lr-25-300x200.jpg 300w, https:\/\/www.vtc-limousine.fr\/wp-content\/uploads\/2023\/12\/Classe-E-Driver-Au-chateau-Lr-25-1024x683.jpg 1024w, https:\/\/www.vtc-limousine.fr\/wp-content\/uploads\/2023\/12\/Classe-E-Driver-Au-chateau-Lr-25-1536x1024.jpg 1536w, https:\/\/www.vtc-limousine.fr\/wp-content\/uploads\/2023\/12\/Classe-E-Driver-Au-chateau-Lr-25-scaled.jpg 2048w, https:\/\/www.vtc-limousine.fr\/wp-content\/uploads\/2023\/12\/Classe-E-Driver-Au-chateau-Lr-25-460x306.jpg 460w, https:\/\/www.vtc-limousine.fr\/wp-content\/uploads\/2023\/12\/Classe-E-Driver-Au-chateau-Lr-25-800x533.jpg 800w\" sizes=\"(max-width: 768px) 100vw, 768px\" \/>\t\t\t\t\t\t\t\t\t\t\t\t\t\t\t<\/div>\n\t\t\t\t<\/div>\n\t\t\t\t<div class=\"elementor-element elementor-element-b7d43c2 elementor-widget elementor-widget-text-editor\" data-id=\"b7d43c2\" data-element_type=\"widget\" data-e-type=\"widget\" data-widget_type=\"text-editor.default\">\n\t\t\t\t<div class=\"elementor-widget-container\">\n\t\t\t\t\t\t\t\t\t<p style=\"text-align: center;\">Os nossos motoristas, todos de l\u00edngua inglesa\u00a0<span style=\"font-family: var( --e-global-typography-text-font-family ), Sans-serif;\">\ud83c\uddec\ud83c\udde7<\/span><span style=\"font-family: var( --e-global-typography-text-font-family ), Sans-serif;\">\u00a0 e alguns falam \ud83c\uddee\ud83c\uddf9 \ud83c\uddea\ud83c\uddf8 \ud83c\udde8\ud83c\uddf3 \ud83c\udded\ud83c\uddf0 . Eles <\/span><span style=\"font-family: var( --e-global-typography-text-font-family ), Sans-serif;\">ser titular de uma carta de condu\u00e7\u00e3o profissional (VTC) emitida pela prefeitura.<\/span><\/p><p style=\"text-align: center;\">A condu\u00e7\u00e3o suave e a discri\u00e7\u00e3o absoluta s\u00e3o fundamentais para a carta do motorista. Os nossos motoristas, vestidos de fato e gravata, s\u00e3o pontuais e prest\u00e1veis, prontos a fornecer-lhe todas as informa\u00e7\u00f5es necess\u00e1rias. O seu conhecimento da regi\u00e3o permitir-lhe-\u00e1 apreciar plenamente os nossos servi\u00e7os.<br \/>Todos os nossos motoristas assinaram acordos de confidencialidade (acordos de n\u00e3o divulga\u00e7\u00e3o) com <a href=\"https:\/\/www.vtc-limousine.fr\/pt\/classe-edriver-limousine\/\" target=\"_blank\" rel=\"noopener\">Classe-eDriver Limousine<\/a> o que \u00e9 dito no carro fica no carro.<\/p>\t\t\t\t\t\t\t\t<\/div>\n\t\t\t\t<\/div>\n\t\t\t\t\t<\/div>\n\t\t<\/div>\n\t\t\t\t\t<\/div>\n\t\t<\/section>\n\t\t\t\t<section class=\"elementor-section elementor-top-section elementor-element elementor-element-be0a590 elementor-section-boxed elementor-section-height-default elementor-section-height-default\" data-id=\"be0a590\" data-element_type=\"section\" data-e-type=\"section\">\n\t\t\t\t\t\t<div class=\"elementor-container elementor-column-gap-default\">\n\t\t\t\t\t<div class=\"elementor-column elementor-col-100 elementor-top-column elementor-element elementor-element-3e3f242\" data-id=\"3e3f242\" data-element_type=\"column\" data-e-type=\"column\">\n\t\t\t<div class=\"elementor-widget-wrap elementor-element-populated\">\n\t\t\t\t\t\t<div class=\"elementor-element elementor-element-a393a89 elementor-widget elementor-widget-heading\" data-id=\"a393a89\" data-element_type=\"widget\" data-e-type=\"widget\" data-widget_type=\"heading.default\">\n\t\t\t\t<div class=\"elementor-widget-container\">\n\t\t\t\t\t<h3 class=\"elementor-heading-title elementor-size-default\">A carta de qualidade para os nossos motoristas privados<\/h3>\t\t\t\t<\/div>\n\t\t\t\t<\/div>\n\t\t\t\t<section class=\"elementor-section elementor-inner-section elementor-element elementor-element-899eea3 elementor-section-boxed elementor-section-height-default elementor-section-height-default\" data-id=\"899eea3\" data-element_type=\"section\" data-e-type=\"section\">\n\t\t\t\t\t\t<div class=\"elementor-container elementor-column-gap-default\">\n\t\t\t\t\t<div class=\"elementor-column elementor-col-33 elementor-inner-column elementor-element elementor-element-7be7ef9\" data-id=\"7be7ef9\" data-element_type=\"column\" data-e-type=\"column\">\n\t\t\t<div class=\"elementor-widget-wrap elementor-element-populated\">\n\t\t\t\t\t\t<div class=\"elementor-element elementor-element-ab087e7 elementor-widget elementor-widget-heading\" data-id=\"ab087e7\" data-element_type=\"widget\" data-e-type=\"widget\" data-widget_type=\"heading.default\">\n\t\t\t\t<div class=\"elementor-widget-container\">\n\t\t\t\t\t<h4 class=\"elementor-heading-title elementor-size-medium\">PROFISSIONAL<\/h4>\t\t\t\t<\/div>\n\t\t\t\t<\/div>\n\t\t\t\t<div class=\"elementor-element elementor-element-31a1d7c elementor-widget elementor-widget-text-editor\" data-id=\"31a1d7c\" data-element_type=\"widget\" data-e-type=\"widget\" data-widget_type=\"text-editor.default\">\n\t\t\t\t<div class=\"elementor-widget-container\">\n\t\t\t\t\t\t\t\t\t<p>Todos os nossos motoristas s\u00e3o profissionais, falam ingl\u00eas e s\u00e3o titulares de uma licen\u00e7a profissional de motorista (VTC) emitida pela Prefeitura.<\/p>\t\t\t\t\t\t\t\t<\/div>\n\t\t\t\t<\/div>\n\t\t\t\t\t<\/div>\n\t\t<\/div>\n\t\t\t\t<div class=\"elementor-column elementor-col-33 elementor-inner-column elementor-element elementor-element-00cbf5e\" data-id=\"00cbf5e\" data-element_type=\"column\" data-e-type=\"column\">\n\t\t\t<div class=\"elementor-widget-wrap elementor-element-populated\">\n\t\t\t\t\t\t<div class=\"elementor-element elementor-element-a95b9b6 elementor-widget elementor-widget-heading\" data-id=\"a95b9b6\" data-element_type=\"widget\" data-e-type=\"widget\" data-widget_type=\"heading.default\">\n\t\t\t\t<div class=\"elementor-widget-container\">\n\t\t\t\t\t<h4 class=\"elementor-heading-title elementor-size-medium\">DISCRETO<\/h4>\t\t\t\t<\/div>\n\t\t\t\t<\/div>\n\t\t\t\t<div class=\"elementor-element elementor-element-9530559 elementor-widget elementor-widget-text-editor\" data-id=\"9530559\" data-element_type=\"widget\" data-e-type=\"widget\" data-widget_type=\"text-editor.default\">\n\t\t\t\t<div class=\"elementor-widget-container\">\n\t\t\t\t\t\t\t\t\t<p>Os nossos motoristas ser\u00e3o discretos para que possa esquec\u00ea-los e apreciar plenamente o servi\u00e7o.\u00a0<\/p>\t\t\t\t\t\t\t\t<\/div>\n\t\t\t\t<\/div>\n\t\t\t\t\t<\/div>\n\t\t<\/div>\n\t\t\t\t<div class=\"elementor-column elementor-col-33 elementor-inner-column elementor-element elementor-element-b5331c2\" data-id=\"b5331c2\" data-element_type=\"column\" data-e-type=\"column\">\n\t\t\t<div class=\"elementor-widget-wrap elementor-element-populated\">\n\t\t\t\t\t\t<div class=\"elementor-element elementor-element-5432ab2 elementor-widget elementor-widget-heading\" data-id=\"5432ab2\" data-element_type=\"widget\" data-e-type=\"widget\" data-widget_type=\"heading.default\">\n\t\t\t\t<div class=\"elementor-widget-container\">\n\t\t\t\t\t<h4 class=\"elementor-heading-title elementor-size-medium\">REACTIVO<\/h4>\t\t\t\t<\/div>\n\t\t\t\t<\/div>\n\t\t\t\t<div class=\"elementor-element elementor-element-29b037a elementor-widget elementor-widget-text-editor\" data-id=\"29b037a\" data-element_type=\"widget\" data-e-type=\"widget\" data-widget_type=\"text-editor.default\">\n\t\t\t\t<div class=\"elementor-widget-container\">\n\t\t\t\t\t\t\t\t\t<p>Se o seu programa mudar \u00e0 \u00faltima hora, os nossos motoristas poder\u00e3o reagir rapidamente e oferecer-lhe a melhor solu\u00e7\u00e3o, gra\u00e7as ao seu conhecimento da regi\u00e3o.\u00a0<\/p>\t\t\t\t\t\t\t\t<\/div>\n\t\t\t\t<\/div>\n\t\t\t\t\t<\/div>\n\t\t<\/div>\n\t\t\t\t\t<\/div>\n\t\t<\/section>\n\t\t\t\t\t<\/div>\n\t\t<\/div>\n\t\t\t\t\t<\/div>\n\t\t<\/section>\n\t\t\t\t<section class=\"elementor-section elementor-top-section elementor-element elementor-element-e6656ee elementor-section-height-min-height elementor-section-boxed elementor-section-height-default elementor-section-items-middle\" data-id=\"e6656ee\" data-element_type=\"section\" data-e-type=\"section\" data-settings=\"{&quot;background_background&quot;:&quot;classic&quot;}\">\n\t\t\t\t\t\t<div class=\"elementor-container elementor-column-gap-default\">\n\t\t\t\t\t<div class=\"elementor-column elementor-col-100 elementor-top-column elementor-element elementor-element-0ea36d3\" data-id=\"0ea36d3\" data-element_type=\"column\" data-e-type=\"column\">\n\t\t\t<div class=\"elementor-widget-wrap\">\n\t\t\t\t\t\t\t<\/div>\n\t\t<\/div>\n\t\t\t\t\t<\/div>\n\t\t<\/section>\n\t\t\t\t<\/div>","protected":false},"excerpt":{"rendered":"<p>Seguran\u00e7a-Profissionalismo-Discri\u00e7\u00e3o Os nossos motoristas, todos falantes de ingl\u00eas \ud83c\uddec\ud83c\udde7 e alguns falantes de \ud83c\uddee\ud83c\uddf9 \ud83c\uddea\ud83c\uddf8 \ud83c\udde8\ud83c\uddf3 \ud83c\udded\ud83c\uddf0 . S\u00e3o titulares de uma carta de condu\u00e7\u00e3o profissional (VTC) emitida pela Prefeitura. A condu\u00e7\u00e3o suave e a discri\u00e7\u00e3o absoluta s\u00e3o fundamentais para a carta do motorista. Os nossos motoristas vestem um fato e uma farda.<\/p>","protected":false},"author":1,"featured_media":6548,"parent":483,"menu_order":0,"comment_status":"closed","ping_status":"closed","template":"","meta":{"footnotes":""},"class_list":["post-13591","page","type-page","status-publish","has-post-thumbnail","hentry"],"_links":{"self":[{"href":"https:\/\/www.vtc-limousine.fr\/pt\/wp-json\/wp\/v2\/pages\/13591","targetHints":{"allow":["GET"]}}],"collection":[{"href":"https:\/\/www.vtc-limousine.fr\/pt\/wp-json\/wp\/v2\/pages"}],"about":[{"href":"https:\/\/www.vtc-limousine.fr\/pt\/wp-json\/wp\/v2\/types\/page"}],"author":[{"embeddable":true,"href":"https:\/\/www.vtc-limousine.fr\/pt\/wp-json\/wp\/v2\/users\/1"}],"replies":[{"embeddable":true,"href":"https:\/\/www.vtc-limousine.fr\/pt\/wp-json\/wp\/v2\/comments?post=13591"}],"version-history":[{"count":23,"href":"https:\/\/www.vtc-limousine.fr\/pt\/wp-json\/wp\/v2\/pages\/13591\/revisions"}],"predecessor-version":[{"id":20533,"href":"https:\/\/www.vtc-limousine.fr\/pt\/wp-json\/wp\/v2\/pages\/13591\/revisions\/20533"}],"up":[{"embeddable":true,"href":"https:\/\/www.vtc-limousine.fr\/pt\/wp-json\/wp\/v2\/pages\/483"}],"wp:featuredmedia":[{"embeddable":true,"href":"https:\/\/www.vtc-limousine.fr\/pt\/wp-json\/wp\/v2\/media\/6548"}],"wp:attachment":[{"href":"https:\/\/www.vtc-limousine.fr\/pt\/wp-json\/wp\/v2\/media?parent=13591"}],"curies":[{"name":"wp","href":"https:\/\/api.w.org\/{rel}","templated":true}]}}