{"id":13148,"date":"2022-02-17T15:40:58","date_gmt":"2022-02-17T15:40:58","guid":{"rendered":"https:\/\/www.vtc-limousine.fr\/?page_id=13148"},"modified":"2026-03-18T10:16:12","modified_gmt":"2026-03-18T10:16:12","slug":"motorista-privado-marselha-provence-aeroporto-mrs","status":"publish","type":"page","link":"https:\/\/www.vtc-limousine.fr\/pt\/vtc-private-transfer\/motorista-privado-marselha-provence-aeroporto-mrs\/","title":{"rendered":"Chauffeur privado Marselha Provence Aeroporto MRS | Transfer VTC Haut de Gamme"},"content":{"rendered":"<div data-elementor-type=\"wp-page\" data-elementor-id=\"13148\" class=\"elementor elementor-13148\" data-elementor-post-type=\"page\">\n\t\t\t\t\t\t<section class=\"elementor-section elementor-top-section elementor-element elementor-element-5e739282 elementor-section-full_width elementor-section-height-min-height elementor-section-height-default elementor-section-items-middle\" data-id=\"5e739282\" data-element_type=\"section\" data-e-type=\"section\" data-settings=\"{&quot;background_background&quot;:&quot;classic&quot;}\">\n\t\t\t\t\t\t\t<div class=\"elementor-background-overlay\"><\/div>\n\t\t\t\t\t\t\t<div class=\"elementor-container elementor-column-gap-default\">\n\t\t\t\t\t<div class=\"elementor-column elementor-col-100 elementor-top-column elementor-element elementor-element-1faf7528\" data-id=\"1faf7528\" data-element_type=\"column\" data-e-type=\"column\">\n\t\t\t<div class=\"elementor-widget-wrap\">\n\t\t\t\t\t\t\t<\/div>\n\t\t<\/div>\n\t\t\t\t\t<\/div>\n\t\t<\/section>\n\t\t\t\t<section class=\"elementor-section elementor-top-section elementor-element elementor-element-65088e05 elementor-section-boxed elementor-section-height-default elementor-section-height-default\" data-id=\"65088e05\" data-element_type=\"section\" data-e-type=\"section\">\n\t\t\t\t\t\t<div class=\"elementor-container elementor-column-gap-default\">\n\t\t\t\t\t<div class=\"elementor-column elementor-col-100 elementor-top-column elementor-element elementor-element-344a6702\" data-id=\"344a6702\" data-element_type=\"column\" data-e-type=\"column\">\n\t\t\t<div class=\"elementor-widget-wrap elementor-element-populated\">\n\t\t\t\t\t\t<div class=\"elementor-element elementor-element-6d44219e elementor-widget elementor-widget-heading\" data-id=\"6d44219e\" data-element_type=\"widget\" data-e-type=\"widget\" data-widget_type=\"heading.default\">\n\t\t\t\t<div class=\"elementor-widget-container\">\n\t\t\t\t\t<h1 class=\"elementor-heading-title elementor-size-default\">Motorista privado Marseille Provence Aeroporto (MRS)<\/h1>\t\t\t\t<\/div>\n\t\t\t\t<\/div>\n\t\t\t\t<div class=\"elementor-element elementor-element-2cda9272 elementor-widget elementor-widget-heading\" data-id=\"2cda9272\" data-element_type=\"widget\" data-e-type=\"widget\" data-widget_type=\"heading.default\">\n\t\t\t\t<div class=\"elementor-widget-container\">\n\t\t\t\t\t<h2 class=\"elementor-heading-title elementor-size-default\">Descubra a excel\u00eancia do transporte privado no aeroporto de Marselha-Provence<\/h2>\t\t\t\t<\/div>\n\t\t\t\t<\/div>\n\t\t\t\t\t<\/div>\n\t\t<\/div>\n\t\t\t\t\t<\/div>\n\t\t<\/section>\n\t\t\t\t<section class=\"elementor-section elementor-top-section elementor-element elementor-element-c8573c3 elementor-section-boxed elementor-section-height-default elementor-section-height-default\" data-id=\"c8573c3\" data-element_type=\"section\" data-e-type=\"section\">\n\t\t\t\t\t\t<div class=\"elementor-container elementor-column-gap-default\">\n\t\t\t\t\t<div class=\"elementor-column elementor-col-100 elementor-top-column elementor-element elementor-element-3ae0696\" data-id=\"3ae0696\" data-element_type=\"column\" data-e-type=\"column\">\n\t\t\t<div class=\"elementor-widget-wrap\">\n\t\t\t\t\t\t\t<\/div>\n\t\t<\/div>\n\t\t\t\t\t<\/div>\n\t\t<\/section>\n\t\t\t\t<section class=\"elementor-section elementor-top-section elementor-element elementor-element-60d5836 elementor-section-boxed elementor-section-height-default elementor-section-height-default\" data-id=\"60d5836\" data-element_type=\"section\" data-e-type=\"section\">\n\t\t\t\t\t\t<div class=\"elementor-container elementor-column-gap-default\">\n\t\t\t\t\t<div class=\"elementor-column elementor-col-100 elementor-top-column elementor-element elementor-element-279f2fa\" data-id=\"279f2fa\" data-element_type=\"column\" data-e-type=\"column\">\n\t\t\t<div class=\"elementor-widget-wrap elementor-element-populated\">\n\t\t\t\t\t\t<section class=\"elementor-section elementor-inner-section elementor-element elementor-element-0f2cff7 elementor-section-boxed elementor-section-height-default elementor-section-height-default\" data-id=\"0f2cff7\" data-element_type=\"section\" data-e-type=\"section\">\n\t\t\t\t\t\t<div class=\"elementor-container elementor-column-gap-default\">\n\t\t\t\t\t<div class=\"elementor-column elementor-col-50 elementor-inner-column elementor-element elementor-element-a8f42dc\" data-id=\"a8f42dc\" data-element_type=\"column\" data-e-type=\"column\">\n\t\t\t<div class=\"elementor-widget-wrap elementor-element-populated\">\n\t\t\t\t\t\t<div class=\"elementor-element elementor-element-9666883 elementor-widget__width-initial elementor-widget elementor-widget-text-editor\" data-id=\"9666883\" data-element_type=\"widget\" data-e-type=\"widget\" data-widget_type=\"text-editor.default\">\n\t\t\t\t<div class=\"elementor-widget-container\">\n\t\t\t\t\t\t\t\t\t<h1><br \/>Motorista executivo e transfer de prest\u00edgio no aeroporto de Marselha-Provence (MRS)<\/h1><section id=\"introduction-prestige\"><p>Melhore a sua chegada ao Sul de Fran\u00e7a com um servi\u00e7o de <strong>transporte privado excecional<\/strong>. Especialista em <strong>mobilidade executiva<\/strong> com partida do aeroporto de Marselha-Marignane, redefinimos os c\u00f3digos dos transferes de aeroporto para uma clientela exigente. Quer se trate de um diretor de empresa em viagem de neg\u00f3cios, de uma delega\u00e7\u00e3o internacional ou de um viajante em busca de requinte, o nosso protocolo de <strong>Grande Remise<\/strong> garante-lhe uma pontualidade absoluta e uma discri\u00e7\u00e3o total.<\/p><p>O nosso compromisso com <strong>mobilidade sustent\u00e1vel e luxuosa<\/strong> \u00e9 a nossa frota de \u00faltima gera\u00e7\u00e3o, combinando o prest\u00edgio da tecnologia el\u00e9ctrica com o conforto das instala\u00e7\u00f5es VIP. Asseguramos liga\u00e7\u00f5es para Marselha, Aix-en-Provence, Luberon e toda a Riviera Francesa.<\/p><\/section><hr \/><section id=\"notre-flotte-exclusive\"><h2>Uma gama de ve\u00edculos de prest\u00edgio para cada necessidade<\/h2><p>Podemos fornecer-lhe <a href=\"https:\/\/www.vtc-limousine.fr\/pt\/classe-edriver-limousine\/os-nossos-veiculos\/\" target=\"_blank\" rel=\"noopener\">uma frota diversificada<\/a>mantidos segundo normas rigorosas de limpeza e seguran\u00e7a, para responder a todas as suas necessidades de transporte:<\/p><div class=\"vehicule-item\"><h3>- Sedan el\u00e9trico de luxo<\/h3><p>Ideal para 1 a 3 passageiros, as nossas berlinas executivas (Tesla, Mercedes) oferecem uma experi\u00eancia de viagem tranquila e serena. S\u00e3o a escolha preferida para os transferes de neg\u00f3cios, onde a calma \u00e9 essencial para trabalhar ou relaxar ap\u00f3s um voo.<\/p><\/div><div class=\"vehicule-item\"><h3>- MiniVan Premium<\/h3><p>Concebida para acolher at\u00e9 7 passageiros num conforto de primeira classe. A MiniVan Premium \u00e9 a solu\u00e7\u00e3o perfeita para as fam\u00edlias ou pequenas delega\u00e7\u00f5es que necessitam de um espa\u00e7o de bagagem generoso sem sacrificar a eleg\u00e2ncia da viagem.<\/p><\/div><div class=\"vehicule-item\"><h3>- Sprinter VIP de 16 lugares<\/h3><p>Um verdadeiro sal\u00e3o m\u00f3vel topo de gama, o nosso VIP Sprinter de 16 lugares \u00e9 \u00fanico na regi\u00e3o. Est\u00e1 especificamente configurado para o transporte de grupos excepcionais, semin\u00e1rios de empresas e eventos de prest\u00edgio, oferecendo uma disposi\u00e7\u00e3o luxuosa e conetividade total.<\/p><\/div><\/section><hr \/><section id=\"logistique-hubs\"><h2>Liga\u00e7\u00f5es estrat\u00e9gicas: Tempos de transfer\u00eancia para plataformas regionais<\/h2><p>Partida de<a href=\"https:\/\/www.marseille.aeroport.fr\/\" target=\"_blank\" rel=\"noopener\">Marselha Provence Aeroporto (MRS)<\/a>Fornecemos uma log\u00edstica sem falhas para os grandes centros de atra\u00e7\u00e3o:<\/p><table style=\"width: 100%; border-collapse: collapse; margin-top: 20px; font-family: sans-serif;\"><thead><tr style=\"background-color: #000; color: #fff;\"><th style=\"padding: 15px; border: 1px solid #333; text-align: left;\">P\u00f3lo setorial e de destino<\/th><th style=\"padding: 15px; border: 1px solid #333; text-align: center;\">Dura\u00e7\u00e3o estimada do trajeto<\/th><th style=\"padding: 15px; border: 1px solid #333; text-align: left;\">Frota recomendada<\/th><\/tr><\/thead><tbody><tr><td style=\"padding: 15px; border: 1px solid #eee;\"><strong>Neg\u00f3cios :<\/strong> Marselha Eurom\u00e9diterran\u00e9e \/ Torre CMA CGM<\/td><td style=\"padding: 15px; border: 1px solid #eee; text-align: center;\">25 - 35 min<\/td><td style=\"padding: 15px; border: 1px solid #eee;\">Sal\u00e3o el\u00e9trico de luxo<\/td><\/tr><tr><td style=\"padding: 15px; border: 1px solid #eee;\"><strong>Cruzeiros :<\/strong> Terminal de Cruzeiros de Marselha (MPCT)<\/td><td style=\"padding: 15px; border: 1px solid #eee; text-align: center;\">20 - 30 min<\/td><td style=\"padding: 15px; border: 1px solid #eee;\">MiniVan Premium ou Sprinter VIP<\/td><\/tr><tr><td style=\"padding: 15px; border: 1px solid #eee;\"><strong>Hot\u00e9is :<\/strong> Relais &amp; Ch\u00e2teaux Aix-en-Provence<\/td><td style=\"padding: 15px; border: 1px solid #eee; text-align: center;\">35 - 50 min<\/td><td style=\"padding: 15px; border: 1px solid #eee;\">Sedan executivo de neg\u00f3cios<\/td><\/tr><tr><td style=\"padding: 15px; border: 1px solid #eee;\"><strong>Luberon :<\/strong> Gordes, M\u00e9nerbes e Bonnieux<\/td><td style=\"padding: 15px; border: 1px solid #eee; text-align: center;\">1h05 - 1h20<\/td><td style=\"padding: 15px; border: 1px solid #eee;\">Berlina de luxo ou MiniVan<\/td><\/tr><tr><td style=\"padding: 15px; border: 1px solid #eee;\"><strong>Riviera :<\/strong> Pal\u00e1cio dos Festivais (Cannes) \/ M\u00f3naco<\/td><td style=\"padding: 15px; border: 1px solid #eee; text-align: center;\">1h35 - 1h55<\/td><td style=\"padding: 15px; border: 1px solid #eee;\">Sprinter de 16 lugares ou berlina<\/td><\/tr><tr><td style=\"padding: 15px; border: 1px solid #eee;\"><strong>Prest\u00edgio :<\/strong> Hot\u00e9is de luxo em Saint-Tropez<\/td><td style=\"padding: 15px; border: 1px solid #eee; text-align: center;\">1h50 - 2h20<\/td><td style=\"padding: 15px; border: 1px solid #eee;\">Servi\u00e7o Grand Remise<\/td><\/tr><\/tbody><\/table><p><small><em>*Os tempos de viagem s\u00e3o calculados em condi\u00e7\u00f5es normais de tr\u00e1fego.<\/em><\/small><\/p><\/section><hr \/><section id=\"accueil-meet-greet\"><h2>Uma rece\u00e7\u00e3o personalizada (Meet &amp; Greet) para uma tranquilidade total<\/h2><p>Assim que entrar na zona p\u00fablica, o seu <strong>motorista profissional<\/strong> recebe-o pessoalmente. Munido de um tablet com o seu nome ou o log\u00f3tipo da sua empresa, ele trata de si imediatamente. Este servi\u00e7o inclui uma assist\u00eancia completa \u00e0s suas bagagens e um acompanhamento priorit\u00e1rio at\u00e9 ao seu ve\u00edculo, estacionado nas imedia\u00e7\u00f5es do terminal.<\/p><p>Utilizamos sistemas de controlo dos voos em tempo real. Assim, quer o seu avi\u00e3o aterre cedo ou se atrase, o seu motorista ajusta a sua presen\u00e7a para lhe garantir zero tempo de espera. Esta experi\u00eancia log\u00edstica faz de n\u00f3s o parceiro de confian\u00e7a dos viajantes internacionais no aeroporto de Marselha-Provence.<\/p><\/section><hr \/><section id=\"mariage-prestige\"><h2>O seu motorista de casamento em Aix-en-Provence e Marselha<\/h2><p>Porque o seu sindicato merece ser excecional, <strong>Classe eDriver Limousine<\/strong> coloca a sua experi\u00eancia ao servi\u00e7o do seu dia mais bonito. Oferecemos um servi\u00e7o especializado para <a href=\"https:\/\/www.vtc-limousine.fr\/pt\/servico-de-motorista-evento-casamento\/\" target=\"_blank\" rel=\"noopener\"><strong>motorista de casamentos e eventos<\/strong><\/a> com ve\u00edculos de prest\u00edgio perfeitamente preparados. Desde as decora\u00e7\u00f5es florais at\u00e9 ao traje formal dos nossos motoristas, todos os detalhes s\u00e3o orquestrados para tornar a sua viagem entre os locais de cerim\u00f3nia e as quintas de vinho da Proven\u00e7a o mais memor\u00e1vel poss\u00edvel.<\/p><\/section><hr \/><section id=\"contact-booking\" style=\"text-align: center; padding: 40px; background-color: #f9f9f9;\"><h2>Reserve o seu transfer excecional<\/h2><p>Contacte o nosso servi\u00e7o de concierge para um estudo personalizado das suas necessidades de transporte num Berline, MiniVan ou Sprinter VIP.<\/p><p><a style=\"display: inline-block; background-color: #000; color: #fff; padding: 18px 30px; text-decoration: none; font-weight: bold; border-radius: 5px;\" href=\"https:\/\/www.vtc-limousine.fr\/pt\/reserve-o-seu-motorista-privado\/\" target=\"_blank\" rel=\"noopener\">SOLICITAR UM OR\u00c7AMENTO PERSONALIZADO<\/a><\/p><\/section>\t\t\t\t\t\t\t\t<\/div>\n\t\t\t\t<\/div>\n\t\t\t\t\t<\/div>\n\t\t<\/div>\n\t\t\t\t<div class=\"elementor-column elementor-col-50 elementor-inner-column elementor-element elementor-element-546224f\" data-id=\"546224f\" data-element_type=\"column\" data-e-type=\"column\">\n\t\t\t<div class=\"elementor-widget-wrap elementor-element-populated\">\n\t\t\t\t\t\t<div class=\"elementor-element elementor-element-b5d99cd elementor-widget elementor-widget-image\" data-id=\"b5d99cd\" data-element_type=\"widget\" data-e-type=\"widget\" data-widget_type=\"image.default\">\n\t\t\t\t<div class=\"elementor-widget-container\">\n\t\t\t\t\t\t\t\t\t\t\t\t\t\t\t<img fetchpriority=\"high\" decoding=\"async\" width=\"768\" height=\"512\" src=\"https:\/\/www.vtc-limousine.fr\/wp-content\/uploads\/2025\/03\/IMG_0407-3-768x512.jpg\" class=\"attachment-medium_large size-medium_large wp-image-22283\" alt=\"Chauffeur privado Marselha Provence Aeroporto MRS | Transfer VTC Haut de Gamme\" srcset=\"https:\/\/www.vtc-limousine.fr\/wp-content\/uploads\/2025\/03\/IMG_0407-3-768x512.jpg 768w, https:\/\/www.vtc-limousine.fr\/wp-content\/uploads\/2025\/03\/IMG_0407-3-300x200.jpg 300w, https:\/\/www.vtc-limousine.fr\/wp-content\/uploads\/2025\/03\/IMG_0407-3-1024x683.jpg 1024w, https:\/\/www.vtc-limousine.fr\/wp-content\/uploads\/2025\/03\/IMG_0407-3-1536x1024.jpg 1536w, https:\/\/www.vtc-limousine.fr\/wp-content\/uploads\/2025\/03\/IMG_0407-3-scaled.jpg 2048w, https:\/\/www.vtc-limousine.fr\/wp-content\/uploads\/2025\/03\/IMG_0407-3-18x12.jpg 18w, https:\/\/www.vtc-limousine.fr\/wp-content\/uploads\/2025\/03\/IMG_0407-3-460x306.jpg 460w, https:\/\/www.vtc-limousine.fr\/wp-content\/uploads\/2025\/03\/IMG_0407-3-800x533.jpg 800w\" sizes=\"(max-width: 768px) 100vw, 768px\" \/>\t\t\t\t\t\t\t\t\t\t\t\t\t\t\t<\/div>\n\t\t\t\t<\/div>\n\t\t\t\t<div class=\"elementor-element elementor-element-e20ae77 elementor-widget elementor-widget-image\" data-id=\"e20ae77\" data-element_type=\"widget\" data-e-type=\"widget\" data-widget_type=\"image.default\">\n\t\t\t\t<div class=\"elementor-widget-container\">\n\t\t\t\t\t\t\t\t\t\t\t\t\t\t\t<img decoding=\"async\" width=\"768\" height=\"1152\" src=\"https:\/\/www.vtc-limousine.fr\/wp-content\/uploads\/2025\/03\/Class-E-Driver-EQS-avec-Christian-Lr-25-copie-768x1152.jpg\" class=\"attachment-medium_large size-medium_large wp-image-22279\" alt=\"Chauffeur privado Marselha Provence Aeroporto MRS | Transfer VTC Haut de Gamme\" srcset=\"https:\/\/www.vtc-limousine.fr\/wp-content\/uploads\/2025\/03\/Class-E-Driver-EQS-avec-Christian-Lr-25-copie-768x1152.jpg 768w, https:\/\/www.vtc-limousine.fr\/wp-content\/uploads\/2025\/03\/Class-E-Driver-EQS-avec-Christian-Lr-25-copie-200x300.jpg 200w, https:\/\/www.vtc-limousine.fr\/wp-content\/uploads\/2025\/03\/Class-E-Driver-EQS-avec-Christian-Lr-25-copie-683x1024.jpg 683w, https:\/\/www.vtc-limousine.fr\/wp-content\/uploads\/2025\/03\/Class-E-Driver-EQS-avec-Christian-Lr-25-copie-1024x1536.jpg 1024w, https:\/\/www.vtc-limousine.fr\/wp-content\/uploads\/2025\/03\/Class-E-Driver-EQS-avec-Christian-Lr-25-copie-scaled.jpg 1365w, https:\/\/www.vtc-limousine.fr\/wp-content\/uploads\/2025\/03\/Class-E-Driver-EQS-avec-Christian-Lr-25-copie-8x12.jpg 8w, https:\/\/www.vtc-limousine.fr\/wp-content\/uploads\/2025\/03\/Class-E-Driver-EQS-avec-Christian-Lr-25-copie-204x306.jpg 204w, https:\/\/www.vtc-limousine.fr\/wp-content\/uploads\/2025\/03\/Class-E-Driver-EQS-avec-Christian-Lr-25-copie-355x533.jpg 355w\" sizes=\"(max-width: 768px) 100vw, 768px\" \/>\t\t\t\t\t\t\t\t\t\t\t\t\t\t\t<\/div>\n\t\t\t\t<\/div>\n\t\t\t\t<div class=\"elementor-element elementor-element-e4990dc elementor-widget-divider--view-line elementor-widget elementor-widget-divider\" data-id=\"e4990dc\" data-element_type=\"widget\" data-e-type=\"widget\" data-widget_type=\"divider.default\">\n\t\t\t\t<div class=\"elementor-widget-container\">\n\t\t\t\t\t\t\t<div class=\"elementor-divider\">\n\t\t\t<span class=\"elementor-divider-separator\">\n\t\t\t\t\t\t<\/span>\n\t\t<\/div>\n\t\t\t\t\t\t<\/div>\n\t\t\t\t<\/div>\n\t\t\t\t<div class=\"elementor-element elementor-element-8f1c740 elementor-widget elementor-widget-text-editor\" data-id=\"8f1c740\" data-element_type=\"widget\" data-e-type=\"widget\" data-widget_type=\"text-editor.default\">\n\t\t\t\t<div class=\"elementor-widget-container\">\n\t\t\t\t\t\t\t\t\t<hr>\n\n<section id=\"faq-airport-transfer\">\n    <h2>Perguntas frequentes sobre o seu transfer de e para o aeroporto de Marselha<\/h2>\n    \n    <div class=\"faq-item\">\n        <h3>Como \u00e9 que encontro o meu motorista privado no aeroporto de Marselha-Provence?<\/h3>\n        <p>O seu motorista ir\u00e1 ter consigo diretamente \u00e0 sa\u00edda do terminal (Hall A ou Hall B) depois de recolher as suas bagagens. Ele ter\u00e1 uma mesa com o seu nome ou o log\u00f3tipo da sua empresa para um acolhimento imediato e personalizado (servi\u00e7o Meet &amp; Greet).<\/p>\n    <\/div>\n\n    <div class=\"faq-item\">\n        <h3>O que acontece se o meu voo para Marselha se atrasar?<\/h3>\n        <p>Acompanhamos o estado do seu voo em tempo real, utilizando o n\u00famero de voo que nos forneceu aquando da reserva. O seu motorista adapta gratuitamente a sua hora de chegada. N\u00e3o \u00e9 necess\u00e1ria qualquer a\u00e7\u00e3o da sua parte e garantimos que ser\u00e1 recolhido assim que aterrar.<\/p>\n    <\/div>\n\n    <div class=\"faq-item\">\n        <h3>Disponibilizam ve\u00edculos para grupos de mais de 8 pessoas?<\/h3>\n        <p>Sim, dispomos de uma frota variada que inclui berlinas de luxo, MiniVans Premium e um Sprinter VIP de 16 lugares. Este \u00faltimo \u00e9 ideal para o transporte de delega\u00e7\u00f5es, semin\u00e1rios de empresas ou convidados de casamentos na Proven\u00e7a.<\/p>\n    <\/div>\n\n    <div class=\"faq-item\">\n        <h3>Qual \u00e9 a dura\u00e7\u00e3o da viagem do aeroporto de Marselha para Aix-en-Provence?<\/h3>\n        <p>A dura\u00e7\u00e3o m\u00e9dia da viagem num ve\u00edculo ligeiro \u00e9 de cerca de 35 minutos. Este tempo pode variar entre 30 e 50 minutos consoante a hora do dia e as condi\u00e7\u00f5es do tr\u00e2nsito. Planeamos sempre o percurso mais suave para seu conforto.<\/p>\n    <\/div>\n\n    <div class=\"faq-item\">\n        <h3>A minha taxa de transfer\u00eancia \u00e9 fixa?<\/h3>\n        <p>Sem d\u00favida. Todos os nossos servi\u00e7os de transporte est\u00e3o sujeitos a uma tarifa fixa e transparente, determinada aquando do seu pedido de or\u00e7amento. N\u00e3o h\u00e1 suplementos de bagagem ou de tempo de espera em caso de atraso do voo.<\/p>\n    <\/div>\n<\/section>\t\t\t\t\t\t\t\t<\/div>\n\t\t\t\t<\/div>\n\t\t\t\t\t<\/div>\n\t\t<\/div>\n\t\t\t\t\t<\/div>\n\t\t<\/section>\n\t\t\t\t\t<\/div>\n\t\t<\/div>\n\t\t\t\t\t<\/div>\n\t\t<\/section>\n\t\t\t\t<section class=\"elementor-section elementor-top-section elementor-element elementor-element-f8816d1 elementor-section-boxed elementor-section-height-default elementor-section-height-default\" data-id=\"f8816d1\" data-element_type=\"section\" data-e-type=\"section\">\n\t\t\t\t\t\t<div class=\"elementor-container elementor-column-gap-default\">\n\t\t\t\t\t<div class=\"elementor-column elementor-col-100 elementor-top-column elementor-element elementor-element-d799515\" data-id=\"d799515\" data-element_type=\"column\" data-e-type=\"column\">\n\t\t\t<div class=\"elementor-widget-wrap\">\n\t\t\t\t\t\t\t<\/div>\n\t\t<\/div>\n\t\t\t\t\t<\/div>\n\t\t<\/section>\n\t\t\t\t<section class=\"elementor-section elementor-top-section elementor-element elementor-element-d887e1b elementor-section-boxed elementor-section-height-default elementor-section-height-default\" data-id=\"d887e1b\" data-element_type=\"section\" data-e-type=\"section\">\n\t\t\t\t\t\t<div class=\"elementor-container elementor-column-gap-default\">\n\t\t\t\t\t<div class=\"elementor-column elementor-col-33 elementor-top-column elementor-element elementor-element-969f2bf\" data-id=\"969f2bf\" data-element_type=\"column\" data-e-type=\"column\">\n\t\t\t<div class=\"elementor-widget-wrap elementor-element-populated\">\n\t\t\t\t\t\t<div class=\"elementor-element elementor-element-6e91165 elementor-widget elementor-widget-heading\" data-id=\"6e91165\" data-element_type=\"widget\" data-e-type=\"widget\" data-widget_type=\"heading.default\">\n\t\t\t\t<div class=\"elementor-widget-container\">\n\t\t\t\t\t<h3 class=\"elementor-heading-title elementor-size-small\">MOTORISTA PARTICULAR AEROPORTO DE MARSEILLE PROVENCE (MRS)<\/h3>\t\t\t\t<\/div>\n\t\t\t\t<\/div>\n\t\t\t\t\t<\/div>\n\t\t<\/div>\n\t\t\t\t<div class=\"elementor-column elementor-col-33 elementor-top-column elementor-element elementor-element-0ea0348\" data-id=\"0ea0348\" data-element_type=\"column\" data-e-type=\"column\">\n\t\t\t<div class=\"elementor-widget-wrap elementor-element-populated\">\n\t\t\t\t\t\t<div class=\"elementor-element elementor-element-35e8cff elementor-widget elementor-widget-heading\" data-id=\"35e8cff\" data-element_type=\"widget\" data-e-type=\"widget\" data-widget_type=\"heading.default\">\n\t\t\t\t<div class=\"elementor-widget-container\">\n\t\t\t\t\t<h3 class=\"elementor-heading-title elementor-size-small\">MOTORISTA PRIVADO AIX EN PROVENCE ESTA\u00c7\u00c3O TGV<\/h3>\t\t\t\t<\/div>\n\t\t\t\t<\/div>\n\t\t\t\t\t<\/div>\n\t\t<\/div>\n\t\t\t\t<div class=\"elementor-column elementor-col-33 elementor-top-column elementor-element elementor-element-4cf8eda\" data-id=\"4cf8eda\" data-element_type=\"column\" data-e-type=\"column\">\n\t\t\t<div class=\"elementor-widget-wrap elementor-element-populated\">\n\t\t\t\t\t\t<div class=\"elementor-element elementor-element-1d97f03 elementor-widget elementor-widget-heading\" data-id=\"1d97f03\" data-element_type=\"widget\" data-e-type=\"widget\" data-widget_type=\"heading.default\">\n\t\t\t\t<div class=\"elementor-widget-container\">\n\t\t\t\t\t<h3 class=\"elementor-heading-title elementor-size-small\">TRANSFER\u00caNCIA DE IATES<\/h3>\t\t\t\t<\/div>\n\t\t\t\t<\/div>\n\t\t\t\t\t<\/div>\n\t\t<\/div>\n\t\t\t\t\t<\/div>\n\t\t<\/section>\n\t\t\t\t<section class=\"elementor-section elementor-top-section elementor-element elementor-element-3fc75a0 elementor-section-boxed elementor-section-height-default elementor-section-height-default\" data-id=\"3fc75a0\" data-element_type=\"section\" data-e-type=\"section\">\n\t\t\t\t\t\t<div class=\"elementor-container elementor-column-gap-default\">\n\t\t\t\t\t<div class=\"elementor-column elementor-col-100 elementor-top-column elementor-element elementor-element-3b6890a\" data-id=\"3b6890a\" data-element_type=\"column\" data-e-type=\"column\">\n\t\t\t<div class=\"elementor-widget-wrap elementor-element-populated\">\n\t\t\t\t\t\t<div class=\"elementor-element elementor-element-702d365 elementor-widget elementor-widget-global elementor-global-16809 elementor-widget-template\" data-id=\"702d365\" data-element_type=\"widget\" data-e-type=\"widget\" data-widget_type=\"template.default\">\n\t\t\t\t<div class=\"elementor-widget-container\">\n\t\t\t\t\t\t\t<div class=\"elementor-template\">\n\t\t\t\t\t<div data-elementor-type=\"section\" data-elementor-id=\"16800\" class=\"elementor elementor-16800\" data-elementor-post-type=\"elementor_library\">\n\t\t\t\t\t<section class=\"elementor-section elementor-top-section elementor-element elementor-element-5ecc7df elementor-section-boxed elementor-section-height-default elementor-section-height-default\" data-id=\"5ecc7df\" data-element_type=\"section\" data-e-type=\"section\">\n\t\t\t\t\t\t<div class=\"elementor-container elementor-column-gap-default\">\n\t\t\t\t\t<div class=\"elementor-column elementor-col-33 elementor-top-column elementor-element elementor-element-50a92ca2\" data-id=\"50a92ca2\" data-element_type=\"column\" data-e-type=\"column\">\n\t\t\t<div class=\"elementor-widget-wrap elementor-element-populated\">\n\t\t\t\t\t\t<div class=\"elementor-element elementor-element-e63460a elementor-widget elementor-widget-image\" data-id=\"e63460a\" data-element_type=\"widget\" data-e-type=\"widget\" data-widget_type=\"image.default\">\n\t\t\t\t<div class=\"elementor-widget-container\">\n\t\t\t\t\t\t\t\t\t\t\t\t\t\t\t<img decoding=\"async\" src=\"https:\/\/www.vtc-limousine.fr\/wp-content\/uploads\/elementor\/thumbs\/WORK1015-trip-e1461841777748-1-qfq8fzc13hup8k9o2ksn15qh69mku450vmv2027j2c.jpg\" title=\"WORK1015-trip\" alt=\"Mulher de neg\u00f3cios com mala de viagem no aeroporto\" loading=\"lazy\" \/>\t\t\t\t\t\t\t\t\t\t\t\t\t\t\t<\/div>\n\t\t\t\t<\/div>\n\t\t\t\t<div class=\"elementor-element elementor-element-4ec7f1f1 elementor-widget elementor-widget-text-editor\" data-id=\"4ec7f1f1\" data-element_type=\"widget\" data-e-type=\"widget\" data-widget_type=\"text-editor.default\">\n\t\t\t\t<div class=\"elementor-widget-container\">\n\t\t\t\t\t\t\t\t\t<div class=\"four columns\"><div class=\"limoking-ux column-service-ux\"><div class=\"limoking-item limoking-column-service-item limoking-medium\"><div class=\"column-service-content-wrapper\"><div class=\"column-service-content limoking-skin-content\"><p>O seu carro com motorista\u00a0<a href=\"https:\/\/www.vtc-limousine.fr\/pt\/os-nossos-veiculos\/\">(VTC)<\/a>\u00a0levamo-lo do seu aeroporto ou para o aeroporto da sua escolha. Servimos os seguintes aeroportos:\u00a0<br \/>\u00a0<a href=\"https:\/\/www.vtc-limousine.fr\/pt\/vtc-private-transfer\/vtc-transfer-aeroporto-de-marselha-provenca\/\">Chauffeur privado Marselha Provence Aeroporto<\/a>\u00a0<br \/><a href=\"https:\/\/www.vtc-limousine.fr\/pt\/vtc-private-transfer\/vtc-transfer-nice-cote-dazur-nce-aeroporto\/\">Transfer VTC com motorista privado Aeroporto de Nice C\u00f4te d'Azur (NCE)<\/a><br \/><a href=\"https:\/\/www.vtc-limousine.fr\/pt\/vtc-private-transfer\/reservar-um-vtc-com-motorista-privado-do-aeroporto-de-marselha-para-o-monaco\/\">Heliporto M\u00f3naco com motorista privado<\/a><br \/><a href=\"https:\/\/www.vtc-limousine.fr\/pt\/vtc-private-transfer\/vtc-castellet-aeroporto-internacional-lfmq\/\">Chauffeur privado Aeroporto de Castellet<\/a><br \/><a href=\"https:\/\/www.vtc-limousine.fr\/pt\/vtc-private-transfer\/motorista-privado-saint-tropez\/\">Chauffeur privado St Tropez Golf Aeroporto\u00a0<\/a><br \/><a href=\"https:\/\/www.vtc-limousine.fr\/pt\/vtc-private-transfer\/motorista-de-transporte-vtc-aeroporto-de-avignon-avn\/\">Motorista privado Avignon Provence Aeroporto\u00a0<\/a><br \/><a href=\"https:\/\/www.vtc-limousine.fr\/pt\/vtc-private-transfer\/vtc-transfer-toulon-hyeres-aeroporto-tln\/\">Motorista privado Aeroporto de Toulon Hy\u00e8res<\/a><br \/><a href=\"https:\/\/www.vtc-limousine.fr\/pt\/motorista-particular\/location-chauffeur-prive-region-paca\/aluguer-de-automoveis-com-motorista-em-montpellier\/\">Chauffeur privado Aeroporto de Montpellier M\u00e9diterran\u00e9e<\/a><\/p><\/div><\/div><\/div><\/div><\/div>\t\t\t\t\t\t\t\t<\/div>\n\t\t\t\t<\/div>\n\t\t\t\t\t<\/div>\n\t\t<\/div>\n\t\t\t\t<div class=\"elementor-column elementor-col-33 elementor-top-column elementor-element elementor-element-31c921a3\" data-id=\"31c921a3\" data-element_type=\"column\" data-e-type=\"column\">\n\t\t\t<div class=\"elementor-widget-wrap elementor-element-populated\">\n\t\t\t\t\t\t<div class=\"elementor-element elementor-element-637d2c84 elementor-widget elementor-widget-image\" data-id=\"637d2c84\" data-element_type=\"widget\" data-e-type=\"widget\" data-widget_type=\"image.default\">\n\t\t\t\t<div class=\"elementor-widget-container\">\n\t\t\t\t\t\t\t\t\t\t\t\t\t\t\t<img decoding=\"async\" src=\"https:\/\/www.vtc-limousine.fr\/wp-content\/uploads\/elementor\/thumbs\/aixtgv-e1462955693358-1-qfq89fejg2vqafsdc8ta5b9s2jxg634eb746jlxcg4.jpg\" title=\"4 T\" alt=\"Transfer VTC esta\u00e7\u00e3o de TGV de Aix en Provence\" loading=\"lazy\" \/>\t\t\t\t\t\t\t\t\t\t\t\t\t\t\t<\/div>\n\t\t\t\t<\/div>\n\t\t\t\t<div class=\"elementor-element elementor-element-76f33913 elementor-widget elementor-widget-text-editor\" data-id=\"76f33913\" data-element_type=\"widget\" data-e-type=\"widget\" data-widget_type=\"text-editor.default\">\n\t\t\t\t<div class=\"elementor-widget-container\">\n\t\t\t\t\t\t\t\t\t<p>O seu ve\u00edculo com motorista (VTC) leva-o da sua esta\u00e7\u00e3o ou at\u00e9 \u00e0 esta\u00e7\u00e3o da sua escolha. Servimos as seguintes esta\u00e7\u00f5es:<br \/><a href=\"https:\/\/www.vtc-limousine.fr\/pt\/motorista-particular\/location-chauffeur-prive-region-paca\/aluguer-de-automoveis-com-condutor-marselha\/\">Chauffeur Privado Esta\u00e7\u00e3o de Marselha St Charles<\/a><br \/><a href=\"https:\/\/www.vtc-limousine.fr\/pt\/vtc-private-transfer\/vtc-transfer-estacao-de-tgv-de-aix-en-provence\/\">Chauffeur privado Esta\u00e7\u00e3o TGV de Aix en Provence<\/a><br \/><a href=\"https:\/\/www.vtc-limousine.fr\/pt\/motorista-particular\/location-chauffeur-prive-region-paca\/location-de-voiture-avec-chauffeur-avignon\/\">Chauffeur privado Esta\u00e7\u00e3o TGV de Avignon<\/a><br \/>Chauffeur privado Esta\u00e7\u00e3o SNCF de Toulon\u00a0<br \/>Chauffeur Privado Esta\u00e7\u00e3o de Montpellier Saint-Roch<\/p>\t\t\t\t\t\t\t\t<\/div>\n\t\t\t\t<\/div>\n\t\t\t\t\t<\/div>\n\t\t<\/div>\n\t\t\t\t<div class=\"elementor-column elementor-col-33 elementor-top-column elementor-element elementor-element-289b91c4\" data-id=\"289b91c4\" data-element_type=\"column\" data-e-type=\"column\">\n\t\t\t<div class=\"elementor-widget-wrap elementor-element-populated\">\n\t\t\t\t\t\t<div class=\"elementor-element elementor-element-675f4d91 elementor-widget elementor-widget-image\" data-id=\"675f4d91\" data-element_type=\"widget\" data-e-type=\"widget\" data-widget_type=\"image.default\">\n\t\t\t\t<div class=\"elementor-widget-container\">\n\t\t\t\t\t\t\t\t\t\t\t\t\t\t\t<img decoding=\"async\" src=\"https:\/\/www.vtc-limousine.fr\/wp-content\/uploads\/elementor\/thumbs\/12314661_1181324875230561_2549917994845135698_o-e1461913792875-1-qfq8eip2grun6ee4ly1j5j0nwou0v2c20ebv4kdkqs.jpg\" title=\"12314661_1181324875230561_2549917994845135698_o\" alt=\"12314661_1181324875230561_2549917994845135698_o\" loading=\"lazy\" \/>\t\t\t\t\t\t\t\t\t\t\t\t\t\t\t<\/div>\n\t\t\t\t<\/div>\n\t\t\t\t<div class=\"elementor-element elementor-element-4c0d46ee elementor-widget elementor-widget-text-editor\" data-id=\"4c0d46ee\" data-element_type=\"widget\" data-e-type=\"widget\" data-widget_type=\"text-editor.default\">\n\t\t\t\t<div class=\"elementor-widget-container\">\n\t\t\t\t\t\t\t\t\t<p>O seu condutor\u00a0<a href=\"\/pt\/os-nossos-veiculos\/\">(VTC)<\/a>\u00a0lev\u00e1-lo-\u00e1 do seu porto ou ao terminal de ferry da sua escolha. \u00a0<br \/>Servimos as cidades de :\u00a0<br \/><a href=\"https:\/\/www.vtc-limousine.fr\/pt\/vtc-private-transfer\/vtc-transfer-porto-de-cruzeiro-marselha\/\">Chauffeur privado Terminal de ferries de Marselha e terminais de cruzeiros<\/a><br \/><a href=\"https:\/\/www.vtc-limousine.fr\/pt\/motorista-particular\/location-chauffeur-prive-region-paca\/location-de-voiture-avec-chauffeur-avignon\/\">Cruzeiros fluviais em Avignon com motorista privado<\/a>\u00a0<br \/>Chauffeur privado Porto de St-Tropez<br \/>Chauffeur privado Cannes porto Canto\u00a0<br \/>Chauffeur privado Porto do M\u00f3naco\u00a0<br \/>Chauffeur privado Porto de Nice\u00a0<br \/>Chauffeur privado Terminal de ferries de Toulon e terminais de cruzeiros\u00a0<\/p>\t\t\t\t\t\t\t\t<\/div>\n\t\t\t\t<\/div>\n\t\t\t\t\t<\/div>\n\t\t<\/div>\n\t\t\t\t\t<\/div>\n\t\t<\/section>\n\t\t\t\t<\/div>\n\t\t\t\t<\/div>\n\t\t\t\t\t\t<\/div>\n\t\t\t\t<\/div>\n\t\t\t\t\t<\/div>\n\t\t<\/div>\n\t\t\t\t\t<\/div>\n\t\t<\/section>\n\t\t\t\t<section class=\"elementor-section elementor-top-section elementor-element elementor-element-105363f elementor-section-full_width elementor-section-height-default elementor-section-height-default\" data-id=\"105363f\" data-element_type=\"section\" data-e-type=\"section\">\n\t\t\t\t\t\t<div class=\"elementor-container elementor-column-gap-default\">\n\t\t\t\t\t<div class=\"elementor-column elementor-col-100 elementor-top-column elementor-element elementor-element-3357ac6\" data-id=\"3357ac6\" data-element_type=\"column\" data-e-type=\"column\">\n\t\t\t<div class=\"elementor-widget-wrap elementor-element-populated\">\n\t\t\t\t\t\t<div class=\"elementor-element elementor-element-3f4ab64 elementor-widget elementor-widget-global elementor-global-12694 elementor-widget-template\" data-id=\"3f4ab64\" data-element_type=\"widget\" data-e-type=\"widget\" data-widget_type=\"template.default\">\n\t\t\t\t<div class=\"elementor-widget-container\">\n\t\t\t\t\t\t\t<div class=\"elementor-template\">\n\t\t\t\t\t<div data-elementor-type=\"section\" data-elementor-id=\"13367\" class=\"elementor elementor-13367\" data-elementor-post-type=\"elementor_library\">\n\t\t\t\t\t<section class=\"elementor-section elementor-top-section elementor-element elementor-element-c30b442 elementor-section-content-middle elementor-section-boxed elementor-section-height-default elementor-section-height-default elementor-invisible\" data-id=\"c30b442\" data-element_type=\"section\" data-e-type=\"section\" data-settings=\"{&quot;background_background&quot;:&quot;classic&quot;,&quot;animation&quot;:&quot;fadeInUp&quot;}\">\n\t\t\t\t\t\t<div class=\"elementor-container elementor-column-gap-no\">\n\t\t\t\t\t<div class=\"elementor-column elementor-col-25 elementor-top-column elementor-element elementor-element-e0093c0\" data-id=\"e0093c0\" data-element_type=\"column\" data-e-type=\"column\">\n\t\t\t<div class=\"elementor-widget-wrap elementor-element-populated\">\n\t\t\t\t\t\t<div class=\"elementor-element elementor-element-0cb7bce elementor-view-default elementor-position-block-start elementor-mobile-position-block-start elementor-widget elementor-widget-icon-box\" data-id=\"0cb7bce\" data-element_type=\"widget\" data-e-type=\"widget\" data-widget_type=\"icon-box.default\">\n\t\t\t\t<div class=\"elementor-widget-container\">\n\t\t\t\t\t\t\t<div class=\"elementor-icon-box-wrapper\">\n\n\t\t\t\t\t\t<div class=\"elementor-icon-box-icon\">\n\t\t\t\t<span  class=\"elementor-icon elementor-animation-grow\">\n\t\t\t\t<i aria-hidden=\"true\" class=\"far fa-clock\"><\/i>\t\t\t\t<\/span>\n\t\t\t<\/div>\n\t\t\t\n\t\t\t\t\t\t<div class=\"elementor-icon-box-content\">\n\n\t\t\t\t\t\t\t\t\t<h4 class=\"elementor-icon-box-title\">\n\t\t\t\t\t\t<span  >\n\t\t\t\t\t\t\tRESPOSTA NO PRAZO DE 12 HORAS\t\t\t\t\t\t<\/span>\n\t\t\t\t\t<\/h4>\n\t\t\t\t\n\t\t\t\t\t\t\t\t\t<p class=\"elementor-icon-box-description\">\n\t\t\t\t\t\tRespondemos muito rapidamente aos seus pedidos por correio, Whatapp e telefone.\t\t\t\t\t<\/p>\n\t\t\t\t\n\t\t\t<\/div>\n\t\t\t\n\t\t<\/div>\n\t\t\t\t\t\t<\/div>\n\t\t\t\t<\/div>\n\t\t\t\t\t<\/div>\n\t\t<\/div>\n\t\t\t\t<div class=\"elementor-column elementor-col-25 elementor-top-column elementor-element elementor-element-31921f3\" data-id=\"31921f3\" data-element_type=\"column\" data-e-type=\"column\">\n\t\t\t<div class=\"elementor-widget-wrap elementor-element-populated\">\n\t\t\t\t\t\t<div class=\"elementor-element elementor-element-93d275f elementor-view-default elementor-position-block-start elementor-mobile-position-block-start elementor-widget elementor-widget-icon-box\" data-id=\"93d275f\" data-element_type=\"widget\" data-e-type=\"widget\" data-widget_type=\"icon-box.default\">\n\t\t\t\t<div class=\"elementor-widget-container\">\n\t\t\t\t\t\t\t<div class=\"elementor-icon-box-wrapper\">\n\n\t\t\t\t\t\t<div class=\"elementor-icon-box-icon\">\n\t\t\t\t<span  class=\"elementor-icon elementor-animation-grow\">\n\t\t\t\t<i aria-hidden=\"true\" class=\"fas fa-plane\"><\/i>\t\t\t\t<\/span>\n\t\t\t<\/div>\n\t\t\t\n\t\t\t\t\t\t<div class=\"elementor-icon-box-content\">\n\n\t\t\t\t\t\t\t\t\t<h4 class=\"elementor-icon-box-title\">\n\t\t\t\t\t\t<span  >\n\t\t\t\t\t\t\tTRANSFER DO AEROPORTO\t\t\t\t\t\t<\/span>\n\t\t\t\t\t<\/h4>\n\t\t\t\t\n\t\t\t\t\t\t\t\t\t<p class=\"elementor-icon-box-description\">\n\t\t\t\t\t\tAcompanhamos a hora de chegada do seu voo, cedo ou tarde, ter\u00e1 sempre um motorista para o receber.\t\t\t\t\t<\/p>\n\t\t\t\t\n\t\t\t<\/div>\n\t\t\t\n\t\t<\/div>\n\t\t\t\t\t\t<\/div>\n\t\t\t\t<\/div>\n\t\t\t\t\t<\/div>\n\t\t<\/div>\n\t\t\t\t<div class=\"elementor-column elementor-col-25 elementor-top-column elementor-element elementor-element-fe50e87\" data-id=\"fe50e87\" data-element_type=\"column\" data-e-type=\"column\">\n\t\t\t<div class=\"elementor-widget-wrap elementor-element-populated\">\n\t\t\t\t\t\t<div class=\"elementor-element elementor-element-749f376 elementor-view-default elementor-position-block-start elementor-mobile-position-block-start elementor-widget elementor-widget-icon-box\" data-id=\"749f376\" data-element_type=\"widget\" data-e-type=\"widget\" data-widget_type=\"icon-box.default\">\n\t\t\t\t<div class=\"elementor-widget-container\">\n\t\t\t\t\t\t\t<div class=\"elementor-icon-box-wrapper\">\n\n\t\t\t\t\t\t<div class=\"elementor-icon-box-icon\">\n\t\t\t\t<span  class=\"elementor-icon elementor-animation-grow\">\n\t\t\t\t<i aria-hidden=\"true\" class=\"far fa-handshake\"><\/i>\t\t\t\t<\/span>\n\t\t\t<\/div>\n\t\t\t\n\t\t\t\t\t\t<div class=\"elementor-icon-box-content\">\n\n\t\t\t\t\t\t\t\t\t<h4 class=\"elementor-icon-box-title\">\n\t\t\t\t\t\t<span  >\n\t\t\t\t\t\t\tENCONTRO E CONVIV\u00caNCIA\t\t\t\t\t\t<\/span>\n\t\t\t\t\t<\/h4>\n\t\t\t\t\n\t\t\t\t\t\t\t\t\t<p class=\"elementor-icon-box-description\">\n\t\t\t\t\t\tO seu motorista enviar-lhe-\u00e1 uma mensagem de texto quando chegar ao aeroporto e dar-lhe-\u00e1 as boas-vindas com um IPad pessoal.\t\t\t\t\t<\/p>\n\t\t\t\t\n\t\t\t<\/div>\n\t\t\t\n\t\t<\/div>\n\t\t\t\t\t\t<\/div>\n\t\t\t\t<\/div>\n\t\t\t\t\t<\/div>\n\t\t<\/div>\n\t\t\t\t<div class=\"elementor-column elementor-col-25 elementor-top-column elementor-element elementor-element-b535dc4\" data-id=\"b535dc4\" data-element_type=\"column\" data-e-type=\"column\">\n\t\t\t<div class=\"elementor-widget-wrap elementor-element-populated\">\n\t\t\t\t\t\t<div class=\"elementor-element elementor-element-f6d29ab elementor-view-default elementor-position-block-start elementor-mobile-position-block-start elementor-widget elementor-widget-icon-box\" data-id=\"f6d29ab\" data-element_type=\"widget\" data-e-type=\"widget\" data-widget_type=\"icon-box.default\">\n\t\t\t\t<div class=\"elementor-widget-container\">\n\t\t\t\t\t\t\t<div class=\"elementor-icon-box-wrapper\">\n\n\t\t\t\t\t\t<div class=\"elementor-icon-box-icon\">\n\t\t\t\t<span  class=\"elementor-icon elementor-animation-grow\">\n\t\t\t\t<i aria-hidden=\"true\" class=\"fas fa-user-tie\"><\/i>\t\t\t\t<\/span>\n\t\t\t<\/div>\n\t\t\t\n\t\t\t\t\t\t<div class=\"elementor-icon-box-content\">\n\n\t\t\t\t\t\t\t\t\t<h4 class=\"elementor-icon-box-title\">\n\t\t\t\t\t\t<span  >\n\t\t\t\t\t\t\tMOTORISTA PROFISSIONAL\t\t\t\t\t\t<\/span>\n\t\t\t\t\t<\/h4>\n\t\t\t\t\n\t\t\t\t\t\t\t\t\t<p class=\"elementor-icon-box-description\">\n\t\t\t\t\t\tTodos os nossos motoristas s\u00e3o experientes e conhecem perfeitamente a Proven\u00e7a e a Riviera Francesa. S\u00e3o altamente qualificados e controlados. Todos os motoristas est\u00e3o vestidos profissionalmente de fato e gravata e falam ingl\u00eas.\n\t\t\t\t\t<\/p>\n\t\t\t\t\n\t\t\t<\/div>\n\t\t\t\n\t\t<\/div>\n\t\t\t\t\t\t<\/div>\n\t\t\t\t<\/div>\n\t\t\t\t\t<\/div>\n\t\t<\/div>\n\t\t\t\t\t<\/div>\n\t\t<\/section>\n\t\t\t\t<\/div>\n\t\t\t\t<\/div>\n\t\t\t\t\t\t<\/div>\n\t\t\t\t<\/div>\n\t\t\t\t\t<\/div>\n\t\t<\/div>\n\t\t\t\t\t<\/div>\n\t\t<\/section>\n\t\t\t\t<section class=\"elementor-section elementor-top-section elementor-element elementor-element-284f2d87 elementor-section-content-middle elementor-reverse-mobile elementor-section-full_width elementor-section-height-default elementor-section-height-default\" data-id=\"284f2d87\" data-element_type=\"section\" data-e-type=\"section\" data-settings=\"{&quot;background_background&quot;:&quot;classic&quot;}\">\n\t\t\t\t\t\t<div class=\"elementor-container elementor-column-gap-wide\">\n\t\t\t\t\t<div class=\"elementor-column elementor-col-100 elementor-top-column elementor-element elementor-element-46bcde79\" data-id=\"46bcde79\" data-element_type=\"column\" data-e-type=\"column\">\n\t\t\t<div class=\"elementor-widget-wrap elementor-element-populated\">\n\t\t\t\t\t\t<div class=\"elementor-element elementor-element-d5b658e elementor-widget elementor-widget-global elementor-global-671 elementor-widget-template\" data-id=\"d5b658e\" data-element_type=\"widget\" data-e-type=\"widget\" data-widget_type=\"template.default\">\n\t\t\t\t<div class=\"elementor-widget-container\">\n\t\t\t\t\t\t\t<div class=\"elementor-template\">\n\t\t\t\t\t<div data-elementor-type=\"section\" data-elementor-id=\"667\" class=\"elementor elementor-667\" data-elementor-post-type=\"elementor_library\">\n\t\t\t\t\t<section class=\"elementor-section elementor-top-section elementor-element elementor-element-191bac50 elementor-section-content-middle elementor-reverse-mobile elementor-section-boxed elementor-section-height-default elementor-section-height-default\" data-id=\"191bac50\" data-element_type=\"section\" data-e-type=\"section\" data-settings=\"{&quot;background_background&quot;:&quot;classic&quot;}\">\n\t\t\t\t\t\t<div class=\"elementor-container elementor-column-gap-wide\">\n\t\t\t\t\t<div class=\"elementor-column elementor-col-100 elementor-top-column elementor-element elementor-element-de7034b\" data-id=\"de7034b\" data-element_type=\"column\" data-e-type=\"column\">\n\t\t\t<div class=\"elementor-widget-wrap elementor-element-populated\">\n\t\t\t\t\t\t<div class=\"elementor-element elementor-element-73529f3c elementor-invisible elementor-widget elementor-widget-heading\" data-id=\"73529f3c\" data-element_type=\"widget\" data-e-type=\"widget\" data-settings=\"{&quot;_animation&quot;:&quot;fadeInUp&quot;}\" data-widget_type=\"heading.default\">\n\t\t\t\t<div class=\"elementor-widget-container\">\n\t\t\t\t\t<h2 class=\"elementor-heading-title elementor-size-default\">Contactar-nos<\/h2>\t\t\t\t<\/div>\n\t\t\t\t<\/div>\n\t\t\t\t<section class=\"elementor-section elementor-inner-section elementor-element elementor-element-418dcfd1 elementor-section-boxed elementor-section-height-default elementor-section-height-default\" data-id=\"418dcfd1\" data-element_type=\"section\" data-e-type=\"section\">\n\t\t\t\t\t\t<div class=\"elementor-container elementor-column-gap-default\">\n\t\t\t\t\t<div class=\"elementor-column elementor-col-100 elementor-inner-column elementor-element elementor-element-61910385\" data-id=\"61910385\" data-element_type=\"column\" data-e-type=\"column\">\n\t\t\t<div class=\"elementor-widget-wrap elementor-element-populated\">\n\t\t\t\t\t\t<div class=\"elementor-element elementor-element-17c130df elementor-widget elementor-widget-text-editor\" data-id=\"17c130df\" data-element_type=\"widget\" data-e-type=\"widget\" data-widget_type=\"text-editor.default\">\n\t\t\t\t<div class=\"elementor-widget-container\">\n\t\t\t\t\t\t\t\t\t<p class=\"translation-block\">Um <strong>motorista privado<\/strong> ao seu servi\u00e7o 24 horas por dia, 7 dias por semana. Conforto, seguran\u00e7a e discri\u00e7\u00e3o para todas as suas desloca\u00e7\u00f5es.<\/p><p>Reserve j\u00e1 o seu carro com motorista.<\/p>\t\t\t\t\t\t\t\t<\/div>\n\t\t\t\t<\/div>\n\t\t\t\t\t<\/div>\n\t\t<\/div>\n\t\t\t\t\t<\/div>\n\t\t<\/section>\n\t\t\t\t<section class=\"elementor-section elementor-inner-section elementor-element elementor-element-7a6d4501 elementor-section-full_width elementor-section-content-middle elementor-section-height-default elementor-section-height-default\" data-id=\"7a6d4501\" data-element_type=\"section\" data-e-type=\"section\">\n\t\t\t\t\t\t<div class=\"elementor-container elementor-column-gap-no\">\n\t\t\t\t\t<div class=\"elementor-column elementor-col-100 elementor-inner-column elementor-element elementor-element-613d3984\" data-id=\"613d3984\" data-element_type=\"column\" data-e-type=\"column\">\n\t\t\t<div class=\"elementor-widget-wrap elementor-element-populated\">\n\t\t\t\t\t\t<div class=\"elementor-element elementor-element-2b1c3c0a elementor-align-left elementor-widget__width-auto elementor-invisible elementor-widget elementor-widget-button\" data-id=\"2b1c3c0a\" data-element_type=\"widget\" data-e-type=\"widget\" data-settings=\"{&quot;_animation&quot;:&quot;fadeInUp&quot;}\" data-widget_type=\"button.default\">\n\t\t\t\t<div class=\"elementor-widget-container\">\n\t\t\t\t\t\t\t\t\t<div class=\"elementor-button-wrapper\">\n\t\t\t\t\t<a class=\"elementor-button elementor-button-link elementor-size-sm\" href=\"\/pt\/reserve-o-seu-motorista-privado\/\">\n\t\t\t\t\t\t<span class=\"elementor-button-content-wrapper\">\n\t\t\t\t\t\t\t\t\t<span class=\"elementor-button-text\">Reservar por correio eletr\u00f3nico<\/span>\n\t\t\t\t\t<\/span>\n\t\t\t\t\t<\/a>\n\t\t\t\t<\/div>\n\t\t\t\t\t\t\t\t<\/div>\n\t\t\t\t<\/div>\n\t\t\t\t<div class=\"elementor-element elementor-element-44fe627a elementor-align-left elementor-widget__width-auto elementor-invisible elementor-widget elementor-widget-button\" data-id=\"44fe627a\" data-element_type=\"widget\" data-e-type=\"widget\" data-settings=\"{&quot;_animation&quot;:&quot;fadeInUp&quot;}\" data-widget_type=\"button.default\">\n\t\t\t\t<div class=\"elementor-widget-container\">\n\t\t\t\t\t\t\t\t\t<div class=\"elementor-button-wrapper\">\n\t\t\t\t\t<a class=\"elementor-button elementor-button-link elementor-size-sm\" href=\"tel:0442249280\">\n\t\t\t\t\t\t<span class=\"elementor-button-content-wrapper\">\n\t\t\t\t\t\t\t\t\t<span class=\"elementor-button-text\">Reservar por telefone<\/span>\n\t\t\t\t\t<\/span>\n\t\t\t\t\t<\/a>\n\t\t\t\t<\/div>\n\t\t\t\t\t\t\t\t<\/div>\n\t\t\t\t<\/div>\n\t\t\t\t\t<\/div>\n\t\t<\/div>\n\t\t\t\t\t<\/div>\n\t\t<\/section>\n\t\t\t\t\t<\/div>\n\t\t<\/div>\n\t\t\t\t\t<\/div>\n\t\t<\/section>\n\t\t\t\t<\/div>\n\t\t\t\t<\/div>\n\t\t\t\t\t\t<\/div>\n\t\t\t\t<\/div>\n\t\t\t\t\t<\/div>\n\t\t<\/div>\n\t\t\t\t\t<\/div>\n\t\t<\/section>\n\t\t\t\t<section class=\"elementor-section elementor-top-section elementor-element elementor-element-0430923 elementor-section-boxed elementor-section-height-default elementor-section-height-default\" data-id=\"0430923\" data-element_type=\"section\" data-e-type=\"section\">\n\t\t\t\t\t\t<div class=\"elementor-container elementor-column-gap-default\">\n\t\t\t\t\t<div class=\"elementor-column elementor-col-100 elementor-top-column elementor-element elementor-element-6823bcb\" data-id=\"6823bcb\" data-element_type=\"column\" data-e-type=\"column\">\n\t\t\t<div class=\"elementor-widget-wrap\">\n\t\t\t\t\t\t\t<\/div>\n\t\t<\/div>\n\t\t\t\t\t<\/div>\n\t\t<\/section>\n\t\t\t\t<section class=\"elementor-section elementor-top-section elementor-element elementor-element-2ff8b3e elementor-section-boxed elementor-section-height-default elementor-section-height-default\" data-id=\"2ff8b3e\" data-element_type=\"section\" data-e-type=\"section\">\n\t\t\t\t\t\t<div class=\"elementor-container elementor-column-gap-default\">\n\t\t\t\t\t<div class=\"elementor-column elementor-col-100 elementor-top-column elementor-element elementor-element-eeaef7e\" data-id=\"eeaef7e\" data-element_type=\"column\" data-e-type=\"column\">\n\t\t\t<div class=\"elementor-widget-wrap elementor-element-populated\">\n\t\t\t\t\t\t<div class=\"elementor-element elementor-element-b20f0fe elementor-widget elementor-widget-text-editor\" data-id=\"b20f0fe\" data-element_type=\"widget\" data-e-type=\"widget\" data-widget_type=\"text-editor.default\">\n\t\t\t\t<div class=\"elementor-widget-container\">\n\t\t\t\t\t\t\t\t\t<p>Lorem ipsum dolor sit amet, consectetur adipiscing elit. Ut elit tellus, luctus nec ullamcorper mattis, pulvinar dapibus leo.<\/p>\t\t\t\t\t\t\t\t<\/div>\n\t\t\t\t<\/div>\n\t\t\t\t\t<\/div>\n\t\t<\/div>\n\t\t\t\t\t<\/div>\n\t\t<\/section>\n\t\t\t\t<\/div>","protected":false},"excerpt":{"rendered":"<p>R\u00e9servez l&rsquo;excellence pour votre transfert \u00e0 l\u2019A\u00e9roport Marseille Provence. Profitez d&rsquo;un chauffeur de direction et d&rsquo;une flotte de prestige : Berline Luxe, MiniVan et Sprinter 16 places VIP. Accueil personnalis\u00e9 et tarif fixe garanti vers Aix-en-Provence, Marseille et la Riviera.<\/p>","protected":false},"author":1,"featured_media":18331,"parent":14046,"menu_order":0,"comment_status":"closed","ping_status":"closed","template":"","meta":{"footnotes":""},"class_list":["post-13148","page","type-page","status-publish","has-post-thumbnail","hentry"],"_links":{"self":[{"href":"https:\/\/www.vtc-limousine.fr\/pt\/wp-json\/wp\/v2\/pages\/13148","targetHints":{"allow":["GET"]}}],"collection":[{"href":"https:\/\/www.vtc-limousine.fr\/pt\/wp-json\/wp\/v2\/pages"}],"about":[{"href":"https:\/\/www.vtc-limousine.fr\/pt\/wp-json\/wp\/v2\/types\/page"}],"author":[{"embeddable":true,"href":"https:\/\/www.vtc-limousine.fr\/pt\/wp-json\/wp\/v2\/users\/1"}],"replies":[{"embeddable":true,"href":"https:\/\/www.vtc-limousine.fr\/pt\/wp-json\/wp\/v2\/comments?post=13148"}],"version-history":[{"count":85,"href":"https:\/\/www.vtc-limousine.fr\/pt\/wp-json\/wp\/v2\/pages\/13148\/revisions"}],"predecessor-version":[{"id":23831,"href":"https:\/\/www.vtc-limousine.fr\/pt\/wp-json\/wp\/v2\/pages\/13148\/revisions\/23831"}],"up":[{"embeddable":true,"href":"https:\/\/www.vtc-limousine.fr\/pt\/wp-json\/wp\/v2\/pages\/14046"}],"wp:featuredmedia":[{"embeddable":true,"href":"https:\/\/www.vtc-limousine.fr\/pt\/wp-json\/wp\/v2\/media\/18331"}],"wp:attachment":[{"href":"https:\/\/www.vtc-limousine.fr\/pt\/wp-json\/wp\/v2\/media?parent=13148"}],"curies":[{"name":"wp","href":"https:\/\/api.w.org\/{rel}","templated":true}]}}