{"id":22128,"date":"2025-03-16T15:36:28","date_gmt":"2025-03-16T15:36:28","guid":{"rendered":"https:\/\/www.vtc-limousine.fr\/?page_id=22128"},"modified":"2026-03-17T15:35:54","modified_gmt":"2026-03-17T15:35:54","slug":"conductor-hotel-les-lodges-sainte-victoire","status":"publish","type":"page","link":"https:\/\/www.vtc-limousine.fr\/es\/chofer-privado\/chofer-privado-paca\/conductor-hotel-les-lodges-sainte-victoire\/","title":{"rendered":"Ch\u00f3fer privado H\u00f4tel Les Lodges Sainte-Victoire - Aix-en-Provence"},"content":{"rendered":"<div data-elementor-type=\"wp-page\" data-elementor-id=\"22128\" class=\"elementor elementor-22128\" data-elementor-post-type=\"page\">\n\t\t\t\t\t\t<section class=\"elementor-section elementor-top-section elementor-element elementor-element-5e739282 elementor-section-full_width elementor-section-height-min-height elementor-section-height-default elementor-section-items-middle\" data-id=\"5e739282\" data-element_type=\"section\" data-e-type=\"section\" data-settings=\"{&quot;background_background&quot;:&quot;classic&quot;}\">\n\t\t\t\t\t\t\t<div class=\"elementor-background-overlay\"><\/div>\n\t\t\t\t\t\t\t<div class=\"elementor-container elementor-column-gap-default\">\n\t\t\t\t\t<div class=\"elementor-column elementor-col-100 elementor-top-column elementor-element elementor-element-1faf7528\" data-id=\"1faf7528\" data-element_type=\"column\" data-e-type=\"column\">\n\t\t\t<div class=\"elementor-widget-wrap\">\n\t\t\t\t\t\t\t<\/div>\n\t\t<\/div>\n\t\t\t\t\t<\/div>\n\t\t<\/section>\n\t\t\t\t<section class=\"elementor-section elementor-top-section elementor-element elementor-element-65088e05 elementor-section-boxed elementor-section-height-default elementor-section-height-default\" data-id=\"65088e05\" data-element_type=\"section\" data-e-type=\"section\">\n\t\t\t\t\t\t<div class=\"elementor-container elementor-column-gap-default\">\n\t\t\t\t\t<div class=\"elementor-column elementor-col-100 elementor-top-column elementor-element elementor-element-344a6702\" data-id=\"344a6702\" data-element_type=\"column\" data-e-type=\"column\">\n\t\t\t<div class=\"elementor-widget-wrap elementor-element-populated\">\n\t\t\t\t\t\t<div class=\"elementor-element elementor-element-18f76e2 elementor-widget elementor-widget-shortcode\" data-id=\"18f76e2\" data-element_type=\"widget\" data-e-type=\"widget\" data-widget_type=\"shortcode.default\">\n\t\t\t\t<div class=\"elementor-widget-container\">\n\t\t\t\t\t\t\t<div class=\"elementor-shortcode\"><nav aria-label=\"pan rallado\">\n            <div class=\"breadcrumb-container theme1\">\n                <ol>\n                                    <\/ol>\n            <\/div>\n        <\/nav>    <script type=\"application\/ld+json\">\n        {\n            \"@context\": \"http:\/\/schema.org\",\n            \"@type\": \"BreadcrumbList\",\n            \"itemListElement\": [\n                            ]\n        }\n    <\/script>\n   \n    <script>\n            <\/script>\n<\/div>\n\t\t\t\t\t\t<\/div>\n\t\t\t\t<\/div>\n\t\t\t\t<div class=\"elementor-element elementor-element-6d44219e elementor-widget elementor-widget-heading\" data-id=\"6d44219e\" data-element_type=\"widget\" data-e-type=\"widget\" data-widget_type=\"heading.default\">\n\t\t\t\t<div class=\"elementor-widget-container\">\n\t\t\t\t\t<h1 class=\"elementor-heading-title elementor-size-default\">Ch\u00f3fer privado H\u00f4tel Les Lodges Sainte-Victoire - Aix-en-Provence<\/h1>\t\t\t\t<\/div>\n\t\t\t\t<\/div>\n\t\t\t\t<div class=\"elementor-element elementor-element-2cda9272 elementor-widget elementor-widget-heading\" data-id=\"2cda9272\" data-element_type=\"widget\" data-e-type=\"widget\" data-widget_type=\"heading.default\">\n\t\t\t\t<div class=\"elementor-widget-container\">\n\t\t\t\t\t<span class=\"elementor-heading-title elementor-size-default\">Seguridad-Profesionalidad-Discreci\u00f3n<\/span>\t\t\t\t<\/div>\n\t\t\t\t<\/div>\n\t\t\t\t\t<\/div>\n\t\t<\/div>\n\t\t\t\t\t<\/div>\n\t\t<\/section>\n\t\t\t\t<section class=\"elementor-section elementor-top-section elementor-element elementor-element-c8573c3 elementor-section-boxed elementor-section-height-default elementor-section-height-default\" data-id=\"c8573c3\" data-element_type=\"section\" data-e-type=\"section\">\n\t\t\t\t\t\t<div class=\"elementor-container elementor-column-gap-default\">\n\t\t\t\t\t<div class=\"elementor-column elementor-col-100 elementor-top-column elementor-element elementor-element-3ae0696\" data-id=\"3ae0696\" data-element_type=\"column\" data-e-type=\"column\">\n\t\t\t<div class=\"elementor-widget-wrap elementor-element-populated\">\n\t\t\t\t\t\t<div class=\"elementor-element elementor-element-e3cfce5 elementor-widget elementor-widget-text-editor\" data-id=\"e3cfce5\" data-element_type=\"widget\" data-e-type=\"widget\" data-widget_type=\"text-editor.default\">\n\t\t\t\t<div class=\"elementor-widget-container\">\n\t\t\t\t\t\t\t\t\t<p style=\"text-align: center;\"><strong>Alquiler de coches con ch\u00f3fer privado Hotel les Lodges Saint Victoire<\/strong>Seminario del Congreso <a href=\"https:\/\/www.vtc-limousine.fr\/es\/fr\/nuestros-vehiculos\/\" target=\"_blank\" rel=\"noopener\">Veh\u00edculos Tesla y Mercedes<\/a>\u00a024\/7<br \/><strong>Conductores Grande remise<\/strong> Servicio Premium. De 1 a 52 pasajeros<\/p>\t\t\t\t\t\t\t\t<\/div>\n\t\t\t\t<\/div>\n\t\t\t\t\t<\/div>\n\t\t<\/div>\n\t\t\t\t\t<\/div>\n\t\t<\/section>\n\t\t\t\t<section class=\"elementor-section elementor-top-section elementor-element elementor-element-94725a7 elementor-section-boxed elementor-section-height-default elementor-section-height-default\" data-id=\"94725a7\" data-element_type=\"section\" data-e-type=\"section\">\n\t\t\t\t\t\t<div class=\"elementor-container elementor-column-gap-default\">\n\t\t\t\t\t<div class=\"elementor-column elementor-col-100 elementor-top-column elementor-element elementor-element-89c2d86\" data-id=\"89c2d86\" data-element_type=\"column\" data-e-type=\"column\">\n\t\t\t<div class=\"elementor-widget-wrap elementor-element-populated\">\n\t\t\t\t\t\t<div class=\"elementor-element elementor-element-71a8c2e elementor-widget elementor-widget-heading\" data-id=\"71a8c2e\" data-element_type=\"widget\" data-e-type=\"widget\" data-widget_type=\"heading.default\">\n\t\t\t\t<div class=\"elementor-widget-container\">\n\t\t\t\t\t<h3 class=\"elementor-heading-title elementor-size-default\">Descubra nuestros servicios de transporte de alta gama con ch\u00f3fer<\/h3>\t\t\t\t<\/div>\n\t\t\t\t<\/div>\n\t\t\t\t\t<\/div>\n\t\t<\/div>\n\t\t\t\t\t<\/div>\n\t\t<\/section>\n\t\t\t\t<section class=\"elementor-section elementor-top-section elementor-element elementor-element-a42f13a elementor-section-boxed elementor-section-height-default elementor-section-height-default\" data-id=\"a42f13a\" data-element_type=\"section\" data-e-type=\"section\">\n\t\t\t\t\t\t<div class=\"elementor-container elementor-column-gap-default\">\n\t\t\t\t\t<div class=\"elementor-column elementor-col-50 elementor-top-column elementor-element elementor-element-87bfaa6\" data-id=\"87bfaa6\" data-element_type=\"column\" data-e-type=\"column\">\n\t\t\t<div class=\"elementor-widget-wrap elementor-element-populated\">\n\t\t\t\t\t\t<div class=\"elementor-element elementor-element-da50871 elementor-widget elementor-widget-text-editor\" data-id=\"da50871\" data-element_type=\"widget\" data-e-type=\"widget\" data-widget_type=\"text-editor.default\">\n\t\t\t\t<div class=\"elementor-widget-container\">\n\t\t\t\t\t\t\t\t\t<!DOCTYPE html>\n<html lang=\"fr\">\n<head>\n<meta charset=\"UTF-8\">\n<title>Chofer privado y traslado de lujo : H\u00f4tel Les Lodges Sainte-Victoire<\/title>\n<meta name=\"description\" content=\"Reserve su prestigioso ch\u00f3fer privado para el H\u00f4tel Les Lodges Sainte-Victoire. Servicio de transporte de alta gama, traslados aeropuerto Marsella y Aix TGV.\">\n<\/head>\n<body>\n\n<section>\n    <h1>Servicio de ch\u00f3fer y transporte privado : H\u00f4tel Les Lodges Sainte-Victoire<\/h1>\n    <p>Ha elegido la excelencia aloj\u00e1ndose al pie de la monta\u00f1a amada de C\u00e9zanne. Para completar esta experiencia excepcional, le ofrecemos una <strong>servicio de transporte privado de lujo<\/strong>. Tanto si llega al aeropuerto de Marsella-Provenza como a la estaci\u00f3n de TGV de Aix-en-Provence, nuestra empresa se encargar\u00e1 de su desplazamiento exclusivo al prestigioso establecimiento. <a href=\"https:\/\/www.leslodgessaintevictoire.com\/\" target=\"_blank\" rel=\"noopener\">Les Lodges Sainte-Victoire<\/a>.<\/p>\n<\/section>\n\n<hr>\n\n<section>\n    <h2>\u00bfPor qu\u00e9 elegir nuestro servicio de chofer privado para Le Tholonet?<\/h2>\n    <p>Para llegar al H\u00f4tel Les Lodges Sainte-Victoire, situado en la hist\u00f3rica carretera de Le Tholonet, es necesario conocer a fondo la regi\u00f3n de Aix. Llamar a un <strong>conductor profesional dedicado<\/strong> ofrece muchas ventajas sobre el transporte convencional.<\/p>\n    \n    <ul>\n        <li><strong>Puntualidad y serenidad:<\/strong> Supervisamos el estado de su vuelo o tren en tiempo real para garantizarle una asistencia inmediata.<\/li>\n        <li><strong>Premium Confort :<\/strong> Viaje en veh\u00edculos de prestigio (berlinas de lujo o furgonetas ejecutivas para grupos) perfectamente mantenidos.<\/li>\n        <li><strong>Bienvenida personalizada :<\/strong> Su conductor le estar\u00e1 esperando con un cartel con su nombre en cuanto llegue a la terminal.<\/li>\n        <li><strong>Experiencia local :<\/strong> Nuestros ch\u00f3feres privados conocen las mejores rutas para evitar el tr\u00e1fico en Aix-en-Provence.<\/li>\n    <\/ul>\n<\/section>\n\n<section>\n    <h2>Nuestros servicios de traslado de alta gama al H\u00f4tel Les Lodges<\/h2>\n    \n    <h3>Traslado Aeropuerto Marsella-Provenza (MRS)<\/h3>\n    <p>El trayecto entre el aeropuerto de Marsella y Le Tholonet dura unos 35 minutos. Convertimos este traslado t\u00e9cnico en un momento de relajaci\u00f3n total. Disfrute de Wi-Fi a bordo, refrescos y un trayecto tranquilo para comenzar su estancia de la mejor manera posible.<\/p>\n\n    <h3>Traslado a la estaci\u00f3n de TGV de Aix-en-Provence<\/h3>\n    <p>La estaci\u00f3n de TGV est\u00e1 a unos 20 kil\u00f3metros del hotel. Evite las molestias del transporte p\u00fablico. Su <strong>chauffeur de grande remise<\/strong> le recoger\u00e1 directamente en el and\u00e9n o punto de encuentro designado para un traslado directo a Les Lodges.<\/p>\n\n    <h3>Conductor para eventos y bodas<\/h3>\n    <p>El H\u00f4tel Les Lodges Sainte-Victoire es un lugar popular para bodas y seminarios ejecutivos. Ofrecemos soluciones log\u00edsticas de transporte para sus invitados especiales. Para un acontecimiento tan especial como una boda, la empresa <strong>Clase eDriver Limusina<\/strong> pueden integrarse para garantizar una flota coherente de veh\u00edculos de prestigio y un servicio impecable.<\/p>\n<\/section>\n\n<section>\n    <h2>Explore la Provenza en un coche de lujo con ch\u00f3fer<\/h2>\n    <p>Una estancia en Lodges Sainte-Victoire es la oportunidad ideal para explorar las joyas de la Provenza. Adem\u00e1s de traslados sencillos, ofrecemos servicios de ch\u00f3fer por horas o d\u00edas para sus visitas tur\u00edsticas.<\/p>\n    \n    <table>\n        <tr>\n            <th>Destino<\/th>\n            <th>Tiempo estimado<\/th>\n            <th>Tipo de excursi\u00f3n<\/th>\n        <\/tr>\n        <tr>\n            <td>Centro de Aix-en-Provence<\/td>\n            <td>10 minutos<\/td>\n            <td>Compras y cultura<\/td>\n        <\/tr>\n        <tr>\n            <td>Vignobles de Palette<\/td>\n            <td>5 minutos<\/td>\n            <td>Degustaci\u00f3n de crecimientos clasificados<\/td>\n        <\/tr>\n        <tr>\n            <td>Cassis y las Calanques<\/td>\n            <td>45 minutos<\/td>\n            <td>Mar y Costa<\/td>\n        <\/tr>\n        <tr>\n            <td>Luberon (Gordes, Bonnieux)<\/td>\n            <td>1h 00<\/td>\n            <td>Pueblos aut\u00e9nticos<\/td>\n        <\/tr>\n    <\/table>\n<\/section>\n\n<section>\n    <h2>Un servicio de conserjer\u00eda de transporte a medida<\/h2>\n    <p>Cada petici\u00f3n es tratada con especial atenci\u00f3n. Nos adaptamos a sus necesidades espec\u00edficas: sillas para ni\u00f1os, transporte de equipajes voluminosos (equipos de golf, bicicletas) o discreci\u00f3n absoluta. Nuestros conductores son biling\u00fces, lo que garantiza una comunicaci\u00f3n perfecta para nuestra clientela internacional acostumbrada a los est\u00e1ndares de lujo de los Lodges.<\/p>\n    \n    <blockquote>\n        \"La ruta de C\u00e9zanne es una obra de arte. Admira el paisaje, hemos dominado la ruta\".\n    <\/blockquote>\n<\/section>\n\n<section>\n    <h2>Reserve su ch\u00f3fer de prestigio para Les Lodges<\/h2>\n    <p>Reserva tu <strong>ch\u00f3fer privado<\/strong> es sencillo y seguro. Puede ponerse en contacto con nosotros por tel\u00e9fono o a trav\u00e9s de nuestro m\u00f3dulo de reservas en l\u00ednea. Confirmamos cada viaje para su total tranquilidad. Nuestros precios son transparentes y est\u00e1n fijados de antemano, lo que garantiza un servicio sin sorpresas.<\/p>\n    \n    <p>Conf\u00ede en los expertos en transporte de lujo a uno de los escenarios m\u00e1s bellos de la regi\u00f3n PACA. Ya sea para un almuerzo gourmet, un d\u00eda de relax en el spa o una estancia prolongada, su viaje merece la misma excelencia que su destino final.<\/p>\n<\/section>\n\n<\/body>\n<\/html>\t\t\t\t\t\t\t\t<\/div>\n\t\t\t\t<\/div>\n\t\t\t\t\t<\/div>\n\t\t<\/div>\n\t\t\t\t<div class=\"elementor-column elementor-col-50 elementor-top-column elementor-element elementor-element-2edc9c1\" data-id=\"2edc9c1\" data-element_type=\"column\" data-e-type=\"column\">\n\t\t\t<div class=\"elementor-widget-wrap elementor-element-populated\">\n\t\t\t\t\t\t<div class=\"elementor-element elementor-element-9e89686 elementor--h-position-center elementor--v-position-middle elementor-arrows-position-inside elementor-pagination-position-inside elementor-widget elementor-widget-slides\" data-id=\"9e89686\" data-element_type=\"widget\" data-e-type=\"widget\" data-settings=\"{&quot;navigation&quot;:&quot;both&quot;,&quot;autoplay&quot;:&quot;yes&quot;,&quot;pause_on_hover&quot;:&quot;yes&quot;,&quot;pause_on_interaction&quot;:&quot;yes&quot;,&quot;autoplay_speed&quot;:5000,&quot;infinite&quot;:&quot;yes&quot;,&quot;transition&quot;:&quot;slide&quot;,&quot;transition_speed&quot;:500}\" data-widget_type=\"slides.default\">\n\t\t\t\t<div class=\"elementor-widget-container\">\n\t\t\t\t\t\t\t\t\t<div class=\"elementor-swiper\">\n\t\t\t\t\t<div class=\"elementor-slides-wrapper elementor-main-swiper swiper\" role=\"region\" aria-roledescription=\"carousel\" aria-label=\"Diapositivas\" dir=\"ltr\" data-animation=\"fadeInUp\">\n\t\t\t\t<div class=\"swiper-wrapper elementor-slides\">\n\t\t\t\t\t\t\t\t\t\t<div class=\"elementor-repeater-item-4f88203 swiper-slide\" role=\"group\" aria-roledescription=\"slide\"><div class=\"swiper-slide-bg\" role=\"img\" aria-label=\"Mercedes EQS Limusina con Conductor\"><\/div><div class=\"swiper-slide-inner\" ><div class=\"swiper-slide-contents\"><\/div><\/div><\/div><div class=\"elementor-repeater-item-68f94aa swiper-slide\" role=\"group\" aria-roledescription=\"slide\"><div class=\"swiper-slide-bg\" role=\"img\" aria-label=\"Mercedes EQS Limusina con Conductor\"><\/div><div class=\"swiper-slide-inner\" ><div class=\"swiper-slide-contents\"><\/div><\/div><\/div><div class=\"elementor-repeater-item-a4a8e66 swiper-slide\" role=\"group\" aria-roledescription=\"slide\"><div class=\"swiper-slide-bg\" role=\"img\" aria-label=\"Tesla Model S con conductor\"><\/div><div class=\"swiper-slide-inner\" ><div class=\"swiper-slide-contents\"><\/div><\/div><\/div><div class=\"elementor-repeater-item-9c0db94 swiper-slide\" role=\"group\" aria-roledescription=\"slide\"><div class=\"swiper-slide-bg\" role=\"img\" aria-label=\"Mercedes V con conductor\"><\/div><div class=\"swiper-slide-inner\" ><div class=\"swiper-slide-contents\"><\/div><\/div><\/div>\t\t\t\t<\/div>\n\t\t\t\t\t\t\t\t\t\t\t\t\t\t\t<div class=\"elementor-swiper-button elementor-swiper-button-prev\" role=\"button\" tabindex=\"0\" aria-label=\"Previous slide\" data-no-translation-aria-label=\"\">\n\t\t\t\t\t\t\t<i aria-hidden=\"true\" class=\"eicon-chevron-left\"><\/i>\t\t\t\t\t\t<\/div>\n\t\t\t\t\t\t<div class=\"elementor-swiper-button elementor-swiper-button-next\" role=\"button\" tabindex=\"0\" aria-label=\"Next slide\" data-no-translation-aria-label=\"\">\n\t\t\t\t\t\t\t<i aria-hidden=\"true\" class=\"eicon-chevron-right\"><\/i>\t\t\t\t\t\t<\/div>\n\t\t\t\t\t\t\t\t\t\t\t\t\t\t\t\t<div class=\"swiper-pagination\"><\/div>\n\t\t\t\t\t\t\t\t\t\t\t\t<\/div>\n\t\t\t\t<\/div>\n\t\t\t\t\t\t\t\t<\/div>\n\t\t\t\t<\/div>\n\t\t\t\t<div class=\"elementor-element elementor-element-832db68 elementor-widget elementor-widget-image\" data-id=\"832db68\" data-element_type=\"widget\" data-e-type=\"widget\" data-widget_type=\"image.default\">\n\t\t\t\t<div class=\"elementor-widget-container\">\n\t\t\t\t\t\t\t\t\t\t\t\t\t\t\t<img fetchpriority=\"high\" decoding=\"async\" width=\"768\" height=\"1024\" src=\"https:\/\/www.vtc-limousine.fr\/wp-content\/uploads\/2026\/03\/IMG_3076-768x1024.jpeg\" class=\"attachment-large size-large wp-image-23823\" alt=\"Chofer privado van de lujo Hotel Les Lodges Sainte-Victoire en Le Tholonet para traslado al aeropuerto de Marsella y Aix TGV\" srcset=\"https:\/\/www.vtc-limousine.fr\/wp-content\/uploads\/2026\/03\/IMG_3076-768x1024.jpeg 768w, https:\/\/www.vtc-limousine.fr\/wp-content\/uploads\/2026\/03\/IMG_3076-225x300.jpeg 225w, https:\/\/www.vtc-limousine.fr\/wp-content\/uploads\/2026\/03\/IMG_3076-1152x1536.jpeg 1152w, https:\/\/www.vtc-limousine.fr\/wp-content\/uploads\/2026\/03\/IMG_3076-scaled.jpeg 1536w, https:\/\/www.vtc-limousine.fr\/wp-content\/uploads\/2026\/03\/IMG_3076-9x12.jpeg 9w, https:\/\/www.vtc-limousine.fr\/wp-content\/uploads\/2026\/03\/IMG_3076-230x306.jpeg 230w, https:\/\/www.vtc-limousine.fr\/wp-content\/uploads\/2026\/03\/IMG_3076-400x533.jpeg 400w\" sizes=\"(max-width: 768px) 100vw, 768px\" \/>\t\t\t\t\t\t\t\t\t\t\t\t\t\t\t<\/div>\n\t\t\t\t<\/div>\n\t\t\t\t\t<\/div>\n\t\t<\/div>\n\t\t\t\t\t<\/div>\n\t\t<\/section>\n\t\t\t\t<section class=\"elementor-section elementor-top-section elementor-element elementor-element-deb5b69 elementor-section-boxed elementor-section-height-default elementor-section-height-default\" data-id=\"deb5b69\" data-element_type=\"section\" data-e-type=\"section\">\n\t\t\t\t\t\t<div class=\"elementor-container elementor-column-gap-default\">\n\t\t\t\t\t<div class=\"elementor-column elementor-col-100 elementor-top-column elementor-element elementor-element-09e35fb\" data-id=\"09e35fb\" data-element_type=\"column\" data-e-type=\"column\">\n\t\t\t<div class=\"elementor-widget-wrap elementor-element-populated\">\n\t\t\t\t\t\t<div class=\"elementor-element elementor-element-9cffc40 elementor-widget elementor-widget-spacer\" data-id=\"9cffc40\" data-element_type=\"widget\" data-e-type=\"widget\" data-widget_type=\"spacer.default\">\n\t\t\t\t<div class=\"elementor-widget-container\">\n\t\t\t\t\t\t\t<div class=\"elementor-spacer\">\n\t\t\t<div class=\"elementor-spacer-inner\"><\/div>\n\t\t<\/div>\n\t\t\t\t\t\t<\/div>\n\t\t\t\t<\/div>\n\t\t\t\t\t<\/div>\n\t\t<\/div>\n\t\t\t\t\t<\/div>\n\t\t<\/section>\n\t\t\t\t<section class=\"elementor-section elementor-top-section elementor-element elementor-element-f674983 elementor-section-boxed elementor-section-height-default elementor-section-height-default\" data-id=\"f674983\" data-element_type=\"section\" data-e-type=\"section\" data-settings=\"{&quot;background_background&quot;:&quot;classic&quot;}\">\n\t\t\t\t\t\t<div class=\"elementor-container elementor-column-gap-default\">\n\t\t\t\t\t<div class=\"elementor-column elementor-col-50 elementor-top-column elementor-element elementor-element-acce9fc\" data-id=\"acce9fc\" data-element_type=\"column\" data-e-type=\"column\">\n\t\t\t<div class=\"elementor-widget-wrap elementor-element-populated\">\n\t\t\t\t\t\t<div class=\"elementor-element elementor-element-cd68c0f elementor-widget elementor-widget-heading\" data-id=\"cd68c0f\" data-element_type=\"widget\" data-e-type=\"widget\" data-widget_type=\"heading.default\">\n\t\t\t\t<div class=\"elementor-widget-container\">\n\t\t\t\t\t<h4 class=\"elementor-heading-title elementor-size-medium\">Ch\u00f3fer privado Aix en Provence : Nuestra flota de veh\u00edculos<\/h4>\t\t\t\t<\/div>\n\t\t\t\t<\/div>\n\t\t\t\t<div class=\"elementor-element elementor-element-e7d138d elementor-widget elementor-widget-text-editor\" data-id=\"e7d138d\" data-element_type=\"widget\" data-e-type=\"widget\" data-widget_type=\"text-editor.default\">\n\t\t\t\t<div class=\"elementor-widget-container\">\n\t\t\t\t\t\t\t\t\t<p style=\"text-align: left;\">Alquiler de<strong> Coche con conductor Aix en Provence<\/strong>Conferencia sobre veh\u00edculos Tesla y Mercedes 24\/7<br \/>Hay varias categor\u00edas de veh\u00edculos disponibles: berlina premium, monovolumen, etc.<\/p><p>- Nos ocuparemos de su equipaje.<strong><br \/><\/strong>- Si su avi\u00f3n o tren se retrasa, le informar\u00e1 y le esperar\u00e1.<\/p><p>Aproveche nuestro sistema de seguimiento de vuelos para todas las recogidas en el aeropuerto.<br \/>Nuestros conductores controlan su llegada en tiempo real y se adaptan a cualquier retraso de su vuelo.<br \/>Nuestros conductores se comprometen a mantener los m\u00e1s altos niveles de profesionalidad y discreci\u00f3n.<\/p><p>Class-eDriver Limousine le acompa\u00f1ar\u00e1 en todos sus desplazamientos, ya sean personales o profesionales.<\/p>\t\t\t\t\t\t\t\t<\/div>\n\t\t\t\t<\/div>\n\t\t\t\t\t<\/div>\n\t\t<\/div>\n\t\t\t\t<div class=\"elementor-column elementor-col-50 elementor-top-column elementor-element elementor-element-15d0129\" data-id=\"15d0129\" data-element_type=\"column\" data-e-type=\"column\">\n\t\t\t<div class=\"elementor-widget-wrap elementor-element-populated\">\n\t\t\t\t\t\t<div class=\"elementor-element elementor-element-1cafc58 elementor-widget elementor-widget-global elementor-global-17301 elementor-widget-template\" data-id=\"1cafc58\" data-element_type=\"widget\" data-e-type=\"widget\" data-widget_type=\"template.default\">\n\t\t\t\t<div class=\"elementor-widget-container\">\n\t\t\t\t\t\t\t<div class=\"elementor-template\">\n\t\t\t\t\t<div data-elementor-type=\"section\" data-elementor-id=\"17288\" class=\"elementor elementor-17288\" data-elementor-post-type=\"elementor_library\">\n\t\t\t\t\t<section class=\"elementor-section elementor-top-section elementor-element elementor-element-7ea6a935 elementor-section-boxed elementor-section-height-default elementor-section-height-default\" data-id=\"7ea6a935\" data-element_type=\"section\" data-e-type=\"section\">\n\t\t\t\t\t\t<div class=\"elementor-container elementor-column-gap-default\">\n\t\t\t\t\t<div class=\"elementor-column elementor-col-100 elementor-top-column elementor-element elementor-element-306e7f1f\" data-id=\"306e7f1f\" data-element_type=\"column\" data-e-type=\"column\">\n\t\t\t<div class=\"elementor-widget-wrap elementor-element-populated\">\n\t\t\t\t\t\t<div class=\"elementor-element elementor-element-1b84b567 elementor-widget elementor-widget-heading\" data-id=\"1b84b567\" data-element_type=\"widget\" data-e-type=\"widget\" data-widget_type=\"heading.default\">\n\t\t\t\t<div class=\"elementor-widget-container\">\n\t\t\t\t\t<h4 class=\"elementor-heading-title elementor-size-medium\">Nuestros veh\u00edculos de alta gama se seleccionan para garantizar su comodidad y seguridad<\/h4>\t\t\t\t<\/div>\n\t\t\t\t<\/div>\n\t\t\t\t<section class=\"elementor-section elementor-inner-section elementor-element elementor-element-9aeaedc elementor-section-boxed elementor-section-height-default elementor-section-height-default\" data-id=\"9aeaedc\" data-element_type=\"section\" data-e-type=\"section\">\n\t\t\t\t\t\t<div class=\"elementor-container elementor-column-gap-custom\">\n\t\t\t\t\t<div class=\"elementor-column elementor-col-33 elementor-inner-column elementor-element elementor-element-77a143b0 blocText\" data-id=\"77a143b0\" data-element_type=\"column\" data-e-type=\"column\" data-settings=\"{&quot;background_background&quot;:&quot;classic&quot;}\">\n\t\t\t<div class=\"elementor-widget-wrap elementor-element-populated\">\n\t\t\t\t\t<div class=\"elementor-background-overlay\"><\/div>\n\t\t\t\t\t\t<div class=\"elementor-element elementor-element-3a21ee73 elementor-widget elementor-widget-heading\" data-id=\"3a21ee73\" data-element_type=\"widget\" data-e-type=\"widget\" data-widget_type=\"heading.default\">\n\t\t\t\t<div class=\"elementor-widget-container\">\n\t\t\t\t\t<p class=\"elementor-heading-title elementor-size-default\"><a href=\"https:\/\/www.vtc-limousine.fr\/es\/clase-edriver-limusina\/nuestros-vehiculos\/tesla-model-s-sedan-de-lujo-con-conductor\/\">Tesla Model S Sed\u00e1n de Lujo\ud83c\udf43<\/a><\/p>\t\t\t\t<\/div>\n\t\t\t\t<\/div>\n\t\t\t\t\t<\/div>\n\t\t<\/div>\n\t\t\t\t<div class=\"elementor-column elementor-col-33 elementor-inner-column elementor-element elementor-element-50a94a8e blocText\" data-id=\"50a94a8e\" data-element_type=\"column\" data-e-type=\"column\" data-settings=\"{&quot;background_background&quot;:&quot;classic&quot;}\">\n\t\t\t<div class=\"elementor-widget-wrap elementor-element-populated\">\n\t\t\t\t\t<div class=\"elementor-background-overlay\"><\/div>\n\t\t\t\t\t\t<div class=\"elementor-element elementor-element-770c71b9 elementor-widget elementor-widget-heading\" data-id=\"770c71b9\" data-element_type=\"widget\" data-e-type=\"widget\" data-widget_type=\"heading.default\">\n\t\t\t\t<div class=\"elementor-widget-container\">\n\t\t\t\t\t<p class=\"elementor-heading-title elementor-size-default\"><a href=\"https:\/\/www.vtc-limousine.fr\/es\/clase-edriver-limusina\/nuestros-vehiculos\/mercedes-eqs-electrico\/\">Mercedes EQS Limusina \ud83c\udf43<\/a><\/p>\t\t\t\t<\/div>\n\t\t\t\t<\/div>\n\t\t\t\t\t<\/div>\n\t\t<\/div>\n\t\t\t\t<div class=\"elementor-column elementor-col-33 elementor-inner-column elementor-element elementor-element-382f45a9 blocText\" data-id=\"382f45a9\" data-element_type=\"column\" data-e-type=\"column\" data-settings=\"{&quot;background_background&quot;:&quot;classic&quot;}\">\n\t\t\t<div class=\"elementor-widget-wrap elementor-element-populated\">\n\t\t\t\t\t<div class=\"elementor-background-overlay\"><\/div>\n\t\t\t\t\t\t<div class=\"elementor-element elementor-element-473f5be elementor-widget elementor-widget-heading\" data-id=\"473f5be\" data-element_type=\"widget\" data-e-type=\"widget\" data-widget_type=\"heading.default\">\n\t\t\t\t<div class=\"elementor-widget-container\">\n\t\t\t\t\t<p class=\"elementor-heading-title elementor-size-default\"><a href=\"https:\/\/www.vtc-limousine.fr\/es\/clase-edriver-limusina\/nuestros-vehiculos\/mercedes-clase-e\/\">Mercedes Clase E<\/a><\/p>\t\t\t\t<\/div>\n\t\t\t\t<\/div>\n\t\t\t\t\t<\/div>\n\t\t<\/div>\n\t\t\t\t\t<\/div>\n\t\t<\/section>\n\t\t\t\t<section class=\"elementor-section elementor-inner-section elementor-element elementor-element-7f5ead77 elementor-section-boxed elementor-section-height-default elementor-section-height-default\" data-id=\"7f5ead77\" data-element_type=\"section\" data-e-type=\"section\">\n\t\t\t\t\t\t<div class=\"elementor-container elementor-column-gap-custom\">\n\t\t\t\t\t<div class=\"elementor-column elementor-col-33 elementor-inner-column elementor-element elementor-element-3d8e8f13 blocText\" data-id=\"3d8e8f13\" data-element_type=\"column\" data-e-type=\"column\" data-settings=\"{&quot;background_background&quot;:&quot;classic&quot;}\">\n\t\t\t<div class=\"elementor-widget-wrap elementor-element-populated\">\n\t\t\t\t\t<div class=\"elementor-background-overlay\"><\/div>\n\t\t\t\t\t\t<div class=\"elementor-element elementor-element-13e4de98 elementor-widget elementor-widget-heading\" data-id=\"13e4de98\" data-element_type=\"widget\" data-e-type=\"widget\" data-widget_type=\"heading.default\">\n\t\t\t\t<div class=\"elementor-widget-container\">\n\t\t\t\t\t<p class=\"elementor-heading-title elementor-size-default\"><a href=\"https:\/\/www.vtc-limousine.fr\/es\/clase-edriver-limusina\/nuestros-vehiculos\/limusina-mercedes-clase-s\/\">Mercedes Clase S Limusina<\/a><\/p>\t\t\t\t<\/div>\n\t\t\t\t<\/div>\n\t\t\t\t\t<\/div>\n\t\t<\/div>\n\t\t\t\t<div class=\"elementor-column elementor-col-33 elementor-inner-column elementor-element elementor-element-d2d0544 blocText\" data-id=\"d2d0544\" data-element_type=\"column\" data-e-type=\"column\" data-settings=\"{&quot;background_background&quot;:&quot;classic&quot;}\">\n\t\t\t<div class=\"elementor-widget-wrap elementor-element-populated\">\n\t\t\t\t\t<div class=\"elementor-background-overlay\"><\/div>\n\t\t\t\t\t\t<div class=\"elementor-element elementor-element-603d6c02 elementor-widget elementor-widget-heading\" data-id=\"603d6c02\" data-element_type=\"widget\" data-e-type=\"widget\" data-widget_type=\"heading.default\">\n\t\t\t\t<div class=\"elementor-widget-container\">\n\t\t\t\t\t<p class=\"elementor-heading-title elementor-size-default\"><a href=\"https:\/\/www.vtc-limousine.fr\/es\/clase-edriver-limusina\/nuestros-vehiculos\/mercedes-sprinter-xxl-minibus-de-lujo\/\">Minib\u00fas de lujo Mercedes SprinterXXL<\/a><\/p>\t\t\t\t<\/div>\n\t\t\t\t<\/div>\n\t\t\t\t\t<\/div>\n\t\t<\/div>\n\t\t\t\t<div class=\"elementor-column elementor-col-33 elementor-inner-column elementor-element elementor-element-1edcaedf blocText\" data-id=\"1edcaedf\" data-element_type=\"column\" data-e-type=\"column\" data-settings=\"{&quot;background_background&quot;:&quot;classic&quot;}\">\n\t\t\t<div class=\"elementor-widget-wrap elementor-element-populated\">\n\t\t\t\t\t<div class=\"elementor-background-overlay\"><\/div>\n\t\t\t\t\t\t<div class=\"elementor-element elementor-element-2f0c5426 elementor-widget elementor-widget-heading\" data-id=\"2f0c5426\" data-element_type=\"widget\" data-e-type=\"widget\" data-widget_type=\"heading.default\">\n\t\t\t\t<div class=\"elementor-widget-container\">\n\t\t\t\t\t<p class=\"elementor-heading-title elementor-size-default\"><a href=\"https:\/\/www.vtc-limousine.fr\/es\/clase-edriver-limusina\/nuestros-vehiculos\/mercedes-clase-v-lujo\/\">Mercedes Clase V Luxury<\/a><\/p>\t\t\t\t<\/div>\n\t\t\t\t<\/div>\n\t\t\t\t\t<\/div>\n\t\t<\/div>\n\t\t\t\t\t<\/div>\n\t\t<\/section>\n\t\t\t\t\t<\/div>\n\t\t<\/div>\n\t\t\t\t\t<\/div>\n\t\t<\/section>\n\t\t\t\t<\/div>\n\t\t\t\t<\/div>\n\t\t\t\t\t\t<\/div>\n\t\t\t\t<\/div>\n\t\t\t\t\t<\/div>\n\t\t<\/div>\n\t\t\t\t\t<\/div>\n\t\t<\/section>\n\t\t\t\t<section class=\"elementor-section elementor-top-section elementor-element elementor-element-6b14c1a elementor-section-full_width elementor-section-height-default elementor-section-height-default\" data-id=\"6b14c1a\" data-element_type=\"section\" data-e-type=\"section\">\n\t\t\t\t\t\t<div class=\"elementor-container elementor-column-gap-default\">\n\t\t\t\t\t<div class=\"elementor-column elementor-col-100 elementor-top-column elementor-element elementor-element-9d6fa62\" data-id=\"9d6fa62\" data-element_type=\"column\" data-e-type=\"column\">\n\t\t\t<div class=\"elementor-widget-wrap elementor-element-populated\">\n\t\t\t\t\t\t<div class=\"elementor-element elementor-element-e4990dc elementor-widget-divider--view-line elementor-widget elementor-widget-divider\" data-id=\"e4990dc\" data-element_type=\"widget\" data-e-type=\"widget\" data-widget_type=\"divider.default\">\n\t\t\t\t<div class=\"elementor-widget-container\">\n\t\t\t\t\t\t\t<div class=\"elementor-divider\">\n\t\t\t<span class=\"elementor-divider-separator\">\n\t\t\t\t\t\t<\/span>\n\t\t<\/div>\n\t\t\t\t\t\t<\/div>\n\t\t\t\t<\/div>\n\t\t\t\t\t<\/div>\n\t\t<\/div>\n\t\t\t\t\t<\/div>\n\t\t<\/section>\n\t\t\t\t<section class=\"elementor-section elementor-top-section elementor-element elementor-element-003926e elementor-section-boxed elementor-section-height-default elementor-section-height-default\" data-id=\"003926e\" data-element_type=\"section\" data-e-type=\"section\">\n\t\t\t\t\t\t<div class=\"elementor-container elementor-column-gap-default\">\n\t\t\t\t\t<div class=\"elementor-column elementor-col-33 elementor-top-column elementor-element elementor-element-e2e4a03\" data-id=\"e2e4a03\" data-element_type=\"column\" data-e-type=\"column\">\n\t\t\t<div class=\"elementor-widget-wrap elementor-element-populated\">\n\t\t\t\t\t\t<div class=\"elementor-element elementor-element-dbd1447 elementor-widget elementor-widget-heading\" data-id=\"dbd1447\" data-element_type=\"widget\" data-e-type=\"widget\" data-widget_type=\"heading.default\">\n\t\t\t\t<div class=\"elementor-widget-container\">\n\t\t\t\t\t<h3 class=\"elementor-heading-title elementor-size-small\">ALQUILER DE COCHES CON CONDUCTOR AVIGNON<\/h3>\t\t\t\t<\/div>\n\t\t\t\t<\/div>\n\t\t\t\t\t<\/div>\n\t\t<\/div>\n\t\t\t\t<div class=\"elementor-column elementor-col-33 elementor-top-column elementor-element elementor-element-2866f00\" data-id=\"2866f00\" data-element_type=\"column\" data-e-type=\"column\">\n\t\t\t<div class=\"elementor-widget-wrap elementor-element-populated\">\n\t\t\t\t\t\t<div class=\"elementor-element elementor-element-483a8d8 elementor-widget elementor-widget-heading\" data-id=\"483a8d8\" data-element_type=\"widget\" data-e-type=\"widget\" data-widget_type=\"heading.default\">\n\t\t\t\t<div class=\"elementor-widget-container\">\n\t\t\t\t\t<h3 class=\"elementor-heading-title elementor-size-small\">ALQUILER DE COCHES CON CONDUCTOR AVIGNON TGV<\/h3>\t\t\t\t<\/div>\n\t\t\t\t<\/div>\n\t\t\t\t\t<\/div>\n\t\t<\/div>\n\t\t\t\t<div class=\"elementor-column elementor-col-33 elementor-top-column elementor-element elementor-element-fd8fb88\" data-id=\"fd8fb88\" data-element_type=\"column\" data-e-type=\"column\">\n\t\t\t<div class=\"elementor-widget-wrap elementor-element-populated\">\n\t\t\t\t\t\t<div class=\"elementor-element elementor-element-b56f08c elementor-widget elementor-widget-heading\" data-id=\"b56f08c\" data-element_type=\"widget\" data-e-type=\"widget\" data-widget_type=\"heading.default\">\n\t\t\t\t<div class=\"elementor-widget-container\">\n\t\t\t\t\t<h3 class=\"elementor-heading-title elementor-size-small\">TRASLADO EN YATE<\/h3>\t\t\t\t<\/div>\n\t\t\t\t<\/div>\n\t\t\t\t\t<\/div>\n\t\t<\/div>\n\t\t\t\t\t<\/div>\n\t\t<\/section>\n\t\t\t\t<section class=\"elementor-section elementor-top-section elementor-element elementor-element-eef5c33 elementor-section-boxed elementor-section-height-default elementor-section-height-default\" data-id=\"eef5c33\" data-element_type=\"section\" data-e-type=\"section\">\n\t\t\t\t\t\t<div class=\"elementor-container elementor-column-gap-default\">\n\t\t\t\t\t<div class=\"elementor-column elementor-col-100 elementor-top-column elementor-element elementor-element-a41ad86\" data-id=\"a41ad86\" data-element_type=\"column\" data-e-type=\"column\">\n\t\t\t<div class=\"elementor-widget-wrap elementor-element-populated\">\n\t\t\t\t\t\t<div class=\"elementor-element elementor-element-61da209 elementor-widget elementor-widget-global elementor-global-16809 elementor-widget-template\" data-id=\"61da209\" data-element_type=\"widget\" data-e-type=\"widget\" data-widget_type=\"template.default\">\n\t\t\t\t<div class=\"elementor-widget-container\">\n\t\t\t\t\t\t\t<div class=\"elementor-template\">\n\t\t\t\t\t<div data-elementor-type=\"section\" data-elementor-id=\"16800\" class=\"elementor elementor-16800\" data-elementor-post-type=\"elementor_library\">\n\t\t\t\t\t<section class=\"elementor-section elementor-top-section elementor-element elementor-element-5ecc7df elementor-section-boxed elementor-section-height-default elementor-section-height-default\" data-id=\"5ecc7df\" data-element_type=\"section\" data-e-type=\"section\">\n\t\t\t\t\t\t<div class=\"elementor-container elementor-column-gap-default\">\n\t\t\t\t\t<div class=\"elementor-column elementor-col-33 elementor-top-column elementor-element elementor-element-50a92ca2\" data-id=\"50a92ca2\" data-element_type=\"column\" data-e-type=\"column\">\n\t\t\t<div class=\"elementor-widget-wrap elementor-element-populated\">\n\t\t\t\t\t\t<div class=\"elementor-element elementor-element-e63460a elementor-widget elementor-widget-image\" data-id=\"e63460a\" data-element_type=\"widget\" data-e-type=\"widget\" data-widget_type=\"image.default\">\n\t\t\t\t<div class=\"elementor-widget-container\">\n\t\t\t\t\t\t\t\t\t\t\t\t\t\t\t<img decoding=\"async\" src=\"https:\/\/www.vtc-limousine.fr\/wp-content\/uploads\/elementor\/thumbs\/WORK1015-trip-e1461841777748-1-qfq8fzc13hup8k9o2ksn15qh69mku450vmv2027j2c.jpg\" title=\"Viaje WORK1015\" alt=\"Mujer de negocios con maleta en el aeropuerto\" loading=\"lazy\" \/>\t\t\t\t\t\t\t\t\t\t\t\t\t\t\t<\/div>\n\t\t\t\t<\/div>\n\t\t\t\t<div class=\"elementor-element elementor-element-4ec7f1f1 elementor-widget elementor-widget-text-editor\" data-id=\"4ec7f1f1\" data-element_type=\"widget\" data-e-type=\"widget\" data-widget_type=\"text-editor.default\">\n\t\t\t\t<div class=\"elementor-widget-container\">\n\t\t\t\t\t\t\t\t\t<div class=\"four columns\"><div class=\"limoking-ux column-service-ux\"><div class=\"limoking-item limoking-column-service-item limoking-medium\"><div class=\"column-service-content-wrapper\"><div class=\"column-service-content limoking-skin-content\"><p>Su coche con ch\u00f3fer\u00a0<a href=\"https:\/\/www.vtc-limousine.fr\/es\/nuestros-vehiculos\/\">(VTC)<\/a>\u00a0le llevar\u00e1 desde su aeropuerto o al aeropuerto de su elecci\u00f3n. Prestamos servicio en los siguientes aeropuertos:\u00a0<br \/>\u00a0<a href=\"https:\/\/www.vtc-limousine.fr\/es\/vtc-traslado-privado\/vtc-traslado-aeropuerto-marsella-provenza\/\">Ch\u00f3fer Privado Aeropuerto Marsella Provenza<\/a>\u00a0<br \/><a href=\"https:\/\/www.vtc-limousine.fr\/es\/vtc-traslado-privado\/vtc-transfer-aeropuerto-nice-cote-dazur-nce\/\">Traslado privado con ch\u00f3fer VTC Aeropuerto de Niza Costa Azul (NCE)<\/a><br \/><a href=\"https:\/\/www.vtc-limousine.fr\/es\/vtc-traslado-privado\/reserve-un-chofer-privado-vtc-del-aeropuerto-de-marsella-a-monaco\/\">Ch\u00f3fer privado Helipuerto M\u00f3naco<\/a><br \/><a href=\"https:\/\/www.vtc-limousine.fr\/es\/vtc-traslado-privado\/vtc-aeroport-international-du-castellet-lfmq\/\">Ch\u00f3fer privado Castellet Aeropuerto<\/a><br \/><a href=\"https:\/\/www.vtc-limousine.fr\/es\/vtc-traslado-privado\/chofer-privado-saint-tropez\/\">Ch\u00f3fer privado St Tropez Golf Aeropuerto\u00a0<\/a><br \/><a href=\"https:\/\/www.vtc-limousine.fr\/es\/vtc-traslado-privado\/traslado-conductor-vtc-aeropuerto-avignon-avn\/\">Ch\u00f3fer privado Avignon Provence Aeropuerto\u00a0<\/a><br \/><a href=\"https:\/\/www.vtc-limousine.fr\/es\/vtc-traslado-privado\/vtc-traslado-toulon-hyeres-aeropuerto-tln\/\">Ch\u00f3fer privado Aeropuerto Toulon Hy\u00e8res<\/a><br \/><a href=\"https:\/\/www.vtc-limousine.fr\/es\/chofer-privado\/location-chauffeur-prive-region-paca\/alquiler-de-coches-con-conductor-montpellier\/\">Ch\u00f3fer privado Montpellier M\u00e9diterran\u00e9e Aeropuerto<\/a><\/p><\/div><\/div><\/div><\/div><\/div>\t\t\t\t\t\t\t\t<\/div>\n\t\t\t\t<\/div>\n\t\t\t\t\t<\/div>\n\t\t<\/div>\n\t\t\t\t<div class=\"elementor-column elementor-col-33 elementor-top-column elementor-element elementor-element-31c921a3\" data-id=\"31c921a3\" data-element_type=\"column\" data-e-type=\"column\">\n\t\t\t<div class=\"elementor-widget-wrap elementor-element-populated\">\n\t\t\t\t\t\t<div class=\"elementor-element elementor-element-637d2c84 elementor-widget elementor-widget-image\" data-id=\"637d2c84\" data-element_type=\"widget\" data-e-type=\"widget\" data-widget_type=\"image.default\">\n\t\t\t\t<div class=\"elementor-widget-container\">\n\t\t\t\t\t\t\t\t\t\t\t\t\t\t\t<img decoding=\"async\" src=\"https:\/\/www.vtc-limousine.fr\/wp-content\/uploads\/elementor\/thumbs\/aixtgv-e1462955693358-1-qfq89fejg2vqafsdc8ta5b9s2jxg634eb746jlxcg4.jpg\" title=\"4 T\" alt=\"Traslado VTC Estaci\u00f3n de TGV de Aix en Provence\" loading=\"lazy\" \/>\t\t\t\t\t\t\t\t\t\t\t\t\t\t\t<\/div>\n\t\t\t\t<\/div>\n\t\t\t\t<div class=\"elementor-element elementor-element-76f33913 elementor-widget elementor-widget-text-editor\" data-id=\"76f33913\" data-element_type=\"widget\" data-e-type=\"widget\" data-widget_type=\"text-editor.default\">\n\t\t\t\t<div class=\"elementor-widget-container\">\n\t\t\t\t\t\t\t\t\t<p>Su coche con ch\u00f3fer (VTC) le llevar\u00e1 desde su estaci\u00f3n o a la estaci\u00f3n que usted elija. Prestamos servicio en las siguientes estaciones:<br \/><a href=\"https:\/\/www.vtc-limousine.fr\/es\/chofer-privado\/location-chauffeur-prive-region-paca\/alquiler-de-coches-con-conductor-marsella\/\">Ch\u00f3fer privado Estaci\u00f3n de Marsella St Charles<\/a><br \/><a href=\"https:\/\/www.vtc-limousine.fr\/es\/vtc-traslado-privado\/vtc-transfer-aix-en-provence-estacion-de-tgv\/\">Ch\u00f3fer privado Estaci\u00f3n de TGV de Aix en Provence<\/a><br \/><a href=\"https:\/\/www.vtc-limousine.fr\/es\/chofer-privado\/location-chauffeur-prive-region-paca\/location-de-voiture-avec-chauffeur-avignon\/\">Ch\u00f3fer privado Avignon Estaci\u00f3n TGV<\/a><br \/>Ch\u00f3fer privado Estaci\u00f3n SNCF de Toulon\u00a0<br \/>Ch\u00f3fer privado Montpellier Estaci\u00f3n de Saint-Roch<\/p>\t\t\t\t\t\t\t\t<\/div>\n\t\t\t\t<\/div>\n\t\t\t\t\t<\/div>\n\t\t<\/div>\n\t\t\t\t<div class=\"elementor-column elementor-col-33 elementor-top-column elementor-element elementor-element-289b91c4\" data-id=\"289b91c4\" data-element_type=\"column\" data-e-type=\"column\">\n\t\t\t<div class=\"elementor-widget-wrap elementor-element-populated\">\n\t\t\t\t\t\t<div class=\"elementor-element elementor-element-675f4d91 elementor-widget elementor-widget-image\" data-id=\"675f4d91\" data-element_type=\"widget\" data-e-type=\"widget\" data-widget_type=\"image.default\">\n\t\t\t\t<div class=\"elementor-widget-container\">\n\t\t\t\t\t\t\t\t\t\t\t\t\t\t\t<img decoding=\"async\" src=\"https:\/\/www.vtc-limousine.fr\/wp-content\/uploads\/elementor\/thumbs\/12314661_1181324875230561_2549917994845135698_o-e1461913792875-1-qfq8eip2grun6ee4ly1j5j0nwou0v2c20ebv4kdkqs.jpg\" title=\"12314661_1181324875230561_2549917994845135698_o\" alt=\"12314661_1181324875230561_2549917994845135698_o\" loading=\"lazy\" \/>\t\t\t\t\t\t\t\t\t\t\t\t\t\t\t<\/div>\n\t\t\t\t<\/div>\n\t\t\t\t<div class=\"elementor-element elementor-element-4c0d46ee elementor-widget elementor-widget-text-editor\" data-id=\"4c0d46ee\" data-element_type=\"widget\" data-e-type=\"widget\" data-widget_type=\"text-editor.default\">\n\t\t\t\t<div class=\"elementor-widget-container\">\n\t\t\t\t\t\t\t\t\t<p>Su conductor\u00a0<a href=\"\/es\/nuestros-vehiculos\/\">(VTC)<\/a>\u00a0le llevar\u00e1 desde su puerto o hasta la terminal de ferry de su elecci\u00f3n. \u00a0<br \/>Prestamos servicio en las ciudades de :\u00a0<br \/><a href=\"https:\/\/www.vtc-limousine.fr\/es\/vtc-traslado-privado\/vtc-traslado-crucero-puerto-marsella\/\">Ch\u00f3fer privado Terminal de ferry y terminales de cruceros de Marsella<\/a><br \/><a href=\"https:\/\/www.vtc-limousine.fr\/es\/chofer-privado\/location-chauffeur-prive-region-paca\/location-de-voiture-avec-chauffeur-avignon\/\">Cruceros fluviales por Avi\u00f1\u00f3n con ch\u00f3fer privado<\/a>\u00a0<br \/>Ch\u00f3fer privado St-Tropez puerto<br \/>Ch\u00f3fer privado Cannes puerto Canto\u00a0<br \/>Ch\u00f3fer privado puerto de M\u00f3naco\u00a0<br \/>Ch\u00f3fer privado Puerto de Niza\u00a0<br \/>Ch\u00f3fer privado Terminal de ferry de Tol\u00f3n y terminales de cruceros\u00a0<\/p>\t\t\t\t\t\t\t\t<\/div>\n\t\t\t\t<\/div>\n\t\t\t\t\t<\/div>\n\t\t<\/div>\n\t\t\t\t\t<\/div>\n\t\t<\/section>\n\t\t\t\t<\/div>\n\t\t\t\t<\/div>\n\t\t\t\t\t\t<\/div>\n\t\t\t\t<\/div>\n\t\t\t\t\t<\/div>\n\t\t<\/div>\n\t\t\t\t\t<\/div>\n\t\t<\/section>\n\t\t\t\t<\/div>","protected":false},"excerpt":{"rendered":"<p>Reserve su servicio de ch\u00f3fer para un viaje de alta gama desde el hotel Les Lodges Sainte-Victoire. Disfrute de un servicio de transporte premium.<\/p>","protected":false},"author":2,"featured_media":22137,"parent":13161,"menu_order":0,"comment_status":"closed","ping_status":"closed","template":"","meta":{"footnotes":""},"class_list":["post-22128","page","type-page","status-publish","has-post-thumbnail","hentry"],"_links":{"self":[{"href":"https:\/\/www.vtc-limousine.fr\/es\/wp-json\/wp\/v2\/pages\/22128","targetHints":{"allow":["GET"]}}],"collection":[{"href":"https:\/\/www.vtc-limousine.fr\/es\/wp-json\/wp\/v2\/pages"}],"about":[{"href":"https:\/\/www.vtc-limousine.fr\/es\/wp-json\/wp\/v2\/types\/page"}],"author":[{"embeddable":true,"href":"https:\/\/www.vtc-limousine.fr\/es\/wp-json\/wp\/v2\/users\/2"}],"replies":[{"embeddable":true,"href":"https:\/\/www.vtc-limousine.fr\/es\/wp-json\/wp\/v2\/comments?post=22128"}],"version-history":[{"count":12,"href":"https:\/\/www.vtc-limousine.fr\/es\/wp-json\/wp\/v2\/pages\/22128\/revisions"}],"predecessor-version":[{"id":23826,"href":"https:\/\/www.vtc-limousine.fr\/es\/wp-json\/wp\/v2\/pages\/22128\/revisions\/23826"}],"up":[{"embeddable":true,"href":"https:\/\/www.vtc-limousine.fr\/es\/wp-json\/wp\/v2\/pages\/13161"}],"wp:featuredmedia":[{"embeddable":true,"href":"https:\/\/www.vtc-limousine.fr\/es\/wp-json\/wp\/v2\/media\/22137"}],"wp:attachment":[{"href":"https:\/\/www.vtc-limousine.fr\/es\/wp-json\/wp\/v2\/media?parent=22128"}],"curies":[{"name":"wp","href":"https:\/\/api.w.org\/{rel}","templated":true}]}}