{"id":14731,"date":"2022-04-25T14:29:10","date_gmt":"2022-04-25T14:29:10","guid":{"rendered":"https:\/\/www.vtc-limousine.fr\/?page_id=14731"},"modified":"2025-04-20T09:25:08","modified_gmt":"2025-04-20T09:25:08","slug":"vtc-transfer-aix-en-provence-estacion-de-tgv","status":"publish","type":"page","link":"https:\/\/www.vtc-limousine.fr\/es\/vtc-traslado-privado\/vtc-transfer-aix-en-provence-estacion-de-tgv\/","title":{"rendered":"Traslado VTC Estaci\u00f3n de TGV de Aix en Provence"},"content":{"rendered":"<div data-elementor-type=\"wp-page\" data-elementor-id=\"14731\" class=\"elementor elementor-14731\" data-elementor-post-type=\"page\">\n\t\t\t\t\t\t<section class=\"elementor-section elementor-top-section elementor-element elementor-element-5e739282 elementor-section-full_width elementor-section-height-min-height elementor-section-height-default elementor-section-items-middle\" data-id=\"5e739282\" data-element_type=\"section\" data-e-type=\"section\" data-settings=\"{&quot;background_background&quot;:&quot;classic&quot;}\">\n\t\t\t\t\t\t\t<div class=\"elementor-background-overlay\"><\/div>\n\t\t\t\t\t\t\t<div class=\"elementor-container elementor-column-gap-default\">\n\t\t\t\t\t<div class=\"elementor-column elementor-col-100 elementor-top-column elementor-element elementor-element-1faf7528\" data-id=\"1faf7528\" data-element_type=\"column\" data-e-type=\"column\">\n\t\t\t<div class=\"elementor-widget-wrap\">\n\t\t\t\t\t\t\t<\/div>\n\t\t<\/div>\n\t\t\t\t\t<\/div>\n\t\t<\/section>\n\t\t\t\t<section class=\"elementor-section elementor-top-section elementor-element elementor-element-65088e05 elementor-section-boxed elementor-section-height-default elementor-section-height-default\" data-id=\"65088e05\" data-element_type=\"section\" data-e-type=\"section\">\n\t\t\t\t\t\t<div class=\"elementor-container elementor-column-gap-default\">\n\t\t\t\t\t<div class=\"elementor-column elementor-col-100 elementor-top-column elementor-element elementor-element-344a6702\" data-id=\"344a6702\" data-element_type=\"column\" data-e-type=\"column\">\n\t\t\t<div class=\"elementor-widget-wrap elementor-element-populated\">\n\t\t\t\t\t\t<div class=\"elementor-element elementor-element-18f76e2 elementor-widget elementor-widget-shortcode\" data-id=\"18f76e2\" data-element_type=\"widget\" data-e-type=\"widget\" data-widget_type=\"shortcode.default\">\n\t\t\t\t<div class=\"elementor-widget-container\">\n\t\t\t\t\t\t\t<div class=\"elementor-shortcode\"><nav aria-label=\"pan rallado\">\n            <div class=\"breadcrumb-container theme1\">\n                <ol>\n                                    <\/ol>\n            <\/div>\n        <\/nav>    <script type=\"application\/ld+json\">\n        {\n            \"@context\": \"http:\/\/schema.org\",\n            \"@type\": \"BreadcrumbList\",\n            \"itemListElement\": [\n                            ]\n        }\n    <\/script>\n   \n    <script>\n            <\/script>\n<\/div>\n\t\t\t\t\t\t<\/div>\n\t\t\t\t<\/div>\n\t\t\t\t<div class=\"elementor-element elementor-element-6d44219e elementor-widget elementor-widget-heading\" data-id=\"6d44219e\" data-element_type=\"widget\" data-e-type=\"widget\" data-widget_type=\"heading.default\">\n\t\t\t\t<div class=\"elementor-widget-container\">\n\t\t\t\t\t<h1 class=\"elementor-heading-title elementor-size-default\">Traslado VTC Estaci\u00f3n de TGV de Aix en Provence<\/h1>\t\t\t\t<\/div>\n\t\t\t\t<\/div>\n\t\t\t\t<div class=\"elementor-element elementor-element-b4886bc elementor-widget elementor-widget-heading\" data-id=\"b4886bc\" data-element_type=\"widget\" data-e-type=\"widget\" data-widget_type=\"heading.default\">\n\t\t\t\t<div class=\"elementor-widget-container\">\n\t\t\t\t\t<h2 class=\"elementor-heading-title elementor-size-default\">VTC Transfer Estaci\u00f3n de TGV de Aix-en-Provence - Comodidad, puntualidad y servicio Premium<\/h2>\t\t\t\t<\/div>\n\t\t\t\t<\/div>\n\t\t\t\t\t<\/div>\n\t\t<\/div>\n\t\t\t\t\t<\/div>\n\t\t<\/section>\n\t\t\t\t<section class=\"elementor-section elementor-top-section elementor-element elementor-element-c8573c3 elementor-section-boxed elementor-section-height-default elementor-section-height-default\" data-id=\"c8573c3\" data-element_type=\"section\" data-e-type=\"section\">\n\t\t\t\t\t\t<div class=\"elementor-container elementor-column-gap-default\">\n\t\t\t\t\t<div class=\"elementor-column elementor-col-100 elementor-top-column elementor-element elementor-element-3ae0696\" data-id=\"3ae0696\" data-element_type=\"column\" data-e-type=\"column\">\n\t\t\t<div class=\"elementor-widget-wrap elementor-element-populated\">\n\t\t\t\t\t\t<div class=\"elementor-element elementor-element-e3cfce5 elementor-widget elementor-widget-text-editor\" data-id=\"e3cfce5\" data-element_type=\"widget\" data-e-type=\"widget\" data-widget_type=\"text-editor.default\">\n\t\t\t\t<div class=\"elementor-widget-container\">\n\t\t\t\t\t\t\t\t\t<h2>Servicio premium con limusina Class-eDriver<\/h2>\t\t\t\t\t\t\t\t<\/div>\n\t\t\t\t<\/div>\n\t\t\t\t\t<\/div>\n\t\t<\/div>\n\t\t\t\t\t<\/div>\n\t\t<\/section>\n\t\t\t\t<section class=\"elementor-section elementor-top-section elementor-element elementor-element-e0f973c elementor-section-boxed elementor-section-height-default elementor-section-height-default\" data-id=\"e0f973c\" data-element_type=\"section\" data-e-type=\"section\">\n\t\t\t\t\t\t<div class=\"elementor-container elementor-column-gap-default\">\n\t\t\t\t\t<div class=\"elementor-column elementor-col-50 elementor-top-column elementor-element elementor-element-0ea50db\" data-id=\"0ea50db\" data-element_type=\"column\" data-e-type=\"column\">\n\t\t\t<div class=\"elementor-widget-wrap elementor-element-populated\">\n\t\t\t\t\t\t<div class=\"elementor-element elementor-element-da1a3b7 elementor-widget elementor-widget-text-editor\" data-id=\"da1a3b7\" data-element_type=\"widget\" data-e-type=\"widget\" data-widget_type=\"text-editor.default\">\n\t\t\t\t<div class=\"elementor-widget-container\">\n\t\t\t\t\t\t\t\t\t<div class=\"flex h-full w-full flex-col\"><div class=\"relative flex h-full w-full flex-1 overflow-hidden transition-colors z-0\"><div class=\"relative flex h-full w-full flex-row overflow-hidden\"><div class=\"relative flex h-full max-w-full flex-1 flex-col overflow-hidden\"><div id=\"thread\" class=\"group\/thread @container\/thread h-full w-full\"><div class=\"composer-parent flex flex-col focus-visible:outline-0 h-full\" role=\"presentation\"><div class=\"flex shrink basis-auto flex-col overflow-hidden -mb-(--composer-overlap-px) [--composer-overlap-px:24px] grow\"><div class=\"relative h-full\"><div class=\"flex h-full flex-col overflow-y-auto [scrollbar-gutter:stable]\"><div class=\"@thread-xl\/thread:pt-header-height mt-1.5 flex flex-col text-sm md:pb-9\"><article class=\"text-token-text-primary w-full\" dir=\"auto\" data-testid=\"conversation-turn-2\" data-scroll-anchor=\"true\"><div class=\"text-base my-auto mx-auto py-5 [--thread-content-margin:--spacing(4)] @[37rem]:[--thread-content-margin:--spacing(6)] @[70rem]:[--thread-content-margin:--spacing(12)] px-(--thread-content-margin)\"><div class=\"[--thread-content-max-width:32rem] @[34rem]:[--thread-content-max-width:40rem] @[64rem]:[--thread-content-max-width:48rem] mx-auto flex max-w-(--thread-content-max-width) flex-1 text-base gap-4 md:gap-5 lg:gap-6 group\/turn-messages focus-visible:outline-hidden\" tabindex=\"-1\"><div class=\"group\/conversation-turn relative flex w-full min-w-0 flex-col agent-turn\"><div class=\"relative flex-col gap-1 md:gap-3\"><div class=\"flex max-w-full flex-col grow\"><div class=\"min-h-8 text-message relative flex w-full flex-col items-end gap-2 text-start break-words whitespace-normal [.text-message+&amp;]:mt-5\" dir=\"auto\" data-message-author-role=\"assistant\" data-message-id=\"2deca012-0631-489a-b001-e0e42a11e370\" data-message-model-slug=\"gpt-4o\"><div class=\"flex w-full flex-col gap-1 empty:hidden first:pt-[3px]\"><div class=\"markdown prose dark:prose-invert w-full break-words light\"><h2 class=\"\" data-start=\"207\" data-end=\"272\">Reserve su ch\u00f3fer privado en la estaci\u00f3n de TGV de Aix-en-Provence<\/h2><p class=\"\" data-start=\"274\" data-end=\"393\"><span class=\"relative -mx-px my-[-0.2rem] rounded px-px py-[0.2rem] transition-colors duration-100 ease-in-out\">\u00bfLlega o sale de la estaci\u00f3n de TGV de Aix-en-Provence? Reg\u00e1lese un traslado de alta gama con Class-eDriver, su servicio VTC de confianza.<\/span> <span class=\"relative -mx-px my-[-0.2rem] rounded px-px py-[0.2rem] transition-colors duration-100 ease-in-out\">Disfrute de una acogida personalizada, un confort \u00f3ptimo y una puntualidad impecable para todos sus desplazamientos profesionales o privados.<\/span>\u200b<\/p><h2 class=\"\" data-start=\"395\" data-end=\"477\">\u00bfPor qu\u00e9 elegir Class-eDriver para su traslado VTC a Aix-en-Provence TGV?<\/h2><h3 class=\"\" data-start=\"479\" data-end=\"529\">1. Acogida personalizada y seguimiento en tiempo real<\/h3><p class=\"\" data-start=\"531\" data-end=\"688\"><span class=\"relative -mx-px my-[-0.2rem] rounded px-px py-[0.2rem] transition-colors duration-100 ease-in-out\">En cuanto llegue, nuestro conductor le dar\u00e1 la bienvenida con una tarjeta identificativa y se har\u00e1 cargo de su equipaje.<\/span> <span class=\"relative -mx-px my-[-0.2rem] rounded px-px py-[0.2rem] transition-colors duration-100 ease-in-out\">Si su tren se retrasa, podemos seguir la llegada de su TGV en tiempo real y ajustar nuestra presencia sin coste adicional.<\/span> 2. <a href=\"https:\/\/www.vtc-limousine.fr\/es\/clase-edriver-limusina\/nuestros-vehiculos\/\" target=\"_blank\" rel=\"noopener\">Flota de veh\u00edculos de alta gama<\/a><\/p><p class=\"\" data-start=\"732\" data-end=\"897\"><span class=\"relative -mx-px my-[-0.2rem] rounded px-px py-[0.2rem] transition-colors duration-100 ease-in-out\">Viaje en nuestros veh\u00edculos de prestigio: berlinas, monovol\u00famenes, minibuses, Tesla y Mercedes.<\/span> <span class=\"relative -mx-px my-[-0.2rem] rounded px-px py-[0.2rem] transition-colors duration-100 ease-in-out\">Tanto si viaja solo como en un grupo de hasta 52 personas, tenemos el veh\u00edculo que se adapta a sus necesidades.<\/span> \u200b<\/p><h3 class=\"\" data-start=\"899\" data-end=\"944\">3. Conductores profesionales biling\u00fces<\/h3><p class=\"\" data-start=\"946\" data-end=\"1111\"><span class=\"relative -mx-px my-[-0.2rem] rounded px-px py-[0.2rem] transition-colors duration-100 ease-in-out\">Nuestros experimentados conductores, de traje y corbata, hablan ingl\u00e9s y est\u00e1n formados para garantizar discreci\u00f3n, cortes\u00eda y profesionalidad.<\/span> <span class=\"relative -mx-px my-[-0.2rem] rounded px-px py-[0.2rem] transition-colors duration-100 ease-in-out\">Conocen la zona a la perfecci\u00f3n, por lo que pueden conducirle con total seguridad.<\/span>\u00a0<\/p><h3 class=\"\" data-start=\"1113\" data-end=\"1148\">4. Reserva r\u00e1pida y sencilla<\/h3><p class=\"\" data-start=\"1150\" data-end=\"1315\"><span class=\"relative -mx-px my-[-0.2rem] rounded px-px py-[0.2rem] transition-colors duration-100 ease-in-out\">Reserve su VTC en l\u00ednea 24 horas al d\u00eda, 7 d\u00edas a la semana, a trav\u00e9s de nuestra p\u00e1gina web o por tel\u00e9fono.<\/span> <span class=\"relative -mx-px my-[-0.2rem] rounded px-px py-[0.2rem] transition-colors duration-100 ease-in-out\">Obtenga un presupuesto al instante y benef\u00edciese de tarifas fijas sin sorpresas.<\/span>\u00a0<\/p><h2 class=\"\" data-start=\"1317\" data-end=\"1353\">Servicios adicionales<\/h2><ul data-start=\"1355\" data-end=\"1728\"><li class=\"\" data-start=\"1355\" data-end=\"1432\"><p class=\"\" data-start=\"1357\" data-end=\"1432\"><strong data-start=\"1357\" data-end=\"1390\">Traslados aeropuerto<\/strong> : <span class=\"relative -mx-px my-[-0.2rem] rounded px-px py-[0.2rem] transition-colors duration-100 ease-in-out\"><a href=\"https:\/\/www.marseille.aeroport.fr\/\" target=\"_blank\" rel=\"noopener\">Marsella Provenza<\/a>Niza Costa Azul, Toulon Hy\u00e8res, Avi\u00f1\u00f3n Provenza, Montpellier M\u00e9diterran\u00e9e, etc.<\/span><\/p><\/li><li class=\"\" data-start=\"1433\" data-end=\"1506\"><p class=\"\" data-start=\"1435\" data-end=\"1506\"><strong data-start=\"1435\" data-end=\"1464\">Traslados a puertos<\/strong> : <span class=\"relative -mx-px my-[-0.2rem] rounded px-px py-[0.2rem] transition-colors duration-100 ease-in-out\">Marsella, Saint-Tropez, Cannes, M\u00f3naco, Niza, Toulon.<\/span><\/p><\/li><li class=\"\" data-start=\"1507\" data-end=\"1573\"><p class=\"\" data-start=\"1509\" data-end=\"1573\"><strong data-start=\"1509\" data-end=\"1531\">Disponibilidad<\/strong> : <span class=\"relative -mx-px my-[-0.2rem] rounded px-px py-[0.2rem] transition-colors duration-100 ease-in-out\">Ch\u00f3fer por horas para sus eventos, seminarios, bodas o excursiones.<\/span><\/p><\/li><li class=\"\" data-start=\"1574\" data-end=\"1728\"><p class=\"\" data-start=\"1576\" data-end=\"1728\"><strong data-start=\"1576\" data-end=\"1600\">Servicios espec\u00edficos<\/strong> : <span class=\"relative -mx-px my-[-0.2rem] rounded px-px py-[0.2rem] transition-colors duration-100 ease-in-out\">Sillas de coche bajo petici\u00f3n, se aceptan mascotas en jaula de transporte, pago con tarjeta o en efectivo.<\/span><\/p><\/li><\/ul><h2 class=\"\" data-start=\"1730\" data-end=\"1783\">Estaci\u00f3n de TGV de Aix-en-Provence: un centro estrat\u00e9gico<\/h2><p class=\"\" data-start=\"1785\" data-end=\"1990\"><span class=\"relative -mx-px my-[-0.2rem] rounded px-px py-[0.2rem] transition-colors duration-100 ease-in-out\">Situada a unos 15 km del centro de la ciudad, la estaci\u00f3n de TGV de Aix-en-Provence es un punto clave para los viajeros en Provenza.<\/span> <span class=\"relative -mx-px my-[-0.2rem] rounded px-px py-[0.2rem] transition-colors duration-100 ease-in-out\">Con casi 50 trenes TGV diarios, conecta r\u00e1pidamente Aix-en-Provence con Par\u00eds, Lyon, Marsella y otras grandes ciudades.<\/span> <span class=\"relative -mx-px my-[-0.2rem] rounded px-px py-[0.2rem] transition-colors duration-100 ease-in-out\">Su moderna arquitectura y sus servicios (restaurantes, tiendas, zonas de descanso) la convierten en una estaci\u00f3n acogedora y funcional.<\/span> \u200b<\/p><h2 class=\"\" data-start=\"1992\" data-end=\"2042\">\u00bfC\u00f3mo reservar su ch\u00f3fer privado con Class-eDriver?<\/h2><ol data-start=\"2044\" data-end=\"2269\"><li class=\"\" data-start=\"2044\" data-end=\"2101\"><p class=\"\" data-start=\"2047\" data-end=\"2101\"><strong data-start=\"2047\" data-end=\"2059\">En l\u00ednea<\/strong> : <span class=\"relative -mx-px my-[-0.2rem] rounded px-px py-[0.2rem] transition-colors duration-100 ease-in-out\">Visite nuestro de\u00a0<a href=\"https:\/\/www.vtc-limousine.fr\/es\/reserve-su-chofer-privado\/\" target=\"_blank\" rel=\"noopener\">formulario de reserva.<\/a><\/span><\/p><\/li><li class=\"\" data-start=\"2102\" data-end=\"2164\"><p class=\"\" data-start=\"2105\" data-end=\"2164\"><strong data-start=\"2105\" data-end=\"2122\">Por tel\u00e9fono<\/strong> : <span class=\"relative -mx-px my-[-0.2rem] rounded px-px py-[0.2rem] transition-colors duration-100 ease-in-out\">Ll\u00e1menos al +33(0)4 13 33 33 00 para recibir asistencia personalizada.<\/span><\/p><\/li><li class=\"\" data-start=\"2165\" data-end=\"2269\"><p class=\"\" data-start=\"2168\" data-end=\"2269\"><strong data-start=\"2168\" data-end=\"2181\">Por correo electr\u00f3nico<\/strong> : <span class=\"relative -mx-px my-[-0.2rem] rounded px-px py-[0.2rem] transition-colors duration-100 ease-in-out\">Env\u00ede su solicitud a contact[@]class-edriver.fr.<\/span>\u200b<\/p><\/li><\/ol><h2 class=\"\" data-start=\"2271\" data-end=\"2316\">\u00bfPor qu\u00e9 conf\u00edan en nosotros nuestros clientes?<\/h2><ul data-start=\"2318\" data-end=\"2598\"><li class=\"\" data-start=\"2318\" data-end=\"2375\"><p class=\"\" data-start=\"2320\" data-end=\"2375\"><strong data-start=\"2320\" data-end=\"2333\">Fiabilidad<\/strong> : <span class=\"relative -mx-px my-[-0.2rem] rounded px-px py-[0.2rem] transition-colors duration-100 ease-in-out\">Puntualidad y profesionalidad son nuestras consignas.<\/span><\/p><\/li><li class=\"\" data-start=\"2376\" data-end=\"2431\"><p class=\"\" data-start=\"2378\" data-end=\"2431\"><strong data-start=\"2378\" data-end=\"2389\">Confort<\/strong> : <span class=\"relative -mx-px my-[-0.2rem] rounded px-px py-[0.2rem] transition-colors duration-100 ease-in-out\">Veh\u00edculos espaciosos y bien mantenidos para un viaje agradable.<\/span><\/p><\/li><li class=\"\" data-start=\"2432\" data-end=\"2492\"><p class=\"\" data-start=\"2434\" data-end=\"2492\"><strong data-start=\"2434\" data-end=\"2450\">Transparencia<\/strong> : <span class=\"relative -mx-px my-[-0.2rem] rounded px-px py-[0.2rem] transition-colors duration-100 ease-in-out\">Tarifas fijas, sin cargos ocultos.<\/span><\/p><\/li><li class=\"\" data-start=\"2493\" data-end=\"2598\"><p class=\"\" data-start=\"2495\" data-end=\"2598\"><strong data-start=\"2495\" data-end=\"2510\">Flexibilidad<\/strong> : <span class=\"relative -mx-px my-[-0.2rem] rounded px-px py-[0.2rem] transition-colors duration-100 ease-in-out\">A la medida de sus necesidades espec\u00edficas, tanto si se trata de una simple transferencia como de una prestaci\u00f3n de servicios<\/span><\/p><\/li><\/ul><h2 class=\"\" data-start=\"2600\" data-end=\"2613\">Conclusi\u00f3n<\/h2><p class=\"\" data-start=\"2615\" data-end=\"2780\"><span class=\"relative -mx-px my-[-0.2rem] rounded px-px py-[0.2rem] transition-colors duration-100 ease-in-out\">Para un traslado sin estr\u00e9s hacia o desde la estaci\u00f3n TGV de Aix-en-Provence, conf\u00ede en Class-eDriver.<\/span> <span class=\"relative -mx-px my-[-0.2rem] rounded px-px py-[0.2rem] transition-colors duration-100 ease-in-out\">Nuestro compromiso: ofrecerle un verdadero <strong>Servicio de ch\u00f3feres de calidad<\/strong> confort, seguridad y eficiencia.<\/span> <span class=\"relative -mx-px my-[-0.2rem] rounded px-px py-[0.2rem] transition-colors duration-100 ease-in-out\">Reserve ahora y viaje tranquilo.<\/span><\/p><hr class=\"\" data-start=\"2782\" data-end=\"2785\" \/><\/div><\/div><\/div><\/div><\/div><\/div><\/div><\/div><\/article><\/div><\/div><\/div><\/div><div id=\"thread-bottom-container\" class=\"isolate z-3 w-full basis-auto has-data-has-thread-error:pt-2 has-data-has-thread-error:[box-shadow:var(--sharp-edge-bottom-shadow)] md:border-transparent md:pt-0 dark:border-white\/20 md:dark:border-transparent flex flex-col\"><div class=\"text-token-text-secondary relative mt-auto flex min-h-8 w-full items-center justify-center p-2 text-center text-xs md:px-[60px]\"><div>\u00a0<\/div><\/div><\/div><\/div><\/div><div class=\"group absolute end-2 bottom-2 z-20 flex flex-col gap-1 md:flex lg:end-3 lg:bottom-3\">\u00a0<\/div><\/div><\/div><div class=\"bg-token-sidebar-surface-primary relative z-1 shrink-0 overflow-x-hidden max-lg:w-0!\"><div class=\"absolute h-full pointer-events-none\"><div class=\"flex h-full flex-col\">\u00a0<\/div><\/div><\/div><\/div><\/div><div class=\"sr-only\" aria-live=\"assertive\" aria-atomic=\"true\">\u00a0<\/div><div class=\"sr-only\" aria-live=\"polite\" aria-atomic=\"true\">\u00a0<\/div><p><audio class=\"fixed start-0 bottom-0 hidden h-0 w-0\" crossorigin=\"anonymous\" autoplay=\"autoplay\" data-mce-fragment=\"1\"><\/audio><\/p>\t\t\t\t\t\t\t\t<\/div>\n\t\t\t\t<\/div>\n\t\t\t\t\t<\/div>\n\t\t<\/div>\n\t\t\t\t<div class=\"elementor-column elementor-col-50 elementor-top-column elementor-element elementor-element-5a2a091\" data-id=\"5a2a091\" data-element_type=\"column\" data-e-type=\"column\">\n\t\t\t<div class=\"elementor-widget-wrap elementor-element-populated\">\n\t\t\t\t\t\t<div class=\"elementor-element elementor-element-0720bfd elementor-widget elementor-widget-image\" data-id=\"0720bfd\" data-element_type=\"widget\" data-e-type=\"widget\" data-widget_type=\"image.default\">\n\t\t\t\t<div class=\"elementor-widget-container\">\n\t\t\t\t\t\t\t\t\t\t\t\t\t\t\t<img decoding=\"async\" src=\"https:\/\/www.vtc-limousine.fr\/wp-content\/uploads\/elementor\/thumbs\/Classe-E-Driver-Gammes-de-voitures-PS-118-copie-scaled-r4molg2gst1vilbo1ommpzl7bcdkuwgnye1tokddyo.jpg\" title=\"Clase E-Driver - Rangos de coches PS-118 copia\" alt=\"Ch\u00f3fer privado Aix en Provence TGV\" loading=\"lazy\" \/>\t\t\t\t\t\t\t\t\t\t\t\t\t\t\t<\/div>\n\t\t\t\t<\/div>\n\t\t\t\t<div class=\"elementor-element elementor-element-b77875a elementor-widget elementor-widget-image\" data-id=\"b77875a\" data-element_type=\"widget\" data-e-type=\"widget\" data-widget_type=\"image.default\">\n\t\t\t\t<div class=\"elementor-widget-container\">\n\t\t\t\t\t\t\t\t\t\t\t\t\t\t\t<img fetchpriority=\"high\" decoding=\"async\" width=\"800\" height=\"419\" src=\"https:\/\/www.vtc-limousine.fr\/wp-content\/uploads\/2025\/04\/Flotte-Mucem-copie-1024x536.jpg\" class=\"attachment-large size-large wp-image-22899\" alt=\"Ch\u00f3fer privado Aix en Provence TGV\" srcset=\"https:\/\/www.vtc-limousine.fr\/wp-content\/uploads\/2025\/04\/Flotte-Mucem-copie-1024x536.jpg 1024w, https:\/\/www.vtc-limousine.fr\/wp-content\/uploads\/2025\/04\/Flotte-Mucem-copie-300x157.jpg 300w, https:\/\/www.vtc-limousine.fr\/wp-content\/uploads\/2025\/04\/Flotte-Mucem-copie-768x402.jpg 768w, https:\/\/www.vtc-limousine.fr\/wp-content\/uploads\/2025\/04\/Flotte-Mucem-copie-1536x804.jpg 1536w, https:\/\/www.vtc-limousine.fr\/wp-content\/uploads\/2025\/04\/Flotte-Mucem-copie-scaled.jpg 2048w, https:\/\/www.vtc-limousine.fr\/wp-content\/uploads\/2025\/04\/Flotte-Mucem-copie-18x9.jpg 18w, https:\/\/www.vtc-limousine.fr\/wp-content\/uploads\/2025\/04\/Flotte-Mucem-copie-460x241.jpg 460w, https:\/\/www.vtc-limousine.fr\/wp-content\/uploads\/2025\/04\/Flotte-Mucem-copie-800x419.jpg 800w\" sizes=\"(max-width: 800px) 100vw, 800px\" \/>\t\t\t\t\t\t\t\t\t\t\t\t\t\t\t<\/div>\n\t\t\t\t<\/div>\n\t\t\t\t<div class=\"elementor-element elementor-element-a33fa49 elementor-widget elementor-widget-image\" data-id=\"a33fa49\" data-element_type=\"widget\" data-e-type=\"widget\" data-widget_type=\"image.default\">\n\t\t\t\t<div class=\"elementor-widget-container\">\n\t\t\t\t\t\t\t\t\t\t\t\t\t\t\t<img decoding=\"async\" src=\"https:\/\/www.vtc-limousine.fr\/wp-content\/uploads\/elementor\/thumbs\/1730740763695-r4mopjn4lsnw5ddb3yf23gckku67fdqiuoh210akts.jpg\" title=\"1730740763695\" alt=\"Ch\u00f3fer privado Aix en Provence TGV\" loading=\"lazy\" \/>\t\t\t\t\t\t\t\t\t\t\t\t\t\t\t<\/div>\n\t\t\t\t<\/div>\n\t\t\t\t<div class=\"elementor-element elementor-element-b2643a0 elementor-widget elementor-widget-spacer\" data-id=\"b2643a0\" data-element_type=\"widget\" data-e-type=\"widget\" data-widget_type=\"spacer.default\">\n\t\t\t\t<div class=\"elementor-widget-container\">\n\t\t\t\t\t\t\t<div class=\"elementor-spacer\">\n\t\t\t<div class=\"elementor-spacer-inner\"><\/div>\n\t\t<\/div>\n\t\t\t\t\t\t<\/div>\n\t\t\t\t<\/div>\n\t\t\t\t<div class=\"elementor-element elementor-element-427a811 elementor-widget elementor-widget-text-editor\" data-id=\"427a811\" data-element_type=\"widget\" data-e-type=\"widget\" data-widget_type=\"text-editor.default\">\n\t\t\t\t<div class=\"elementor-widget-container\">\n\t\t\t\t\t\t\t\t\t<p>\u00bfLlega a la Provenza y se aloja en uno de los hoteles de 5 estrellas m\u00e1s prestigiosos de Aix-en-Provence o sus alrededores? Nuestro servicio de traslado VTC desde la estaci\u00f3n TGV de Aix-en-Provence se encargar\u00e1 de que su llegada sea lo m\u00e1s relajada y elegante posible. Class-eDriver Limousine le acompa\u00f1ar\u00e1 a establecimientos excepcionales como <strong data-start=\"512\" data-end=\"542\">Les Lodges Sainte-Victoire<\/strong>, <strong data-start=\"544\" data-end=\"564\">Villa Saint-Ange<\/strong>, <strong data-start=\"566\" data-end=\"590\">Hotel Renaissance<\/strong>, <strong data-start=\"592\" data-end=\"613\">Villa La Coste<\/strong> o el suntuoso <strong data-start=\"637\" data-end=\"663\">Castillo de Fonscolombe<\/strong>. Nada m\u00e1s bajar del tren, su ch\u00f3fer privado le recibir\u00e1 personalmente con un cartel con su nombre, se har\u00e1 cargo de su equipaje y le sentar\u00e1 en un veh\u00edculo de alta gama: una c\u00f3moda berlina o furgoneta, 100 % el\u00e9ctrica o h\u00edbrida, seg\u00fan sus preferencias. Nuestros conductores profesionales y biling\u00fces conocen a la perfecci\u00f3n la zona y le conducir\u00e1n discretamente por una ruta optimizada. Tanto si viene para un retiro de bienestar, un seminario exclusivo o una escapada rom\u00e1ntica, nos aseguraremos de que su traslado refleje la elegancia de su estancia. Reserve en tan s\u00f3lo unos clics y disfrute de un servicio de ch\u00f3fer Premium fiable, puntual y a medida entre la estaci\u00f3n de TGV de Aix y los mejores hoteles de 5 estrellas de la regi\u00f3n.<\/p>\t\t\t\t\t\t\t\t<\/div>\n\t\t\t\t<\/div>\n\t\t\t\t\t<\/div>\n\t\t<\/div>\n\t\t\t\t\t<\/div>\n\t\t<\/section>\n\t\t\t\t<section class=\"elementor-section elementor-top-section elementor-element elementor-element-872576b elementor-section-boxed elementor-section-height-default elementor-section-height-default\" data-id=\"872576b\" data-element_type=\"section\" data-e-type=\"section\">\n\t\t\t\t\t\t<div class=\"elementor-container elementor-column-gap-default\">\n\t\t\t\t\t<div class=\"elementor-column elementor-col-100 elementor-top-column elementor-element elementor-element-0c770c6\" data-id=\"0c770c6\" data-element_type=\"column\" data-e-type=\"column\">\n\t\t\t<div class=\"elementor-widget-wrap\">\n\t\t\t\t\t\t\t<\/div>\n\t\t<\/div>\n\t\t\t\t\t<\/div>\n\t\t<\/section>\n\t\t\t\t<section class=\"elementor-section elementor-top-section elementor-element elementor-element-f8cd7d4 elementor-section-full_width elementor-section-height-default elementor-section-height-default\" data-id=\"f8cd7d4\" data-element_type=\"section\" data-e-type=\"section\">\n\t\t\t\t\t\t<div class=\"elementor-container elementor-column-gap-default\">\n\t\t\t\t\t<div class=\"elementor-column elementor-col-100 elementor-top-column elementor-element elementor-element-8e92e7d\" data-id=\"8e92e7d\" data-element_type=\"column\" data-e-type=\"column\">\n\t\t\t<div class=\"elementor-widget-wrap elementor-element-populated\">\n\t\t\t\t\t\t<div class=\"elementor-element elementor-element-d25f4b4 elementor-widget-divider--view-line elementor-widget elementor-widget-divider\" data-id=\"d25f4b4\" data-element_type=\"widget\" data-e-type=\"widget\" data-widget_type=\"divider.default\">\n\t\t\t\t<div class=\"elementor-widget-container\">\n\t\t\t\t\t\t\t<div class=\"elementor-divider\">\n\t\t\t<span class=\"elementor-divider-separator\">\n\t\t\t\t\t\t<\/span>\n\t\t<\/div>\n\t\t\t\t\t\t<\/div>\n\t\t\t\t<\/div>\n\t\t\t\t\t<\/div>\n\t\t<\/div>\n\t\t\t\t\t<\/div>\n\t\t<\/section>\n\t\t\t\t<section class=\"elementor-section elementor-top-section elementor-element elementor-element-d887e1b elementor-section-boxed elementor-section-height-default elementor-section-height-default\" data-id=\"d887e1b\" data-element_type=\"section\" data-e-type=\"section\">\n\t\t\t\t\t\t<div class=\"elementor-container elementor-column-gap-default\">\n\t\t\t\t\t<div class=\"elementor-column elementor-col-33 elementor-top-column elementor-element elementor-element-969f2bf\" data-id=\"969f2bf\" data-element_type=\"column\" data-e-type=\"column\">\n\t\t\t<div class=\"elementor-widget-wrap elementor-element-populated\">\n\t\t\t\t\t\t<div class=\"elementor-element elementor-element-6e91165 elementor-widget elementor-widget-heading\" data-id=\"6e91165\" data-element_type=\"widget\" data-e-type=\"widget\" data-widget_type=\"heading.default\">\n\t\t\t\t<div class=\"elementor-widget-container\">\n\t\t\t\t\t<h3 class=\"elementor-heading-title elementor-size-small\">VTC TRANSFER MARSELLA PROVENCE AEROPUERTO (MRS)<\/h3>\t\t\t\t<\/div>\n\t\t\t\t<\/div>\n\t\t\t\t\t<\/div>\n\t\t<\/div>\n\t\t\t\t<div class=\"elementor-column elementor-col-33 elementor-top-column elementor-element elementor-element-0ea0348\" data-id=\"0ea0348\" data-element_type=\"column\" data-e-type=\"column\">\n\t\t\t<div class=\"elementor-widget-wrap elementor-element-populated\">\n\t\t\t\t\t\t<div class=\"elementor-element elementor-element-35e8cff elementor-widget elementor-widget-heading\" data-id=\"35e8cff\" data-element_type=\"widget\" data-e-type=\"widget\" data-widget_type=\"heading.default\">\n\t\t\t\t<div class=\"elementor-widget-container\">\n\t\t\t\t\t<h3 class=\"elementor-heading-title elementor-size-small\">VTC TRANSFER AIX EN PROVENCE ESTACI\u00d3N DE TGV<\/h3>\t\t\t\t<\/div>\n\t\t\t\t<\/div>\n\t\t\t\t\t<\/div>\n\t\t<\/div>\n\t\t\t\t<div class=\"elementor-column elementor-col-33 elementor-top-column elementor-element elementor-element-4cf8eda\" data-id=\"4cf8eda\" data-element_type=\"column\" data-e-type=\"column\">\n\t\t\t<div class=\"elementor-widget-wrap elementor-element-populated\">\n\t\t\t\t\t\t<div class=\"elementor-element elementor-element-1d97f03 elementor-widget elementor-widget-heading\" data-id=\"1d97f03\" data-element_type=\"widget\" data-e-type=\"widget\" data-widget_type=\"heading.default\">\n\t\t\t\t<div class=\"elementor-widget-container\">\n\t\t\t\t\t<h3 class=\"elementor-heading-title elementor-size-small\">TRASLADO EN YATE LA CIOTAT<\/h3>\t\t\t\t<\/div>\n\t\t\t\t<\/div>\n\t\t\t\t\t<\/div>\n\t\t<\/div>\n\t\t\t\t\t<\/div>\n\t\t<\/section>\n\t\t\t\t<section class=\"elementor-section elementor-top-section elementor-element elementor-element-c7d1c2c elementor-section-boxed elementor-section-height-default elementor-section-height-default\" data-id=\"c7d1c2c\" data-element_type=\"section\" data-e-type=\"section\">\n\t\t\t\t\t\t<div class=\"elementor-container elementor-column-gap-default\">\n\t\t\t\t\t<div class=\"elementor-column elementor-col-100 elementor-top-column elementor-element elementor-element-3ccecc9\" data-id=\"3ccecc9\" data-element_type=\"column\" data-e-type=\"column\">\n\t\t\t<div class=\"elementor-widget-wrap elementor-element-populated\">\n\t\t\t\t\t\t<div class=\"elementor-element elementor-element-9f59eeb elementor-widget elementor-widget-global elementor-global-16809 elementor-widget-template\" data-id=\"9f59eeb\" data-element_type=\"widget\" data-e-type=\"widget\" data-widget_type=\"template.default\">\n\t\t\t\t<div class=\"elementor-widget-container\">\n\t\t\t\t\t\t\t<div class=\"elementor-template\">\n\t\t\t\t\t<div data-elementor-type=\"section\" data-elementor-id=\"16800\" class=\"elementor elementor-16800\" data-elementor-post-type=\"elementor_library\">\n\t\t\t\t\t<section class=\"elementor-section elementor-top-section elementor-element elementor-element-5ecc7df elementor-section-boxed elementor-section-height-default elementor-section-height-default\" data-id=\"5ecc7df\" data-element_type=\"section\" data-e-type=\"section\">\n\t\t\t\t\t\t<div class=\"elementor-container elementor-column-gap-default\">\n\t\t\t\t\t<div class=\"elementor-column elementor-col-33 elementor-top-column elementor-element elementor-element-50a92ca2\" data-id=\"50a92ca2\" data-element_type=\"column\" data-e-type=\"column\">\n\t\t\t<div class=\"elementor-widget-wrap elementor-element-populated\">\n\t\t\t\t\t\t<div class=\"elementor-element elementor-element-e63460a elementor-widget elementor-widget-image\" data-id=\"e63460a\" data-element_type=\"widget\" data-e-type=\"widget\" data-widget_type=\"image.default\">\n\t\t\t\t<div class=\"elementor-widget-container\">\n\t\t\t\t\t\t\t\t\t\t\t\t\t\t\t<img decoding=\"async\" src=\"https:\/\/www.vtc-limousine.fr\/wp-content\/uploads\/elementor\/thumbs\/WORK1015-trip-e1461841777748-1-qfq8fzc13hup8k9o2ksn15qh69mku450vmv2027j2c.jpg\" title=\"Viaje WORK1015\" alt=\"Mujer de negocios con maleta en el aeropuerto\" loading=\"lazy\" \/>\t\t\t\t\t\t\t\t\t\t\t\t\t\t\t<\/div>\n\t\t\t\t<\/div>\n\t\t\t\t<div class=\"elementor-element elementor-element-4ec7f1f1 elementor-widget elementor-widget-text-editor\" data-id=\"4ec7f1f1\" data-element_type=\"widget\" data-e-type=\"widget\" data-widget_type=\"text-editor.default\">\n\t\t\t\t<div class=\"elementor-widget-container\">\n\t\t\t\t\t\t\t\t\t<div class=\"four columns\"><div class=\"limoking-ux column-service-ux\"><div class=\"limoking-item limoking-column-service-item limoking-medium\"><div class=\"column-service-content-wrapper\"><div class=\"column-service-content limoking-skin-content\"><p>Su coche con ch\u00f3fer\u00a0<a href=\"https:\/\/www.vtc-limousine.fr\/es\/nuestros-vehiculos\/\">(VTC)<\/a>\u00a0le llevar\u00e1 desde su aeropuerto o al aeropuerto de su elecci\u00f3n. Prestamos servicio en los siguientes aeropuertos:\u00a0<br \/>\u00a0<a href=\"https:\/\/www.vtc-limousine.fr\/es\/vtc-traslado-privado\/vtc-traslado-aeropuerto-marsella-provenza\/\">Ch\u00f3fer Privado Aeropuerto Marsella Provenza<\/a>\u00a0<br \/><a href=\"https:\/\/www.vtc-limousine.fr\/es\/vtc-traslado-privado\/vtc-transfer-aeropuerto-nice-cote-dazur-nce\/\">Traslado privado con ch\u00f3fer VTC Aeropuerto de Niza Costa Azul (NCE)<\/a><br \/><a href=\"https:\/\/www.vtc-limousine.fr\/es\/vtc-traslado-privado\/reserve-un-chofer-privado-vtc-del-aeropuerto-de-marsella-a-monaco\/\">Ch\u00f3fer privado Helipuerto M\u00f3naco<\/a><br \/><a href=\"https:\/\/www.vtc-limousine.fr\/es\/vtc-traslado-privado\/vtc-aeroport-international-du-castellet-lfmq\/\">Ch\u00f3fer privado Castellet Aeropuerto<\/a><br \/><a href=\"https:\/\/www.vtc-limousine.fr\/es\/vtc-traslado-privado\/chofer-privado-saint-tropez\/\">Ch\u00f3fer privado St Tropez Golf Aeropuerto\u00a0<\/a><br \/><a href=\"https:\/\/www.vtc-limousine.fr\/es\/vtc-traslado-privado\/traslado-conductor-vtc-aeropuerto-avignon-avn\/\">Ch\u00f3fer privado Avignon Provence Aeropuerto\u00a0<\/a><br \/><a href=\"https:\/\/www.vtc-limousine.fr\/es\/vtc-traslado-privado\/vtc-traslado-toulon-hyeres-aeropuerto-tln\/\">Ch\u00f3fer privado Aeropuerto Toulon Hy\u00e8res<\/a><br \/><a href=\"https:\/\/www.vtc-limousine.fr\/es\/chofer-privado\/location-chauffeur-prive-region-paca\/alquiler-de-coches-con-conductor-montpellier\/\">Ch\u00f3fer privado Montpellier M\u00e9diterran\u00e9e Aeropuerto<\/a><\/p><\/div><\/div><\/div><\/div><\/div>\t\t\t\t\t\t\t\t<\/div>\n\t\t\t\t<\/div>\n\t\t\t\t\t<\/div>\n\t\t<\/div>\n\t\t\t\t<div class=\"elementor-column elementor-col-33 elementor-top-column elementor-element elementor-element-31c921a3\" data-id=\"31c921a3\" data-element_type=\"column\" data-e-type=\"column\">\n\t\t\t<div class=\"elementor-widget-wrap elementor-element-populated\">\n\t\t\t\t\t\t<div class=\"elementor-element elementor-element-637d2c84 elementor-widget elementor-widget-image\" data-id=\"637d2c84\" data-element_type=\"widget\" data-e-type=\"widget\" data-widget_type=\"image.default\">\n\t\t\t\t<div class=\"elementor-widget-container\">\n\t\t\t\t\t\t\t\t\t\t\t\t\t\t\t<img decoding=\"async\" src=\"https:\/\/www.vtc-limousine.fr\/wp-content\/uploads\/elementor\/thumbs\/aixtgv-e1462955693358-1-qfq89fejg2vqafsdc8ta5b9s2jxg634eb746jlxcg4.jpg\" title=\"4 T\" alt=\"Traslado VTC Estaci\u00f3n de TGV de Aix en Provence\" loading=\"lazy\" \/>\t\t\t\t\t\t\t\t\t\t\t\t\t\t\t<\/div>\n\t\t\t\t<\/div>\n\t\t\t\t<div class=\"elementor-element elementor-element-76f33913 elementor-widget elementor-widget-text-editor\" data-id=\"76f33913\" data-element_type=\"widget\" data-e-type=\"widget\" data-widget_type=\"text-editor.default\">\n\t\t\t\t<div class=\"elementor-widget-container\">\n\t\t\t\t\t\t\t\t\t<p>Su coche con ch\u00f3fer (VTC) le llevar\u00e1 desde su estaci\u00f3n o a la estaci\u00f3n que usted elija. Prestamos servicio en las siguientes estaciones:<br \/><a href=\"https:\/\/www.vtc-limousine.fr\/es\/chofer-privado\/location-chauffeur-prive-region-paca\/alquiler-de-coches-con-conductor-marsella\/\">Ch\u00f3fer privado Estaci\u00f3n de Marsella St Charles<\/a><br \/><a href=\"https:\/\/www.vtc-limousine.fr\/es\/vtc-traslado-privado\/vtc-transfer-aix-en-provence-estacion-de-tgv\/\">Ch\u00f3fer privado Estaci\u00f3n de TGV de Aix en Provence<\/a><br \/><a href=\"https:\/\/www.vtc-limousine.fr\/es\/chofer-privado\/location-chauffeur-prive-region-paca\/location-de-voiture-avec-chauffeur-avignon\/\">Ch\u00f3fer privado Avignon Estaci\u00f3n TGV<\/a><br \/>Ch\u00f3fer privado Estaci\u00f3n SNCF de Toulon\u00a0<br \/>Ch\u00f3fer privado Montpellier Estaci\u00f3n de Saint-Roch<\/p>\t\t\t\t\t\t\t\t<\/div>\n\t\t\t\t<\/div>\n\t\t\t\t\t<\/div>\n\t\t<\/div>\n\t\t\t\t<div class=\"elementor-column elementor-col-33 elementor-top-column elementor-element elementor-element-289b91c4\" data-id=\"289b91c4\" data-element_type=\"column\" data-e-type=\"column\">\n\t\t\t<div class=\"elementor-widget-wrap elementor-element-populated\">\n\t\t\t\t\t\t<div class=\"elementor-element elementor-element-675f4d91 elementor-widget elementor-widget-image\" data-id=\"675f4d91\" data-element_type=\"widget\" data-e-type=\"widget\" data-widget_type=\"image.default\">\n\t\t\t\t<div class=\"elementor-widget-container\">\n\t\t\t\t\t\t\t\t\t\t\t\t\t\t\t<img decoding=\"async\" src=\"https:\/\/www.vtc-limousine.fr\/wp-content\/uploads\/elementor\/thumbs\/12314661_1181324875230561_2549917994845135698_o-e1461913792875-1-qfq8eip2grun6ee4ly1j5j0nwou0v2c20ebv4kdkqs.jpg\" title=\"12314661_1181324875230561_2549917994845135698_o\" alt=\"12314661_1181324875230561_2549917994845135698_o\" loading=\"lazy\" \/>\t\t\t\t\t\t\t\t\t\t\t\t\t\t\t<\/div>\n\t\t\t\t<\/div>\n\t\t\t\t<div class=\"elementor-element elementor-element-4c0d46ee elementor-widget elementor-widget-text-editor\" data-id=\"4c0d46ee\" data-element_type=\"widget\" data-e-type=\"widget\" data-widget_type=\"text-editor.default\">\n\t\t\t\t<div class=\"elementor-widget-container\">\n\t\t\t\t\t\t\t\t\t<p>Su conductor\u00a0<a href=\"\/es\/nuestros-vehiculos\/\">(VTC)<\/a>\u00a0le llevar\u00e1 desde su puerto o hasta la terminal de ferry de su elecci\u00f3n. \u00a0<br \/>Prestamos servicio en las ciudades de :\u00a0<br \/><a href=\"https:\/\/www.vtc-limousine.fr\/es\/vtc-traslado-privado\/vtc-traslado-crucero-puerto-marsella\/\">Ch\u00f3fer privado Terminal de ferry y terminales de cruceros de Marsella<\/a><br \/><a href=\"https:\/\/www.vtc-limousine.fr\/es\/chofer-privado\/location-chauffeur-prive-region-paca\/location-de-voiture-avec-chauffeur-avignon\/\">Cruceros fluviales por Avi\u00f1\u00f3n con ch\u00f3fer privado<\/a>\u00a0<br \/>Ch\u00f3fer privado St-Tropez puerto<br \/>Ch\u00f3fer privado Cannes puerto Canto\u00a0<br \/>Ch\u00f3fer privado puerto de M\u00f3naco\u00a0<br \/>Ch\u00f3fer privado Puerto de Niza\u00a0<br \/>Ch\u00f3fer privado Terminal de ferry de Tol\u00f3n y terminales de cruceros\u00a0<\/p>\t\t\t\t\t\t\t\t<\/div>\n\t\t\t\t<\/div>\n\t\t\t\t\t<\/div>\n\t\t<\/div>\n\t\t\t\t\t<\/div>\n\t\t<\/section>\n\t\t\t\t<\/div>\n\t\t\t\t<\/div>\n\t\t\t\t\t\t<\/div>\n\t\t\t\t<\/div>\n\t\t\t\t\t<\/div>\n\t\t<\/div>\n\t\t\t\t\t<\/div>\n\t\t<\/section>\n\t\t\t\t<\/div>","protected":false},"excerpt":{"rendered":"<p>Traslado VTC Estaci\u00f3n de Aix-en-Provence TGV - Confort, Puntualidad y Servicio Premium Servicio Premium con Class-eDriver Limousine Reserve su ch\u00f3fer privado en la estaci\u00f3n de Aix-en-Provence TGV \u00bfLlega o sale de la estaci\u00f3n de Aix-en-Provence TGV? Reg\u00e1lese un traslado de alta gama con Class-eDriver, su servicio VTC de confianza. Disfrute de una acogida personalizada y de un confort \u00f3ptimo [...]<\/p>","protected":false},"author":1,"featured_media":22908,"parent":14046,"menu_order":0,"comment_status":"closed","ping_status":"closed","template":"","meta":{"footnotes":""},"class_list":["post-14731","page","type-page","status-publish","has-post-thumbnail","hentry"],"_links":{"self":[{"href":"https:\/\/www.vtc-limousine.fr\/es\/wp-json\/wp\/v2\/pages\/14731","targetHints":{"allow":["GET"]}}],"collection":[{"href":"https:\/\/www.vtc-limousine.fr\/es\/wp-json\/wp\/v2\/pages"}],"about":[{"href":"https:\/\/www.vtc-limousine.fr\/es\/wp-json\/wp\/v2\/types\/page"}],"author":[{"embeddable":true,"href":"https:\/\/www.vtc-limousine.fr\/es\/wp-json\/wp\/v2\/users\/1"}],"replies":[{"embeddable":true,"href":"https:\/\/www.vtc-limousine.fr\/es\/wp-json\/wp\/v2\/comments?post=14731"}],"version-history":[{"count":34,"href":"https:\/\/www.vtc-limousine.fr\/es\/wp-json\/wp\/v2\/pages\/14731\/revisions"}],"predecessor-version":[{"id":22917,"href":"https:\/\/www.vtc-limousine.fr\/es\/wp-json\/wp\/v2\/pages\/14731\/revisions\/22917"}],"up":[{"embeddable":true,"href":"https:\/\/www.vtc-limousine.fr\/es\/wp-json\/wp\/v2\/pages\/14046"}],"wp:featuredmedia":[{"embeddable":true,"href":"https:\/\/www.vtc-limousine.fr\/es\/wp-json\/wp\/v2\/media\/22908"}],"wp:attachment":[{"href":"https:\/\/www.vtc-limousine.fr\/es\/wp-json\/wp\/v2\/media?parent=14731"}],"curies":[{"name":"wp","href":"https:\/\/api.w.org\/{rel}","templated":true}]}}