{"id":14721,"date":"2022-04-25T14:22:22","date_gmt":"2022-04-25T14:22:22","guid":{"rendered":"https:\/\/www.vtc-limousine.fr\/?page_id=14721"},"modified":"2024-01-15T12:46:46","modified_gmt":"2024-01-15T12:46:46","slug":"traslado-conductor-vtc-aeropuerto-avignon-avn","status":"publish","type":"page","link":"https:\/\/www.vtc-limousine.fr\/es\/vtc-traslado-privado\/traslado-conductor-vtc-aeropuerto-avignon-avn\/","title":{"rendered":"Traslado &amp; Chofer VTC FBO AVIGNON Aeropuerto (AVN)"},"content":{"rendered":"<div data-elementor-type=\"wp-page\" data-elementor-id=\"14721\" class=\"elementor elementor-14721\" data-elementor-post-type=\"page\">\n\t\t\t\t\t\t<section class=\"elementor-section elementor-top-section elementor-element elementor-element-5e739282 elementor-section-full_width elementor-section-height-min-height elementor-section-height-default elementor-section-items-middle\" data-id=\"5e739282\" data-element_type=\"section\" data-e-type=\"section\" data-settings=\"{&quot;background_background&quot;:&quot;classic&quot;}\">\n\t\t\t\t\t\t\t<div class=\"elementor-background-overlay\"><\/div>\n\t\t\t\t\t\t\t<div class=\"elementor-container elementor-column-gap-default\">\n\t\t\t\t\t<div class=\"elementor-column elementor-col-100 elementor-top-column elementor-element elementor-element-1faf7528\" data-id=\"1faf7528\" data-element_type=\"column\" data-e-type=\"column\">\n\t\t\t<div class=\"elementor-widget-wrap\">\n\t\t\t\t\t\t\t<\/div>\n\t\t<\/div>\n\t\t\t\t\t<\/div>\n\t\t<\/section>\n\t\t\t\t<section class=\"elementor-section elementor-top-section elementor-element elementor-element-65088e05 elementor-section-boxed elementor-section-height-default elementor-section-height-default\" data-id=\"65088e05\" data-element_type=\"section\" data-e-type=\"section\">\n\t\t\t\t\t\t<div class=\"elementor-container elementor-column-gap-default\">\n\t\t\t\t\t<div class=\"elementor-column elementor-col-100 elementor-top-column elementor-element elementor-element-344a6702\" data-id=\"344a6702\" data-element_type=\"column\" data-e-type=\"column\">\n\t\t\t<div class=\"elementor-widget-wrap elementor-element-populated\">\n\t\t\t\t\t\t<div class=\"elementor-element elementor-element-18f76e2 elementor-widget elementor-widget-shortcode\" data-id=\"18f76e2\" data-element_type=\"widget\" data-e-type=\"widget\" data-widget_type=\"shortcode.default\">\n\t\t\t\t<div class=\"elementor-widget-container\">\n\t\t\t\t\t\t\t<div class=\"elementor-shortcode\"><nav aria-label=\"pan rallado\">\n            <div class=\"breadcrumb-container theme1\">\n                <ol>\n                                    <\/ol>\n            <\/div>\n        <\/nav>    <script type=\"application\/ld+json\">\n        {\n            \"@context\": \"http:\/\/schema.org\",\n            \"@type\": \"BreadcrumbList\",\n            \"itemListElement\": [\n                            ]\n        }\n    <\/script>\n   \n    <script>\n            <\/script>\n<\/div>\n\t\t\t\t\t\t<\/div>\n\t\t\t\t<\/div>\n\t\t\t\t<div class=\"elementor-element elementor-element-6d44219e elementor-widget elementor-widget-heading\" data-id=\"6d44219e\" data-element_type=\"widget\" data-e-type=\"widget\" data-widget_type=\"heading.default\">\n\t\t\t\t<div class=\"elementor-widget-container\">\n\t\t\t\t\t<h1 class=\"elementor-heading-title elementor-size-default\">Traslado &amp; Chofer VTC FBO AVIGNON Aeropuerto (AVN)<\/h1>\t\t\t\t<\/div>\n\t\t\t\t<\/div>\n\t\t\t\t<div class=\"elementor-element elementor-element-b4886bc elementor-widget elementor-widget-heading\" data-id=\"b4886bc\" data-element_type=\"widget\" data-e-type=\"widget\" data-widget_type=\"heading.default\">\n\t\t\t\t<div class=\"elementor-widget-container\">\n\t\t\t\t\t<h2 class=\"elementor-heading-title elementor-size-default\">Chauffeur VTC Avignon, Chauffeur Priv\u00e9 Avignon, Gordes, Saint Remy de Provence<\/h2>\t\t\t\t<\/div>\n\t\t\t\t<\/div>\n\t\t\t\t\t<\/div>\n\t\t<\/div>\n\t\t\t\t\t<\/div>\n\t\t<\/section>\n\t\t\t\t<section class=\"elementor-section elementor-top-section elementor-element elementor-element-c8573c3 elementor-section-boxed elementor-section-height-default elementor-section-height-default\" data-id=\"c8573c3\" data-element_type=\"section\" data-e-type=\"section\">\n\t\t\t\t\t\t<div class=\"elementor-container elementor-column-gap-default\">\n\t\t\t\t\t<div class=\"elementor-column elementor-col-100 elementor-top-column elementor-element elementor-element-3ae0696\" data-id=\"3ae0696\" data-element_type=\"column\" data-e-type=\"column\">\n\t\t\t<div class=\"elementor-widget-wrap elementor-element-populated\">\n\t\t\t\t\t\t<div class=\"elementor-element elementor-element-e3cfce5 elementor-widget elementor-widget-text-editor\" data-id=\"e3cfce5\" data-element_type=\"widget\" data-e-type=\"widget\" data-widget_type=\"text-editor.default\">\n\t\t\t\t<div class=\"elementor-widget-container\">\n\t\t\t\t\t\t\t\t\t<div class=\"about-us-title-wrapper\"><p class=\"limoking-page-title\" style=\"text-align: center;\"><strong>Traslado &amp; Chofer VTC FBO AVIGNON Aeropuerto (AVN) <br \/>\/ <a href=\"https:\/\/www.vtc-limousine.fr\/es\/controlador-privado-para-fbo-privateviation\/\" target=\"_blank\" rel=\"noopener\">Ch\u00f3fer privado FBO<\/a> <a href=\"https:\/\/avignon.aero\/\" target=\"_blank\" rel=\"noopener\">Aeropuerto de Avi\u00f1\u00f3n<\/a> (AVN)<\/strong><br \/>SIEMPRE HABR\u00c1 UN CONDUCTOR PRIVADO PARA RECIBIRLE.<\/p><\/div>\t\t\t\t\t\t\t\t<\/div>\n\t\t\t\t<\/div>\n\t\t\t\t\t<\/div>\n\t\t<\/div>\n\t\t\t\t\t<\/div>\n\t\t<\/section>\n\t\t\t\t<section class=\"elementor-section elementor-top-section elementor-element elementor-element-e0f973c elementor-section-boxed elementor-section-height-default elementor-section-height-default\" data-id=\"e0f973c\" data-element_type=\"section\" data-e-type=\"section\">\n\t\t\t\t\t\t<div class=\"elementor-container elementor-column-gap-default\">\n\t\t\t\t\t<div class=\"elementor-column elementor-col-33 elementor-top-column elementor-element elementor-element-0ea50db\" data-id=\"0ea50db\" data-element_type=\"column\" data-e-type=\"column\">\n\t\t\t<div class=\"elementor-widget-wrap elementor-element-populated\">\n\t\t\t\t\t\t<div class=\"elementor-element elementor-element-0720bfd elementor-widget elementor-widget-image\" data-id=\"0720bfd\" data-element_type=\"widget\" data-e-type=\"widget\" data-widget_type=\"image.default\">\n\t\t\t\t<div class=\"elementor-widget-container\">\n\t\t\t\t\t\t\t\t\t\t\t\t\t\t\t<img fetchpriority=\"high\" decoding=\"async\" width=\"400\" height=\"300\" src=\"https:\/\/www.vtc-limousine.fr\/wp-content\/uploads\/2022\/04\/banner-e1461944025802-400x300-1.jpg\" class=\"attachment-large size-large wp-image-14713\" alt=\"\" srcset=\"https:\/\/www.vtc-limousine.fr\/wp-content\/uploads\/2022\/04\/banner-e1461944025802-400x300-1.jpg 400w, https:\/\/www.vtc-limousine.fr\/wp-content\/uploads\/2022\/04\/banner-e1461944025802-400x300-1-300x225.jpg 300w\" sizes=\"(max-width: 400px) 100vw, 400px\" \/>\t\t\t\t\t\t\t\t\t\t\t\t\t\t\t<\/div>\n\t\t\t\t<\/div>\n\t\t\t\t\t<\/div>\n\t\t<\/div>\n\t\t\t\t<div class=\"elementor-column elementor-col-33 elementor-top-column elementor-element elementor-element-66a47ad\" data-id=\"66a47ad\" data-element_type=\"column\" data-e-type=\"column\">\n\t\t\t<div class=\"elementor-widget-wrap elementor-element-populated\">\n\t\t\t\t\t\t<div class=\"elementor-element elementor-element-b77875a elementor-widget elementor-widget-image\" data-id=\"b77875a\" data-element_type=\"widget\" data-e-type=\"widget\" data-widget_type=\"image.default\">\n\t\t\t\t<div class=\"elementor-widget-container\">\n\t\t\t\t\t\t\t\t\t\t\t\t\t\t\t<img decoding=\"async\" width=\"800\" height=\"536\" src=\"https:\/\/www.vtc-limousine.fr\/wp-content\/uploads\/2021\/02\/Chauffeur-Prive-FBO-Avignon-scaled-1-1024x686.jpeg\" class=\"attachment-large size-large wp-image-12901\" alt=\"Alquiler de coches con conductor Cannes\" srcset=\"https:\/\/www.vtc-limousine.fr\/wp-content\/uploads\/2021\/02\/Chauffeur-Prive-FBO-Avignon-scaled-1-1024x686.jpeg 1024w, https:\/\/www.vtc-limousine.fr\/wp-content\/uploads\/2021\/02\/Chauffeur-Prive-FBO-Avignon-scaled-1-300x201.jpeg 300w, https:\/\/www.vtc-limousine.fr\/wp-content\/uploads\/2021\/02\/Chauffeur-Prive-FBO-Avignon-scaled-1-768x515.jpeg 768w, https:\/\/www.vtc-limousine.fr\/wp-content\/uploads\/2021\/02\/Chauffeur-Prive-FBO-Avignon-scaled-1-1536x1029.jpeg 1536w, https:\/\/www.vtc-limousine.fr\/wp-content\/uploads\/2021\/02\/Chauffeur-Prive-FBO-Avignon-scaled-1-2048x1372.jpeg 2048w, https:\/\/www.vtc-limousine.fr\/wp-content\/uploads\/2021\/02\/Chauffeur-Prive-FBO-Avignon-scaled-1.jpeg 2000w\" sizes=\"(max-width: 800px) 100vw, 800px\" \/>\t\t\t\t\t\t\t\t\t\t\t\t\t\t\t<\/div>\n\t\t\t\t<\/div>\n\t\t\t\t\t<\/div>\n\t\t<\/div>\n\t\t\t\t<div class=\"elementor-column elementor-col-33 elementor-top-column elementor-element elementor-element-5a2a091\" data-id=\"5a2a091\" data-element_type=\"column\" data-e-type=\"column\">\n\t\t\t<div class=\"elementor-widget-wrap elementor-element-populated\">\n\t\t\t\t\t\t<div class=\"elementor-element elementor-element-a33fa49 elementor-widget elementor-widget-image\" data-id=\"a33fa49\" data-element_type=\"widget\" data-e-type=\"widget\" data-widget_type=\"image.default\">\n\t\t\t\t<div class=\"elementor-widget-container\">\n\t\t\t\t\t\t\t\t\t\t\t\t\t\t\t<img decoding=\"async\" width=\"400\" height=\"300\" src=\"https:\/\/www.vtc-limousine.fr\/wp-content\/uploads\/2022\/04\/ea9a3a82-8a75-4bb8-845a-bdb4317ea7aa-original-1-400x300-1.jpeg\" class=\"attachment-large size-large wp-image-14711\" alt=\"\" srcset=\"https:\/\/www.vtc-limousine.fr\/wp-content\/uploads\/2022\/04\/ea9a3a82-8a75-4bb8-845a-bdb4317ea7aa-original-1-400x300-1.jpeg 400w, https:\/\/www.vtc-limousine.fr\/wp-content\/uploads\/2022\/04\/ea9a3a82-8a75-4bb8-845a-bdb4317ea7aa-original-1-400x300-1-300x225.jpeg 300w\" sizes=\"(max-width: 400px) 100vw, 400px\" \/>\t\t\t\t\t\t\t\t\t\t\t\t\t\t\t<\/div>\n\t\t\t\t<\/div>\n\t\t\t\t\t<\/div>\n\t\t<\/div>\n\t\t\t\t\t<\/div>\n\t\t<\/section>\n\t\t\t\t<section class=\"elementor-section elementor-top-section elementor-element elementor-element-872576b elementor-section-boxed elementor-section-height-default elementor-section-height-default\" data-id=\"872576b\" data-element_type=\"section\" data-e-type=\"section\">\n\t\t\t\t\t\t<div class=\"elementor-container elementor-column-gap-default\">\n\t\t\t\t\t<div class=\"elementor-column elementor-col-100 elementor-top-column elementor-element elementor-element-0c770c6\" data-id=\"0c770c6\" data-element_type=\"column\" data-e-type=\"column\">\n\t\t\t<div class=\"elementor-widget-wrap elementor-element-populated\">\n\t\t\t\t\t\t<div class=\"elementor-element elementor-element-b2643a0 elementor-widget elementor-widget-spacer\" data-id=\"b2643a0\" data-element_type=\"widget\" data-e-type=\"widget\" data-widget_type=\"spacer.default\">\n\t\t\t\t<div class=\"elementor-widget-container\">\n\t\t\t\t\t\t\t<div class=\"elementor-spacer\">\n\t\t\t<div class=\"elementor-spacer-inner\"><\/div>\n\t\t<\/div>\n\t\t\t\t\t\t<\/div>\n\t\t\t\t<\/div>\n\t\t\t\t<div class=\"elementor-element elementor-element-e7d138d elementor-widget elementor-widget-text-editor\" data-id=\"e7d138d\" data-element_type=\"widget\" data-e-type=\"widget\" data-widget_type=\"text-editor.default\">\n\t\t\t\t<div class=\"elementor-widget-container\">\n\t\t\t\t\t\t\t\t\t<div class=\"about-us-title-wrapper\"><div class=\"about-us-title-divider\" style=\"text-align: center;\"><p><strong>Traslado VTC FBO AVIGNON Aeropuerto (AVN) \/ Ch\u00f3fer privado FBO Avignon <\/strong><b>Aeropuerto (AVN)<\/b><br \/>En cuanto llegue su tren, o en cuanto baje del avi\u00f3n, nuestro<strong>\u00a0controladores vtc<\/strong>\u00a0\u00a0biling\u00fces y con experiencia le dan la bienvenida.<br \/><strong><br \/><\/strong>Una bienvenida personalizada<br \/>Cuidamos de su equipaje.<br \/>Si su avi\u00f3n o tren se retrasa, su<strong>\u00a0Ch\u00f3fer privado<\/strong>\u00a0est\u00e1 informado y le espera<br \/>Aproveche nuestro sistema de seguimiento de vuelos para todas las recogidas en<strong>Aeropuerto de Avi\u00f1\u00f3n<\/strong>.<br \/>Nuestra\u00a0<strong>Ch\u00f3feres privados<\/strong>\u00a0Siga su llegada en tiempo real y ad\u00e1ptese a los posibles retrasos de su vuelo.<br \/>Nuestra\u00a0<strong>Ch\u00f3feres privados Avignon<\/strong>\u00a0comprometerse a mantener el m\u00e1ximo nivel de profesionalidad y discreci\u00f3n.<\/p><p>Class-eDriver Limousine le acompa\u00f1ar\u00e1 en todos sus desplazamientos, ya sean personales o profesionales.<\/p><p>Premium Car Service con\u00a0<strong><em>Ch\u00f3fer privado VTC AVIGNON,<\/em><\/strong>\u00a0BERLINE-MINIVAN-MINIBUS Privado,Business, 1 a 29 Pax<\/p><\/div><\/div>\t\t\t\t\t\t\t\t<\/div>\n\t\t\t\t<\/div>\n\t\t\t\t\t<\/div>\n\t\t<\/div>\n\t\t\t\t\t<\/div>\n\t\t<\/section>\n\t\t\t\t<section class=\"elementor-section elementor-top-section elementor-element elementor-element-6d4becc elementor-section-boxed elementor-section-height-default elementor-section-height-default\" data-id=\"6d4becc\" data-element_type=\"section\" data-e-type=\"section\">\n\t\t\t\t\t\t<div class=\"elementor-container elementor-column-gap-default\">\n\t\t\t\t\t<div class=\"elementor-column elementor-col-100 elementor-top-column elementor-element elementor-element-2a51c9e\" data-id=\"2a51c9e\" data-element_type=\"column\" data-e-type=\"column\">\n\t\t\t<div class=\"elementor-widget-wrap elementor-element-populated\">\n\t\t\t\t\t\t<div class=\"elementor-element elementor-element-17dcf33 elementor-widget elementor-widget-image\" data-id=\"17dcf33\" data-element_type=\"widget\" data-e-type=\"widget\" data-widget_type=\"image.default\">\n\t\t\t\t<div class=\"elementor-widget-container\">\n\t\t\t\t\t\t\t\t\t\t\t\t\t\t\t<img loading=\"lazy\" decoding=\"async\" width=\"800\" height=\"441\" src=\"https:\/\/www.vtc-limousine.fr\/wp-content\/uploads\/2022\/04\/0-1-1024x564-1.jpeg\" class=\"attachment-large size-large wp-image-14726\" alt=\"\" srcset=\"https:\/\/www.vtc-limousine.fr\/wp-content\/uploads\/2022\/04\/0-1-1024x564-1.jpeg 1024w, https:\/\/www.vtc-limousine.fr\/wp-content\/uploads\/2022\/04\/0-1-1024x564-1-300x165.jpeg 300w, https:\/\/www.vtc-limousine.fr\/wp-content\/uploads\/2022\/04\/0-1-1024x564-1-768x423.jpeg 768w\" sizes=\"(max-width: 800px) 100vw, 800px\" \/>\t\t\t\t\t\t\t\t\t\t\t\t\t\t\t<\/div>\n\t\t\t\t<\/div>\n\t\t\t\t\t<\/div>\n\t\t<\/div>\n\t\t\t\t\t<\/div>\n\t\t<\/section>\n\t\t\t\t<section class=\"elementor-section elementor-top-section elementor-element elementor-element-aec4193 elementor-section-boxed elementor-section-height-default elementor-section-height-default\" data-id=\"aec4193\" data-element_type=\"section\" data-e-type=\"section\">\n\t\t\t\t\t\t<div class=\"elementor-container elementor-column-gap-default\">\n\t\t\t\t\t<div class=\"elementor-column elementor-col-100 elementor-top-column elementor-element elementor-element-0839df6\" data-id=\"0839df6\" data-element_type=\"column\" data-e-type=\"column\">\n\t\t\t<div class=\"elementor-widget-wrap elementor-element-populated\">\n\t\t\t\t\t\t<div class=\"elementor-element elementor-element-429f53c elementor-widget elementor-widget-spacer\" data-id=\"429f53c\" data-element_type=\"widget\" data-e-type=\"widget\" data-widget_type=\"spacer.default\">\n\t\t\t\t<div class=\"elementor-widget-container\">\n\t\t\t\t\t\t\t<div class=\"elementor-spacer\">\n\t\t\t<div class=\"elementor-spacer-inner\"><\/div>\n\t\t<\/div>\n\t\t\t\t\t\t<\/div>\n\t\t\t\t<\/div>\n\t\t\t\t<div class=\"elementor-element elementor-element-31d05ef elementor-widget elementor-widget-text-editor\" data-id=\"31d05ef\" data-element_type=\"widget\" data-e-type=\"widget\" data-widget_type=\"text-editor.default\">\n\t\t\t\t<div class=\"elementor-widget-container\">\n\t\t\t\t\t\t\t\t\t<div class=\"about-us-title-wrapper\"><div class=\"about-us-title-divider\" style=\"text-align: center;\"><p><strong>Traslado VTC FBO AVIGNON Aeropuerto (AVN)<br \/>Traslado VTC FBO Aeropuerto AVIGNON (AVN) a Gordes\u00a0<br \/>Traslado VTC FBO AVIGNON Aeropuerto (AVN) a Saint Remy de Provence<br \/>Ch\u00f3fer privado Avignon<\/strong><\/p><\/div><\/div>\t\t\t\t\t\t\t\t<\/div>\n\t\t\t\t<\/div>\n\t\t\t\t\t<\/div>\n\t\t<\/div>\n\t\t\t\t\t<\/div>\n\t\t<\/section>\n\t\t\t\t<section class=\"elementor-section elementor-top-section elementor-element elementor-element-f8cd7d4 elementor-section-full_width elementor-section-height-default elementor-section-height-default\" data-id=\"f8cd7d4\" data-element_type=\"section\" data-e-type=\"section\">\n\t\t\t\t\t\t<div class=\"elementor-container elementor-column-gap-default\">\n\t\t\t\t\t<div class=\"elementor-column elementor-col-100 elementor-top-column elementor-element elementor-element-8e92e7d\" data-id=\"8e92e7d\" data-element_type=\"column\" data-e-type=\"column\">\n\t\t\t<div class=\"elementor-widget-wrap elementor-element-populated\">\n\t\t\t\t\t\t<div class=\"elementor-element elementor-element-d25f4b4 elementor-widget-divider--view-line elementor-widget elementor-widget-divider\" data-id=\"d25f4b4\" data-element_type=\"widget\" data-e-type=\"widget\" data-widget_type=\"divider.default\">\n\t\t\t\t<div class=\"elementor-widget-container\">\n\t\t\t\t\t\t\t<div class=\"elementor-divider\">\n\t\t\t<span class=\"elementor-divider-separator\">\n\t\t\t\t\t\t<\/span>\n\t\t<\/div>\n\t\t\t\t\t\t<\/div>\n\t\t\t\t<\/div>\n\t\t\t\t\t<\/div>\n\t\t<\/div>\n\t\t\t\t\t<\/div>\n\t\t<\/section>\n\t\t\t\t<section class=\"elementor-section elementor-top-section elementor-element elementor-element-d887e1b elementor-section-boxed elementor-section-height-default elementor-section-height-default\" data-id=\"d887e1b\" data-element_type=\"section\" data-e-type=\"section\">\n\t\t\t\t\t\t<div class=\"elementor-container elementor-column-gap-default\">\n\t\t\t\t\t<div class=\"elementor-column elementor-col-33 elementor-top-column elementor-element elementor-element-969f2bf\" data-id=\"969f2bf\" data-element_type=\"column\" data-e-type=\"column\">\n\t\t\t<div class=\"elementor-widget-wrap elementor-element-populated\">\n\t\t\t\t\t\t<div class=\"elementor-element elementor-element-6e91165 elementor-widget elementor-widget-heading\" data-id=\"6e91165\" data-element_type=\"widget\" data-e-type=\"widget\" data-widget_type=\"heading.default\">\n\t\t\t\t<div class=\"elementor-widget-container\">\n\t\t\t\t\t<h3 class=\"elementor-heading-title elementor-size-small\">VTC TRASLADO AEROPUERTO DE AVI\u00d1\u00d3N (AVN)<\/h3>\t\t\t\t<\/div>\n\t\t\t\t<\/div>\n\t\t\t\t\t<\/div>\n\t\t<\/div>\n\t\t\t\t<div class=\"elementor-column elementor-col-33 elementor-top-column elementor-element elementor-element-0ea0348\" data-id=\"0ea0348\" data-element_type=\"column\" data-e-type=\"column\">\n\t\t\t<div class=\"elementor-widget-wrap elementor-element-populated\">\n\t\t\t\t\t\t<div class=\"elementor-element elementor-element-35e8cff elementor-widget elementor-widget-heading\" data-id=\"35e8cff\" data-element_type=\"widget\" data-e-type=\"widget\" data-widget_type=\"heading.default\">\n\t\t\t\t<div class=\"elementor-widget-container\">\n\t\t\t\t\t<h3 class=\"elementor-heading-title elementor-size-small\">VTC TRASLADO AVIGNON ESTACION TGV<\/h3>\t\t\t\t<\/div>\n\t\t\t\t<\/div>\n\t\t\t\t\t<\/div>\n\t\t<\/div>\n\t\t\t\t<div class=\"elementor-column elementor-col-33 elementor-top-column elementor-element elementor-element-4cf8eda\" data-id=\"4cf8eda\" data-element_type=\"column\" data-e-type=\"column\">\n\t\t\t<div class=\"elementor-widget-wrap elementor-element-populated\">\n\t\t\t\t\t\t<div class=\"elementor-element elementor-element-1d97f03 elementor-widget elementor-widget-heading\" data-id=\"1d97f03\" data-element_type=\"widget\" data-e-type=\"widget\" data-widget_type=\"heading.default\">\n\t\t\t\t<div class=\"elementor-widget-container\">\n\t\t\t\t\t<h3 class=\"elementor-heading-title elementor-size-small\">TRASLADO EN YATE<\/h3>\t\t\t\t<\/div>\n\t\t\t\t<\/div>\n\t\t\t\t\t<\/div>\n\t\t<\/div>\n\t\t\t\t\t<\/div>\n\t\t<\/section>\n\t\t\t\t<section class=\"elementor-section elementor-top-section elementor-element elementor-element-a42c4f9 elementor-section-boxed elementor-section-height-default elementor-section-height-default\" data-id=\"a42c4f9\" data-element_type=\"section\" data-e-type=\"section\">\n\t\t\t\t\t\t<div class=\"elementor-container elementor-column-gap-default\">\n\t\t\t\t\t<div class=\"elementor-column elementor-col-100 elementor-top-column elementor-element elementor-element-abfbd43\" data-id=\"abfbd43\" data-element_type=\"column\" data-e-type=\"column\">\n\t\t\t<div class=\"elementor-widget-wrap elementor-element-populated\">\n\t\t\t\t\t\t<div class=\"elementor-element elementor-element-2038781 elementor-widget elementor-widget-global elementor-global-16809 elementor-widget-template\" data-id=\"2038781\" data-element_type=\"widget\" data-e-type=\"widget\" data-widget_type=\"template.default\">\n\t\t\t\t<div class=\"elementor-widget-container\">\n\t\t\t\t\t\t\t<div class=\"elementor-template\">\n\t\t\t\t\t<div data-elementor-type=\"section\" data-elementor-id=\"16800\" class=\"elementor elementor-16800\" data-elementor-post-type=\"elementor_library\">\n\t\t\t\t\t<section class=\"elementor-section elementor-top-section elementor-element elementor-element-5ecc7df elementor-section-boxed elementor-section-height-default elementor-section-height-default\" data-id=\"5ecc7df\" data-element_type=\"section\" data-e-type=\"section\">\n\t\t\t\t\t\t<div class=\"elementor-container elementor-column-gap-default\">\n\t\t\t\t\t<div class=\"elementor-column elementor-col-33 elementor-top-column elementor-element elementor-element-50a92ca2\" data-id=\"50a92ca2\" data-element_type=\"column\" data-e-type=\"column\">\n\t\t\t<div class=\"elementor-widget-wrap elementor-element-populated\">\n\t\t\t\t\t\t<div class=\"elementor-element elementor-element-e63460a elementor-widget elementor-widget-image\" data-id=\"e63460a\" data-element_type=\"widget\" data-e-type=\"widget\" data-widget_type=\"image.default\">\n\t\t\t\t<div class=\"elementor-widget-container\">\n\t\t\t\t\t\t\t\t\t\t\t\t\t\t\t<img decoding=\"async\" src=\"https:\/\/www.vtc-limousine.fr\/wp-content\/uploads\/elementor\/thumbs\/WORK1015-trip-e1461841777748-1-qfq8fzc13hup8k9o2ksn15qh69mku450vmv2027j2c.jpg\" title=\"Viaje WORK1015\" alt=\"Mujer de negocios con maleta en el aeropuerto\" loading=\"lazy\" \/>\t\t\t\t\t\t\t\t\t\t\t\t\t\t\t<\/div>\n\t\t\t\t<\/div>\n\t\t\t\t<div class=\"elementor-element elementor-element-4ec7f1f1 elementor-widget elementor-widget-text-editor\" data-id=\"4ec7f1f1\" data-element_type=\"widget\" data-e-type=\"widget\" data-widget_type=\"text-editor.default\">\n\t\t\t\t<div class=\"elementor-widget-container\">\n\t\t\t\t\t\t\t\t\t<div class=\"four columns\"><div class=\"limoking-ux column-service-ux\"><div class=\"limoking-item limoking-column-service-item limoking-medium\"><div class=\"column-service-content-wrapper\"><div class=\"column-service-content limoking-skin-content\"><p>Su coche con ch\u00f3fer\u00a0<a href=\"https:\/\/www.vtc-limousine.fr\/es\/nuestros-vehiculos\/\">(VTC)<\/a>\u00a0le llevar\u00e1 desde su aeropuerto o al aeropuerto de su elecci\u00f3n. Prestamos servicio en los siguientes aeropuertos:\u00a0<br \/>\u00a0<a href=\"https:\/\/www.vtc-limousine.fr\/es\/vtc-traslado-privado\/vtc-traslado-aeropuerto-marsella-provenza\/\">Ch\u00f3fer Privado Aeropuerto Marsella Provenza<\/a>\u00a0<br \/><a href=\"https:\/\/www.vtc-limousine.fr\/es\/vtc-traslado-privado\/vtc-transfer-aeropuerto-nice-cote-dazur-nce\/\">Traslado privado con ch\u00f3fer VTC Aeropuerto de Niza Costa Azul (NCE)<\/a><br \/><a href=\"https:\/\/www.vtc-limousine.fr\/es\/vtc-traslado-privado\/reserve-un-chofer-privado-vtc-del-aeropuerto-de-marsella-a-monaco\/\">Ch\u00f3fer privado Helipuerto M\u00f3naco<\/a><br \/><a href=\"https:\/\/www.vtc-limousine.fr\/es\/vtc-traslado-privado\/vtc-aeroport-international-du-castellet-lfmq\/\">Ch\u00f3fer privado Castellet Aeropuerto<\/a><br \/><a href=\"https:\/\/www.vtc-limousine.fr\/es\/vtc-traslado-privado\/chofer-privado-saint-tropez\/\">Ch\u00f3fer privado St Tropez Golf Aeropuerto\u00a0<\/a><br \/><a href=\"https:\/\/www.vtc-limousine.fr\/es\/vtc-traslado-privado\/traslado-conductor-vtc-aeropuerto-avignon-avn\/\">Ch\u00f3fer privado Avignon Provence Aeropuerto\u00a0<\/a><br \/><a href=\"https:\/\/www.vtc-limousine.fr\/es\/vtc-traslado-privado\/vtc-traslado-toulon-hyeres-aeropuerto-tln\/\">Ch\u00f3fer privado Aeropuerto Toulon Hy\u00e8res<\/a><br \/><a href=\"https:\/\/www.vtc-limousine.fr\/es\/chofer-privado\/location-chauffeur-prive-region-paca\/alquiler-de-coches-con-conductor-montpellier\/\">Ch\u00f3fer privado Montpellier M\u00e9diterran\u00e9e Aeropuerto<\/a><\/p><\/div><\/div><\/div><\/div><\/div>\t\t\t\t\t\t\t\t<\/div>\n\t\t\t\t<\/div>\n\t\t\t\t\t<\/div>\n\t\t<\/div>\n\t\t\t\t<div class=\"elementor-column elementor-col-33 elementor-top-column elementor-element elementor-element-31c921a3\" data-id=\"31c921a3\" data-element_type=\"column\" data-e-type=\"column\">\n\t\t\t<div class=\"elementor-widget-wrap elementor-element-populated\">\n\t\t\t\t\t\t<div class=\"elementor-element elementor-element-637d2c84 elementor-widget elementor-widget-image\" data-id=\"637d2c84\" data-element_type=\"widget\" data-e-type=\"widget\" data-widget_type=\"image.default\">\n\t\t\t\t<div class=\"elementor-widget-container\">\n\t\t\t\t\t\t\t\t\t\t\t\t\t\t\t<img decoding=\"async\" src=\"https:\/\/www.vtc-limousine.fr\/wp-content\/uploads\/elementor\/thumbs\/aixtgv-e1462955693358-1-qfq89fejg2vqafsdc8ta5b9s2jxg634eb746jlxcg4.jpg\" title=\"4 T\" alt=\"Traslado VTC Estaci\u00f3n de TGV de Aix en Provence\" loading=\"lazy\" \/>\t\t\t\t\t\t\t\t\t\t\t\t\t\t\t<\/div>\n\t\t\t\t<\/div>\n\t\t\t\t<div class=\"elementor-element elementor-element-76f33913 elementor-widget elementor-widget-text-editor\" data-id=\"76f33913\" data-element_type=\"widget\" data-e-type=\"widget\" data-widget_type=\"text-editor.default\">\n\t\t\t\t<div class=\"elementor-widget-container\">\n\t\t\t\t\t\t\t\t\t<p>Su coche con ch\u00f3fer (VTC) le llevar\u00e1 desde su estaci\u00f3n o a la estaci\u00f3n que usted elija. Prestamos servicio en las siguientes estaciones:<br \/><a href=\"https:\/\/www.vtc-limousine.fr\/es\/chofer-privado\/location-chauffeur-prive-region-paca\/alquiler-de-coches-con-conductor-marsella\/\">Ch\u00f3fer privado Estaci\u00f3n de Marsella St Charles<\/a><br \/><a href=\"https:\/\/www.vtc-limousine.fr\/es\/vtc-traslado-privado\/vtc-transfer-aix-en-provence-estacion-de-tgv\/\">Ch\u00f3fer privado Estaci\u00f3n de TGV de Aix en Provence<\/a><br \/><a href=\"https:\/\/www.vtc-limousine.fr\/es\/chofer-privado\/location-chauffeur-prive-region-paca\/location-de-voiture-avec-chauffeur-avignon\/\">Ch\u00f3fer privado Avignon Estaci\u00f3n TGV<\/a><br \/>Ch\u00f3fer privado Estaci\u00f3n SNCF de Toulon\u00a0<br \/>Ch\u00f3fer privado Montpellier Estaci\u00f3n de Saint-Roch<\/p>\t\t\t\t\t\t\t\t<\/div>\n\t\t\t\t<\/div>\n\t\t\t\t\t<\/div>\n\t\t<\/div>\n\t\t\t\t<div class=\"elementor-column elementor-col-33 elementor-top-column elementor-element elementor-element-289b91c4\" data-id=\"289b91c4\" data-element_type=\"column\" data-e-type=\"column\">\n\t\t\t<div class=\"elementor-widget-wrap elementor-element-populated\">\n\t\t\t\t\t\t<div class=\"elementor-element elementor-element-675f4d91 elementor-widget elementor-widget-image\" data-id=\"675f4d91\" data-element_type=\"widget\" data-e-type=\"widget\" data-widget_type=\"image.default\">\n\t\t\t\t<div class=\"elementor-widget-container\">\n\t\t\t\t\t\t\t\t\t\t\t\t\t\t\t<img decoding=\"async\" src=\"https:\/\/www.vtc-limousine.fr\/wp-content\/uploads\/elementor\/thumbs\/12314661_1181324875230561_2549917994845135698_o-e1461913792875-1-qfq8eip2grun6ee4ly1j5j0nwou0v2c20ebv4kdkqs.jpg\" title=\"12314661_1181324875230561_2549917994845135698_o\" alt=\"12314661_1181324875230561_2549917994845135698_o\" loading=\"lazy\" \/>\t\t\t\t\t\t\t\t\t\t\t\t\t\t\t<\/div>\n\t\t\t\t<\/div>\n\t\t\t\t<div class=\"elementor-element elementor-element-4c0d46ee elementor-widget elementor-widget-text-editor\" data-id=\"4c0d46ee\" data-element_type=\"widget\" data-e-type=\"widget\" data-widget_type=\"text-editor.default\">\n\t\t\t\t<div class=\"elementor-widget-container\">\n\t\t\t\t\t\t\t\t\t<p>Su conductor\u00a0<a href=\"\/es\/nuestros-vehiculos\/\">(VTC)<\/a>\u00a0le llevar\u00e1 desde su puerto o hasta la terminal de ferry de su elecci\u00f3n. \u00a0<br \/>Prestamos servicio en las ciudades de :\u00a0<br \/><a href=\"https:\/\/www.vtc-limousine.fr\/es\/vtc-traslado-privado\/vtc-traslado-crucero-puerto-marsella\/\">Ch\u00f3fer privado Terminal de ferry y terminales de cruceros de Marsella<\/a><br \/><a href=\"https:\/\/www.vtc-limousine.fr\/es\/chofer-privado\/location-chauffeur-prive-region-paca\/location-de-voiture-avec-chauffeur-avignon\/\">Cruceros fluviales por Avi\u00f1\u00f3n con ch\u00f3fer privado<\/a>\u00a0<br \/>Ch\u00f3fer privado St-Tropez puerto<br \/>Ch\u00f3fer privado Cannes puerto Canto\u00a0<br \/>Ch\u00f3fer privado puerto de M\u00f3naco\u00a0<br \/>Ch\u00f3fer privado Puerto de Niza\u00a0<br \/>Ch\u00f3fer privado Terminal de ferry de Tol\u00f3n y terminales de cruceros\u00a0<\/p>\t\t\t\t\t\t\t\t<\/div>\n\t\t\t\t<\/div>\n\t\t\t\t\t<\/div>\n\t\t<\/div>\n\t\t\t\t\t<\/div>\n\t\t<\/section>\n\t\t\t\t<\/div>\n\t\t\t\t<\/div>\n\t\t\t\t\t\t<\/div>\n\t\t\t\t<\/div>\n\t\t\t\t\t<\/div>\n\t\t<\/div>\n\t\t\t\t\t<\/div>\n\t\t<\/section>\n\t\t\t\t<\/div>","protected":false},"excerpt":{"rendered":"<p>Ch\u00f3fer VTC Avignon, Ch\u00f3fer Priv\u00e9 Avignon, Gordes, Saint Remy de Provence Transfer &amp; Ch\u00f3fer VTC FBO A\u00e9roport AVIGNON (AVN) \/ Ch\u00f3fer Priv\u00e9 FBO Avignon A\u00e9roport (AVN) SIEMPRE HABR\u00c1 UN CH\u00d3FER PRIVADO PARA DARLE LA BIENVENIDA. Traslado VTC FBO A\u00e9roport AVIGNON (AVN) \/ Chauffeur Priv\u00e9 FBO Avignon A\u00e9roport (AVN) En cuanto su tren [...]<\/p>","protected":false},"author":1,"featured_media":18336,"parent":14046,"menu_order":0,"comment_status":"closed","ping_status":"closed","template":"","meta":{"footnotes":""},"class_list":["post-14721","page","type-page","status-publish","has-post-thumbnail","hentry"],"_links":{"self":[{"href":"https:\/\/www.vtc-limousine.fr\/es\/wp-json\/wp\/v2\/pages\/14721","targetHints":{"allow":["GET"]}}],"collection":[{"href":"https:\/\/www.vtc-limousine.fr\/es\/wp-json\/wp\/v2\/pages"}],"about":[{"href":"https:\/\/www.vtc-limousine.fr\/es\/wp-json\/wp\/v2\/types\/page"}],"author":[{"embeddable":true,"href":"https:\/\/www.vtc-limousine.fr\/es\/wp-json\/wp\/v2\/users\/1"}],"replies":[{"embeddable":true,"href":"https:\/\/www.vtc-limousine.fr\/es\/wp-json\/wp\/v2\/comments?post=14721"}],"version-history":[{"count":33,"href":"https:\/\/www.vtc-limousine.fr\/es\/wp-json\/wp\/v2\/pages\/14721\/revisions"}],"predecessor-version":[{"id":20820,"href":"https:\/\/www.vtc-limousine.fr\/es\/wp-json\/wp\/v2\/pages\/14721\/revisions\/20820"}],"up":[{"embeddable":true,"href":"https:\/\/www.vtc-limousine.fr\/es\/wp-json\/wp\/v2\/pages\/14046"}],"wp:featuredmedia":[{"embeddable":true,"href":"https:\/\/www.vtc-limousine.fr\/es\/wp-json\/wp\/v2\/media\/18336"}],"wp:attachment":[{"href":"https:\/\/www.vtc-limousine.fr\/es\/wp-json\/wp\/v2\/media?parent=14721"}],"curies":[{"name":"wp","href":"https:\/\/api.w.org\/{rel}","templated":true}]}}