{"id":14537,"date":"2022-04-21T09:29:28","date_gmt":"2022-04-21T09:29:28","guid":{"rendered":"https:\/\/www.vtc-limousine.fr\/?page_id=14537"},"modified":"2025-03-23T16:57:53","modified_gmt":"2025-03-23T16:57:53","slug":"clase-edriver-eventos-transporte-vip-evenementiel","status":"publish","type":"page","link":"https:\/\/www.vtc-limousine.fr\/es\/servicio-de-chofer-boda-evento\/clase-edriver-eventos-transporte-vip-evenementiel\/","title":{"rendered":"Eventos Class-eDriver Eventos de transporte VIP"},"content":{"rendered":"<div data-elementor-type=\"wp-page\" data-elementor-id=\"14537\" class=\"elementor elementor-14537\" data-elementor-post-type=\"page\">\n\t\t\t\t\t\t<section class=\"elementor-section elementor-top-section elementor-element elementor-element-5e739282 elementor-section-full_width elementor-section-height-min-height elementor-section-height-default elementor-section-items-middle\" data-id=\"5e739282\" data-element_type=\"section\" data-e-type=\"section\" data-settings=\"{&quot;background_background&quot;:&quot;classic&quot;}\">\n\t\t\t\t\t\t\t<div class=\"elementor-background-overlay\"><\/div>\n\t\t\t\t\t\t\t<div class=\"elementor-container elementor-column-gap-default\">\n\t\t\t\t\t<div class=\"elementor-column elementor-col-100 elementor-top-column elementor-element elementor-element-1faf7528\" data-id=\"1faf7528\" data-element_type=\"column\" data-e-type=\"column\">\n\t\t\t<div class=\"elementor-widget-wrap\">\n\t\t\t\t\t\t\t<\/div>\n\t\t<\/div>\n\t\t\t\t\t<\/div>\n\t\t<\/section>\n\t\t\t\t<section class=\"elementor-section elementor-top-section elementor-element elementor-element-65088e05 elementor-section-boxed elementor-section-height-default elementor-section-height-default\" data-id=\"65088e05\" data-element_type=\"section\" data-e-type=\"section\">\n\t\t\t\t\t\t<div class=\"elementor-container elementor-column-gap-default\">\n\t\t\t\t\t<div class=\"elementor-column elementor-col-100 elementor-top-column elementor-element elementor-element-344a6702\" data-id=\"344a6702\" data-element_type=\"column\" data-e-type=\"column\">\n\t\t\t<div class=\"elementor-widget-wrap elementor-element-populated\">\n\t\t\t\t\t\t<div class=\"elementor-element elementor-element-18f76e2 elementor-widget elementor-widget-shortcode\" data-id=\"18f76e2\" data-element_type=\"widget\" data-e-type=\"widget\" data-widget_type=\"shortcode.default\">\n\t\t\t\t<div class=\"elementor-widget-container\">\n\t\t\t\t\t\t\t<div class=\"elementor-shortcode\"><nav aria-label=\"pan rallado\">\n            <div class=\"breadcrumb-container theme1\">\n                <ol>\n                                    <\/ol>\n            <\/div>\n        <\/nav>    <script type=\"application\/ld+json\">\n        {\n            \"@context\": \"http:\/\/schema.org\",\n            \"@type\": \"BreadcrumbList\",\n            \"itemListElement\": [\n                            ]\n        }\n    <\/script>\n   \n    <script>\n            <\/script>\n<\/div>\n\t\t\t\t\t\t<\/div>\n\t\t\t\t<\/div>\n\t\t\t\t<div class=\"elementor-element elementor-element-6d44219e elementor-widget elementor-widget-heading\" data-id=\"6d44219e\" data-element_type=\"widget\" data-e-type=\"widget\" data-widget_type=\"heading.default\">\n\t\t\t\t<div class=\"elementor-widget-container\">\n\t\t\t\t\t<h1 class=\"elementor-heading-title elementor-size-default\">Eventos Class-eDriver Eventos de transporte VIP<\/h1>\t\t\t\t<\/div>\n\t\t\t\t<\/div>\n\t\t\t\t<div class=\"elementor-element elementor-element-2cda9272 elementor-widget elementor-widget-heading\" data-id=\"2cda9272\" data-element_type=\"widget\" data-e-type=\"widget\" data-widget_type=\"heading.default\">\n\t\t\t\t<div class=\"elementor-widget-container\">\n\t\t\t\t\t<h2 class=\"elementor-heading-title elementor-size-default\">Seguridad-Profesionalidad-Discreci\u00f3n\n<\/h2>\t\t\t\t<\/div>\n\t\t\t\t<\/div>\n\t\t\t\t\t<\/div>\n\t\t<\/div>\n\t\t\t\t\t<\/div>\n\t\t<\/section>\n\t\t\t\t<section class=\"elementor-section elementor-top-section elementor-element elementor-element-94725a7 elementor-section-boxed elementor-section-height-default elementor-section-height-default\" data-id=\"94725a7\" data-element_type=\"section\" data-e-type=\"section\">\n\t\t\t\t\t\t<div class=\"elementor-container elementor-column-gap-default\">\n\t\t\t\t\t<div class=\"elementor-column elementor-col-100 elementor-top-column elementor-element elementor-element-89c2d86\" data-id=\"89c2d86\" data-element_type=\"column\" data-e-type=\"column\">\n\t\t\t<div class=\"elementor-widget-wrap elementor-element-populated\">\n\t\t\t\t\t\t<div class=\"elementor-element elementor-element-71a8c2e elementor-widget elementor-widget-heading\" data-id=\"71a8c2e\" data-element_type=\"widget\" data-e-type=\"widget\" data-widget_type=\"heading.default\">\n\t\t\t\t<div class=\"elementor-widget-container\">\n\t\t\t\t\t<h3 class=\"elementor-heading-title elementor-size-default translation-block\">Transporte VIP para eventos <br>\r\nMarsella-Aix en Pce-Avignon-Cannes<\/h3>\t\t\t\t<\/div>\n\t\t\t\t<\/div>\n\t\t\t\t\t<\/div>\n\t\t<\/div>\n\t\t\t\t\t<\/div>\n\t\t<\/section>\n\t\t\t\t<section class=\"elementor-section elementor-top-section elementor-element elementor-element-977b80e elementor-section-boxed elementor-section-height-default elementor-section-height-default\" data-id=\"977b80e\" data-element_type=\"section\" data-e-type=\"section\">\n\t\t\t\t\t\t<div class=\"elementor-container elementor-column-gap-default\">\n\t\t\t\t\t<div class=\"elementor-column elementor-col-100 elementor-top-column elementor-element elementor-element-b71d1c5\" data-id=\"b71d1c5\" data-element_type=\"column\" data-e-type=\"column\">\n\t\t\t<div class=\"elementor-widget-wrap elementor-element-populated\">\n\t\t\t\t\t\t<div class=\"elementor-element elementor-element-a4415e9 elementor-widget elementor-widget-text-editor\" data-id=\"a4415e9\" data-element_type=\"widget\" data-e-type=\"widget\" data-widget_type=\"text-editor.default\">\n\t\t\t\t<div class=\"elementor-widget-container\">\n\t\t\t\t\t\t\t\t\t<p>Desde 2016, hemos optado por especializarnos en el transporte en veh\u00edculos el\u00e9ctricos 100%, con el fin de ofrecer a nuestros clientes una soluci\u00f3n ecol\u00f3gica y de lujo para sus eventos. Somos conscientes de la importancia de ofrecer alternativas sostenibles sin renunciar a la comodidad, el rendimiento y el estilo. Tanto si organiza una boda, una conferencia o cualquier otro evento de prestigio, nuestra flota de veh\u00edculos el\u00e9ctricos le garantiza una experiencia \u00fanica que combina el respeto por el medio ambiente con un servicio de alta gama.<\/p><p class=\"\" data-start=\"539\" data-end=\"1033\">Nuestros veh\u00edculos se seleccionan cuidadosamente para ofrecer una conducci\u00f3n suave, silenciosa y totalmente libre de emisiones. Esta elecci\u00f3n de veh\u00edculos el\u00e9ctricos satisface la creciente demanda de soluciones de transporte m\u00e1s responsables, al tiempo que conserva la exclusividad y el confort asociados a los veh\u00edculos de lujo. Adem\u00e1s de ser respetuosos con el medio ambiente, estos veh\u00edculos est\u00e1n equipados con tecnolog\u00eda avanzada, ofreciendo una experiencia de transporte moderna, segura y agradable para todos sus invitados.<\/p><p class=\"\" data-start=\"1035\" data-end=\"1692\">Utilizar veh\u00edculos el\u00e9ctricos para sus eventos tiene muchas ventajas. En primer lugar, contribuir\u00e1 a reducir su huella de carbono al tiempo que se beneficia de un servicio impecable. Nuestros conductores profesionales, formados espec\u00edficamente para este tipo de transporte, garantizan una puntualidad, discreci\u00f3n y profesionalidad ejemplares. El confort no se olvida: cada detalle ha sido pensado para garantizar una agradable experiencia a bordo. La conducci\u00f3n silenciosa de nuestros veh\u00edculos el\u00e9ctricos permite a sus invitados disfrutar plenamente del trayecto sin contaminaci\u00f3n ac\u00fastica, lo que es especialmente apreciado en los eventos refinados.<\/p>\t\t\t\t\t\t\t\t<\/div>\n\t\t\t\t<\/div>\n\t\t\t\t\t<\/div>\n\t\t<\/div>\n\t\t\t\t\t<\/div>\n\t\t<\/section>\n\t\t\t\t<section class=\"elementor-section elementor-top-section elementor-element elementor-element-a42f13a elementor-section-boxed elementor-section-height-default elementor-section-height-default\" data-id=\"a42f13a\" data-element_type=\"section\" data-e-type=\"section\">\n\t\t\t\t\t\t<div class=\"elementor-container elementor-column-gap-default\">\n\t\t\t\t\t<div class=\"elementor-column elementor-col-33 elementor-top-column elementor-element elementor-element-87bfaa6\" data-id=\"87bfaa6\" data-element_type=\"column\" data-e-type=\"column\">\n\t\t\t<div class=\"elementor-widget-wrap elementor-element-populated\">\n\t\t\t\t\t\t<div class=\"elementor-element elementor-element-b557543 elementor-widget elementor-widget-image\" data-id=\"b557543\" data-element_type=\"widget\" data-e-type=\"widget\" data-widget_type=\"image.default\">\n\t\t\t\t<div class=\"elementor-widget-container\">\n\t\t\t\t\t\t\t\t\t\t\t\t\t\t\t<img fetchpriority=\"high\" decoding=\"async\" width=\"400\" height=\"300\" src=\"https:\/\/www.vtc-limousine.fr\/wp-content\/uploads\/2022\/04\/IMG_2190-copie-400x300-1.jpeg\" class=\"attachment-large size-large wp-image-14542\" alt=\"evento-bus\" srcset=\"https:\/\/www.vtc-limousine.fr\/wp-content\/uploads\/2022\/04\/IMG_2190-copie-400x300-1.jpeg 400w, https:\/\/www.vtc-limousine.fr\/wp-content\/uploads\/2022\/04\/IMG_2190-copie-400x300-1-300x225.jpeg 300w\" sizes=\"(max-width: 400px) 100vw, 400px\" \/>\t\t\t\t\t\t\t\t\t\t\t\t\t\t\t<\/div>\n\t\t\t\t<\/div>\n\t\t\t\t\t<\/div>\n\t\t<\/div>\n\t\t\t\t<div class=\"elementor-column elementor-col-33 elementor-top-column elementor-element elementor-element-2edc9c1\" data-id=\"2edc9c1\" data-element_type=\"column\" data-e-type=\"column\">\n\t\t\t<div class=\"elementor-widget-wrap elementor-element-populated\">\n\t\t\t\t\t\t<div class=\"elementor-element elementor-element-b715751 elementor-widget elementor-widget-image\" data-id=\"b715751\" data-element_type=\"widget\" data-e-type=\"widget\" data-widget_type=\"image.default\">\n\t\t\t\t<div class=\"elementor-widget-container\">\n\t\t\t\t\t\t\t\t\t\t\t\t\t\t\t<img decoding=\"async\" width=\"400\" height=\"300\" src=\"https:\/\/www.vtc-limousine.fr\/wp-content\/uploads\/2022\/04\/IMG_2254-400x300-1.jpg\" class=\"attachment-large size-large wp-image-14543\" alt=\"furgoneta-evento\" srcset=\"https:\/\/www.vtc-limousine.fr\/wp-content\/uploads\/2022\/04\/IMG_2254-400x300-1.jpg 400w, https:\/\/www.vtc-limousine.fr\/wp-content\/uploads\/2022\/04\/IMG_2254-400x300-1-300x225.jpg 300w\" sizes=\"(max-width: 400px) 100vw, 400px\" \/>\t\t\t\t\t\t\t\t\t\t\t\t\t\t\t<\/div>\n\t\t\t\t<\/div>\n\t\t\t\t\t<\/div>\n\t\t<\/div>\n\t\t\t\t<div class=\"elementor-column elementor-col-33 elementor-top-column elementor-element elementor-element-c74209e\" data-id=\"c74209e\" data-element_type=\"column\" data-e-type=\"column\">\n\t\t\t<div class=\"elementor-widget-wrap elementor-element-populated\">\n\t\t\t\t\t\t<div class=\"elementor-element elementor-element-7808e22 elementor-widget elementor-widget-image\" data-id=\"7808e22\" data-element_type=\"widget\" data-e-type=\"widget\" data-widget_type=\"image.default\">\n\t\t\t\t<div class=\"elementor-widget-container\">\n\t\t\t\t\t\t\t\t\t\t\t\t\t\t\t<img decoding=\"async\" width=\"400\" height=\"300\" src=\"https:\/\/www.vtc-limousine.fr\/wp-content\/uploads\/2022\/04\/Caravelle-V-Class-ITS-DAMEN-400x300-1.jpg\" class=\"attachment-large size-large wp-image-14544\" alt=\"Caravelle-V-Class-ITS-DAMEN--\" srcset=\"https:\/\/www.vtc-limousine.fr\/wp-content\/uploads\/2022\/04\/Caravelle-V-Class-ITS-DAMEN-400x300-1.jpg 400w, https:\/\/www.vtc-limousine.fr\/wp-content\/uploads\/2022\/04\/Caravelle-V-Class-ITS-DAMEN-400x300-1-300x225.jpg 300w\" sizes=\"(max-width: 400px) 100vw, 400px\" \/>\t\t\t\t\t\t\t\t\t\t\t\t\t\t\t<\/div>\n\t\t\t\t<\/div>\n\t\t\t\t\t<\/div>\n\t\t<\/div>\n\t\t\t\t\t<\/div>\n\t\t<\/section>\n\t\t\t\t<section class=\"elementor-section elementor-top-section elementor-element elementor-element-fc0bcac elementor-section-boxed elementor-section-height-default elementor-section-height-default\" data-id=\"fc0bcac\" data-element_type=\"section\" data-e-type=\"section\">\n\t\t\t\t\t\t<div class=\"elementor-container elementor-column-gap-default\">\n\t\t\t\t\t<div class=\"elementor-column elementor-col-100 elementor-top-column elementor-element elementor-element-8af9cd5\" data-id=\"8af9cd5\" data-element_type=\"column\" data-e-type=\"column\">\n\t\t\t<div class=\"elementor-widget-wrap elementor-element-populated\">\n\t\t\t\t\t\t<div class=\"elementor-element elementor-element-643de62 elementor-widget elementor-widget-text-editor\" data-id=\"643de62\" data-element_type=\"widget\" data-e-type=\"widget\" data-widget_type=\"text-editor.default\">\n\t\t\t\t<div class=\"elementor-widget-container\">\n\t\t\t\t\t\t\t\t\t<p class=\"\" data-start=\"1694\" data-end=\"2293\">Estamos orgullosos de ser uno de los pioneros del transporte en veh\u00edculo el\u00e9ctrico en la regi\u00f3n de Aix-en-Provence, <a href=\"https:\/\/www.marseille-tourisme.com\/congres\/\" target=\"_blank\" rel=\"noopener\">Marsella y alrededores<\/a>. Nuestra flota de <a href=\"https:\/\/www.vtc-limousine.fr\/es\/servicio-de-chofer-boda-evento\/alquiler-de-coches-electricos-con-conductor\/\" target=\"_blank\" rel=\"noopener\">veh\u00edculos el\u00e9ctricos se compone de modelos de gama alta<\/a>seleccionados por su elegancia, confort y prestaciones. Ya sea para un viaje corto o para el transporte de grupos, nuestros veh\u00edculos se adaptan perfectamente a todo tipo de eventos. Los minibuses el\u00e9ctricos, en particular, pueden transportar a un gran n\u00famero de personas al tiempo que ofrecen el mismo nivel de confort que nuestras berlinas de lujo.<\/p><p class=\"\" data-start=\"2295\" data-end=\"2801\">La flexibilidad es uno de los pilares de nuestro servicio. Nos adaptamos a los horarios y necesidades de cada evento para que su transporte est\u00e9 perfectamente gestionado, desde la recogida hasta el destino final. Tanto si se trata de organizar una lanzadera para un gran evento como un transporte a medida para invitados VIP, nuestro servicio es totalmente personalizable. Adem\u00e1s, nuestro equipo est\u00e1 disponible las 24 horas del d\u00eda, los 7 d\u00edas de la semana, para garantizar una recogida r\u00e1pida y una gesti\u00f3n fluida de todos los detalles log\u00edsticos.<\/p>\t\t\t\t\t\t\t\t<\/div>\n\t\t\t\t<\/div>\n\t\t\t\t\t<\/div>\n\t\t<\/div>\n\t\t\t\t\t<\/div>\n\t\t<\/section>\n\t\t\t\t<section class=\"elementor-section elementor-top-section elementor-element elementor-element-c67273a elementor-section-boxed elementor-section-height-default elementor-section-height-default\" data-id=\"c67273a\" data-element_type=\"section\" data-e-type=\"section\">\n\t\t\t\t\t\t<div class=\"elementor-container elementor-column-gap-default\">\n\t\t\t\t\t<div class=\"elementor-column elementor-col-50 elementor-top-column elementor-element elementor-element-a6f54c5\" data-id=\"a6f54c5\" data-element_type=\"column\" data-e-type=\"column\">\n\t\t\t<div class=\"elementor-widget-wrap elementor-element-populated\">\n\t\t\t\t\t\t<div class=\"elementor-element elementor-element-194a55b elementor-widget elementor-widget-image\" data-id=\"194a55b\" data-element_type=\"widget\" data-e-type=\"widget\" data-widget_type=\"image.default\">\n\t\t\t\t<div class=\"elementor-widget-container\">\n\t\t\t\t\t\t\t\t\t\t\t\t\t\t\t<img loading=\"lazy\" decoding=\"async\" width=\"800\" height=\"800\" src=\"https:\/\/www.vtc-limousine.fr\/wp-content\/uploads\/2022\/04\/IMG_5783-copie-1024x1024-1-1024x1024.jpg\" class=\"attachment-large size-large wp-image-14545\" alt=\"porsche-antibes\" srcset=\"https:\/\/www.vtc-limousine.fr\/wp-content\/uploads\/2022\/04\/IMG_5783-copie-1024x1024-1.jpg 1024w, https:\/\/www.vtc-limousine.fr\/wp-content\/uploads\/2022\/04\/IMG_5783-copie-1024x1024-1-300x300.jpg 300w, https:\/\/www.vtc-limousine.fr\/wp-content\/uploads\/2022\/04\/IMG_5783-copie-1024x1024-1-150x150.jpg 150w, https:\/\/www.vtc-limousine.fr\/wp-content\/uploads\/2022\/04\/IMG_5783-copie-1024x1024-1-768x768.jpg 768w\" sizes=\"(max-width: 800px) 100vw, 800px\" \/>\t\t\t\t\t\t\t\t\t\t\t\t\t\t\t<\/div>\n\t\t\t\t<\/div>\n\t\t\t\t\t<\/div>\n\t\t<\/div>\n\t\t\t\t<div class=\"elementor-column elementor-col-50 elementor-top-column elementor-element elementor-element-07c378a\" data-id=\"07c378a\" data-element_type=\"column\" data-e-type=\"column\">\n\t\t\t<div class=\"elementor-widget-wrap elementor-element-populated\">\n\t\t\t\t\t\t<div class=\"elementor-element elementor-element-810d228 elementor-widget elementor-widget-text-editor\" data-id=\"810d228\" data-element_type=\"widget\" data-e-type=\"widget\" data-widget_type=\"text-editor.default\">\n\t\t\t\t<div class=\"elementor-widget-container\">\n\t\t\t\t\t\t\t\t\t<section id=\"content-section-1\"><div class=\"limoking-color-wrapper gdlr-show-all no-skin\"><div class=\"container\"><div class=\"limoking-item limoking-content-item\"><p class=\"\" data-start=\"2803\" data-end=\"3252\">Al elegir nuestros servicios de transporte de veh\u00edculos el\u00e9ctricos, no s\u00f3lo est\u00e1 optando por una alternativa m\u00e1s ecol\u00f3gica, sino tambi\u00e9n por un servicio de calidad impecable. Somos conscientes de la importancia de cada detalle en un evento, y por eso nos esforzamos por superar sus expectativas. Cada viaje es una oportunidad para demostrar nuestro compromiso con la satisfacci\u00f3n del cliente, al tiempo que apoyamos la movilidad sostenible.<\/p><p class=\"\" data-start=\"3254\" data-end=\"3655\">Desde nuestros inicios en 2016, hemos adaptado nuestro servicio a las nuevas expectativas de los consumidores, combinando lujo, tecnolog\u00eda y ecolog\u00eda. Creemos firmemente que es posible conciliar el transporte de alta gama con la responsabilidad medioambiental. Al elegir Class-eDriver, est\u00e1 haciendo una elecci\u00f3n consciente y responsable al tiempo que se beneficia de un servicio de transporte de primera clase.<\/p><p class=\"\" data-start=\"3657\" data-end=\"3999\">Le invitamos a descubrir nuestros servicios de transporte el\u00e9ctrico para eventos 100% y a ponerse en contacto con nosotros para cualquier presupuesto o solicitud de informaci\u00f3n. Tanto si busca transporte para un evento privado como empresarial, estamos aqu\u00ed para ofrecerle una experiencia inolvidable, moderna y respetuosa con el medio ambiente.<\/p><\/div><\/div><\/div><\/section>\t\t\t\t\t\t\t\t<\/div>\n\t\t\t\t<\/div>\n\t\t\t\t\t<\/div>\n\t\t<\/div>\n\t\t\t\t\t<\/div>\n\t\t<\/section>\n\t\t\t\t<section class=\"elementor-section elementor-top-section elementor-element elementor-element-dafd0eb elementor-section-full_width elementor-section-height-default elementor-section-height-default\" data-id=\"dafd0eb\" data-element_type=\"section\" data-e-type=\"section\">\n\t\t\t\t\t\t<div class=\"elementor-container elementor-column-gap-default\">\n\t\t\t\t\t<div class=\"elementor-column elementor-col-100 elementor-top-column elementor-element elementor-element-87be214\" data-id=\"87be214\" data-element_type=\"column\" data-e-type=\"column\">\n\t\t\t<div class=\"elementor-widget-wrap\">\n\t\t\t\t\t\t\t<\/div>\n\t\t<\/div>\n\t\t\t\t\t<\/div>\n\t\t<\/section>\n\t\t\t\t<section class=\"elementor-section elementor-top-section elementor-element elementor-element-4e4d4bd elementor-section-boxed elementor-section-height-default elementor-section-height-default\" data-id=\"4e4d4bd\" data-element_type=\"section\" data-e-type=\"section\">\n\t\t\t\t\t\t<div class=\"elementor-container elementor-column-gap-default\">\n\t\t\t\t\t<div class=\"elementor-column elementor-col-100 elementor-top-column elementor-element elementor-element-4ebe196\" data-id=\"4ebe196\" data-element_type=\"column\" data-e-type=\"column\">\n\t\t\t<div class=\"elementor-widget-wrap elementor-element-populated\">\n\t\t\t\t\t\t<div class=\"elementor-element elementor-element-a0e65b9 elementor-widget-divider--view-line elementor-widget elementor-widget-divider\" data-id=\"a0e65b9\" data-element_type=\"widget\" data-e-type=\"widget\" data-widget_type=\"divider.default\">\n\t\t\t\t<div class=\"elementor-widget-container\">\n\t\t\t\t\t\t\t<div class=\"elementor-divider\">\n\t\t\t<span class=\"elementor-divider-separator\">\n\t\t\t\t\t\t<\/span>\n\t\t<\/div>\n\t\t\t\t\t\t<\/div>\n\t\t\t\t<\/div>\n\t\t\t\t\t<\/div>\n\t\t<\/div>\n\t\t\t\t\t<\/div>\n\t\t<\/section>\n\t\t\t\t<section class=\"elementor-section elementor-top-section elementor-element elementor-element-a1f9669 elementor-section-boxed elementor-section-height-default elementor-section-height-default\" data-id=\"a1f9669\" data-element_type=\"section\" data-e-type=\"section\">\n\t\t\t\t\t\t<div class=\"elementor-container elementor-column-gap-default\">\n\t\t\t\t\t<div class=\"elementor-column elementor-col-33 elementor-top-column elementor-element elementor-element-2f024e1\" data-id=\"2f024e1\" data-element_type=\"column\" data-e-type=\"column\">\n\t\t\t<div class=\"elementor-widget-wrap elementor-element-populated\">\n\t\t\t\t\t\t<div class=\"elementor-element elementor-element-efb9494 elementor-widget elementor-widget-heading\" data-id=\"efb9494\" data-element_type=\"widget\" data-e-type=\"widget\" data-widget_type=\"heading.default\">\n\t\t\t\t<div class=\"elementor-widget-container\">\n\t\t\t\t\t<h4 class=\"elementor-heading-title elementor-size-default\">TRASLADO AEROPUERTO Y ESTACI\u00d3N<\/h4>\t\t\t\t<\/div>\n\t\t\t\t<\/div>\n\t\t\t\t<div class=\"elementor-element elementor-element-55731bb elementor-widget elementor-widget-text-editor\" data-id=\"55731bb\" data-element_type=\"widget\" data-e-type=\"widget\" data-widget_type=\"text-editor.default\">\n\t\t\t\t<div class=\"elementor-widget-container\">\n\t\t\t\t\t\t\t\t\t<section id=\"content-section-1\"><div class=\"limoking-color-wrapper gdlr-show-all no-skin\"><div class=\"container\"><div class=\"limoking-item limoking-content-item\"><p>Desde el aeropuerto, la estaci\u00f3n, su\u00a0<strong>ch\u00f3fer privado<\/strong>\u00a0Class-eDriver Limousine da la bienvenida a sus clientes y personal con un i Pad con su nombre o el logotipo de su empresa.<br \/>Tambi\u00e9n ofrecemos un servicio de transporte para sus seminarios y conferencias.<\/p><\/div><\/div><\/div><\/section>\t\t\t\t\t\t\t\t<\/div>\n\t\t\t\t<\/div>\n\t\t\t\t\t<\/div>\n\t\t<\/div>\n\t\t\t\t<div class=\"elementor-column elementor-col-33 elementor-top-column elementor-element elementor-element-f43196e\" data-id=\"f43196e\" data-element_type=\"column\" data-e-type=\"column\">\n\t\t\t<div class=\"elementor-widget-wrap elementor-element-populated\">\n\t\t\t\t\t\t<div class=\"elementor-element elementor-element-c02dc44 elementor-widget elementor-widget-heading\" data-id=\"c02dc44\" data-element_type=\"widget\" data-e-type=\"widget\" data-widget_type=\"heading.default\">\n\t\t\t\t<div class=\"elementor-widget-container\">\n\t\t\t\t\t<h4 class=\"elementor-heading-title elementor-size-default\">COORDINADOR DE TRANSPORTE<\/h4>\t\t\t\t<\/div>\n\t\t\t\t<\/div>\n\t\t\t\t<div class=\"elementor-element elementor-element-2d5d80c elementor-widget elementor-widget-text-editor\" data-id=\"2d5d80c\" data-element_type=\"widget\" data-e-type=\"widget\" data-widget_type=\"text-editor.default\">\n\t\t\t\t<div class=\"elementor-widget-container\">\n\t\t\t\t\t\t\t\t\t<section id=\"content-section-1\"><div class=\"limoking-color-wrapper gdlr-show-all no-skin\"><div class=\"container\"><div class=\"limoking-item limoking-content-item\"><p>Porque la capacidad de respuesta en tiempo real es la clave del \u00e9xito de un evento.<br \/>Con\u00a0<strong>Clase Evento eDriver<\/strong>\u00a0un \u00fanico punto de contacto para coordinar su evento, disponible las 24 horas del d\u00eda para actualizar cualquier solicitud de servicios adicionales o cambios en el programa.<\/p><\/div><\/div><\/div><\/section>\t\t\t\t\t\t\t\t<\/div>\n\t\t\t\t<\/div>\n\t\t\t\t\t<\/div>\n\t\t<\/div>\n\t\t\t\t<div class=\"elementor-column elementor-col-33 elementor-top-column elementor-element elementor-element-9807d8b\" data-id=\"9807d8b\" data-element_type=\"column\" data-e-type=\"column\">\n\t\t\t<div class=\"elementor-widget-wrap elementor-element-populated\">\n\t\t\t\t\t\t<div class=\"elementor-element elementor-element-c31f9e0 elementor-widget elementor-widget-heading\" data-id=\"c31f9e0\" data-element_type=\"widget\" data-e-type=\"widget\" data-widget_type=\"heading.default\">\n\t\t\t\t<div class=\"elementor-widget-container\">\n\t\t\t\t\t<h4 class=\"elementor-heading-title elementor-size-default\">TRANSPORTE VIP Y CONFERENCIANTES<\/h4>\t\t\t\t<\/div>\n\t\t\t\t<\/div>\n\t\t\t\t<div class=\"elementor-element elementor-element-3a4b486 elementor-widget elementor-widget-text-editor\" data-id=\"3a4b486\" data-element_type=\"widget\" data-e-type=\"widget\" data-widget_type=\"text-editor.default\">\n\t\t\t\t<div class=\"elementor-widget-container\">\n\t\t\t\t\t\t\t\t\t<section id=\"content-section-1\"><div class=\"limoking-color-wrapper gdlr-show-all no-skin\"><div class=\"container\"><div class=\"limoking-item limoking-content-item\"><p>Le ofrecemos un\u00a0<strong>conductor ejecutivo<\/strong>\u00a0para uno o varios VIP y conferenciantes, durante un d\u00eda o m\u00e1s, con un horario personalizado. Mejore la categor\u00eda de sus invitados VIP con un servicio de Ch\u00f3fer Privado en un veh\u00edculo Premium Tesla o Mercedes.\u00a0<\/p><\/div><\/div><\/div><\/section>\t\t\t\t\t\t\t\t<\/div>\n\t\t\t\t<\/div>\n\t\t\t\t\t<\/div>\n\t\t<\/div>\n\t\t\t\t\t<\/div>\n\t\t<\/section>\n\t\t\t\t<section class=\"elementor-section elementor-top-section elementor-element elementor-element-153a592 elementor-section-boxed elementor-section-height-default elementor-section-height-default\" data-id=\"153a592\" data-element_type=\"section\" data-e-type=\"section\">\n\t\t\t\t\t\t<div class=\"elementor-container elementor-column-gap-default\">\n\t\t\t\t\t<div class=\"elementor-column elementor-col-100 elementor-top-column elementor-element elementor-element-f2bfe6d\" data-id=\"f2bfe6d\" data-element_type=\"column\" data-e-type=\"column\">\n\t\t\t<div class=\"elementor-widget-wrap elementor-element-populated\">\n\t\t\t\t\t\t<div class=\"elementor-element elementor-element-542e12b elementor--h-position-center elementor--v-position-middle elementor-arrows-position-inside elementor-pagination-position-inside elementor-widget elementor-widget-slides\" data-id=\"542e12b\" data-element_type=\"widget\" data-e-type=\"widget\" data-settings=\"{&quot;navigation&quot;:&quot;both&quot;,&quot;autoplay&quot;:&quot;yes&quot;,&quot;pause_on_hover&quot;:&quot;yes&quot;,&quot;pause_on_interaction&quot;:&quot;yes&quot;,&quot;autoplay_speed&quot;:5000,&quot;infinite&quot;:&quot;yes&quot;,&quot;transition&quot;:&quot;slide&quot;,&quot;transition_speed&quot;:500}\" data-widget_type=\"slides.default\">\n\t\t\t\t<div class=\"elementor-widget-container\">\n\t\t\t\t\t\t\t\t\t<div class=\"elementor-swiper\">\n\t\t\t\t\t<div class=\"elementor-slides-wrapper elementor-main-swiper swiper\" role=\"region\" aria-roledescription=\"carousel\" aria-label=\"Diapositivas\" dir=\"ltr\" data-animation=\"fadeInUp\">\n\t\t\t\t<div class=\"swiper-wrapper elementor-slides\">\n\t\t\t\t\t\t\t\t\t\t<div class=\"elementor-repeater-item-372e3aa swiper-slide\" role=\"group\" aria-roledescription=\"slide\"><div class=\"swiper-slide-bg\" role=\"img\" aria-label=\"IMG_5796-1\"><\/div><div class=\"swiper-slide-inner\" ><div class=\"swiper-slide-contents\"><\/div><\/div><\/div><div class=\"elementor-repeater-item-87d9759 swiper-slide\" role=\"group\" aria-roledescription=\"slide\"><div class=\"swiper-slide-bg\" role=\"img\" aria-label=\"Veh\u00edculo el\u00e9ctrico premium con conductor para el transporte ecorresponsable Cannes Lions\"><\/div><div class=\"swiper-slide-inner\" ><div class=\"swiper-slide-contents\"><\/div><\/div><\/div><div class=\"elementor-repeater-item-8876986 swiper-slide\" role=\"group\" aria-roledescription=\"slide\"><div class=\"swiper-slide-bg\" role=\"img\" aria-label=\"Ch\u00f3fer privado Jardin Tropeziana\"><\/div><div class=\"swiper-slide-inner\" ><div class=\"swiper-slide-contents\"><\/div><\/div><\/div><div class=\"elementor-repeater-item-d479ded swiper-slide\" role=\"group\" aria-roledescription=\"slide\"><div class=\"swiper-slide-bg\" role=\"img\" aria-label=\"Evento-V-Class-Gordes\"><\/div><div class=\"swiper-slide-inner\" ><div class=\"swiper-slide-contents\"><\/div><\/div><\/div><div class=\"elementor-repeater-item-c8fd5b6 swiper-slide\" role=\"group\" aria-roledescription=\"slide\"><div class=\"swiper-slide-bg\" role=\"img\" aria-label=\"P1110865-copie-scaled\"><\/div><div class=\"swiper-slide-inner\" ><div class=\"swiper-slide-contents\"><\/div><\/div><\/div><div class=\"elementor-repeater-item-a0cc1c7 swiper-slide\" role=\"group\" aria-roledescription=\"slide\"><div class=\"swiper-slide-bg\" role=\"img\" aria-label=\"IMG_2645\"><\/div><div class=\"swiper-slide-inner\" ><div class=\"swiper-slide-contents\"><\/div><\/div><\/div><div class=\"elementor-repeater-item-4a70688 swiper-slide\" role=\"group\" aria-roledescription=\"slide\"><div class=\"swiper-slide-bg\" role=\"img\" aria-label=\"Caravelle-V-Class-ITS-DAMEN-\"><\/div><div class=\"swiper-slide-inner\" ><div class=\"swiper-slide-contents\"><\/div><\/div><\/div><div class=\"elementor-repeater-item-f1dcb98 swiper-slide\" role=\"group\" aria-roledescription=\"slide\"><div class=\"swiper-slide-bg\" role=\"img\" aria-label=\"IEvenement-Tesla-Avignon2-scaled\"><\/div><div class=\"swiper-slide-inner\" ><div class=\"swiper-slide-contents\"><\/div><\/div><\/div><div class=\"elementor-repeater-item-ffba834 swiper-slide\" role=\"group\" aria-roledescription=\"slide\"><div class=\"swiper-slide-bg\" role=\"img\" aria-label=\"Eventos-Tesla-Avignon-escala\"><\/div><div class=\"swiper-slide-inner\" ><div class=\"swiper-slide-contents\"><\/div><\/div><\/div><div class=\"elementor-repeater-item-91df3f1 swiper-slide\" role=\"group\" aria-roledescription=\"slide\"><div class=\"swiper-slide-bg\" role=\"img\" aria-label=\"IMG_2505-escala\"><\/div><div class=\"swiper-slide-inner\" ><div class=\"swiper-slide-contents\"><\/div><\/div><\/div><div class=\"elementor-repeater-item-f55d3fd swiper-slide\" role=\"group\" aria-roledescription=\"slide\"><div class=\"swiper-slide-bg\" role=\"img\" aria-label=\"P1110869-copie-scaled\"><\/div><div class=\"swiper-slide-inner\" ><div class=\"swiper-slide-contents\"><\/div><\/div><\/div><div class=\"elementor-repeater-item-cb0dbd7 swiper-slide\" role=\"group\" aria-roledescription=\"slide\"><div class=\"swiper-slide-bg\" role=\"img\" aria-label=\"IMG_8644-escala\"><\/div><div class=\"swiper-slide-inner\" ><div class=\"swiper-slide-contents\"><\/div><\/div><\/div><div class=\"elementor-repeater-item-a3e5ca5 swiper-slide\" role=\"group\" aria-roledescription=\"slide\"><div class=\"swiper-slide-bg\" role=\"img\" aria-label=\"IMG_2190-copie-scaled\"><\/div><div class=\"swiper-slide-inner\" ><div class=\"swiper-slide-contents\"><\/div><\/div><\/div><div class=\"elementor-repeater-item-f84b5ad swiper-slide\" role=\"group\" aria-roledescription=\"slide\"><div class=\"swiper-slide-bg\" role=\"img\" aria-label=\"MinibusGrandTourismejpg_5ac796a8d775f-1\"><\/div><div class=\"swiper-slide-inner\" ><div class=\"swiper-slide-contents\"><\/div><\/div><\/div>\t\t\t\t<\/div>\n\t\t\t\t\t\t\t\t\t\t\t\t\t\t\t<div class=\"elementor-swiper-button elementor-swiper-button-prev\" role=\"button\" tabindex=\"0\" aria-label=\"Diapositiva anterior\">\n\t\t\t\t\t\t\t<i aria-hidden=\"true\" class=\"eicon-chevron-left\"><\/i>\t\t\t\t\t\t<\/div>\n\t\t\t\t\t\t<div class=\"elementor-swiper-button elementor-swiper-button-next\" role=\"button\" tabindex=\"0\" aria-label=\"Siguiente diapositiva\">\n\t\t\t\t\t\t\t<i aria-hidden=\"true\" class=\"eicon-chevron-right\"><\/i>\t\t\t\t\t\t<\/div>\n\t\t\t\t\t\t\t\t\t\t\t\t\t\t\t\t<div class=\"swiper-pagination\"><\/div>\n\t\t\t\t\t\t\t\t\t\t\t\t<\/div>\n\t\t\t\t<\/div>\n\t\t\t\t\t\t\t\t<\/div>\n\t\t\t\t<\/div>\n\t\t\t\t\t<\/div>\n\t\t<\/div>\n\t\t\t\t\t<\/div>\n\t\t<\/section>\n\t\t\t\t<\/div>","protected":false},"excerpt":{"rendered":"<p>Seguridad-Profesionalidad-Discreci\u00f3n Transporte de eventos VIP Marsella-Aix en Pce-Avignon-Cannes Desde 2016, hemos optado por especializarnos en el transporte en veh\u00edculos el\u00e9ctricos 100%, con el fin de ofrecer a nuestros clientes una soluci\u00f3n ecol\u00f3gica y de lujo para sus eventos. Entendemos la importancia de ofrecer alternativas sostenibles sin comprometer la comodidad, el rendimiento y el estilo. [...]<\/p>","protected":false},"author":1,"featured_media":22454,"parent":14513,"menu_order":0,"comment_status":"closed","ping_status":"closed","template":"","meta":{"footnotes":""},"class_list":["post-14537","page","type-page","status-publish","has-post-thumbnail","hentry"],"_links":{"self":[{"href":"https:\/\/www.vtc-limousine.fr\/es\/wp-json\/wp\/v2\/pages\/14537","targetHints":{"allow":["GET"]}}],"collection":[{"href":"https:\/\/www.vtc-limousine.fr\/es\/wp-json\/wp\/v2\/pages"}],"about":[{"href":"https:\/\/www.vtc-limousine.fr\/es\/wp-json\/wp\/v2\/types\/page"}],"author":[{"embeddable":true,"href":"https:\/\/www.vtc-limousine.fr\/es\/wp-json\/wp\/v2\/users\/1"}],"replies":[{"embeddable":true,"href":"https:\/\/www.vtc-limousine.fr\/es\/wp-json\/wp\/v2\/comments?post=14537"}],"version-history":[{"count":61,"href":"https:\/\/www.vtc-limousine.fr\/es\/wp-json\/wp\/v2\/pages\/14537\/revisions"}],"predecessor-version":[{"id":23198,"href":"https:\/\/www.vtc-limousine.fr\/es\/wp-json\/wp\/v2\/pages\/14537\/revisions\/23198"}],"up":[{"embeddable":true,"href":"https:\/\/www.vtc-limousine.fr\/es\/wp-json\/wp\/v2\/pages\/14513"}],"wp:featuredmedia":[{"embeddable":true,"href":"https:\/\/www.vtc-limousine.fr\/es\/wp-json\/wp\/v2\/media\/22454"}],"wp:attachment":[{"href":"https:\/\/www.vtc-limousine.fr\/es\/wp-json\/wp\/v2\/media?parent=14537"}],"curies":[{"name":"wp","href":"https:\/\/api.w.org\/{rel}","templated":true}]}}