{"id":14485,"date":"2022-04-20T12:56:33","date_gmt":"2022-04-20T12:56:33","guid":{"rendered":"https:\/\/www.vtc-limousine.fr\/?page_id=14485"},"modified":"2026-04-02T16:14:02","modified_gmt":"2026-04-02T16:14:02","slug":"chofer-privado-zannier-hoteles-bendor-bandol","status":"publish","type":"page","link":"https:\/\/www.vtc-limousine.fr\/es\/chofer-privado\/chofer-privado-paca\/chofer-privado-zannier-hoteles-bendor-bandol\/","title":{"rendered":"Ch\u00f3fer Privado Hotel Zannier \u00eele de Bendor | Luxury Car Service Bandol"},"content":{"rendered":"<div data-elementor-type=\"wp-page\" data-elementor-id=\"14485\" class=\"elementor elementor-14485\" data-elementor-post-type=\"page\">\n\t\t\t\t\t\t<section class=\"elementor-section elementor-top-section elementor-element elementor-element-5e739282 elementor-section-full_width elementor-section-height-min-height elementor-section-height-default elementor-section-items-middle\" data-id=\"5e739282\" data-element_type=\"section\" data-e-type=\"section\" data-settings=\"{&quot;background_background&quot;:&quot;classic&quot;}\">\n\t\t\t\t\t\t\t<div class=\"elementor-background-overlay\"><\/div>\n\t\t\t\t\t\t\t<div class=\"elementor-container elementor-column-gap-default\">\n\t\t\t\t\t<div class=\"elementor-column elementor-col-100 elementor-top-column elementor-element elementor-element-1faf7528\" data-id=\"1faf7528\" data-element_type=\"column\" data-e-type=\"column\">\n\t\t\t<div class=\"elementor-widget-wrap\">\n\t\t\t\t\t\t\t<\/div>\n\t\t<\/div>\n\t\t\t\t\t<\/div>\n\t\t<\/section>\n\t\t\t\t<section class=\"elementor-section elementor-top-section elementor-element elementor-element-65088e05 elementor-section-boxed elementor-section-height-default elementor-section-height-default\" data-id=\"65088e05\" data-element_type=\"section\" data-e-type=\"section\">\n\t\t\t\t\t\t<div class=\"elementor-container elementor-column-gap-default\">\n\t\t\t\t\t<div class=\"elementor-column elementor-col-100 elementor-top-column elementor-element elementor-element-344a6702\" data-id=\"344a6702\" data-element_type=\"column\" data-e-type=\"column\">\n\t\t\t<div class=\"elementor-widget-wrap elementor-element-populated\">\n\t\t\t\t\t\t<div class=\"elementor-element elementor-element-18f76e2 elementor-widget elementor-widget-shortcode\" data-id=\"18f76e2\" data-element_type=\"widget\" data-e-type=\"widget\" data-widget_type=\"shortcode.default\">\n\t\t\t\t<div class=\"elementor-widget-container\">\n\t\t\t\t\t\t\t<div class=\"elementor-shortcode\"><nav aria-label=\"pan rallado\">\n            <div class=\"breadcrumb-container theme1\">\n                <ol>\n                                    <\/ol>\n            <\/div>\n        <\/nav>    <script type=\"application\/ld+json\">\n        {\n            \"@context\": \"http:\/\/schema.org\",\n            \"@type\": \"BreadcrumbList\",\n            \"itemListElement\": [\n                            ]\n        }\n    <\/script>\n   \n    <script>\n            <\/script>\n<\/div>\n\t\t\t\t\t\t<\/div>\n\t\t\t\t<\/div>\n\t\t\t\t<div class=\"elementor-element elementor-element-6d44219e elementor-widget elementor-widget-heading\" data-id=\"6d44219e\" data-element_type=\"widget\" data-e-type=\"widget\" data-widget_type=\"heading.default\">\n\t\t\t\t<div class=\"elementor-widget-container\">\n\t\t\t\t\t<h1 class=\"elementor-heading-title elementor-size-default\">Ch\u00f3fer Privado Hotel Zannier \u00eele de Bendor | Luxury Car Service Bandol<\/h1>\t\t\t\t<\/div>\n\t\t\t\t<\/div>\n\t\t\t\t<div class=\"elementor-element elementor-element-2cda9272 elementor-widget elementor-widget-heading\" data-id=\"2cda9272\" data-element_type=\"widget\" data-e-type=\"widget\" data-widget_type=\"heading.default\">\n\t\t\t\t<div class=\"elementor-widget-container\">\n\t\t\t\t\t<span class=\"elementor-heading-title elementor-size-default\">Seguridad-Profesionalidad-Discreci\u00f3n<\/span>\t\t\t\t<\/div>\n\t\t\t\t<\/div>\n\t\t\t\t\t<\/div>\n\t\t<\/div>\n\t\t\t\t\t<\/div>\n\t\t<\/section>\n\t\t\t\t<section class=\"elementor-section elementor-top-section elementor-element elementor-element-94725a7 elementor-section-boxed elementor-section-height-default elementor-section-height-default\" data-id=\"94725a7\" data-element_type=\"section\" data-e-type=\"section\">\n\t\t\t\t\t\t<div class=\"elementor-container elementor-column-gap-default\">\n\t\t\t\t\t<div class=\"elementor-column elementor-col-100 elementor-top-column elementor-element elementor-element-89c2d86\" data-id=\"89c2d86\" data-element_type=\"column\" data-e-type=\"column\">\n\t\t\t<div class=\"elementor-widget-wrap elementor-element-populated\">\n\t\t\t\t\t\t<div class=\"elementor-element elementor-element-71a8c2e elementor-widget elementor-widget-heading\" data-id=\"71a8c2e\" data-element_type=\"widget\" data-e-type=\"widget\" data-widget_type=\"heading.default\">\n\t\t\t\t<div class=\"elementor-widget-container\">\n\t\t\t\t\t<h2 class=\"elementor-heading-title elementor-size-default\">Alquiler de coches con ch\u00f3fer privado en la isla de Bendor <\/h2>\t\t\t\t<\/div>\n\t\t\t\t<\/div>\n\t\t\t\t\t<\/div>\n\t\t<\/div>\n\t\t\t\t\t<\/div>\n\t\t<\/section>\n\t\t\t\t<section class=\"elementor-section elementor-top-section elementor-element elementor-element-a42f13a elementor-section-boxed elementor-section-height-default elementor-section-height-default\" data-id=\"a42f13a\" data-element_type=\"section\" data-e-type=\"section\">\n\t\t\t\t\t\t<div class=\"elementor-container elementor-column-gap-default\">\n\t\t\t\t\t<div class=\"elementor-column elementor-col-50 elementor-top-column elementor-element elementor-element-87bfaa6\" data-id=\"87bfaa6\" data-element_type=\"column\" data-e-type=\"column\">\n\t\t\t<div class=\"elementor-widget-wrap elementor-element-populated\">\n\t\t\t\t\t\t<div class=\"elementor-element elementor-element-da50871 elementor-widget elementor-widget-text-editor\" data-id=\"da50871\" data-element_type=\"widget\" data-e-type=\"widget\" data-widget_type=\"text-editor.default\">\n\t\t\t\t<div class=\"elementor-widget-container\">\n\t\t\t\t\t\t\t\t\t<article><h1>Chauffeur Priv\u00e9 Zannier Hotels ile de Bendor - Transporte de prestigio en Bandol<\/h1><p class=\"lead\"><strong>La excelencia de la Grande Remise para sus traslados a la isla de Bendor.<\/strong><\/p><p>Class eDriver Limousine es el socio elegido para la tan esperada inauguraci\u00f3n del <a href=\"https:\/\/www.zannierhotels.com\/fr\/hotels\/bendor\/\" target=\"_blank\" rel=\"noopener\"><strong>Zannier Hoteles Bendor<\/strong><\/a> en mayo de 2026. Ofrecemos una experiencia de transporte a medida, que combina serenidad y refinamiento, para enlazar los centros de transporte internacionales con este santuario privado del Mediterr\u00e1neo.<\/p><hr \/><h2>Un servicio dedicado a los viajeros m\u00e1s exigentes<\/h2><p>Acostumbrados a cumplir los est\u00e1ndares de los hoteles de lujo internacionales, concebimos cada viaje como una extensi\u00f3n de nuestro servicio de cinco estrellas. Nuestra experiencia se adapta especialmente a las agencias de viajes especializadas en el **Ultra-High-Net-Worth (UHNW)** y a los viajeros que buscan una log\u00edstica impecable.<\/p><ul><li><strong>Grande Remise conductores :<\/strong> Un equipo multiling\u00fce, experto en la regi\u00f3n y formado para ejercer una discreci\u00f3n absoluta.<\/li><li><strong>Protocolo de bienvenida VIP :<\/strong> Atenci\u00f3n personalizada con una bienvenida personal en cuanto abandone la terminal o el and\u00e9n de la estaci\u00f3n.<\/li><li><strong>Log\u00edstica sin fisuras :<\/strong> Coordinaci\u00f3n directa con el muelle de Bandol para garantizar una transici\u00f3n fluida a la isla.<\/li><\/ul><h2>Experiencia en aviaci\u00f3n privada y terminales FBO<\/h2><p>Para sus llegadas en jet privado, Class eDriver Limousine dispone de las acreditaciones necesarias para una acogida personalizada lo m\u00e1s cerca posible del avi\u00f3n. Prestamos servicio diariamente a las terminales de negocios de la regi\u00f3n.<\/p><table style=\"width: 100%; border-collapse: collapse; margin: 20px 0;\"><thead><tr style=\"background-color: #f9f9f9;\"><th style=\"padding: 12px; text-align: left; border-bottom: 2px solid #eee;\">Punto de llegada (Aeropuerto\/FBO)<\/th><th style=\"padding: 12px; text-align: left; border-bottom: 2px solid #eee;\">Duraci\u00f3n estimada del trayecto<\/th><\/tr><\/thead><tbody><tr><td style=\"padding: 10px; border-bottom: 1px solid #eee;\">Aeropuerto de Le Castellet (LFMQ)<\/td><td style=\"padding: 10px; border-bottom: 1px solid #eee;\">25 minutos<\/td><\/tr><tr><td style=\"padding: 10px; border-bottom: 1px solid #eee;\">Aeropuerto de Toulon-Hy\u00e8res (TLN)<\/td><td style=\"padding: 10px; border-bottom: 1px solid #eee;\">45 minutos<\/td><\/tr><tr><td style=\"padding: 10px; border-bottom: 1px solid #eee;\">Aeropuerto de Marsella-Provenza (MRS)<\/td><td style=\"padding: 10px; border-bottom: 1px solid #eee;\">1 hora<\/td><\/tr><tr><td style=\"padding: 10px; border-bottom: 1px solid #eee;\">Aeropuerto de Niza-Costa Azul (NCE)<\/td><td style=\"padding: 10px; border-bottom: 10px solid #eee;\">1 hora 45 minutos<\/td><\/tr><\/tbody><\/table><h2>Flota Prestige: la alianza del confort y la innovaci\u00f3n<\/h2><p>En armon\u00eda con la filosof\u00eda Zannier Hotels Bendor de elegante sencillez, <a href=\"https:\/\/www.vtc-limousine.fr\/es\/clase-edriver-limusina\/nuestros-vehiculos\/\" target=\"_blank\" rel=\"noopener\">nuestra flota est\u00e1 compuesta por veh\u00edculos de \u00faltima generaci\u00f3n<\/a> :<\/p><ul><li><strong>Berlinas el\u00e9ctricas :<\/strong> Tesla Model S y Mercedes EQS para un traslado silencioso y respetuoso con el medio ambiente.<\/li><li><strong>Limusinas de referencia :<\/strong> Mercedes Clase S, la elecci\u00f3n de la elegancia atemporal.<\/li><li><strong>MiniVans Executive :<\/strong> Mercedes Clase V, configurado para el confort \u00f3ptimo de familias o grupos peque\u00f1os.<\/li><\/ul><h2>Eventos, bodas y seminarios en Bendor<\/h2><p>La isla de Bendor es el escenario ideal para eventos excepcionales. Class eDriver Limousine despliega una s\u00f3lida log\u00edstica de transporte para sus bodas, lanzamientos de productos o retiros empresariales, incluidas soluciones para grupos de hasta 52 pasajeros por veh\u00edculo.<\/p><hr \/><section style=\"background-color: #000; color: #fff; padding: 30px; border-radius: 5px; text-align: center;\"><h3 style=\"color: #fff; margin-top: 0;\">Planifique su traslado exclusivo<\/h3><p>Servicio disponible las 24 horas del d\u00eda. Presupuestos personalizados previa solicitud.<\/p><p style=\"font-size: 1.2em;\"><strong>\ud83d\udcde +33(0)4 13 33 33 00<\/strong><\/p><p><strong>\ud83d\udce7 contact@class-edriver.fr<\/strong><\/p><p><small>Empresa homologada Grande Remise - Excelencia y discreci\u00f3n garantizadas.<\/small><\/p><\/section><\/article>\t\t\t\t\t\t\t\t<\/div>\n\t\t\t\t<\/div>\n\t\t\t\t\t<\/div>\n\t\t<\/div>\n\t\t\t\t<div class=\"elementor-column elementor-col-50 elementor-top-column elementor-element elementor-element-2edc9c1\" data-id=\"2edc9c1\" data-element_type=\"column\" data-e-type=\"column\">\n\t\t\t<div class=\"elementor-widget-wrap elementor-element-populated\">\n\t\t\t\t\t\t<div class=\"elementor-element elementor-element-9e89686 elementor--h-position-center elementor--v-position-middle elementor-arrows-position-inside elementor-pagination-position-inside elementor-widget elementor-widget-slides\" data-id=\"9e89686\" data-element_type=\"widget\" data-e-type=\"widget\" data-settings=\"{&quot;navigation&quot;:&quot;both&quot;,&quot;autoplay&quot;:&quot;yes&quot;,&quot;pause_on_hover&quot;:&quot;yes&quot;,&quot;pause_on_interaction&quot;:&quot;yes&quot;,&quot;autoplay_speed&quot;:5000,&quot;infinite&quot;:&quot;yes&quot;,&quot;transition&quot;:&quot;slide&quot;,&quot;transition_speed&quot;:500}\" data-widget_type=\"slides.default\">\n\t\t\t\t<div class=\"elementor-widget-container\">\n\t\t\t\t\t\t\t\t\t<div class=\"elementor-swiper\">\n\t\t\t\t\t<div class=\"elementor-slides-wrapper elementor-main-swiper swiper\" role=\"region\" aria-roledescription=\"carousel\" aria-label=\"Diapositivas\" dir=\"ltr\" data-animation=\"fadeInUp\">\n\t\t\t\t<div class=\"swiper-wrapper elementor-slides\">\n\t\t\t\t\t\t\t\t\t\t<div class=\"elementor-repeater-item-a4a8e66 swiper-slide\" role=\"group\" aria-roledescription=\"slide\"><div class=\"swiper-slide-bg\" role=\"img\" aria-label=\"Ch\u00f3fer privado Zannier Hoteles Bendor | Luxury Car Service Bandol | Class eDriver Limousine\"><\/div><div class=\"swiper-slide-inner\" ><div class=\"swiper-slide-contents\"><\/div><\/div><\/div><div class=\"elementor-repeater-item-9c0db94 swiper-slide\" role=\"group\" aria-roledescription=\"slide\"><div class=\"swiper-slide-bg\" role=\"img\" aria-label=\"Ch\u00f3fer privado Clase eDriver | Servicio de Chofer de Lujo Bandol | Traslado \u00cele de Bendor\"><\/div><div class=\"swiper-slide-inner\" ><div class=\"swiper-slide-contents\"><\/div><\/div><\/div><div class=\"elementor-repeater-item-68f94aa swiper-slide\" role=\"group\" aria-roledescription=\"slide\"><div class=\"swiper-slide-bg\" role=\"img\" aria-label=\"Fleet Class eDriver Limousine | Mercedes Van | Traslado Aeropuerto de Lujo Bandol\"><\/div><div class=\"swiper-slide-inner\" ><div class=\"swiper-slide-contents\"><\/div><\/div><\/div>\t\t\t\t<\/div>\n\t\t\t\t\t\t\t\t\t\t\t\t\t\t\t<div class=\"elementor-swiper-button elementor-swiper-button-prev\" role=\"button\" tabindex=\"0\" aria-label=\"\u4e0a\u4e00\u5f20\u5e7b\u706f\u7247\" data-no-translation-aria-label=\"\">\n\t\t\t\t\t\t\t<i aria-hidden=\"true\" class=\"eicon-chevron-left\"><\/i>\t\t\t\t\t\t<\/div>\n\t\t\t\t\t\t<div class=\"elementor-swiper-button elementor-swiper-button-next\" role=\"button\" tabindex=\"0\" aria-label=\"\u4e0b\u4e00\u5f20\u5e7b\u706f\u7247\" data-no-translation-aria-label=\"\">\n\t\t\t\t\t\t\t<i aria-hidden=\"true\" class=\"eicon-chevron-right\"><\/i>\t\t\t\t\t\t<\/div>\n\t\t\t\t\t\t\t\t\t\t\t\t\t\t\t\t<div class=\"swiper-pagination\"><\/div>\n\t\t\t\t\t\t\t\t\t\t\t\t<\/div>\n\t\t\t\t<\/div>\n\t\t\t\t\t\t\t\t<\/div>\n\t\t\t\t<\/div>\n\t\t\t\t<div class=\"elementor-element elementor-element-8825dc8 elementor-widget elementor-widget-image\" data-id=\"8825dc8\" data-element_type=\"widget\" data-e-type=\"widget\" data-widget_type=\"image.default\">\n\t\t\t\t<div class=\"elementor-widget-container\">\n\t\t\t\t\t\t\t\t\t\t\t\t\t\t\t<img fetchpriority=\"high\" decoding=\"async\" width=\"683\" height=\"1024\" src=\"https:\/\/www.vtc-limousine.fr\/wp-content\/uploads\/2026\/03\/Class-E-Driver-EQS-avec-Christian-Lr-25-683x1024.jpg\" class=\"attachment-large size-large wp-image-23789\" alt=\"Ch\u00f3fer privado Clase eDriver | Servicio de Chofer de Lujo Bandol | Traslado \u00cele de Bendor\" srcset=\"https:\/\/www.vtc-limousine.fr\/wp-content\/uploads\/2026\/03\/Class-E-Driver-EQS-avec-Christian-Lr-25-683x1024.jpg 683w, https:\/\/www.vtc-limousine.fr\/wp-content\/uploads\/2026\/03\/Class-E-Driver-EQS-avec-Christian-Lr-25-200x300.jpg 200w, https:\/\/www.vtc-limousine.fr\/wp-content\/uploads\/2026\/03\/Class-E-Driver-EQS-avec-Christian-Lr-25-768x1152.jpg 768w, https:\/\/www.vtc-limousine.fr\/wp-content\/uploads\/2026\/03\/Class-E-Driver-EQS-avec-Christian-Lr-25-1024x1536.jpg 1024w, https:\/\/www.vtc-limousine.fr\/wp-content\/uploads\/2026\/03\/Class-E-Driver-EQS-avec-Christian-Lr-25-scaled.jpg 1365w, https:\/\/www.vtc-limousine.fr\/wp-content\/uploads\/2026\/03\/Class-E-Driver-EQS-avec-Christian-Lr-25-8x12.jpg 8w, https:\/\/www.vtc-limousine.fr\/wp-content\/uploads\/2026\/03\/Class-E-Driver-EQS-avec-Christian-Lr-25-204x306.jpg 204w, https:\/\/www.vtc-limousine.fr\/wp-content\/uploads\/2026\/03\/Class-E-Driver-EQS-avec-Christian-Lr-25-355x533.jpg 355w\" sizes=\"(max-width: 683px) 100vw, 683px\" \/>\t\t\t\t\t\t\t\t\t\t\t\t\t\t\t<\/div>\n\t\t\t\t<\/div>\n\t\t\t\t\t<\/div>\n\t\t<\/div>\n\t\t\t\t\t<\/div>\n\t\t<\/section>\n\t\t\t\t<section class=\"elementor-section elementor-top-section elementor-element elementor-element-deb5b69 elementor-section-boxed elementor-section-height-default elementor-section-height-default\" data-id=\"deb5b69\" data-element_type=\"section\" data-e-type=\"section\">\n\t\t\t\t\t\t<div class=\"elementor-container elementor-column-gap-default\">\n\t\t\t\t\t<div class=\"elementor-column elementor-col-100 elementor-top-column elementor-element elementor-element-09e35fb\" data-id=\"09e35fb\" data-element_type=\"column\" data-e-type=\"column\">\n\t\t\t<div class=\"elementor-widget-wrap elementor-element-populated\">\n\t\t\t\t\t\t<div class=\"elementor-element elementor-element-9cffc40 elementor-widget elementor-widget-spacer\" data-id=\"9cffc40\" data-element_type=\"widget\" data-e-type=\"widget\" data-widget_type=\"spacer.default\">\n\t\t\t\t<div class=\"elementor-widget-container\">\n\t\t\t\t\t\t\t<div class=\"elementor-spacer\">\n\t\t\t<div class=\"elementor-spacer-inner\"><\/div>\n\t\t<\/div>\n\t\t\t\t\t\t<\/div>\n\t\t\t\t<\/div>\n\t\t\t\t\t<\/div>\n\t\t<\/div>\n\t\t\t\t\t<\/div>\n\t\t<\/section>\n\t\t\t\t<section class=\"elementor-section elementor-top-section elementor-element elementor-element-f674983 elementor-section-boxed elementor-section-height-default elementor-section-height-default\" data-id=\"f674983\" data-element_type=\"section\" data-e-type=\"section\" data-settings=\"{&quot;background_background&quot;:&quot;classic&quot;}\">\n\t\t\t\t\t\t<div class=\"elementor-container elementor-column-gap-default\">\n\t\t\t\t\t<div class=\"elementor-column elementor-col-50 elementor-top-column elementor-element elementor-element-acce9fc\" data-id=\"acce9fc\" data-element_type=\"column\" data-e-type=\"column\">\n\t\t\t<div class=\"elementor-widget-wrap elementor-element-populated\">\n\t\t\t\t\t\t<div class=\"elementor-element elementor-element-cd68c0f elementor-widget elementor-widget-heading\" data-id=\"cd68c0f\" data-element_type=\"widget\" data-e-type=\"widget\" data-widget_type=\"heading.default\">\n\t\t\t\t<div class=\"elementor-widget-container\">\n\t\t\t\t\t<h4 class=\"elementor-heading-title elementor-size-medium\">Ch\u00f3fer privado Bandol<\/h4>\t\t\t\t<\/div>\n\t\t\t\t<\/div>\n\t\t\t\t<div class=\"elementor-element elementor-element-e7d138d elementor-widget elementor-widget-text-editor\" data-id=\"e7d138d\" data-element_type=\"widget\" data-e-type=\"widget\" data-widget_type=\"text-editor.default\">\n\t\t\t\t<div class=\"elementor-widget-container\">\n\t\t\t\t\t\t\t\t\t<section id=\"luxury-transfer-details\">\n    <h3>Su ch\u00f3fer privado para Zannier Hotels Bendor<\/h3>\n    \n    <p>Class eDriver Limousine es su socio de referencia para la <strong>alquiler de coches con conductor a la isla de Bendor<\/strong>. Ofrecemos 24\/7 transferencias en Tesla y Mercedes para sus estancias, conferencias y seminarios en Bandol.<\/p>\n\n    <ul>\n        <li><strong>Seguido de Vuelo y tren :<\/strong> Nuestros conductores controlan su llegada en tiempo real y se adaptan a cualquier retraso para que pueda ser recogido inmediatamente.<\/li>\n        <li><strong>Bienvenida VIP :<\/strong> Servicio completo de equipajes y acogida personalizada en su terminal (Aeropuerto\/FBO\/Estaci\u00f3n).<\/li>\n        <li><strong>Flota Prestige :<\/strong> Amplia oferta de berlinas premium (Mercedes Clase S, EQS) y monovol\u00famenes (Clase V) para 1 a 52 pasajeros.<\/li>\n        <li><strong>Compromiso de calidad :<\/strong> Conductores discretos, profesionales y biling\u00fces dedicados a acompa\u00f1arle en sus viajes privados u oficiales.<\/li>\n    <\/ul>\n\n    <p><em>Disfrute de un traslado perfecto a Zannier Hotels Le Bendor con Class eDriver Limousine.<\/em><\/p>\n<\/section>\t\t\t\t\t\t\t\t<\/div>\n\t\t\t\t<\/div>\n\t\t\t\t\t<\/div>\n\t\t<\/div>\n\t\t\t\t<div class=\"elementor-column elementor-col-50 elementor-top-column elementor-element elementor-element-15d0129\" data-id=\"15d0129\" data-element_type=\"column\" data-e-type=\"column\">\n\t\t\t<div class=\"elementor-widget-wrap elementor-element-populated\">\n\t\t\t\t\t\t<div class=\"elementor-element elementor-element-db62825 elementor-widget elementor-widget-global elementor-global-17301 elementor-widget-template\" data-id=\"db62825\" data-element_type=\"widget\" data-e-type=\"widget\" data-widget_type=\"template.default\">\n\t\t\t\t<div class=\"elementor-widget-container\">\n\t\t\t\t\t\t\t<div class=\"elementor-template\">\n\t\t\t\t\t<div data-elementor-type=\"section\" data-elementor-id=\"17288\" class=\"elementor elementor-17288\" data-elementor-post-type=\"elementor_library\">\n\t\t\t\t\t<section class=\"elementor-section elementor-top-section elementor-element elementor-element-7ea6a935 elementor-section-boxed elementor-section-height-default elementor-section-height-default\" data-id=\"7ea6a935\" data-element_type=\"section\" data-e-type=\"section\">\n\t\t\t\t\t\t<div class=\"elementor-container elementor-column-gap-default\">\n\t\t\t\t\t<div class=\"elementor-column elementor-col-100 elementor-top-column elementor-element elementor-element-306e7f1f\" data-id=\"306e7f1f\" data-element_type=\"column\" data-e-type=\"column\">\n\t\t\t<div class=\"elementor-widget-wrap elementor-element-populated\">\n\t\t\t\t\t\t<div class=\"elementor-element elementor-element-1b84b567 elementor-widget elementor-widget-heading\" data-id=\"1b84b567\" data-element_type=\"widget\" data-e-type=\"widget\" data-widget_type=\"heading.default\">\n\t\t\t\t<div class=\"elementor-widget-container\">\n\t\t\t\t\t<h4 class=\"elementor-heading-title elementor-size-medium\">Nuestros veh\u00edculos de alta gama se seleccionan para garantizar su comodidad y seguridad<\/h4>\t\t\t\t<\/div>\n\t\t\t\t<\/div>\n\t\t\t\t<section class=\"elementor-section elementor-inner-section elementor-element elementor-element-9aeaedc elementor-section-boxed elementor-section-height-default elementor-section-height-default\" data-id=\"9aeaedc\" data-element_type=\"section\" data-e-type=\"section\">\n\t\t\t\t\t\t<div class=\"elementor-container elementor-column-gap-custom\">\n\t\t\t\t\t<div class=\"elementor-column elementor-col-33 elementor-inner-column elementor-element elementor-element-77a143b0 blocText\" data-id=\"77a143b0\" data-element_type=\"column\" data-e-type=\"column\" data-settings=\"{&quot;background_background&quot;:&quot;classic&quot;}\">\n\t\t\t<div class=\"elementor-widget-wrap elementor-element-populated\">\n\t\t\t\t\t<div class=\"elementor-background-overlay\"><\/div>\n\t\t\t\t\t\t<div class=\"elementor-element elementor-element-3a21ee73 elementor-widget elementor-widget-heading\" data-id=\"3a21ee73\" data-element_type=\"widget\" data-e-type=\"widget\" data-widget_type=\"heading.default\">\n\t\t\t\t<div class=\"elementor-widget-container\">\n\t\t\t\t\t<p class=\"elementor-heading-title elementor-size-default\"><a href=\"https:\/\/www.vtc-limousine.fr\/es\/clase-edriver-limusina\/nuestros-vehiculos\/tesla-model-s-sedan-de-lujo-con-conductor\/\">Tesla Model S Sed\u00e1n de Lujo\ud83c\udf43<\/a><\/p>\t\t\t\t<\/div>\n\t\t\t\t<\/div>\n\t\t\t\t\t<\/div>\n\t\t<\/div>\n\t\t\t\t<div class=\"elementor-column elementor-col-33 elementor-inner-column elementor-element elementor-element-50a94a8e blocText\" data-id=\"50a94a8e\" data-element_type=\"column\" data-e-type=\"column\" data-settings=\"{&quot;background_background&quot;:&quot;classic&quot;}\">\n\t\t\t<div class=\"elementor-widget-wrap elementor-element-populated\">\n\t\t\t\t\t<div class=\"elementor-background-overlay\"><\/div>\n\t\t\t\t\t\t<div class=\"elementor-element elementor-element-770c71b9 elementor-widget elementor-widget-heading\" data-id=\"770c71b9\" data-element_type=\"widget\" data-e-type=\"widget\" data-widget_type=\"heading.default\">\n\t\t\t\t<div class=\"elementor-widget-container\">\n\t\t\t\t\t<p class=\"elementor-heading-title elementor-size-default\"><a href=\"https:\/\/www.vtc-limousine.fr\/es\/clase-edriver-limusina\/nuestros-vehiculos\/mercedes-eqs-electrico\/\">Mercedes EQS Limusina \ud83c\udf43<\/a><\/p>\t\t\t\t<\/div>\n\t\t\t\t<\/div>\n\t\t\t\t\t<\/div>\n\t\t<\/div>\n\t\t\t\t<div class=\"elementor-column elementor-col-33 elementor-inner-column elementor-element elementor-element-382f45a9 blocText\" data-id=\"382f45a9\" data-element_type=\"column\" data-e-type=\"column\" data-settings=\"{&quot;background_background&quot;:&quot;classic&quot;}\">\n\t\t\t<div class=\"elementor-widget-wrap elementor-element-populated\">\n\t\t\t\t\t<div class=\"elementor-background-overlay\"><\/div>\n\t\t\t\t\t\t<div class=\"elementor-element elementor-element-473f5be elementor-widget elementor-widget-heading\" data-id=\"473f5be\" data-element_type=\"widget\" data-e-type=\"widget\" data-widget_type=\"heading.default\">\n\t\t\t\t<div class=\"elementor-widget-container\">\n\t\t\t\t\t<p class=\"elementor-heading-title elementor-size-default\"><a href=\"https:\/\/www.vtc-limousine.fr\/es\/clase-edriver-limusina\/nuestros-vehiculos\/mercedes-clase-e\/\">Mercedes Clase E<\/a><\/p>\t\t\t\t<\/div>\n\t\t\t\t<\/div>\n\t\t\t\t\t<\/div>\n\t\t<\/div>\n\t\t\t\t\t<\/div>\n\t\t<\/section>\n\t\t\t\t<section class=\"elementor-section elementor-inner-section elementor-element elementor-element-7f5ead77 elementor-section-boxed elementor-section-height-default elementor-section-height-default\" data-id=\"7f5ead77\" data-element_type=\"section\" data-e-type=\"section\">\n\t\t\t\t\t\t<div class=\"elementor-container elementor-column-gap-custom\">\n\t\t\t\t\t<div class=\"elementor-column elementor-col-33 elementor-inner-column elementor-element elementor-element-3d8e8f13 blocText\" data-id=\"3d8e8f13\" data-element_type=\"column\" data-e-type=\"column\" data-settings=\"{&quot;background_background&quot;:&quot;classic&quot;}\">\n\t\t\t<div class=\"elementor-widget-wrap elementor-element-populated\">\n\t\t\t\t\t<div class=\"elementor-background-overlay\"><\/div>\n\t\t\t\t\t\t<div class=\"elementor-element elementor-element-13e4de98 elementor-widget elementor-widget-heading\" data-id=\"13e4de98\" data-element_type=\"widget\" data-e-type=\"widget\" data-widget_type=\"heading.default\">\n\t\t\t\t<div class=\"elementor-widget-container\">\n\t\t\t\t\t<p class=\"elementor-heading-title elementor-size-default\"><a href=\"https:\/\/www.vtc-limousine.fr\/es\/clase-edriver-limusina\/nuestros-vehiculos\/limusina-mercedes-clase-s\/\">Mercedes Clase S Limusina<\/a><\/p>\t\t\t\t<\/div>\n\t\t\t\t<\/div>\n\t\t\t\t\t<\/div>\n\t\t<\/div>\n\t\t\t\t<div class=\"elementor-column elementor-col-33 elementor-inner-column elementor-element elementor-element-d2d0544 blocText\" data-id=\"d2d0544\" data-element_type=\"column\" data-e-type=\"column\" data-settings=\"{&quot;background_background&quot;:&quot;classic&quot;}\">\n\t\t\t<div class=\"elementor-widget-wrap elementor-element-populated\">\n\t\t\t\t\t<div class=\"elementor-background-overlay\"><\/div>\n\t\t\t\t\t\t<div class=\"elementor-element elementor-element-603d6c02 elementor-widget elementor-widget-heading\" data-id=\"603d6c02\" data-element_type=\"widget\" data-e-type=\"widget\" data-widget_type=\"heading.default\">\n\t\t\t\t<div class=\"elementor-widget-container\">\n\t\t\t\t\t<p class=\"elementor-heading-title elementor-size-default\"><a href=\"https:\/\/www.vtc-limousine.fr\/es\/clase-edriver-limusina\/nuestros-vehiculos\/mercedes-sprinter-xxl-minibus-de-lujo\/\">Minib\u00fas de lujo Mercedes SprinterXXL<\/a><\/p>\t\t\t\t<\/div>\n\t\t\t\t<\/div>\n\t\t\t\t\t<\/div>\n\t\t<\/div>\n\t\t\t\t<div class=\"elementor-column elementor-col-33 elementor-inner-column elementor-element elementor-element-1edcaedf blocText\" data-id=\"1edcaedf\" data-element_type=\"column\" data-e-type=\"column\" data-settings=\"{&quot;background_background&quot;:&quot;classic&quot;}\">\n\t\t\t<div class=\"elementor-widget-wrap elementor-element-populated\">\n\t\t\t\t\t<div class=\"elementor-background-overlay\"><\/div>\n\t\t\t\t\t\t<div class=\"elementor-element elementor-element-2f0c5426 elementor-widget elementor-widget-heading\" data-id=\"2f0c5426\" data-element_type=\"widget\" data-e-type=\"widget\" data-widget_type=\"heading.default\">\n\t\t\t\t<div class=\"elementor-widget-container\">\n\t\t\t\t\t<p class=\"elementor-heading-title elementor-size-default\"><a href=\"https:\/\/www.vtc-limousine.fr\/es\/clase-edriver-limusina\/nuestros-vehiculos\/mercedes-clase-v-lujo\/\">Mercedes Clase V Luxury<\/a><\/p>\t\t\t\t<\/div>\n\t\t\t\t<\/div>\n\t\t\t\t\t<\/div>\n\t\t<\/div>\n\t\t\t\t\t<\/div>\n\t\t<\/section>\n\t\t\t\t\t<\/div>\n\t\t<\/div>\n\t\t\t\t\t<\/div>\n\t\t<\/section>\n\t\t\t\t<\/div>\n\t\t\t\t<\/div>\n\t\t\t\t\t\t<\/div>\n\t\t\t\t<\/div>\n\t\t\t\t\t<\/div>\n\t\t<\/div>\n\t\t\t\t\t<\/div>\n\t\t<\/section>\n\t\t\t\t<section class=\"elementor-section elementor-top-section elementor-element elementor-element-6b14c1a elementor-section-full_width elementor-section-height-default elementor-section-height-default\" data-id=\"6b14c1a\" data-element_type=\"section\" data-e-type=\"section\">\n\t\t\t\t\t\t<div class=\"elementor-container elementor-column-gap-default\">\n\t\t\t\t\t<div class=\"elementor-column elementor-col-100 elementor-top-column elementor-element elementor-element-9d6fa62\" data-id=\"9d6fa62\" data-element_type=\"column\" data-e-type=\"column\">\n\t\t\t<div class=\"elementor-widget-wrap elementor-element-populated\">\n\t\t\t\t\t\t<div class=\"elementor-element elementor-element-e4990dc elementor-widget-divider--view-line elementor-widget elementor-widget-divider\" data-id=\"e4990dc\" data-element_type=\"widget\" data-e-type=\"widget\" data-widget_type=\"divider.default\">\n\t\t\t\t<div class=\"elementor-widget-container\">\n\t\t\t\t\t\t\t<div class=\"elementor-divider\">\n\t\t\t<span class=\"elementor-divider-separator\">\n\t\t\t\t\t\t<\/span>\n\t\t<\/div>\n\t\t\t\t\t\t<\/div>\n\t\t\t\t<\/div>\n\t\t\t\t\t<\/div>\n\t\t<\/div>\n\t\t\t\t\t<\/div>\n\t\t<\/section>\n\t\t\t\t<section class=\"elementor-section elementor-top-section elementor-element elementor-element-003926e elementor-section-boxed elementor-section-height-default elementor-section-height-default\" data-id=\"003926e\" data-element_type=\"section\" data-e-type=\"section\">\n\t\t\t\t\t\t<div class=\"elementor-container elementor-column-gap-default\">\n\t\t\t\t\t<div class=\"elementor-column elementor-col-33 elementor-top-column elementor-element elementor-element-e2e4a03\" data-id=\"e2e4a03\" data-element_type=\"column\" data-e-type=\"column\">\n\t\t\t<div class=\"elementor-widget-wrap elementor-element-populated\">\n\t\t\t\t\t\t<div class=\"elementor-element elementor-element-dbd1447 elementor-widget elementor-widget-heading\" data-id=\"dbd1447\" data-element_type=\"widget\" data-e-type=\"widget\" data-widget_type=\"heading.default\">\n\t\t\t\t<div class=\"elementor-widget-container\">\n\t\t\t\t\t<h3 class=\"elementor-heading-title elementor-size-small\">ALQUILER DE COCHES CON CONDUCTOR AVIGNON<\/h3>\t\t\t\t<\/div>\n\t\t\t\t<\/div>\n\t\t\t\t\t<\/div>\n\t\t<\/div>\n\t\t\t\t<div class=\"elementor-column elementor-col-33 elementor-top-column elementor-element elementor-element-2866f00\" data-id=\"2866f00\" data-element_type=\"column\" data-e-type=\"column\">\n\t\t\t<div class=\"elementor-widget-wrap elementor-element-populated\">\n\t\t\t\t\t\t<div class=\"elementor-element elementor-element-483a8d8 elementor-widget elementor-widget-heading\" data-id=\"483a8d8\" data-element_type=\"widget\" data-e-type=\"widget\" data-widget_type=\"heading.default\">\n\t\t\t\t<div class=\"elementor-widget-container\">\n\t\t\t\t\t<h3 class=\"elementor-heading-title elementor-size-small\">ALQUILER DE COCHES CON CONDUCTOR AVIGNON TGV<\/h3>\t\t\t\t<\/div>\n\t\t\t\t<\/div>\n\t\t\t\t\t<\/div>\n\t\t<\/div>\n\t\t\t\t<div class=\"elementor-column elementor-col-33 elementor-top-column elementor-element elementor-element-fd8fb88\" data-id=\"fd8fb88\" data-element_type=\"column\" data-e-type=\"column\">\n\t\t\t<div class=\"elementor-widget-wrap elementor-element-populated\">\n\t\t\t\t\t\t<div class=\"elementor-element elementor-element-b56f08c elementor-widget elementor-widget-heading\" data-id=\"b56f08c\" data-element_type=\"widget\" data-e-type=\"widget\" data-widget_type=\"heading.default\">\n\t\t\t\t<div class=\"elementor-widget-container\">\n\t\t\t\t\t<h3 class=\"elementor-heading-title elementor-size-small\">TRASLADO EN YATE<\/h3>\t\t\t\t<\/div>\n\t\t\t\t<\/div>\n\t\t\t\t\t<\/div>\n\t\t<\/div>\n\t\t\t\t\t<\/div>\n\t\t<\/section>\n\t\t\t\t<section class=\"elementor-section elementor-top-section elementor-element elementor-element-79a3ed6 elementor-section-boxed elementor-section-height-default elementor-section-height-default\" data-id=\"79a3ed6\" data-element_type=\"section\" data-e-type=\"section\">\n\t\t\t\t\t\t<div class=\"elementor-container elementor-column-gap-default\">\n\t\t\t\t\t<div class=\"elementor-column elementor-col-100 elementor-top-column elementor-element elementor-element-fd6d399\" data-id=\"fd6d399\" data-element_type=\"column\" data-e-type=\"column\">\n\t\t\t<div class=\"elementor-widget-wrap elementor-element-populated\">\n\t\t\t\t\t\t<div class=\"elementor-element elementor-element-23fd121 elementor-widget elementor-widget-global elementor-global-16809 elementor-widget-template\" data-id=\"23fd121\" data-element_type=\"widget\" data-e-type=\"widget\" data-widget_type=\"template.default\">\n\t\t\t\t<div class=\"elementor-widget-container\">\n\t\t\t\t\t\t\t<div class=\"elementor-template\">\n\t\t\t\t\t<div data-elementor-type=\"section\" data-elementor-id=\"16800\" class=\"elementor elementor-16800\" data-elementor-post-type=\"elementor_library\">\n\t\t\t\t\t<section class=\"elementor-section elementor-top-section elementor-element elementor-element-5ecc7df elementor-section-boxed elementor-section-height-default elementor-section-height-default\" data-id=\"5ecc7df\" data-element_type=\"section\" data-e-type=\"section\">\n\t\t\t\t\t\t<div class=\"elementor-container elementor-column-gap-default\">\n\t\t\t\t\t<div class=\"elementor-column elementor-col-33 elementor-top-column elementor-element elementor-element-50a92ca2\" data-id=\"50a92ca2\" data-element_type=\"column\" data-e-type=\"column\">\n\t\t\t<div class=\"elementor-widget-wrap elementor-element-populated\">\n\t\t\t\t\t\t<div class=\"elementor-element elementor-element-e63460a elementor-widget elementor-widget-image\" data-id=\"e63460a\" data-element_type=\"widget\" data-e-type=\"widget\" data-widget_type=\"image.default\">\n\t\t\t\t<div class=\"elementor-widget-container\">\n\t\t\t\t\t\t\t\t\t\t\t\t\t\t\t<img decoding=\"async\" src=\"https:\/\/www.vtc-limousine.fr\/wp-content\/uploads\/elementor\/thumbs\/WORK1015-trip-e1461841777748-1-qfq8fzc13hup8k9o2ksn15qh69mku450vmv2027j2c.jpg\" title=\"Viaje WORK1015\" alt=\"Mujer de negocios con maleta en el aeropuerto\" loading=\"lazy\" \/>\t\t\t\t\t\t\t\t\t\t\t\t\t\t\t<\/div>\n\t\t\t\t<\/div>\n\t\t\t\t<div class=\"elementor-element elementor-element-4ec7f1f1 elementor-widget elementor-widget-text-editor\" data-id=\"4ec7f1f1\" data-element_type=\"widget\" data-e-type=\"widget\" data-widget_type=\"text-editor.default\">\n\t\t\t\t<div class=\"elementor-widget-container\">\n\t\t\t\t\t\t\t\t\t<div class=\"four columns\"><div class=\"limoking-ux column-service-ux\"><div class=\"limoking-item limoking-column-service-item limoking-medium\"><div class=\"column-service-content-wrapper\"><div class=\"column-service-content limoking-skin-content\"><p>Su coche con ch\u00f3fer\u00a0<a href=\"https:\/\/www.vtc-limousine.fr\/es\/nuestros-vehiculos\/\">(VTC)<\/a>\u00a0le llevar\u00e1 desde su aeropuerto o al aeropuerto de su elecci\u00f3n. Prestamos servicio en los siguientes aeropuertos:\u00a0<br \/>\u00a0<a href=\"https:\/\/www.vtc-limousine.fr\/es\/vtc-traslado-privado\/vtc-traslado-aeropuerto-marsella-provenza\/\">Ch\u00f3fer Privado Aeropuerto Marsella Provenza<\/a>\u00a0<br \/><a href=\"https:\/\/www.vtc-limousine.fr\/es\/vtc-traslado-privado\/vtc-transfer-aeropuerto-nice-cote-dazur-nce\/\">Traslado privado con ch\u00f3fer VTC Aeropuerto de Niza Costa Azul (NCE)<\/a><br \/><a href=\"https:\/\/www.vtc-limousine.fr\/es\/vtc-traslado-privado\/reserve-un-chofer-privado-vtc-del-aeropuerto-de-marsella-a-monaco\/\">Ch\u00f3fer privado Helipuerto M\u00f3naco<\/a><br \/><a href=\"https:\/\/www.vtc-limousine.fr\/es\/vtc-traslado-privado\/vtc-aeroport-international-du-castellet-lfmq\/\">Ch\u00f3fer privado Castellet Aeropuerto<\/a><br \/><a href=\"https:\/\/www.vtc-limousine.fr\/es\/vtc-traslado-privado\/chofer-privado-saint-tropez\/\">Ch\u00f3fer privado St Tropez Golf Aeropuerto\u00a0<\/a><br \/><a href=\"https:\/\/www.vtc-limousine.fr\/es\/vtc-traslado-privado\/traslado-conductor-vtc-aeropuerto-avignon-avn\/\">Ch\u00f3fer privado Avignon Provence Aeropuerto\u00a0<\/a><br \/><a href=\"https:\/\/www.vtc-limousine.fr\/es\/vtc-traslado-privado\/vtc-traslado-toulon-hyeres-aeropuerto-tln\/\">Ch\u00f3fer privado Aeropuerto Toulon Hy\u00e8res<\/a><br \/><a href=\"https:\/\/www.vtc-limousine.fr\/es\/chofer-privado\/location-chauffeur-prive-region-paca\/alquiler-de-coches-con-conductor-montpellier\/\">Ch\u00f3fer privado Montpellier M\u00e9diterran\u00e9e Aeropuerto<\/a><\/p><\/div><\/div><\/div><\/div><\/div>\t\t\t\t\t\t\t\t<\/div>\n\t\t\t\t<\/div>\n\t\t\t\t\t<\/div>\n\t\t<\/div>\n\t\t\t\t<div class=\"elementor-column elementor-col-33 elementor-top-column elementor-element elementor-element-31c921a3\" data-id=\"31c921a3\" data-element_type=\"column\" data-e-type=\"column\">\n\t\t\t<div class=\"elementor-widget-wrap elementor-element-populated\">\n\t\t\t\t\t\t<div class=\"elementor-element elementor-element-637d2c84 elementor-widget elementor-widget-image\" data-id=\"637d2c84\" data-element_type=\"widget\" data-e-type=\"widget\" data-widget_type=\"image.default\">\n\t\t\t\t<div class=\"elementor-widget-container\">\n\t\t\t\t\t\t\t\t\t\t\t\t\t\t\t<img decoding=\"async\" src=\"https:\/\/www.vtc-limousine.fr\/wp-content\/uploads\/elementor\/thumbs\/aixtgv-e1462955693358-1-qfq89fejg2vqafsdc8ta5b9s2jxg634eb746jlxcg4.jpg\" title=\"4 T\" alt=\"Traslado VTC Estaci\u00f3n de TGV de Aix en Provence\" loading=\"lazy\" \/>\t\t\t\t\t\t\t\t\t\t\t\t\t\t\t<\/div>\n\t\t\t\t<\/div>\n\t\t\t\t<div class=\"elementor-element elementor-element-76f33913 elementor-widget elementor-widget-text-editor\" data-id=\"76f33913\" data-element_type=\"widget\" data-e-type=\"widget\" data-widget_type=\"text-editor.default\">\n\t\t\t\t<div class=\"elementor-widget-container\">\n\t\t\t\t\t\t\t\t\t<p>Su coche con ch\u00f3fer (VTC) le llevar\u00e1 desde su estaci\u00f3n o a la estaci\u00f3n que usted elija. Prestamos servicio en las siguientes estaciones:<br \/><a href=\"https:\/\/www.vtc-limousine.fr\/es\/chofer-privado\/location-chauffeur-prive-region-paca\/alquiler-de-coches-con-conductor-marsella\/\">Ch\u00f3fer privado Estaci\u00f3n de Marsella St Charles<\/a><br \/><a href=\"https:\/\/www.vtc-limousine.fr\/es\/vtc-traslado-privado\/vtc-transfer-aix-en-provence-estacion-de-tgv\/\">Ch\u00f3fer privado Estaci\u00f3n de TGV de Aix en Provence<\/a><br \/><a href=\"https:\/\/www.vtc-limousine.fr\/es\/chofer-privado\/location-chauffeur-prive-region-paca\/location-de-voiture-avec-chauffeur-avignon\/\">Ch\u00f3fer privado Avignon Estaci\u00f3n TGV<\/a><br \/>Ch\u00f3fer privado Estaci\u00f3n SNCF de Toulon\u00a0<br \/>Ch\u00f3fer privado Montpellier Estaci\u00f3n de Saint-Roch<\/p>\t\t\t\t\t\t\t\t<\/div>\n\t\t\t\t<\/div>\n\t\t\t\t\t<\/div>\n\t\t<\/div>\n\t\t\t\t<div class=\"elementor-column elementor-col-33 elementor-top-column elementor-element elementor-element-289b91c4\" data-id=\"289b91c4\" data-element_type=\"column\" data-e-type=\"column\">\n\t\t\t<div class=\"elementor-widget-wrap elementor-element-populated\">\n\t\t\t\t\t\t<div class=\"elementor-element elementor-element-675f4d91 elementor-widget elementor-widget-image\" data-id=\"675f4d91\" data-element_type=\"widget\" data-e-type=\"widget\" data-widget_type=\"image.default\">\n\t\t\t\t<div class=\"elementor-widget-container\">\n\t\t\t\t\t\t\t\t\t\t\t\t\t\t\t<img decoding=\"async\" src=\"https:\/\/www.vtc-limousine.fr\/wp-content\/uploads\/elementor\/thumbs\/12314661_1181324875230561_2549917994845135698_o-e1461913792875-1-qfq8eip2grun6ee4ly1j5j0nwou0v2c20ebv4kdkqs.jpg\" title=\"12314661_1181324875230561_2549917994845135698_o\" alt=\"12314661_1181324875230561_2549917994845135698_o\" loading=\"lazy\" \/>\t\t\t\t\t\t\t\t\t\t\t\t\t\t\t<\/div>\n\t\t\t\t<\/div>\n\t\t\t\t<div class=\"elementor-element elementor-element-4c0d46ee elementor-widget elementor-widget-text-editor\" data-id=\"4c0d46ee\" data-element_type=\"widget\" data-e-type=\"widget\" data-widget_type=\"text-editor.default\">\n\t\t\t\t<div class=\"elementor-widget-container\">\n\t\t\t\t\t\t\t\t\t<p>Su conductor\u00a0<a href=\"\/es\/nuestros-vehiculos\/\">(VTC)<\/a>\u00a0le llevar\u00e1 desde su puerto o hasta la terminal de ferry de su elecci\u00f3n. \u00a0<br \/>Prestamos servicio en las ciudades de :\u00a0<br \/><a href=\"https:\/\/www.vtc-limousine.fr\/es\/vtc-traslado-privado\/vtc-traslado-crucero-puerto-marsella\/\">Ch\u00f3fer privado Terminal de ferry y terminales de cruceros de Marsella<\/a><br \/><a href=\"https:\/\/www.vtc-limousine.fr\/es\/chofer-privado\/location-chauffeur-prive-region-paca\/location-de-voiture-avec-chauffeur-avignon\/\">Cruceros fluviales por Avi\u00f1\u00f3n con ch\u00f3fer privado<\/a>\u00a0<br \/>Ch\u00f3fer privado St-Tropez puerto<br \/>Ch\u00f3fer privado Cannes puerto Canto\u00a0<br \/>Ch\u00f3fer privado puerto de M\u00f3naco\u00a0<br \/>Ch\u00f3fer privado Puerto de Niza\u00a0<br \/>Ch\u00f3fer privado Terminal de ferry de Tol\u00f3n y terminales de cruceros\u00a0<\/p>\t\t\t\t\t\t\t\t<\/div>\n\t\t\t\t<\/div>\n\t\t\t\t\t<\/div>\n\t\t<\/div>\n\t\t\t\t\t<\/div>\n\t\t<\/section>\n\t\t\t\t<\/div>\n\t\t\t\t<\/div>\n\t\t\t\t\t\t<\/div>\n\t\t\t\t<\/div>\n\t\t\t\t\t<\/div>\n\t\t<\/div>\n\t\t\t\t\t<\/div>\n\t\t<\/section>\n\t\t\t\t<\/div>","protected":false},"excerpt":{"rendered":"<p>S\u00e9curit\u00e9-Professionnalisme-Discr\u00e9tion Location de Voiture avec Chauffeur priv\u00e9 ile de Bendor Chauffeur Priv\u00e9 Zannier Hotels ile de Bendor \u2013 Transport de Prestige \u00e0 Bandol L&rsquo;excellence de la Grande Remise pour vos transferts vers l&rsquo;\u00cele de Bendor. Class eDriver Limousine s&rsquo;impose comme le partenaire de r\u00e9f\u00e9rence pour accompagner l&rsquo;ouverture tant attendue du Zannier Hotels Bendor en mai [&hellip;]<\/p>","protected":false},"author":1,"featured_media":23773,"parent":13161,"menu_order":0,"comment_status":"closed","ping_status":"closed","template":"","meta":{"footnotes":""},"class_list":["post-14485","page","type-page","status-publish","has-post-thumbnail","hentry"],"_links":{"self":[{"href":"https:\/\/www.vtc-limousine.fr\/es\/wp-json\/wp\/v2\/pages\/14485","targetHints":{"allow":["GET"]}}],"collection":[{"href":"https:\/\/www.vtc-limousine.fr\/es\/wp-json\/wp\/v2\/pages"}],"about":[{"href":"https:\/\/www.vtc-limousine.fr\/es\/wp-json\/wp\/v2\/types\/page"}],"author":[{"embeddable":true,"href":"https:\/\/www.vtc-limousine.fr\/es\/wp-json\/wp\/v2\/users\/1"}],"replies":[{"embeddable":true,"href":"https:\/\/www.vtc-limousine.fr\/es\/wp-json\/wp\/v2\/comments?post=14485"}],"version-history":[{"count":48,"href":"https:\/\/www.vtc-limousine.fr\/es\/wp-json\/wp\/v2\/pages\/14485\/revisions"}],"predecessor-version":[{"id":24004,"href":"https:\/\/www.vtc-limousine.fr\/es\/wp-json\/wp\/v2\/pages\/14485\/revisions\/24004"}],"up":[{"embeddable":true,"href":"https:\/\/www.vtc-limousine.fr\/es\/wp-json\/wp\/v2\/pages\/13161"}],"wp:featuredmedia":[{"embeddable":true,"href":"https:\/\/www.vtc-limousine.fr\/es\/wp-json\/wp\/v2\/media\/23773"}],"wp:attachment":[{"href":"https:\/\/www.vtc-limousine.fr\/es\/wp-json\/wp\/v2\/media?parent=14485"}],"curies":[{"name":"wp","href":"https:\/\/api.w.org\/{rel}","templated":true}]}}