{"id":13161,"date":"2022-02-17T16:00:12","date_gmt":"2022-02-17T16:00:12","guid":{"rendered":"https:\/\/www.vtc-limousine.fr\/?page_id=13161"},"modified":"2026-03-16T13:08:54","modified_gmt":"2026-03-16T13:08:54","slug":"chofer-privado-paca","status":"publish","type":"page","link":"https:\/\/www.vtc-limousine.fr\/es\/chofer-privado\/chofer-privado-paca\/","title":{"rendered":"Ch\u00f3fer privado Provenza, Costa Azul y Lyon - Transporte de alta gama"},"content":{"rendered":"<div data-elementor-type=\"wp-page\" data-elementor-id=\"13161\" class=\"elementor elementor-13161\" data-elementor-post-type=\"page\">\n\t\t\t\t\t\t<section class=\"elementor-section elementor-top-section elementor-element elementor-element-5e739282 elementor-section-full_width elementor-section-height-min-height elementor-section-height-default elementor-section-items-middle\" data-id=\"5e739282\" data-element_type=\"section\" data-e-type=\"section\" data-settings=\"{&quot;background_background&quot;:&quot;classic&quot;}\">\n\t\t\t\t\t\t\t<div class=\"elementor-background-overlay\"><\/div>\n\t\t\t\t\t\t\t<div class=\"elementor-container elementor-column-gap-default\">\n\t\t\t\t\t<div class=\"elementor-column elementor-col-100 elementor-top-column elementor-element elementor-element-1faf7528\" data-id=\"1faf7528\" data-element_type=\"column\" data-e-type=\"column\">\n\t\t\t<div class=\"elementor-widget-wrap\">\n\t\t\t\t\t\t\t<\/div>\n\t\t<\/div>\n\t\t\t\t\t<\/div>\n\t\t<\/section>\n\t\t\t\t<section class=\"elementor-section elementor-top-section elementor-element elementor-element-65088e05 elementor-section-boxed elementor-section-height-default elementor-section-height-default\" data-id=\"65088e05\" data-element_type=\"section\" data-e-type=\"section\">\n\t\t\t\t\t\t<div class=\"elementor-container elementor-column-gap-default\">\n\t\t\t\t\t<div class=\"elementor-column elementor-col-100 elementor-top-column elementor-element elementor-element-344a6702\" data-id=\"344a6702\" data-element_type=\"column\" data-e-type=\"column\">\n\t\t\t<div class=\"elementor-widget-wrap elementor-element-populated\">\n\t\t\t\t\t\t<div class=\"elementor-element elementor-element-ace25cd elementor-widget elementor-widget-shortcode\" data-id=\"ace25cd\" data-element_type=\"widget\" data-e-type=\"widget\" data-widget_type=\"shortcode.default\">\n\t\t\t\t<div class=\"elementor-widget-container\">\n\t\t\t\t\t\t\t<div class=\"elementor-shortcode\"><nav aria-label=\"pan rallado\">\n            <div class=\"breadcrumb-container theme1\">\n                <ol>\n                                    <\/ol>\n            <\/div>\n        <\/nav>    <script type=\"application\/ld+json\">\n        {\n            \"@context\": \"http:\/\/schema.org\",\n            \"@type\": \"BreadcrumbList\",\n            \"itemListElement\": [\n                            ]\n        }\n    <\/script>\n   \n    <script>\n            <\/script>\n<\/div>\n\t\t\t\t\t\t<\/div>\n\t\t\t\t<\/div>\n\t\t\t\t<div class=\"elementor-element elementor-element-6d44219e elementor-widget elementor-widget-heading\" data-id=\"6d44219e\" data-element_type=\"widget\" data-e-type=\"widget\" data-widget_type=\"heading.default\">\n\t\t\t\t<div class=\"elementor-widget-container\">\n\t\t\t\t\t<h1 class=\"elementor-heading-title elementor-size-default\">Ch\u00f3fer privado Provenza, Costa Azul y Lyon - Transporte de alta gama<\/h1>\t\t\t\t<\/div>\n\t\t\t\t<\/div>\n\t\t\t\t<div class=\"elementor-element elementor-element-2cda9272 elementor-widget elementor-widget-heading\" data-id=\"2cda9272\" data-element_type=\"widget\" data-e-type=\"widget\" data-widget_type=\"heading.default\">\n\t\t\t\t<div class=\"elementor-widget-container\">\n\t\t\t\t\t<h2 class=\"elementor-heading-title elementor-size-default\">Servicios de ch\u00f3fer privado en la regi\u00f3n PACA<\/h2>\t\t\t\t<\/div>\n\t\t\t\t<\/div>\n\t\t\t\t<div class=\"elementor-element elementor-element-e3cfce5 elementor-widget elementor-widget-text-editor\" data-id=\"e3cfce5\" data-element_type=\"widget\" data-e-type=\"widget\" data-widget_type=\"text-editor.default\">\n\t\t\t\t<div class=\"elementor-widget-container\">\n\t\t\t\t\t\t\t\t\t<h2 class=\"vc_custom_heading\" style=\"text-align: center;\">Nuestros conductores operan en todo el sureste de Francia\u00a0<\/h2><p class=\"vc_custom_heading vc_custom_1595948988139\" style=\"text-align: center;\"><a href=\"https:\/\/www.aixenprovencetourism.com\/\" target=\"_blank\" rel=\"noopener\">Aix en Provence<\/a>-Marsella-Avi\u00f1\u00f3n-Montpellier-San Tropez-Cannes-M\u00f3naco-Lyon-Par\u00eds<\/p>\t\t\t\t\t\t\t\t<\/div>\n\t\t\t\t<\/div>\n\t\t\t\t\t<\/div>\n\t\t<\/div>\n\t\t\t\t\t<\/div>\n\t\t<\/section>\n\t\t\t\t<section class=\"elementor-section elementor-top-section elementor-element elementor-element-c8573c3 elementor-section-boxed elementor-section-height-default elementor-section-height-default\" data-id=\"c8573c3\" data-element_type=\"section\" data-e-type=\"section\">\n\t\t\t\t\t\t<div class=\"elementor-container elementor-column-gap-default\">\n\t\t\t\t\t<div class=\"elementor-column elementor-col-100 elementor-top-column elementor-element elementor-element-3ae0696\" data-id=\"3ae0696\" data-element_type=\"column\" data-e-type=\"column\">\n\t\t\t<div class=\"elementor-widget-wrap elementor-element-populated\">\n\t\t\t\t\t\t<div class=\"elementor-element elementor-element-1063d98 elementor-widget elementor-widget-heading\" data-id=\"1063d98\" data-element_type=\"widget\" data-e-type=\"widget\" data-widget_type=\"heading.default\">\n\t\t\t\t<div class=\"elementor-widget-container\">\n\t\t\t\t\t<h3 class=\"elementor-heading-title elementor-size-default\">CH\u00d3FER PRIVADO POR LOCALIDAD<\/h3>\t\t\t\t<\/div>\n\t\t\t\t<\/div>\n\t\t\t\t<section class=\"elementor-section elementor-inner-section elementor-element elementor-element-1dc5528 elementor-section-boxed elementor-section-height-default elementor-section-height-default\" data-id=\"1dc5528\" data-element_type=\"section\" data-e-type=\"section\">\n\t\t\t\t\t\t<div class=\"elementor-container elementor-column-gap-default\">\n\t\t\t\t\t<div class=\"elementor-column elementor-col-50 elementor-inner-column elementor-element elementor-element-d7b779e\" data-id=\"d7b779e\" data-element_type=\"column\" data-e-type=\"column\">\n\t\t\t<div class=\"elementor-widget-wrap elementor-element-populated\">\n\t\t\t\t\t\t<div class=\"elementor-element elementor-element-cec1ea0 elementor-widget elementor-widget-text-editor\" data-id=\"cec1ea0\" data-element_type=\"widget\" data-e-type=\"widget\" data-widget_type=\"text-editor.default\">\n\t\t\t\t<div class=\"elementor-widget-container\">\n\t\t\t\t\t\t\t\t\t<p><a href=\"https:\/\/www.vtc-limousine.fr\/es\/chofer-privado\/chofer-privado-paca\/chofer-privado-en-el-aeropuerto-de-marsella-provenza\/\">Ch\u00f3fer Privado Marsella Provenza Aeropuerto MRS<\/a><\/p><p><a href=\"https:\/\/www.vtc-limousine.fr\/es\/chofer-privado\/chofer-privado-paca\/chofer-privado-hotel-villa\/\">Chofer Privado Hotel Villa 13100 Aix en Provence<\/a><\/p><p><a href=\"https:\/\/www.vtc-limousine.fr\/es\/chofer-privado\/chofer-privado-paca\/chofer-privado-chateau-de-la-messardiere\/\">Ch\u00f3fer privado para Ch\u00e2teau de la Messardi\u00e8re - St Tropez 83990<\/a><\/p><p><a href=\"https:\/\/www.vtc-limousine.fr\/es\/chofer-privado\/chofer-privado-paca\/chofer-privado-domaine-de-verchant\/\">Ch\u00f3fer privado para Domaine de Verchant 34170 Castelnau-le-Lez<\/a><\/p><p><a href=\"https:\/\/www.vtc-limousine.fr\/es\/chofer-privado\/chofer-privado-paca\/chofer-privado-hotel-la-coquillade-village-relais-chateau\/\">Ch\u00f3fer privado para H\u00f4tel La Coquillade Village Relais &amp; Chateau<\/a><\/p><p><a href=\"https:\/\/www.vtc-limousine.fr\/es\/chofer-privado\/chofer-privado-paca\/chofer-privado-la-reserve-ramatuelle\/\">Ch\u00f3fer privado para La R\u00e9serve Ramatuelle St Tropez<\/a><\/p>\t\t\t\t\t\t\t\t<\/div>\n\t\t\t\t<\/div>\n\t\t\t\t\t<\/div>\n\t\t<\/div>\n\t\t\t\t<div class=\"elementor-column elementor-col-50 elementor-inner-column elementor-element elementor-element-f1d265d\" data-id=\"f1d265d\" data-element_type=\"column\" data-e-type=\"column\">\n\t\t\t<div class=\"elementor-widget-wrap elementor-element-populated\">\n\t\t\t\t\t\t<div class=\"elementor-element elementor-element-a686dbc elementor-widget elementor-widget-text-editor\" data-id=\"a686dbc\" data-element_type=\"widget\" data-e-type=\"widget\" data-widget_type=\"text-editor.default\">\n\t\t\t\t<div class=\"elementor-widget-container\">\n\t\t\t\t\t\t\t\t\t<p><a href=\"https:\/\/www.vtc-limousine.fr\/es\/chofer-privado\/chofer-privado-paca\/chofer-privado-hotel-le-couvent-des-minimes\/\">Chofer privado para H\u00f4tel Le Couvent des Minimes<\/a><\/p><p><a href=\"https:\/\/www.vtc-limousine.fr\/es\/chofer-privado\/chofer-privado-paca\/chofer-privado-hotel-renaissance-aix-en-provence\/\">Chofer privado para Hotel Renaissance Aix en Provence<\/a><\/p><p><a href=\"https:\/\/www.vtc-limousine.fr\/es\/chofer-privado\/chofer-privado-paca\/chofer-privado-hotel-du-castellet\/\">Chofer privado para Hotel Du Castellet 83330<\/a><\/p><p><a href=\"https:\/\/www.vtc-limousine.fr\/es\/chofer-privado\/chofer-privado-paca\/chofer-privado-hotel-ile-rousse-thalazur\/\">Ch\u00f3fer Privado Zannier Hoteles Bendor - Bandol<\/a><\/p><p><a href=\"https:\/\/www.vtc-limousine.fr\/es\/chofer-privado\/chofer-privado-paca\/chofer-privado-hotel-intercontinental\/\">Ch\u00f3fer privado para el Hotel InterContinental Marseille<\/a><\/p><p><a href=\"https:\/\/www.vtc-limousine.fr\/es\/chofer-privado\/chofer-privado-paca\/chofer-privado-maison-daix\/\">Ch\u00f3fer privado para Maison d'Aix, 25 Rue du 4 Septembre, 13100 Aix-en-Provence, Francia<\/a><\/p>\t\t\t\t\t\t\t\t<\/div>\n\t\t\t\t<\/div>\n\t\t\t\t\t<\/div>\n\t\t<\/div>\n\t\t\t\t\t<\/div>\n\t\t<\/section>\n\t\t\t\t<section class=\"elementor-section elementor-inner-section elementor-element elementor-element-bf1942c elementor-section-boxed elementor-section-height-default elementor-section-height-default\" data-id=\"bf1942c\" data-element_type=\"section\" data-e-type=\"section\">\n\t\t\t\t\t\t<div class=\"elementor-container elementor-column-gap-default\">\n\t\t\t\t\t<div class=\"elementor-column elementor-col-50 elementor-inner-column elementor-element elementor-element-25d3b05\" data-id=\"25d3b05\" data-element_type=\"column\" data-e-type=\"column\">\n\t\t\t<div class=\"elementor-widget-wrap elementor-element-populated\">\n\t\t\t\t\t\t<div class=\"elementor-element elementor-element-ca7cd0f elementor-widget elementor-widget-text-editor\" data-id=\"ca7cd0f\" data-element_type=\"widget\" data-e-type=\"widget\" data-widget_type=\"text-editor.default\">\n\t\t\t\t<div class=\"elementor-widget-container\">\n\t\t\t\t\t\t\t\t\t<p><a href=\"https:\/\/www.vtc-limousine.fr\/es\/chofer-privado\/chofer-privado-paca\/chofer-privado-villa-la-costa\/\">Chofer privado para Villa La Coste 13610<\/a><\/p><p><a href=\"https:\/\/www.vtc-limousine.fr\/es\/chofer-privado\/chofer-privado-paca\/chofer-privado-le-chateau-la-coste\/\">Ch\u00f3fer privado para Chateau La Coste 13610 Puy Sainte r\u00e9parade<\/a><br \/><br \/><a href=\"https:\/\/www.vtc-limousine.fr\/es\/chofer-privado\/chofer-privado-paca\/chofer-privado-auberge-la-coste-13610\/\" target=\"_blank\" rel=\"noopener\">Ch\u00f3fer privado Auberge La Coste 13610 Puy Sainte r\u00e9parade<\/a><\/p><p><a href=\"https:\/\/www.vtc-limousine.fr\/es\/chofer-privado\/chofer-privado-paca\/chofer-privado-hotel-du-pigonnet-aix-en-provence\/\" target=\"_blank\" rel=\"noopener\">Ch\u00f3fer privado Hotel du Pigonnet Aix en Provence<\/a><\/p><p><a href=\"https:\/\/www.vtc-limousine.fr\/es\/chofer-privado\/chofer-privado-paca\/chofer-privado-hotel-chateau-de-fonscolombe-13610\/\" target=\"_blank\" rel=\"noopener\">Ch\u00f3fer privado Chateau de Fonscolombe 13610 Puy Sainte r\u00e9parade<\/a><\/p><p><a href=\"https:\/\/www.vtc-limousine.fr\/es\/chofer-privado\/chofer-privado-paca\/achauffeur-privee-base-aerienne-istreslocation-de-voiture-avec-chauffeur-base-aerienne-istres-13800\/\">Ch\u00f3fer privado VTC Base A\u00e9rienne ISTRES 13800<\/a><\/p><p><a href=\"https:\/\/www.vtc-limousine.fr\/es\/chofer-privado\/chofer-privado-paca\/chofer-privado-hotel-aquabella\/\">Chofer Privado VTC Hotel Aquabella Aix en Provence 13100<\/a><\/p><p><a href=\"https:\/\/www.vtc-limousine.fr\/es\/chofer-privado\/chofer-privado-paca\/chofer-privado-la-ciotat-13600\/\">Ch\u00f3fer privado VTC La Ciotat 13600<\/a><\/p><p><a href=\"https:\/\/www.vtc-limousine.fr\/es\/chofer-privado\/chofer-privado-paca\/conductor-privado-thecamp-aix-en-provence\/\">Ch\u00f3fer privado thecamp 13100 Aix en Provence<\/a><\/p>\t\t\t\t\t\t\t\t<\/div>\n\t\t\t\t<\/div>\n\t\t\t\t\t<\/div>\n\t\t<\/div>\n\t\t\t\t<div class=\"elementor-column elementor-col-50 elementor-inner-column elementor-element elementor-element-709b852\" data-id=\"709b852\" data-element_type=\"column\" data-e-type=\"column\">\n\t\t\t<div class=\"elementor-widget-wrap elementor-element-populated\">\n\t\t\t\t\t\t<div class=\"elementor-element elementor-element-bf4d240 elementor-widget elementor-widget-text-editor\" data-id=\"bf4d240\" data-element_type=\"widget\" data-e-type=\"widget\" data-widget_type=\"text-editor.default\">\n\t\t\t\t<div class=\"elementor-widget-container\">\n\t\t\t\t\t\t\t\t\t<p><a href=\"https:\/\/www.vtc-limousine.fr\/es\/chofer-privado\/chofer-privado-paca\/limusina-chofer-hotel-les-lodges-sainte-victoire-aix-en-provence\/\" target=\"_blank\" rel=\"noopener\">Chofer Privado Les Lodges Saint Victoire Aix en Provence<\/a><\/p><p><a href=\"https:\/\/www.vtc-limousine.fr\/es\/chofer-privado\/chofer-privado-paca\/chofer-privado-hotel-villa-gallici-13100-aix-en-provence\/\">Servicio de limusina y ch\u00f3fer Hotel La Villa Gallici - Aix-en-Provence<\/a><\/p><p><a href=\"https:\/\/www.vtc-limousine.fr\/es\/chofer-privado\/chofer-privado-paca\/coche-con-conductor-privado-hotel-crillon-le-brave-84410\/\">Coche con ch\u00f3fer privado Hotel Crillon le Brave 84410<\/a><\/p><p><a href=\"https:\/\/www.vtc-limousine.fr\/es\/chofer-privado\/chofer-privado-paca\/chofer-privado-para-paris-hotel-saint-tropez-83990\/\">Ch\u00f3fer privado VTC para H\u00f4tel de Paris Saint-Tropez 83990<\/a><\/p><p><a href=\"https:\/\/www.vtc-limousine.fr\/es\/chofer-privado\/chofer-privado-paca\/chofer-privado-para-byblos-hotel-saint-tropez-83990\/\">Chofer privado VTC para H\u00f4tel Byblos Saint Tropez 83990<\/a><\/p><p><a href=\"https:\/\/www.vtc-limousine.fr\/es\/chofer-privado\/chofer-privado-paca\/circuito-chofer-privado-paul-ricard\/\">Chofer privado Circuito Paul Ricard 83330 Le Castellet<\/a><\/p>\t\t\t\t\t\t\t\t<\/div>\n\t\t\t\t<\/div>\n\t\t\t\t\t<\/div>\n\t\t<\/div>\n\t\t\t\t\t<\/div>\n\t\t<\/section>\n\t\t\t\t\t<\/div>\n\t\t<\/div>\n\t\t\t\t\t<\/div>\n\t\t<\/section>\n\t\t\t\t<\/div>","protected":false},"excerpt":{"rendered":"<p>Services de chauffeur priv\u00e9 sur la R\u00e9gion PACA Nos chauffeurs op\u00e8rent dans tout le Sud Est de la France\u00a0 Aix en Provence-Marseille-Avignon-Montpellier-St Tropez-Cannes-Monaco-Lyon-Paris CHAUFFEUR PRIVE PAR LIEUX Chauffeur priv\u00e9e A\u00e9roport Marseille Provence MRS Chauffeur Priv\u00e9 Hotel Villa 13100 Aix en Provence Chauffeur Priv\u00e9 pour Ch\u00e2teau de la Messardi\u00e8re \u2013 St Tropez 83990 Chauffeur Priv\u00e9 pour [&hellip;]<\/p>","protected":false},"author":1,"featured_media":22530,"parent":13612,"menu_order":0,"comment_status":"closed","ping_status":"closed","template":"","meta":{"footnotes":""},"class_list":["post-13161","page","type-page","status-publish","has-post-thumbnail","hentry"],"_links":{"self":[{"href":"https:\/\/www.vtc-limousine.fr\/es\/wp-json\/wp\/v2\/pages\/13161","targetHints":{"allow":["GET"]}}],"collection":[{"href":"https:\/\/www.vtc-limousine.fr\/es\/wp-json\/wp\/v2\/pages"}],"about":[{"href":"https:\/\/www.vtc-limousine.fr\/es\/wp-json\/wp\/v2\/types\/page"}],"author":[{"embeddable":true,"href":"https:\/\/www.vtc-limousine.fr\/es\/wp-json\/wp\/v2\/users\/1"}],"replies":[{"embeddable":true,"href":"https:\/\/www.vtc-limousine.fr\/es\/wp-json\/wp\/v2\/comments?post=13161"}],"version-history":[{"count":156,"href":"https:\/\/www.vtc-limousine.fr\/es\/wp-json\/wp\/v2\/pages\/13161\/revisions"}],"predecessor-version":[{"id":23780,"href":"https:\/\/www.vtc-limousine.fr\/es\/wp-json\/wp\/v2\/pages\/13161\/revisions\/23780"}],"up":[{"embeddable":true,"href":"https:\/\/www.vtc-limousine.fr\/es\/wp-json\/wp\/v2\/pages\/13612"}],"wp:featuredmedia":[{"embeddable":true,"href":"https:\/\/www.vtc-limousine.fr\/es\/wp-json\/wp\/v2\/media\/22530"}],"wp:attachment":[{"href":"https:\/\/www.vtc-limousine.fr\/es\/wp-json\/wp\/v2\/media?parent=13161"}],"curies":[{"name":"wp","href":"https:\/\/api.w.org\/{rel}","templated":true}]}}