{"id":13148,"date":"2022-02-17T15:40:58","date_gmt":"2022-02-17T15:40:58","guid":{"rendered":"https:\/\/www.vtc-limousine.fr\/?page_id=13148"},"modified":"2026-03-18T10:16:12","modified_gmt":"2026-03-18T10:16:12","slug":"chofer-privado-marsella-provenza-aeropuerto-mrs","status":"publish","type":"page","link":"https:\/\/www.vtc-limousine.fr\/es\/vtc-traslado-privado\/chofer-privado-marsella-provenza-aeropuerto-mrs\/","title":{"rendered":"Ch\u00f3fer privado Marsella Provenza Aeropuerto MRS | Traslado VTC Haut de Gamme"},"content":{"rendered":"<div data-elementor-type=\"wp-page\" data-elementor-id=\"13148\" class=\"elementor elementor-13148\" data-elementor-post-type=\"page\">\n\t\t\t\t\t\t<section class=\"elementor-section elementor-top-section elementor-element elementor-element-5e739282 elementor-section-full_width elementor-section-height-min-height elementor-section-height-default elementor-section-items-middle\" data-id=\"5e739282\" data-element_type=\"section\" data-e-type=\"section\" data-settings=\"{&quot;background_background&quot;:&quot;classic&quot;}\">\n\t\t\t\t\t\t\t<div class=\"elementor-background-overlay\"><\/div>\n\t\t\t\t\t\t\t<div class=\"elementor-container elementor-column-gap-default\">\n\t\t\t\t\t<div class=\"elementor-column elementor-col-100 elementor-top-column elementor-element elementor-element-1faf7528\" data-id=\"1faf7528\" data-element_type=\"column\" data-e-type=\"column\">\n\t\t\t<div class=\"elementor-widget-wrap\">\n\t\t\t\t\t\t\t<\/div>\n\t\t<\/div>\n\t\t\t\t\t<\/div>\n\t\t<\/section>\n\t\t\t\t<section class=\"elementor-section elementor-top-section elementor-element elementor-element-65088e05 elementor-section-boxed elementor-section-height-default elementor-section-height-default\" data-id=\"65088e05\" data-element_type=\"section\" data-e-type=\"section\">\n\t\t\t\t\t\t<div class=\"elementor-container elementor-column-gap-default\">\n\t\t\t\t\t<div class=\"elementor-column elementor-col-100 elementor-top-column elementor-element elementor-element-344a6702\" data-id=\"344a6702\" data-element_type=\"column\" data-e-type=\"column\">\n\t\t\t<div class=\"elementor-widget-wrap elementor-element-populated\">\n\t\t\t\t\t\t<div class=\"elementor-element elementor-element-6d44219e elementor-widget elementor-widget-heading\" data-id=\"6d44219e\" data-element_type=\"widget\" data-e-type=\"widget\" data-widget_type=\"heading.default\">\n\t\t\t\t<div class=\"elementor-widget-container\">\n\t\t\t\t\t<h1 class=\"elementor-heading-title elementor-size-default\">Conductor privado Marsella Provenza Aeropuerto (MRS)<\/h1>\t\t\t\t<\/div>\n\t\t\t\t<\/div>\n\t\t\t\t<div class=\"elementor-element elementor-element-2cda9272 elementor-widget elementor-widget-heading\" data-id=\"2cda9272\" data-element_type=\"widget\" data-e-type=\"widget\" data-widget_type=\"heading.default\">\n\t\t\t\t<div class=\"elementor-widget-container\">\n\t\t\t\t\t<h2 class=\"elementor-heading-title elementor-size-default\">Descubra la excelencia del transporte privado en el aeropuerto de Marsella-Provenza<\/h2>\t\t\t\t<\/div>\n\t\t\t\t<\/div>\n\t\t\t\t\t<\/div>\n\t\t<\/div>\n\t\t\t\t\t<\/div>\n\t\t<\/section>\n\t\t\t\t<section class=\"elementor-section elementor-top-section elementor-element elementor-element-c8573c3 elementor-section-boxed elementor-section-height-default elementor-section-height-default\" data-id=\"c8573c3\" data-element_type=\"section\" data-e-type=\"section\">\n\t\t\t\t\t\t<div class=\"elementor-container elementor-column-gap-default\">\n\t\t\t\t\t<div class=\"elementor-column elementor-col-100 elementor-top-column elementor-element elementor-element-3ae0696\" data-id=\"3ae0696\" data-element_type=\"column\" data-e-type=\"column\">\n\t\t\t<div class=\"elementor-widget-wrap\">\n\t\t\t\t\t\t\t<\/div>\n\t\t<\/div>\n\t\t\t\t\t<\/div>\n\t\t<\/section>\n\t\t\t\t<section class=\"elementor-section elementor-top-section elementor-element elementor-element-60d5836 elementor-section-boxed elementor-section-height-default elementor-section-height-default\" data-id=\"60d5836\" data-element_type=\"section\" data-e-type=\"section\">\n\t\t\t\t\t\t<div class=\"elementor-container elementor-column-gap-default\">\n\t\t\t\t\t<div class=\"elementor-column elementor-col-100 elementor-top-column elementor-element elementor-element-279f2fa\" data-id=\"279f2fa\" data-element_type=\"column\" data-e-type=\"column\">\n\t\t\t<div class=\"elementor-widget-wrap elementor-element-populated\">\n\t\t\t\t\t\t<section class=\"elementor-section elementor-inner-section elementor-element elementor-element-0f2cff7 elementor-section-boxed elementor-section-height-default elementor-section-height-default\" data-id=\"0f2cff7\" data-element_type=\"section\" data-e-type=\"section\">\n\t\t\t\t\t\t<div class=\"elementor-container elementor-column-gap-default\">\n\t\t\t\t\t<div class=\"elementor-column elementor-col-50 elementor-inner-column elementor-element elementor-element-a8f42dc\" data-id=\"a8f42dc\" data-element_type=\"column\" data-e-type=\"column\">\n\t\t\t<div class=\"elementor-widget-wrap elementor-element-populated\">\n\t\t\t\t\t\t<div class=\"elementor-element elementor-element-9666883 elementor-widget__width-initial elementor-widget elementor-widget-text-editor\" data-id=\"9666883\" data-element_type=\"widget\" data-e-type=\"widget\" data-widget_type=\"text-editor.default\">\n\t\t\t\t<div class=\"elementor-widget-container\">\n\t\t\t\t\t\t\t\t\t<h1><br \/>Conductor Ejecutivo y Traslado de Prestigio en el Aeropuerto de Marsella Provenza (MRS)<\/h1><section id=\"introduction-prestige\"><p>Realce su llegada al sur de Francia con un servicio de <strong>transporte privado excepcional<\/strong>. Especialista en <strong>movilidad de ejecutivos<\/strong> con salida del aeropuerto de Marsella-Marignane, redefinimos los c\u00f3digos de los traslados aeroportuarios para una clientela exigente. Ya sea un director de empresa en viaje de negocios, una delegaci\u00f3n internacional o un viajero en busca de refinamiento, nuestro protocolo de <strong>Grande Remise<\/strong> le garantiza una puntualidad absoluta y una discreci\u00f3n total.<\/p><p>Nuestro compromiso <strong>movilidad sostenible y de lujo<\/strong> es nuestra flota de \u00faltima generaci\u00f3n, que combina el prestigio de la tecnolog\u00eda el\u00e9ctrica con el confort de las instalaciones VIP. Ofrecemos conexiones con Marsella, Aix-en-Provence, el Luberon y toda la Costa Azul.<\/p><\/section><hr \/><section id=\"notre-flotte-exclusive\"><h2>Una gama de veh\u00edculos de prestigio para cada necesidad<\/h2><p>Podemos proporcionarle <a href=\"https:\/\/www.vtc-limousine.fr\/es\/clase-edriver-limusina\/nuestros-vehiculos\/\" target=\"_blank\" rel=\"noopener\">una flota diversificada<\/a>mantenidos seg\u00fan rigurosas normas de limpieza y seguridad, para satisfacer todas sus necesidades de transporte:<\/p><div class=\"vehicule-item\"><h3>- Berlina el\u00e9ctrica de lujo<\/h3><p>Ideales para 1 a 3 pasajeros, nuestras berlinas ejecutivas (Tesla, Mercedes) ofrecen una experiencia de viaje tranquila y serena. Son la opci\u00f3n preferida para los traslados de negocios, donde la calma es esencial para trabajar o relajarse despu\u00e9s de un vuelo.<\/p><\/div><div class=\"vehicule-item\"><h3>- MiniVan Premium<\/h3><p>Dise\u00f1ada para acomodar hasta 7 pasajeros con un confort de primera clase. La MiniVan Premium es la soluci\u00f3n perfecta para familias o peque\u00f1as delegaciones que requieren un generoso espacio para el equipaje sin renunciar a la elegancia del viaje.<\/p><\/div><div class=\"vehicule-item\"><h3>- Sprinter VIP de 16 plazas<\/h3><p>Nuestra Sprinter VIP de 16 plazas, una aut\u00e9ntica sala VIP m\u00f3vil de gama alta, es \u00fanica en la regi\u00f3n. Est\u00e1 espec\u00edficamente configurado para el transporte de grupos excepcionales, seminarios corporativos y eventos de prestigio, ofreciendo una distribuci\u00f3n de lujo y conectividad total.<\/p><\/div><\/section><hr \/><section id=\"logistique-hubs\"><h2>Enlaces estrat\u00e9gicos: tiempos de traslado a los nudos regionales<\/h2><p>Saliendo de<a href=\"https:\/\/www.marseille.aeroport.fr\/\" target=\"_blank\" rel=\"noopener\">Aeropuerto de Marsella-Provenza (MRS)<\/a>Proporcionamos una log\u00edstica sin fisuras a los principales centros de atracci\u00f3n:<\/p><table style=\"width: 100%; border-collapse: collapse; margin-top: 20px; font-family: sans-serif;\"><thead><tr style=\"background-color: #000; color: #fff;\"><th style=\"padding: 15px; border: 1px solid #333; text-align: left;\">Hub de sectores y destinos<\/th><th style=\"padding: 15px; border: 1px solid #333; text-align: center;\">Duraci\u00f3n estimada del trayecto<\/th><th style=\"padding: 15px; border: 1px solid #333; text-align: left;\">Flota recomendada<\/th><\/tr><\/thead><tbody><tr><td style=\"padding: 15px; border: 1px solid #eee;\"><strong>Empresas :<\/strong> Marsella Eurom\u00e9diterran\u00e9e \/ Torre CMA CGM<\/td><td style=\"padding: 15px; border: 1px solid #eee; text-align: center;\">25 - 35 min<\/td><td style=\"padding: 15px; border: 1px solid #eee;\">Berlina el\u00e9ctrica de lujo<\/td><\/tr><tr><td style=\"padding: 15px; border: 1px solid #eee;\"><strong>Cruceros :<\/strong> Terminal de cruceros de Marsella (MPCT)<\/td><td style=\"padding: 15px; border: 1px solid #eee; text-align: center;\">20 - 30 min<\/td><td style=\"padding: 15px; border: 1px solid #eee;\">MiniVan Premium o Sprinter VIP<\/td><\/tr><tr><td style=\"padding: 15px; border: 1px solid #eee;\"><strong>Hoteles :<\/strong> Relais &amp; Ch\u00e2teaux Aix-en-Provence<\/td><td style=\"padding: 15px; border: 1px solid #eee; text-align: center;\">35 - 50 min<\/td><td style=\"padding: 15px; border: 1px solid #eee;\">Berlina ejecutiva<\/td><\/tr><tr><td style=\"padding: 15px; border: 1px solid #eee;\"><strong>Luberon :<\/strong> Gordes, M\u00e9nerbes y Bonnieux<\/td><td style=\"padding: 15px; border: 1px solid #eee; text-align: center;\">1h05 - 1h20<\/td><td style=\"padding: 15px; border: 1px solid #eee;\">Berlina de lujo o MiniVan<\/td><\/tr><tr><td style=\"padding: 15px; border: 1px solid #eee;\"><strong>Riviera :<\/strong> Palacio de Festivales (Cannes) \/ M\u00f3naco<\/td><td style=\"padding: 15px; border: 1px solid #eee; text-align: center;\">1h35 - 1h55<\/td><td style=\"padding: 15px; border: 1px solid #eee;\">Sprinter 16 plazas o berlina<\/td><\/tr><tr><td style=\"padding: 15px; border: 1px solid #eee;\"><strong>Prestigio :<\/strong> Hoteles de lujo Saint-Tropez<\/td><td style=\"padding: 15px; border: 1px solid #eee; text-align: center;\">1h50 - 2h20<\/td><td style=\"padding: 15px; border: 1px solid #eee;\">Servicio Grand Remise<\/td><\/tr><\/tbody><\/table><p><small><em>*Tiempos de viaje calculados en condiciones normales de tr\u00e1fico.<\/em><\/small><\/p><\/section><hr \/><section id=\"accueil-meet-greet\"><h2>Meet &amp; Greet para su total tranquilidad<\/h2><p>En cuanto entre en la zona p\u00fablica, su <strong>conductor profesional<\/strong> le da la bienvenida personalmente. Equipado con una tableta con su nombre o el logotipo de su empresa, le atender\u00e1 de inmediato. Este servicio incluye asistencia completa con su equipaje y escolta prioritaria hasta su veh\u00edculo, aparcado en las inmediaciones de la terminal.<\/p><p>Utilizamos sistemas de seguimiento de vuelos en tiempo real. As\u00ed, tanto si su avi\u00f3n aterriza temprano como si se retrasa, su ch\u00f3fer se adapta a su presencia para garantizarle un tiempo de espera cero. Esta experiencia log\u00edstica nos convierte en el socio de confianza de los viajeros internacionales en el aeropuerto de Marsella-Provenza.<\/p><\/section><hr \/><section id=\"mariage-prestige\"><h2>Su ch\u00f3fer de boda en Aix-en-Provence y Marsella<\/h2><p>Porque su sindicato merece ser excepcional, <strong>Clase eDriver Limusina<\/strong> pone su experiencia al servicio de su d\u00eda m\u00e1s hermoso. Ofrecemos un servicio especializado para <a href=\"https:\/\/www.vtc-limousine.fr\/es\/servicio-de-chofer-boda-evento\/\" target=\"_blank\" rel=\"noopener\"><strong>conductor de bodas y eventos<\/strong><\/a> con veh\u00edculos de prestigio perfectamente preparados. Desde la decoraci\u00f3n floral hasta la vestimenta formal de nuestros ch\u00f3feres, cada detalle est\u00e1 orquestado para que su viaje entre los lugares de la ceremonia y las fincas vin\u00edcolas de la Provenza sea lo m\u00e1s memorable posible.<\/p><\/section><hr \/><section id=\"contact-booking\" style=\"text-align: center; padding: 40px; background-color: #f9f9f9;\"><h2>Reserve su traslado excepcional<\/h2><p>Contacte con nuestro servicio de conserjer\u00eda para un estudio personalizado de sus necesidades de transporte en una Berline, MiniVan o Sprinter VIP.<\/p><p><a style=\"display: inline-block; background-color: #000; color: #fff; padding: 18px 30px; text-decoration: none; font-weight: bold; border-radius: 5px;\" href=\"https:\/\/www.vtc-limousine.fr\/es\/reserve-su-chofer-privado\/\" target=\"_blank\" rel=\"noopener\">SOLICITAR UN PRESUPUESTO PERSONALIZADO<\/a><\/p><\/section>\t\t\t\t\t\t\t\t<\/div>\n\t\t\t\t<\/div>\n\t\t\t\t\t<\/div>\n\t\t<\/div>\n\t\t\t\t<div class=\"elementor-column elementor-col-50 elementor-inner-column elementor-element elementor-element-546224f\" data-id=\"546224f\" data-element_type=\"column\" data-e-type=\"column\">\n\t\t\t<div class=\"elementor-widget-wrap elementor-element-populated\">\n\t\t\t\t\t\t<div class=\"elementor-element elementor-element-b5d99cd elementor-widget elementor-widget-image\" data-id=\"b5d99cd\" data-element_type=\"widget\" data-e-type=\"widget\" data-widget_type=\"image.default\">\n\t\t\t\t<div class=\"elementor-widget-container\">\n\t\t\t\t\t\t\t\t\t\t\t\t\t\t\t<img fetchpriority=\"high\" decoding=\"async\" width=\"768\" height=\"512\" src=\"https:\/\/www.vtc-limousine.fr\/wp-content\/uploads\/2025\/03\/IMG_0407-3-768x512.jpg\" class=\"attachment-medium_large size-medium_large wp-image-22283\" alt=\"Ch\u00f3fer privado Marsella Provenza Aeropuerto MRS | Traslado VTC Haut de Gamme\" srcset=\"https:\/\/www.vtc-limousine.fr\/wp-content\/uploads\/2025\/03\/IMG_0407-3-768x512.jpg 768w, https:\/\/www.vtc-limousine.fr\/wp-content\/uploads\/2025\/03\/IMG_0407-3-300x200.jpg 300w, https:\/\/www.vtc-limousine.fr\/wp-content\/uploads\/2025\/03\/IMG_0407-3-1024x683.jpg 1024w, https:\/\/www.vtc-limousine.fr\/wp-content\/uploads\/2025\/03\/IMG_0407-3-1536x1024.jpg 1536w, https:\/\/www.vtc-limousine.fr\/wp-content\/uploads\/2025\/03\/IMG_0407-3-scaled.jpg 2048w, https:\/\/www.vtc-limousine.fr\/wp-content\/uploads\/2025\/03\/IMG_0407-3-18x12.jpg 18w, https:\/\/www.vtc-limousine.fr\/wp-content\/uploads\/2025\/03\/IMG_0407-3-460x306.jpg 460w, https:\/\/www.vtc-limousine.fr\/wp-content\/uploads\/2025\/03\/IMG_0407-3-800x533.jpg 800w\" sizes=\"(max-width: 768px) 100vw, 768px\" \/>\t\t\t\t\t\t\t\t\t\t\t\t\t\t\t<\/div>\n\t\t\t\t<\/div>\n\t\t\t\t<div class=\"elementor-element elementor-element-e20ae77 elementor-widget elementor-widget-image\" data-id=\"e20ae77\" data-element_type=\"widget\" data-e-type=\"widget\" data-widget_type=\"image.default\">\n\t\t\t\t<div class=\"elementor-widget-container\">\n\t\t\t\t\t\t\t\t\t\t\t\t\t\t\t<img decoding=\"async\" width=\"768\" height=\"1152\" src=\"https:\/\/www.vtc-limousine.fr\/wp-content\/uploads\/2025\/03\/Class-E-Driver-EQS-avec-Christian-Lr-25-copie-768x1152.jpg\" class=\"attachment-medium_large size-medium_large wp-image-22279\" alt=\"Ch\u00f3fer privado Marsella Provenza Aeropuerto MRS | Traslado VTC Haut de Gamme\" srcset=\"https:\/\/www.vtc-limousine.fr\/wp-content\/uploads\/2025\/03\/Class-E-Driver-EQS-avec-Christian-Lr-25-copie-768x1152.jpg 768w, https:\/\/www.vtc-limousine.fr\/wp-content\/uploads\/2025\/03\/Class-E-Driver-EQS-avec-Christian-Lr-25-copie-200x300.jpg 200w, https:\/\/www.vtc-limousine.fr\/wp-content\/uploads\/2025\/03\/Class-E-Driver-EQS-avec-Christian-Lr-25-copie-683x1024.jpg 683w, https:\/\/www.vtc-limousine.fr\/wp-content\/uploads\/2025\/03\/Class-E-Driver-EQS-avec-Christian-Lr-25-copie-1024x1536.jpg 1024w, https:\/\/www.vtc-limousine.fr\/wp-content\/uploads\/2025\/03\/Class-E-Driver-EQS-avec-Christian-Lr-25-copie-scaled.jpg 1365w, https:\/\/www.vtc-limousine.fr\/wp-content\/uploads\/2025\/03\/Class-E-Driver-EQS-avec-Christian-Lr-25-copie-8x12.jpg 8w, https:\/\/www.vtc-limousine.fr\/wp-content\/uploads\/2025\/03\/Class-E-Driver-EQS-avec-Christian-Lr-25-copie-204x306.jpg 204w, https:\/\/www.vtc-limousine.fr\/wp-content\/uploads\/2025\/03\/Class-E-Driver-EQS-avec-Christian-Lr-25-copie-355x533.jpg 355w\" sizes=\"(max-width: 768px) 100vw, 768px\" \/>\t\t\t\t\t\t\t\t\t\t\t\t\t\t\t<\/div>\n\t\t\t\t<\/div>\n\t\t\t\t<div class=\"elementor-element elementor-element-e4990dc elementor-widget-divider--view-line elementor-widget elementor-widget-divider\" data-id=\"e4990dc\" data-element_type=\"widget\" data-e-type=\"widget\" data-widget_type=\"divider.default\">\n\t\t\t\t<div class=\"elementor-widget-container\">\n\t\t\t\t\t\t\t<div class=\"elementor-divider\">\n\t\t\t<span class=\"elementor-divider-separator\">\n\t\t\t\t\t\t<\/span>\n\t\t<\/div>\n\t\t\t\t\t\t<\/div>\n\t\t\t\t<\/div>\n\t\t\t\t<div class=\"elementor-element elementor-element-8f1c740 elementor-widget elementor-widget-text-editor\" data-id=\"8f1c740\" data-element_type=\"widget\" data-e-type=\"widget\" data-widget_type=\"text-editor.default\">\n\t\t\t\t<div class=\"elementor-widget-container\">\n\t\t\t\t\t\t\t\t\t<hr>\n\n<section id=\"faq-airport-transfer\">\n    <h2>Preguntas frecuentes sobre su traslado al aeropuerto de Marsella<\/h2>\n    \n    <div class=\"faq-item\">\n        <h3>\u00bfC\u00f3mo encontrar a mi ch\u00f3fer privado en el aeropuerto de Marsella-Provenza?<\/h3>\n        <p>Su ch\u00f3fer le esperar\u00e1 directamente a la salida de la terminal (Hall A o Hall B) despu\u00e9s de recoger su equipaje. Llevar\u00e1 una mesa con su nombre o el logotipo de su empresa para darle una bienvenida inmediata y personalizada (servicio Meet &amp; Greet).<\/p>\n    <\/div>\n\n    <div class=\"faq-item\">\n        <h3>\u00bfQu\u00e9 ocurre si mi vuelo a Marsella se retrasa?<\/h3>\n        <p>Controlamos el estado de su vuelo en tiempo real utilizando el n\u00famero de vuelo que nos dio al hacer la reserva. Su conductor ajustar\u00e1 su hora de llegada de forma gratuita. No es necesaria ninguna acci\u00f3n por su parte, y le garantizamos que ser\u00e1 recogido en cuanto aterrice.<\/p>\n    <\/div>\n\n    <div class=\"faq-item\">\n        <h3>\u00bfOfrecen veh\u00edculos para grupos de m\u00e1s de 8 personas?<\/h3>\n        <p>S\u00ed, disponemos de una flota variada que incluye berlinas de lujo, MiniVans Premium y un Sprinter VIP de 16 plazas. Esta \u00faltima es ideal para traslados de delegaciones, seminarios de empresa o invitados a bodas en Provenza.<\/p>\n    <\/div>\n\n    <div class=\"faq-item\">\n        <h3>\u00bfCu\u00e1nto dura el trayecto de Aeropuerto de Marsella a Aix-en-Provence?<\/h3>\n        <p>La duraci\u00f3n media del trayecto en un turismo es de unos 35 minutos. Este tiempo puede variar entre 30 y 50 minutos seg\u00fan la hora del d\u00eda y las condiciones del tr\u00e1fico. Siempre planificamos la ruta m\u00e1s suave para su comodidad.<\/p>\n    <\/div>\n\n    <div class=\"faq-item\">\n        <h3>\u00bfEs fijo el precio de mi transferencia?<\/h3>\n        <p>Absolutamente. Todos nuestros servicios de transporte est\u00e1n sujetos a un precio fijo y transparente, determinado en el momento de solicitar un presupuesto. No hay suplementos por equipaje ni por tiempo de espera en caso de retraso del vuelo.<\/p>\n    <\/div>\n<\/section>\t\t\t\t\t\t\t\t<\/div>\n\t\t\t\t<\/div>\n\t\t\t\t\t<\/div>\n\t\t<\/div>\n\t\t\t\t\t<\/div>\n\t\t<\/section>\n\t\t\t\t\t<\/div>\n\t\t<\/div>\n\t\t\t\t\t<\/div>\n\t\t<\/section>\n\t\t\t\t<section class=\"elementor-section elementor-top-section elementor-element elementor-element-f8816d1 elementor-section-boxed elementor-section-height-default elementor-section-height-default\" data-id=\"f8816d1\" data-element_type=\"section\" data-e-type=\"section\">\n\t\t\t\t\t\t<div class=\"elementor-container elementor-column-gap-default\">\n\t\t\t\t\t<div class=\"elementor-column elementor-col-100 elementor-top-column elementor-element elementor-element-d799515\" data-id=\"d799515\" data-element_type=\"column\" data-e-type=\"column\">\n\t\t\t<div class=\"elementor-widget-wrap\">\n\t\t\t\t\t\t\t<\/div>\n\t\t<\/div>\n\t\t\t\t\t<\/div>\n\t\t<\/section>\n\t\t\t\t<section class=\"elementor-section elementor-top-section elementor-element elementor-element-d887e1b elementor-section-boxed elementor-section-height-default elementor-section-height-default\" data-id=\"d887e1b\" data-element_type=\"section\" data-e-type=\"section\">\n\t\t\t\t\t\t<div class=\"elementor-container elementor-column-gap-default\">\n\t\t\t\t\t<div class=\"elementor-column elementor-col-33 elementor-top-column elementor-element elementor-element-969f2bf\" data-id=\"969f2bf\" data-element_type=\"column\" data-e-type=\"column\">\n\t\t\t<div class=\"elementor-widget-wrap elementor-element-populated\">\n\t\t\t\t\t\t<div class=\"elementor-element elementor-element-6e91165 elementor-widget elementor-widget-heading\" data-id=\"6e91165\" data-element_type=\"widget\" data-e-type=\"widget\" data-widget_type=\"heading.default\">\n\t\t\t\t<div class=\"elementor-widget-container\">\n\t\t\t\t\t<h3 class=\"elementor-heading-title elementor-size-small\">CH\u00d3FER PRIVADO AEROPUERTO DE MARSELLA PROVENZA (MRS)<\/h3>\t\t\t\t<\/div>\n\t\t\t\t<\/div>\n\t\t\t\t\t<\/div>\n\t\t<\/div>\n\t\t\t\t<div class=\"elementor-column elementor-col-33 elementor-top-column elementor-element elementor-element-0ea0348\" data-id=\"0ea0348\" data-element_type=\"column\" data-e-type=\"column\">\n\t\t\t<div class=\"elementor-widget-wrap elementor-element-populated\">\n\t\t\t\t\t\t<div class=\"elementor-element elementor-element-35e8cff elementor-widget elementor-widget-heading\" data-id=\"35e8cff\" data-element_type=\"widget\" data-e-type=\"widget\" data-widget_type=\"heading.default\">\n\t\t\t\t<div class=\"elementor-widget-container\">\n\t\t\t\t\t<h3 class=\"elementor-heading-title elementor-size-small\">CH\u00d3FER PRIVADO AIX EN PROVENCE ESTACI\u00d3N DE TGV<\/h3>\t\t\t\t<\/div>\n\t\t\t\t<\/div>\n\t\t\t\t\t<\/div>\n\t\t<\/div>\n\t\t\t\t<div class=\"elementor-column elementor-col-33 elementor-top-column elementor-element elementor-element-4cf8eda\" data-id=\"4cf8eda\" data-element_type=\"column\" data-e-type=\"column\">\n\t\t\t<div class=\"elementor-widget-wrap elementor-element-populated\">\n\t\t\t\t\t\t<div class=\"elementor-element elementor-element-1d97f03 elementor-widget elementor-widget-heading\" data-id=\"1d97f03\" data-element_type=\"widget\" data-e-type=\"widget\" data-widget_type=\"heading.default\">\n\t\t\t\t<div class=\"elementor-widget-container\">\n\t\t\t\t\t<h3 class=\"elementor-heading-title elementor-size-small\">TRASLADO EN YATE<\/h3>\t\t\t\t<\/div>\n\t\t\t\t<\/div>\n\t\t\t\t\t<\/div>\n\t\t<\/div>\n\t\t\t\t\t<\/div>\n\t\t<\/section>\n\t\t\t\t<section class=\"elementor-section elementor-top-section elementor-element elementor-element-3fc75a0 elementor-section-boxed elementor-section-height-default elementor-section-height-default\" data-id=\"3fc75a0\" data-element_type=\"section\" data-e-type=\"section\">\n\t\t\t\t\t\t<div class=\"elementor-container elementor-column-gap-default\">\n\t\t\t\t\t<div class=\"elementor-column elementor-col-100 elementor-top-column elementor-element elementor-element-3b6890a\" data-id=\"3b6890a\" data-element_type=\"column\" data-e-type=\"column\">\n\t\t\t<div class=\"elementor-widget-wrap elementor-element-populated\">\n\t\t\t\t\t\t<div class=\"elementor-element elementor-element-702d365 elementor-widget elementor-widget-global elementor-global-16809 elementor-widget-template\" data-id=\"702d365\" data-element_type=\"widget\" data-e-type=\"widget\" data-widget_type=\"template.default\">\n\t\t\t\t<div class=\"elementor-widget-container\">\n\t\t\t\t\t\t\t<div class=\"elementor-template\">\n\t\t\t\t\t<div data-elementor-type=\"section\" data-elementor-id=\"16800\" class=\"elementor elementor-16800\" data-elementor-post-type=\"elementor_library\">\n\t\t\t\t\t<section class=\"elementor-section elementor-top-section elementor-element elementor-element-5ecc7df elementor-section-boxed elementor-section-height-default elementor-section-height-default\" data-id=\"5ecc7df\" data-element_type=\"section\" data-e-type=\"section\">\n\t\t\t\t\t\t<div class=\"elementor-container elementor-column-gap-default\">\n\t\t\t\t\t<div class=\"elementor-column elementor-col-33 elementor-top-column elementor-element elementor-element-50a92ca2\" data-id=\"50a92ca2\" data-element_type=\"column\" data-e-type=\"column\">\n\t\t\t<div class=\"elementor-widget-wrap elementor-element-populated\">\n\t\t\t\t\t\t<div class=\"elementor-element elementor-element-e63460a elementor-widget elementor-widget-image\" data-id=\"e63460a\" data-element_type=\"widget\" data-e-type=\"widget\" data-widget_type=\"image.default\">\n\t\t\t\t<div class=\"elementor-widget-container\">\n\t\t\t\t\t\t\t\t\t\t\t\t\t\t\t<img decoding=\"async\" src=\"https:\/\/www.vtc-limousine.fr\/wp-content\/uploads\/elementor\/thumbs\/WORK1015-trip-e1461841777748-1-qfq8fzc13hup8k9o2ksn15qh69mku450vmv2027j2c.jpg\" title=\"Viaje WORK1015\" alt=\"Mujer de negocios con maleta en el aeropuerto\" loading=\"lazy\" \/>\t\t\t\t\t\t\t\t\t\t\t\t\t\t\t<\/div>\n\t\t\t\t<\/div>\n\t\t\t\t<div class=\"elementor-element elementor-element-4ec7f1f1 elementor-widget elementor-widget-text-editor\" data-id=\"4ec7f1f1\" data-element_type=\"widget\" data-e-type=\"widget\" data-widget_type=\"text-editor.default\">\n\t\t\t\t<div class=\"elementor-widget-container\">\n\t\t\t\t\t\t\t\t\t<div class=\"four columns\"><div class=\"limoking-ux column-service-ux\"><div class=\"limoking-item limoking-column-service-item limoking-medium\"><div class=\"column-service-content-wrapper\"><div class=\"column-service-content limoking-skin-content\"><p>Su coche con ch\u00f3fer\u00a0<a href=\"https:\/\/www.vtc-limousine.fr\/es\/nuestros-vehiculos\/\">(VTC)<\/a>\u00a0le llevar\u00e1 desde su aeropuerto o al aeropuerto de su elecci\u00f3n. Prestamos servicio en los siguientes aeropuertos:\u00a0<br \/>\u00a0<a href=\"https:\/\/www.vtc-limousine.fr\/es\/vtc-traslado-privado\/vtc-traslado-aeropuerto-marsella-provenza\/\">Ch\u00f3fer Privado Aeropuerto Marsella Provenza<\/a>\u00a0<br \/><a href=\"https:\/\/www.vtc-limousine.fr\/es\/vtc-traslado-privado\/vtc-transfer-aeropuerto-nice-cote-dazur-nce\/\">Traslado privado con ch\u00f3fer VTC Aeropuerto de Niza Costa Azul (NCE)<\/a><br \/><a href=\"https:\/\/www.vtc-limousine.fr\/es\/vtc-traslado-privado\/reserve-un-chofer-privado-vtc-del-aeropuerto-de-marsella-a-monaco\/\">Ch\u00f3fer privado Helipuerto M\u00f3naco<\/a><br \/><a href=\"https:\/\/www.vtc-limousine.fr\/es\/vtc-traslado-privado\/vtc-aeroport-international-du-castellet-lfmq\/\">Ch\u00f3fer privado Castellet Aeropuerto<\/a><br \/><a href=\"https:\/\/www.vtc-limousine.fr\/es\/vtc-traslado-privado\/chofer-privado-saint-tropez\/\">Ch\u00f3fer privado St Tropez Golf Aeropuerto\u00a0<\/a><br \/><a href=\"https:\/\/www.vtc-limousine.fr\/es\/vtc-traslado-privado\/traslado-conductor-vtc-aeropuerto-avignon-avn\/\">Ch\u00f3fer privado Avignon Provence Aeropuerto\u00a0<\/a><br \/><a href=\"https:\/\/www.vtc-limousine.fr\/es\/vtc-traslado-privado\/vtc-traslado-toulon-hyeres-aeropuerto-tln\/\">Ch\u00f3fer privado Aeropuerto Toulon Hy\u00e8res<\/a><br \/><a href=\"https:\/\/www.vtc-limousine.fr\/es\/chofer-privado\/location-chauffeur-prive-region-paca\/alquiler-de-coches-con-conductor-montpellier\/\">Ch\u00f3fer privado Montpellier M\u00e9diterran\u00e9e Aeropuerto<\/a><\/p><\/div><\/div><\/div><\/div><\/div>\t\t\t\t\t\t\t\t<\/div>\n\t\t\t\t<\/div>\n\t\t\t\t\t<\/div>\n\t\t<\/div>\n\t\t\t\t<div class=\"elementor-column elementor-col-33 elementor-top-column elementor-element elementor-element-31c921a3\" data-id=\"31c921a3\" data-element_type=\"column\" data-e-type=\"column\">\n\t\t\t<div class=\"elementor-widget-wrap elementor-element-populated\">\n\t\t\t\t\t\t<div class=\"elementor-element elementor-element-637d2c84 elementor-widget elementor-widget-image\" data-id=\"637d2c84\" data-element_type=\"widget\" data-e-type=\"widget\" data-widget_type=\"image.default\">\n\t\t\t\t<div class=\"elementor-widget-container\">\n\t\t\t\t\t\t\t\t\t\t\t\t\t\t\t<img decoding=\"async\" src=\"https:\/\/www.vtc-limousine.fr\/wp-content\/uploads\/elementor\/thumbs\/aixtgv-e1462955693358-1-qfq89fejg2vqafsdc8ta5b9s2jxg634eb746jlxcg4.jpg\" title=\"4 T\" alt=\"Traslado VTC Estaci\u00f3n de TGV de Aix en Provence\" loading=\"lazy\" \/>\t\t\t\t\t\t\t\t\t\t\t\t\t\t\t<\/div>\n\t\t\t\t<\/div>\n\t\t\t\t<div class=\"elementor-element elementor-element-76f33913 elementor-widget elementor-widget-text-editor\" data-id=\"76f33913\" data-element_type=\"widget\" data-e-type=\"widget\" data-widget_type=\"text-editor.default\">\n\t\t\t\t<div class=\"elementor-widget-container\">\n\t\t\t\t\t\t\t\t\t<p>Su coche con ch\u00f3fer (VTC) le llevar\u00e1 desde su estaci\u00f3n o a la estaci\u00f3n que usted elija. Prestamos servicio en las siguientes estaciones:<br \/><a href=\"https:\/\/www.vtc-limousine.fr\/es\/chofer-privado\/location-chauffeur-prive-region-paca\/alquiler-de-coches-con-conductor-marsella\/\">Ch\u00f3fer privado Estaci\u00f3n de Marsella St Charles<\/a><br \/><a href=\"https:\/\/www.vtc-limousine.fr\/es\/vtc-traslado-privado\/vtc-transfer-aix-en-provence-estacion-de-tgv\/\">Ch\u00f3fer privado Estaci\u00f3n de TGV de Aix en Provence<\/a><br \/><a href=\"https:\/\/www.vtc-limousine.fr\/es\/chofer-privado\/location-chauffeur-prive-region-paca\/location-de-voiture-avec-chauffeur-avignon\/\">Ch\u00f3fer privado Avignon Estaci\u00f3n TGV<\/a><br \/>Ch\u00f3fer privado Estaci\u00f3n SNCF de Toulon\u00a0<br \/>Ch\u00f3fer privado Montpellier Estaci\u00f3n de Saint-Roch<\/p>\t\t\t\t\t\t\t\t<\/div>\n\t\t\t\t<\/div>\n\t\t\t\t\t<\/div>\n\t\t<\/div>\n\t\t\t\t<div class=\"elementor-column elementor-col-33 elementor-top-column elementor-element elementor-element-289b91c4\" data-id=\"289b91c4\" data-element_type=\"column\" data-e-type=\"column\">\n\t\t\t<div class=\"elementor-widget-wrap elementor-element-populated\">\n\t\t\t\t\t\t<div class=\"elementor-element elementor-element-675f4d91 elementor-widget elementor-widget-image\" data-id=\"675f4d91\" data-element_type=\"widget\" data-e-type=\"widget\" data-widget_type=\"image.default\">\n\t\t\t\t<div class=\"elementor-widget-container\">\n\t\t\t\t\t\t\t\t\t\t\t\t\t\t\t<img decoding=\"async\" src=\"https:\/\/www.vtc-limousine.fr\/wp-content\/uploads\/elementor\/thumbs\/12314661_1181324875230561_2549917994845135698_o-e1461913792875-1-qfq8eip2grun6ee4ly1j5j0nwou0v2c20ebv4kdkqs.jpg\" title=\"12314661_1181324875230561_2549917994845135698_o\" alt=\"12314661_1181324875230561_2549917994845135698_o\" loading=\"lazy\" \/>\t\t\t\t\t\t\t\t\t\t\t\t\t\t\t<\/div>\n\t\t\t\t<\/div>\n\t\t\t\t<div class=\"elementor-element elementor-element-4c0d46ee elementor-widget elementor-widget-text-editor\" data-id=\"4c0d46ee\" data-element_type=\"widget\" data-e-type=\"widget\" data-widget_type=\"text-editor.default\">\n\t\t\t\t<div class=\"elementor-widget-container\">\n\t\t\t\t\t\t\t\t\t<p>Su conductor\u00a0<a href=\"\/es\/nuestros-vehiculos\/\">(VTC)<\/a>\u00a0le llevar\u00e1 desde su puerto o hasta la terminal de ferry de su elecci\u00f3n. \u00a0<br \/>Prestamos servicio en las ciudades de :\u00a0<br \/><a href=\"https:\/\/www.vtc-limousine.fr\/es\/vtc-traslado-privado\/vtc-traslado-crucero-puerto-marsella\/\">Ch\u00f3fer privado Terminal de ferry y terminales de cruceros de Marsella<\/a><br \/><a href=\"https:\/\/www.vtc-limousine.fr\/es\/chofer-privado\/location-chauffeur-prive-region-paca\/location-de-voiture-avec-chauffeur-avignon\/\">Cruceros fluviales por Avi\u00f1\u00f3n con ch\u00f3fer privado<\/a>\u00a0<br \/>Ch\u00f3fer privado St-Tropez puerto<br \/>Ch\u00f3fer privado Cannes puerto Canto\u00a0<br \/>Ch\u00f3fer privado puerto de M\u00f3naco\u00a0<br \/>Ch\u00f3fer privado Puerto de Niza\u00a0<br \/>Ch\u00f3fer privado Terminal de ferry de Tol\u00f3n y terminales de cruceros\u00a0<\/p>\t\t\t\t\t\t\t\t<\/div>\n\t\t\t\t<\/div>\n\t\t\t\t\t<\/div>\n\t\t<\/div>\n\t\t\t\t\t<\/div>\n\t\t<\/section>\n\t\t\t\t<\/div>\n\t\t\t\t<\/div>\n\t\t\t\t\t\t<\/div>\n\t\t\t\t<\/div>\n\t\t\t\t\t<\/div>\n\t\t<\/div>\n\t\t\t\t\t<\/div>\n\t\t<\/section>\n\t\t\t\t<section class=\"elementor-section elementor-top-section elementor-element elementor-element-105363f elementor-section-full_width elementor-section-height-default elementor-section-height-default\" data-id=\"105363f\" data-element_type=\"section\" data-e-type=\"section\">\n\t\t\t\t\t\t<div class=\"elementor-container elementor-column-gap-default\">\n\t\t\t\t\t<div class=\"elementor-column elementor-col-100 elementor-top-column elementor-element elementor-element-3357ac6\" data-id=\"3357ac6\" data-element_type=\"column\" data-e-type=\"column\">\n\t\t\t<div class=\"elementor-widget-wrap elementor-element-populated\">\n\t\t\t\t\t\t<div class=\"elementor-element elementor-element-3f4ab64 elementor-widget elementor-widget-global elementor-global-12694 elementor-widget-template\" data-id=\"3f4ab64\" data-element_type=\"widget\" data-e-type=\"widget\" data-widget_type=\"template.default\">\n\t\t\t\t<div class=\"elementor-widget-container\">\n\t\t\t\t\t\t\t<div class=\"elementor-template\">\n\t\t\t\t\t<div data-elementor-type=\"section\" data-elementor-id=\"13367\" class=\"elementor elementor-13367\" data-elementor-post-type=\"elementor_library\">\n\t\t\t\t\t<section class=\"elementor-section elementor-top-section elementor-element elementor-element-c30b442 elementor-section-content-middle elementor-section-boxed elementor-section-height-default elementor-section-height-default elementor-invisible\" data-id=\"c30b442\" data-element_type=\"section\" data-e-type=\"section\" data-settings=\"{&quot;background_background&quot;:&quot;classic&quot;,&quot;animation&quot;:&quot;fadeInUp&quot;}\">\n\t\t\t\t\t\t<div class=\"elementor-container elementor-column-gap-no\">\n\t\t\t\t\t<div class=\"elementor-column elementor-col-25 elementor-top-column elementor-element elementor-element-e0093c0\" data-id=\"e0093c0\" data-element_type=\"column\" data-e-type=\"column\">\n\t\t\t<div class=\"elementor-widget-wrap elementor-element-populated\">\n\t\t\t\t\t\t<div class=\"elementor-element elementor-element-0cb7bce elementor-view-default elementor-position-block-start elementor-mobile-position-block-start elementor-widget elementor-widget-icon-box\" data-id=\"0cb7bce\" data-element_type=\"widget\" data-e-type=\"widget\" data-widget_type=\"icon-box.default\">\n\t\t\t\t<div class=\"elementor-widget-container\">\n\t\t\t\t\t\t\t<div class=\"elementor-icon-box-wrapper\">\n\n\t\t\t\t\t\t<div class=\"elementor-icon-box-icon\">\n\t\t\t\t<span  class=\"elementor-icon elementor-animation-grow\">\n\t\t\t\t<i aria-hidden=\"true\" class=\"far fa-clock\"><\/i>\t\t\t\t<\/span>\n\t\t\t<\/div>\n\t\t\t\n\t\t\t\t\t\t<div class=\"elementor-icon-box-content\">\n\n\t\t\t\t\t\t\t\t\t<h4 class=\"elementor-icon-box-title\">\n\t\t\t\t\t\t<span  >\n\t\t\t\t\t\t\tRESPUESTA EN 12H\t\t\t\t\t\t<\/span>\n\t\t\t\t\t<\/h4>\n\t\t\t\t\n\t\t\t\t\t\t\t\t\t<p class=\"elementor-icon-box-description\">\n\t\t\t\t\t\tRespondemos muy r\u00e1pidamente a sus solicitudes por Mail, Whatapp y tel\u00e9fono.\t\t\t\t\t<\/p>\n\t\t\t\t\n\t\t\t<\/div>\n\t\t\t\n\t\t<\/div>\n\t\t\t\t\t\t<\/div>\n\t\t\t\t<\/div>\n\t\t\t\t\t<\/div>\n\t\t<\/div>\n\t\t\t\t<div class=\"elementor-column elementor-col-25 elementor-top-column elementor-element elementor-element-31921f3\" data-id=\"31921f3\" data-element_type=\"column\" data-e-type=\"column\">\n\t\t\t<div class=\"elementor-widget-wrap elementor-element-populated\">\n\t\t\t\t\t\t<div class=\"elementor-element elementor-element-93d275f elementor-view-default elementor-position-block-start elementor-mobile-position-block-start elementor-widget elementor-widget-icon-box\" data-id=\"93d275f\" data-element_type=\"widget\" data-e-type=\"widget\" data-widget_type=\"icon-box.default\">\n\t\t\t\t<div class=\"elementor-widget-container\">\n\t\t\t\t\t\t\t<div class=\"elementor-icon-box-wrapper\">\n\n\t\t\t\t\t\t<div class=\"elementor-icon-box-icon\">\n\t\t\t\t<span  class=\"elementor-icon elementor-animation-grow\">\n\t\t\t\t<i aria-hidden=\"true\" class=\"fas fa-plane\"><\/i>\t\t\t\t<\/span>\n\t\t\t<\/div>\n\t\t\t\n\t\t\t\t\t\t<div class=\"elementor-icon-box-content\">\n\n\t\t\t\t\t\t\t\t\t<h4 class=\"elementor-icon-box-title\">\n\t\t\t\t\t\t<span  >\n\t\t\t\t\t\t\tTRASLADO AL AEROPUERTO\t\t\t\t\t\t<\/span>\n\t\t\t\t\t<\/h4>\n\t\t\t\t\n\t\t\t\t\t\t\t\t\t<p class=\"elementor-icon-box-description\">\n\t\t\t\t\t\tControlamos la hora de llegada de su vuelo, temprano o tarde siempre tendr\u00e1 un conductor para darle la bienvenida.\t\t\t\t\t<\/p>\n\t\t\t\t\n\t\t\t<\/div>\n\t\t\t\n\t\t<\/div>\n\t\t\t\t\t\t<\/div>\n\t\t\t\t<\/div>\n\t\t\t\t\t<\/div>\n\t\t<\/div>\n\t\t\t\t<div class=\"elementor-column elementor-col-25 elementor-top-column elementor-element elementor-element-fe50e87\" data-id=\"fe50e87\" data-element_type=\"column\" data-e-type=\"column\">\n\t\t\t<div class=\"elementor-widget-wrap elementor-element-populated\">\n\t\t\t\t\t\t<div class=\"elementor-element elementor-element-749f376 elementor-view-default elementor-position-block-start elementor-mobile-position-block-start elementor-widget elementor-widget-icon-box\" data-id=\"749f376\" data-element_type=\"widget\" data-e-type=\"widget\" data-widget_type=\"icon-box.default\">\n\t\t\t\t<div class=\"elementor-widget-container\">\n\t\t\t\t\t\t\t<div class=\"elementor-icon-box-wrapper\">\n\n\t\t\t\t\t\t<div class=\"elementor-icon-box-icon\">\n\t\t\t\t<span  class=\"elementor-icon elementor-animation-grow\">\n\t\t\t\t<i aria-hidden=\"true\" class=\"far fa-handshake\"><\/i>\t\t\t\t<\/span>\n\t\t\t<\/div>\n\t\t\t\n\t\t\t\t\t\t<div class=\"elementor-icon-box-content\">\n\n\t\t\t\t\t\t\t\t\t<h4 class=\"elementor-icon-box-title\">\n\t\t\t\t\t\t<span  >\n\t\t\t\t\t\t\tENCUENTROS\t\t\t\t\t\t<\/span>\n\t\t\t\t\t<\/h4>\n\t\t\t\t\n\t\t\t\t\t\t\t\t\t<p class=\"elementor-icon-box-description\">\n\t\t\t\t\t\tSu conductor le enviar\u00e1 un mensaje de texto cuando llegue al aeropuerto y le dar\u00e1 la bienvenida con un IPad personal.\t\t\t\t\t<\/p>\n\t\t\t\t\n\t\t\t<\/div>\n\t\t\t\n\t\t<\/div>\n\t\t\t\t\t\t<\/div>\n\t\t\t\t<\/div>\n\t\t\t\t\t<\/div>\n\t\t<\/div>\n\t\t\t\t<div class=\"elementor-column elementor-col-25 elementor-top-column elementor-element elementor-element-b535dc4\" data-id=\"b535dc4\" data-element_type=\"column\" data-e-type=\"column\">\n\t\t\t<div class=\"elementor-widget-wrap elementor-element-populated\">\n\t\t\t\t\t\t<div class=\"elementor-element elementor-element-f6d29ab elementor-view-default elementor-position-block-start elementor-mobile-position-block-start elementor-widget elementor-widget-icon-box\" data-id=\"f6d29ab\" data-element_type=\"widget\" data-e-type=\"widget\" data-widget_type=\"icon-box.default\">\n\t\t\t\t<div class=\"elementor-widget-container\">\n\t\t\t\t\t\t\t<div class=\"elementor-icon-box-wrapper\">\n\n\t\t\t\t\t\t<div class=\"elementor-icon-box-icon\">\n\t\t\t\t<span  class=\"elementor-icon elementor-animation-grow\">\n\t\t\t\t<i aria-hidden=\"true\" class=\"fas fa-user-tie\"><\/i>\t\t\t\t<\/span>\n\t\t\t<\/div>\n\t\t\t\n\t\t\t\t\t\t<div class=\"elementor-icon-box-content\">\n\n\t\t\t\t\t\t\t\t\t<h4 class=\"elementor-icon-box-title\">\n\t\t\t\t\t\t<span  >\n\t\t\t\t\t\t\tCH\u00d3FER PROFESIONAL\t\t\t\t\t\t<\/span>\n\t\t\t\t\t<\/h4>\n\t\t\t\t\n\t\t\t\t\t\t\t\t\t<p class=\"elementor-icon-box-description\">\n\t\t\t\t\t\tTodos nuestros conductores tienen experiencia y conocen perfectamente la Provenza y la Costa Azul. Est\u00e1n altamente cualificados e investigados. Todos los conductores van vestidos profesionalmente con traje y corbata y hablan ingl\u00e9s.\n\t\t\t\t\t<\/p>\n\t\t\t\t\n\t\t\t<\/div>\n\t\t\t\n\t\t<\/div>\n\t\t\t\t\t\t<\/div>\n\t\t\t\t<\/div>\n\t\t\t\t\t<\/div>\n\t\t<\/div>\n\t\t\t\t\t<\/div>\n\t\t<\/section>\n\t\t\t\t<\/div>\n\t\t\t\t<\/div>\n\t\t\t\t\t\t<\/div>\n\t\t\t\t<\/div>\n\t\t\t\t\t<\/div>\n\t\t<\/div>\n\t\t\t\t\t<\/div>\n\t\t<\/section>\n\t\t\t\t<section class=\"elementor-section elementor-top-section elementor-element elementor-element-284f2d87 elementor-section-content-middle elementor-reverse-mobile elementor-section-full_width elementor-section-height-default elementor-section-height-default\" data-id=\"284f2d87\" data-element_type=\"section\" data-e-type=\"section\" data-settings=\"{&quot;background_background&quot;:&quot;classic&quot;}\">\n\t\t\t\t\t\t<div class=\"elementor-container elementor-column-gap-wide\">\n\t\t\t\t\t<div class=\"elementor-column elementor-col-100 elementor-top-column elementor-element elementor-element-46bcde79\" data-id=\"46bcde79\" data-element_type=\"column\" data-e-type=\"column\">\n\t\t\t<div class=\"elementor-widget-wrap elementor-element-populated\">\n\t\t\t\t\t\t<div class=\"elementor-element elementor-element-d5b658e elementor-widget elementor-widget-global elementor-global-671 elementor-widget-template\" data-id=\"d5b658e\" data-element_type=\"widget\" data-e-type=\"widget\" data-widget_type=\"template.default\">\n\t\t\t\t<div class=\"elementor-widget-container\">\n\t\t\t\t\t\t\t<div class=\"elementor-template\">\n\t\t\t\t\t<div data-elementor-type=\"section\" data-elementor-id=\"667\" class=\"elementor elementor-667\" data-elementor-post-type=\"elementor_library\">\n\t\t\t\t\t<section class=\"elementor-section elementor-top-section elementor-element elementor-element-191bac50 elementor-section-content-middle elementor-reverse-mobile elementor-section-boxed elementor-section-height-default elementor-section-height-default\" data-id=\"191bac50\" data-element_type=\"section\" data-e-type=\"section\" data-settings=\"{&quot;background_background&quot;:&quot;classic&quot;}\">\n\t\t\t\t\t\t<div class=\"elementor-container elementor-column-gap-wide\">\n\t\t\t\t\t<div class=\"elementor-column elementor-col-100 elementor-top-column elementor-element elementor-element-de7034b\" data-id=\"de7034b\" data-element_type=\"column\" data-e-type=\"column\">\n\t\t\t<div class=\"elementor-widget-wrap elementor-element-populated\">\n\t\t\t\t\t\t<div class=\"elementor-element elementor-element-73529f3c elementor-invisible elementor-widget elementor-widget-heading\" data-id=\"73529f3c\" data-element_type=\"widget\" data-e-type=\"widget\" data-settings=\"{&quot;_animation&quot;:&quot;fadeInUp&quot;}\" data-widget_type=\"heading.default\">\n\t\t\t\t<div class=\"elementor-widget-container\">\n\t\t\t\t\t<h2 class=\"elementor-heading-title elementor-size-default\">P\u00f3ngase en contacto con nosotros<\/h2>\t\t\t\t<\/div>\n\t\t\t\t<\/div>\n\t\t\t\t<section class=\"elementor-section elementor-inner-section elementor-element elementor-element-418dcfd1 elementor-section-boxed elementor-section-height-default elementor-section-height-default\" data-id=\"418dcfd1\" data-element_type=\"section\" data-e-type=\"section\">\n\t\t\t\t\t\t<div class=\"elementor-container elementor-column-gap-default\">\n\t\t\t\t\t<div class=\"elementor-column elementor-col-100 elementor-inner-column elementor-element elementor-element-61910385\" data-id=\"61910385\" data-element_type=\"column\" data-e-type=\"column\">\n\t\t\t<div class=\"elementor-widget-wrap elementor-element-populated\">\n\t\t\t\t\t\t<div class=\"elementor-element elementor-element-17c130df elementor-widget elementor-widget-text-editor\" data-id=\"17c130df\" data-element_type=\"widget\" data-e-type=\"widget\" data-widget_type=\"text-editor.default\">\n\t\t\t\t<div class=\"elementor-widget-container\">\n\t\t\t\t\t\t\t\t\t<p class=\"translation-block\">Un <strong>chofer privado<\/strong> a su servicio 24\/7. Confort, seguridad y discreci\u00f3n para todos sus desplazamientos.<\/p><p>Reserve ahora su coche con ch\u00f3fer.<\/p>\t\t\t\t\t\t\t\t<\/div>\n\t\t\t\t<\/div>\n\t\t\t\t\t<\/div>\n\t\t<\/div>\n\t\t\t\t\t<\/div>\n\t\t<\/section>\n\t\t\t\t<section class=\"elementor-section elementor-inner-section elementor-element elementor-element-7a6d4501 elementor-section-full_width elementor-section-content-middle elementor-section-height-default elementor-section-height-default\" data-id=\"7a6d4501\" data-element_type=\"section\" data-e-type=\"section\">\n\t\t\t\t\t\t<div class=\"elementor-container elementor-column-gap-no\">\n\t\t\t\t\t<div class=\"elementor-column elementor-col-100 elementor-inner-column elementor-element elementor-element-613d3984\" data-id=\"613d3984\" data-element_type=\"column\" data-e-type=\"column\">\n\t\t\t<div class=\"elementor-widget-wrap elementor-element-populated\">\n\t\t\t\t\t\t<div class=\"elementor-element elementor-element-2b1c3c0a elementor-align-left elementor-widget__width-auto elementor-invisible elementor-widget elementor-widget-button\" data-id=\"2b1c3c0a\" data-element_type=\"widget\" data-e-type=\"widget\" data-settings=\"{&quot;_animation&quot;:&quot;fadeInUp&quot;}\" data-widget_type=\"button.default\">\n\t\t\t\t<div class=\"elementor-widget-container\">\n\t\t\t\t\t\t\t\t\t<div class=\"elementor-button-wrapper\">\n\t\t\t\t\t<a class=\"elementor-button elementor-button-link elementor-size-sm\" href=\"\/es\/reserve-su-chofer-privado\/\">\n\t\t\t\t\t\t<span class=\"elementor-button-content-wrapper\">\n\t\t\t\t\t\t\t\t\t<span class=\"elementor-button-text\">Reservar por correo electr\u00f3nico<\/span>\n\t\t\t\t\t<\/span>\n\t\t\t\t\t<\/a>\n\t\t\t\t<\/div>\n\t\t\t\t\t\t\t\t<\/div>\n\t\t\t\t<\/div>\n\t\t\t\t<div class=\"elementor-element elementor-element-44fe627a elementor-align-left elementor-widget__width-auto elementor-invisible elementor-widget elementor-widget-button\" data-id=\"44fe627a\" data-element_type=\"widget\" data-e-type=\"widget\" data-settings=\"{&quot;_animation&quot;:&quot;fadeInUp&quot;}\" data-widget_type=\"button.default\">\n\t\t\t\t<div class=\"elementor-widget-container\">\n\t\t\t\t\t\t\t\t\t<div class=\"elementor-button-wrapper\">\n\t\t\t\t\t<a class=\"elementor-button elementor-button-link elementor-size-sm\" href=\"tel:0442249280\">\n\t\t\t\t\t\t<span class=\"elementor-button-content-wrapper\">\n\t\t\t\t\t\t\t\t\t<span class=\"elementor-button-text\">Reservar por tel\u00e9fono<\/span>\n\t\t\t\t\t<\/span>\n\t\t\t\t\t<\/a>\n\t\t\t\t<\/div>\n\t\t\t\t\t\t\t\t<\/div>\n\t\t\t\t<\/div>\n\t\t\t\t\t<\/div>\n\t\t<\/div>\n\t\t\t\t\t<\/div>\n\t\t<\/section>\n\t\t\t\t\t<\/div>\n\t\t<\/div>\n\t\t\t\t\t<\/div>\n\t\t<\/section>\n\t\t\t\t<\/div>\n\t\t\t\t<\/div>\n\t\t\t\t\t\t<\/div>\n\t\t\t\t<\/div>\n\t\t\t\t\t<\/div>\n\t\t<\/div>\n\t\t\t\t\t<\/div>\n\t\t<\/section>\n\t\t\t\t<section class=\"elementor-section elementor-top-section elementor-element elementor-element-0430923 elementor-section-boxed elementor-section-height-default elementor-section-height-default\" data-id=\"0430923\" data-element_type=\"section\" data-e-type=\"section\">\n\t\t\t\t\t\t<div class=\"elementor-container elementor-column-gap-default\">\n\t\t\t\t\t<div class=\"elementor-column elementor-col-100 elementor-top-column elementor-element elementor-element-6823bcb\" data-id=\"6823bcb\" data-element_type=\"column\" data-e-type=\"column\">\n\t\t\t<div class=\"elementor-widget-wrap\">\n\t\t\t\t\t\t\t<\/div>\n\t\t<\/div>\n\t\t\t\t\t<\/div>\n\t\t<\/section>\n\t\t\t\t<section class=\"elementor-section elementor-top-section elementor-element elementor-element-2ff8b3e elementor-section-boxed elementor-section-height-default elementor-section-height-default\" data-id=\"2ff8b3e\" data-element_type=\"section\" data-e-type=\"section\">\n\t\t\t\t\t\t<div class=\"elementor-container elementor-column-gap-default\">\n\t\t\t\t\t<div class=\"elementor-column elementor-col-100 elementor-top-column elementor-element elementor-element-eeaef7e\" data-id=\"eeaef7e\" data-element_type=\"column\" data-e-type=\"column\">\n\t\t\t<div class=\"elementor-widget-wrap elementor-element-populated\">\n\t\t\t\t\t\t<div class=\"elementor-element elementor-element-b20f0fe elementor-widget elementor-widget-text-editor\" data-id=\"b20f0fe\" data-element_type=\"widget\" data-e-type=\"widget\" data-widget_type=\"text-editor.default\">\n\t\t\t\t<div class=\"elementor-widget-container\">\n\t\t\t\t\t\t\t\t\t<p>Lorem ipsum dolor sit amet, consectetur adipiscing elit. Ut elit tellus, luctus nec ullamcorper mattis, pulvinar dapibus leo.<\/p>\t\t\t\t\t\t\t\t<\/div>\n\t\t\t\t<\/div>\n\t\t\t\t\t<\/div>\n\t\t<\/div>\n\t\t\t\t\t<\/div>\n\t\t<\/section>\n\t\t\t\t<\/div>","protected":false},"excerpt":{"rendered":"<p>R\u00e9servez l&rsquo;excellence pour votre transfert \u00e0 l\u2019A\u00e9roport Marseille Provence. Profitez d&rsquo;un chauffeur de direction et d&rsquo;une flotte de prestige : Berline Luxe, MiniVan et Sprinter 16 places VIP. Accueil personnalis\u00e9 et tarif fixe garanti vers Aix-en-Provence, Marseille et la Riviera.<\/p>","protected":false},"author":1,"featured_media":18331,"parent":14046,"menu_order":0,"comment_status":"closed","ping_status":"closed","template":"","meta":{"footnotes":""},"class_list":["post-13148","page","type-page","status-publish","has-post-thumbnail","hentry"],"_links":{"self":[{"href":"https:\/\/www.vtc-limousine.fr\/es\/wp-json\/wp\/v2\/pages\/13148","targetHints":{"allow":["GET"]}}],"collection":[{"href":"https:\/\/www.vtc-limousine.fr\/es\/wp-json\/wp\/v2\/pages"}],"about":[{"href":"https:\/\/www.vtc-limousine.fr\/es\/wp-json\/wp\/v2\/types\/page"}],"author":[{"embeddable":true,"href":"https:\/\/www.vtc-limousine.fr\/es\/wp-json\/wp\/v2\/users\/1"}],"replies":[{"embeddable":true,"href":"https:\/\/www.vtc-limousine.fr\/es\/wp-json\/wp\/v2\/comments?post=13148"}],"version-history":[{"count":85,"href":"https:\/\/www.vtc-limousine.fr\/es\/wp-json\/wp\/v2\/pages\/13148\/revisions"}],"predecessor-version":[{"id":23831,"href":"https:\/\/www.vtc-limousine.fr\/es\/wp-json\/wp\/v2\/pages\/13148\/revisions\/23831"}],"up":[{"embeddable":true,"href":"https:\/\/www.vtc-limousine.fr\/es\/wp-json\/wp\/v2\/pages\/14046"}],"wp:featuredmedia":[{"embeddable":true,"href":"https:\/\/www.vtc-limousine.fr\/es\/wp-json\/wp\/v2\/media\/18331"}],"wp:attachment":[{"href":"https:\/\/www.vtc-limousine.fr\/es\/wp-json\/wp\/v2\/media?parent=13148"}],"curies":[{"name":"wp","href":"https:\/\/api.w.org\/{rel}","templated":true}]}}